{"id":945,"date":"2024-07-10T08:57:13","date_gmt":"2024-07-10T06:57:13","guid":{"rendered":"https:\/\/foodie.deostudio.com\/?page_id=945"},"modified":"2025-09-05T12:51:17","modified_gmt":"2025-09-05T10:51:17","slug":"restaurantes","status":"publish","type":"page","link":"https:\/\/foodieblackweek.com\/barcelona\/restaurantes\/","title":{"rendered":"Restaurantes"},"content":{"rendered":"<p>[et_pb_section fb_built=\u00bb1&#8243; admin_label=\u00bbSection\u00bb _builder_version=\u00bb4.25.1&#8243; _module_preset=\u00bbdefault\u00bb background_color=\u00bbRGBA(255,255,255,0)\u00bb background_enable_image=\u00bboff\u00bb background_video_mp4=\u00bbhttps:\/\/foodie.deostudio.com\/wp-content\/uploads\/2024\/06\/restaurantes-foodie-black-week.mp4&#8243; custom_margin=\u00bb0px||-1%||false|false\u00bb custom_padding=\u00bb0px||0px||false|false\u00bb da_disable_devices=\u00bboff|off|off\u00bb global_colors_info=\u00bb{}\u00bb da_is_popup=\u00bboff\u00bb da_exit_intent=\u00bboff\u00bb da_has_close=\u00bbon\u00bb da_alt_close=\u00bboff\u00bb da_dark_close=\u00bboff\u00bb da_not_modal=\u00bbon\u00bb da_is_singular=\u00bboff\u00bb da_with_loader=\u00bboff\u00bb da_has_shadow=\u00bbon\u00bb][et_pb_row column_structure=\u00bb2_5,3_5&#8243; _builder_version=\u00bb4.25.1&#8243; _module_preset=\u00bbdefault\u00bb width=\u00bb55%\u00bb custom_margin_tablet=\u00bb\u00bb custom_margin_phone=\u00bb|||0px|false|false\u00bb custom_margin_last_edited=\u00bbon|desktop\u00bb custom_padding=\u00bb|||0px|false|false\u00bb link_option_url=\u00bb\/foodie-black-week\u00bb hover_enabled=\u00bb0&#8243; global_colors_info=\u00bb{}\u00bb sticky_enabled=\u00bb0&#8243;][et_pb_column type=\u00bb2_5&#8243; _builder_version=\u00bb4.25.1&#8243; _module_preset=\u00bbdefault\u00bb custom_padding_tablet=\u00bb\u00bb custom_padding_phone=\u00bb|||15%|false|false\u00bb custom_padding_last_edited=\u00bbon|phone\u00bb global_colors_info=\u00bb{}\u00bb][et_pb_image src=\u00bbhttps:\/\/foodie.deostudio.com\/wp-content\/uploads\/2024\/06\/foodie-black-week-24-white-gif.gif\u00bb alt=\u00bbfoodie-black-week-24-white-gif\u00bb title_text=\u00bbfoodie-black-week-24-white-gif\u00bb _builder_version=\u00bb4.25.1&#8243; _module_preset=\u00bbdefault\u00bb width=\u00bb50%\u00bb custom_margin=\u00bb0px||||false|false\u00bb custom_padding=\u00bb0px||||false|false\u00bb global_colors_info=\u00bb{}\u00bb][\/et_pb_image][\/et_pb_column][et_pb_column type=\u00bb3_5&#8243; _builder_version=\u00bb4.25.1&#8243; _module_preset=\u00bbdefault\u00bb global_colors_info=\u00bb{}\u00bb][\/et_pb_column][\/et_pb_row][\/et_pb_section][et_pb_section fb_built=\u00bb1&#8243; admin_label=\u00bbSection\u00bb _builder_version=\u00bb4.25.1&#8243; _module_preset=\u00bbdefault\u00bb background_color=\u00bb#FF0099&#8243; custom_margin=\u00bb-22px||0px||false|false\u00bb custom_padding=\u00bb0px||0px||false|false\u00bb da_disable_devices=\u00bboff|off|off\u00bb global_colors_info=\u00bb{}\u00bb da_is_popup=\u00bboff\u00bb da_exit_intent=\u00bboff\u00bb da_has_close=\u00bbon\u00bb da_alt_close=\u00bboff\u00bb da_dark_close=\u00bboff\u00bb da_not_modal=\u00bbon\u00bb da_is_singular=\u00bboff\u00bb da_with_loader=\u00bboff\u00bb da_has_shadow=\u00bbon\u00bb][et_pb_row _builder_version=\u00bb4.25.1&#8243; _module_preset=\u00bbdefault\u00bb width=\u00bb100%\u00bb max_width=\u00bb90%\u00bb custom_margin=\u00bb1%||1%||false|false\u00bb custom_padding=\u00bb0px||0px||false|false\u00bb global_colors_info=\u00bb{}\u00bb][et_pb_column type=\u00bb4_4&#8243; _builder_version=\u00bb4.25.1&#8243; _module_preset=\u00bbdefault\u00bb global_colors_info=\u00bb{}\u00bb][et_pb_slider show_arrows=\u00bboff\u00bb show_pagination=\u00bboff\u00bb _builder_version=\u00bb4.27.4&#8243; _module_preset=\u00bbdefault\u00bb header_font=\u00bb&#8211;et_global_heading_font|300|||||||\u00bb header_text_color=\u00bb#FFFFFF\u00bb header_font_size=\u00bb53px\u00bb custom_margin=\u00bb||0px||false|false\u00bb custom_margin_tablet=\u00bb0px||0px||false|false\u00bb custom_margin_phone=\u00bb1%||0px||false|false\u00bb custom_margin_last_edited=\u00bbon|phone\u00bb custom_padding=\u00bb1%||1%||false|false\u00bb auto=\u00bbon\u00bb auto_speed=\u00bb4000&#8243; hover_enabled=\u00bb0&#8243; header_font_size_tablet=\u00bb53px\u00bb header_font_size_phone=\u00bb23px\u00bb header_font_size_last_edited=\u00bbon|phone\u00bb border_color_all=\u00bbRGBA(255,255,255,0)\u00bb global_colors_info=\u00bb{}\u00bb sticky_enabled=\u00bb0&#8243;][et_pb_slide heading=\u00bbRESTAURANTES\u00bb _builder_version=\u00bb4.25.1&#8243; _module_preset=\u00bbdefault\u00bb header_font=\u00bbagenda-bold|300|||||||\u00bb body_font=\u00bb|300|||||||\u00bb global_colors_info=\u00bb{}\u00bb sticky_transition=\u00bbon\u00bb][\/et_pb_slide][\/et_pb_slider][\/et_pb_column][\/et_pb_row][\/et_pb_section][et_pb_section fb_built=\u00bb1&#8243; disabled_on=\u00bboff|off|off\u00bb admin_label=\u00bbSection\u00bb _builder_version=\u00bb4.27.0&#8243; _module_preset=\u00bbdefault\u00bb background_color=\u00bb#FFFFFF\u00bb custom_margin=\u00bb0px||||false|false\u00bb custom_padding=\u00bb0px||||false|false\u00bb da_disable_devices=\u00bboff|off|off\u00bb global_colors_info=\u00bb{}\u00bb background__hover_enabled=\u00bbon|desktop\u00bb da_is_popup=\u00bboff\u00bb da_exit_intent=\u00bboff\u00bb da_has_close=\u00bbon\u00bb da_alt_close=\u00bboff\u00bb da_dark_close=\u00bboff\u00bb da_not_modal=\u00bbon\u00bb da_is_singular=\u00bboff\u00bb da_with_loader=\u00bboff\u00bb da_has_shadow=\u00bbon\u00bb][et_pb_row _builder_version=\u00bb4.25.1&#8243; _module_preset=\u00bbdefault\u00bb global_colors_info=\u00bb{}\u00bb][et_pb_column type=\u00bb4_4&#8243; _builder_version=\u00bb4.25.1&#8243; _module_preset=\u00bbdefault\u00bb global_colors_info=\u00bb{}\u00bb][et_pb_code _builder_version=\u00bb4.27.4&#8243; _module_preset=\u00bbdefault\u00bb locked=\u00bboff\u00bb global_colors_info=\u00bb{}\u00bb]<script src=\"https:\/\/maps.googleapis.com\/maps\/api\/js?key=AIzaSyC55ZMrUS_oWejx3mQBwNseWIPgxBiTvCY&callback=initMap\"><\/script>\n<link rel=\"stylesheet\" href=\"https:\/\/cdn.jsdelivr.net\/npm\/bootstrap@5.3.3\/dist\/css\/bootstrap.min.css\">\n<style>\n.map-container {\n    \/* width: 100%; *\/\n    height: 100%;\n    min-height: 300px;\n}\n\n#map {\n    width: 100%;\n    height: 450px;\n\n    min-height: 450px;\n}\n\n\n.custom-overlay {\n    position: absolute;\n    background: white;\n    border: 1px solid #ccc;\n    padding: 10px 20px 0px 20px;\n    border-radius: 5px;\n    box-shadow: 0 2px 10px rgba(0, 0, 0, 0.1);\n    z-index: 1000;\n    width: 260px;\n}\n\n.custom-overlay::after {\n    content: \"\";\n    position: absolute;\n    top: 100%;\n    left: 50%;\n    margin-left: -10px;\n    \/* Ajusta este valor para centrar la flecha horizontalmente *\/\n    width: 0;\n    height: 0;\n    border-style: solid;\n    border-width: 10px 10px 0 10px;\n    \/* Ajusta estos valores para cambiar el tama\u00f1o de la flecha *\/\n    border-color: white transparent transparent transparent;\n    \/* Ajusta el color de la flecha *\/\n}\n\n.et_pb_text {\n    word-wrap: normal;\n}\n\n.et_pb_text_99 {\n    color: #212529;\n    margin: 0 0 16px;\n    font-size: 20px;\n    font-weight: 700;\n}\n\n.et_pb_text_inner .typeComida {\n    color: #FF0099;\n    margin: 0 0 16px;\n    font-size: 18px;\n    font-weight: 700;\n}\n\n\n.et_pb_text_inner .price {\n    color: #212529;\n    margin: 0 0 16px;\n    font-size: 20px;\n    font-weight: 700;\n}\n\n.et_pb_text_inner .address {\n    color: #212529;\n    margin: 0 0 16px;\n    font-size: 18px;\n}\n\n.et_pb_text_inner .phone {\n    color: #212529;\n    margin: 0 0 16px;\n    font-size: 20px;\n    font-weight: 700;\n}\n\n.et_pb_column_6 {\n    border-width: 1px;\n    border-color: #FF0099;\n    padding-top: 2%;\n    padding-right: 2%;\n    padding-bottom: 2%;\n    padding-left: 2%;\n}\n\n.card-title {\n    font-family: 'agendablack', sans-serif;\n    font-size: large;\n}\n\na {\n    text-decoration: none;\n    color: #FF0099;\n}\n\n.card {\n    max-width: 16rem;\n    margin: auto;\n    opacity: 0;\n    transform: translateY(20px);\n    transition: opacity 0.3s ease, transform 0.3s ease;\n    \/* padding-right: 10px; *\/\n    overflow: hidden;\n    display: contents;\n\n}\n\n.card-img-top {\n    width: 100%;\n\n    \/* height: 200px;  *\/\n    object-fit: scale-down;\n    \/* padding-left: 20px;\n            padding-right: 20px; *\/\n    padding-bottom: 10px;\n    padding-top: 10px;\n}\n\n.card-img-top2 {\n    width: 100%;\n\n    height: 200px;\n    object-fit: cover;\n    \/* padding-left: 20px;\n            padding-right: 20px; *\/\n    padding-bottom: 10px;\n    padding-top: 10px;\n}\n\n\n\n.card-body {\n    padding: 0;\n    \/* padding-left: 20px;\n            padding-right: 20px; *\/\n    padding-bottom: 1rem;\n    display: flex;\n    flex-direction: column;\n    justify-content: space-between;\n}\n\n.card-title {\n    font-family: 'agendablack', sans-serif;\n}\n\n.card-subtitle .card-text {\n    font-family: 'agenda-light', sans-serif;\n}\n\n.AgendaBoton {\n    font-family: 'agenda-medium';\n}\n\n.btn-outline {\n    --bs-btn-border-color: #ff00997d;\n    color: #FF0099;\n    border-radius: 0px;\n}\n\n.card-icon {\n    width: 30%;\n    height: auto;\n    margin-right: 8px;\n}\n\n\n@media (max-width: 1200px) {\n    #filtroRestaurantes {\n        margin-bottom: 30px;\n    }\n}\n\n.card.show {\n    opacity: 1;\n    transform: translateY(0);\n}\n\n#previewImagen {\n    width: 100%;\n    object-fit: cover;\n}\n\n#previewDescripcion,\n#previewPrecio {\n    display: block;\n}\n\n.card-text-with-icon {\n    display: flex;\n    align-items: center;\n}\n\n\n\n.card-text-container {\n    \/* flex-grow: 1; *\/\n}\n\n.card-text {\n    margin-bottom: 5px;\n}\n\n\n.boton {\n    border-color: #FF0099;\n    color: #FF0099;\n}\n\nboton:hover {\n    border-color: #FF0099;\n    color: #FF0099;\n    background-color: #FF0099;\n}\n\n.offer-box {\n    border: 1px #FF0099 solid;\n    padding: 4%;\n}\n\n.restaurant-card:nth-child(even) {\n    background-color: #f0ede6;\n    \/* Color de fondo para las filas pares *\/\n}\n\n.restaurant-card:nth-child(odd) {\n    background-color: #fff;\n    \/* Color de fondo para las filas impares *\/\n}\n\n.custom-img {\n    max-width: 100%;\n    \/* Ajustar el ancho m\u00e1ximo seg\u00fan tus necesidades *\/\n    height: auto;\n    \/* Permitir que la altura se ajuste proporcionalmente *\/\n}\n\n.tipodeComida {\n    font-family: 'agenda-bold';\n    color: #FF0099;\n    font-size: large;\n}\n\n.hidden {\n    display: none;\n}\n\nselect {\n    font-family: 'agenda-light';\n}\n\n.aLight {\n    font-family: 'agenda-light';\n}\n\n.aBold {\n    font-family: 'agenda-bold';\n}\n\n.Hev {\n    font-family: 'Helvetica';\n}\n\n.Larg {\n    font-size: large;\n}\n\n.Larg2 {\n    font-size: 1.3rem;\n}\n\n.btncolor {\n    background-color: #FF0099;\n    color: white;\n    border-radius: 0;\n    border-color: #FF0099;\n    font-family: 'agenda-bold';\n    font-size: 1.3rem;\n}\n\ndiv#modalCompartir {\n    width: 500px;\n    height: auto;\n    position: fixed;\n    top: 50%;\n    left: 50%;\n    transform: translate(-50%, -50%);\n    background-color: white;\n    padding: 40px;\n    border-radius: 10px;\n    box-shadow: 0 0 10px rgba(0, 0, 0, 0.3);\n    z-index: 9999;\n}\n\nbutton#botonCompartir {\n    font-family: 'agenda-light';\n    position: absolute;\n    left: 160px;\n    font-size: 16px;\n    font-weight: bold;\n    width: 115px;\n    height: 45px;\n    background-color: black;\n    color: white;\n    border: none;\n    outline: none;\n    box-shadow: none;\n}\n\nbutton#botonCompartir:hover {\n    cursor: pointer;\n}\n\nbutton#botonCompartir:hover::after {\n    content: \"\\203A\";\n    position: absolute;\n    left: 98px;\n    top: 44%;\n    transform: translateY(-50%);\n    font-size: 40px;\n    color: white;\n}\n\n#botonesCompartir {\n    display: flex;\n    flex-direction: row;\n    align-items: center;\n    justify-content: space-between;\n}\n\n#botonesCompartir a {\n    margin-right: 10px;\n}\n\n#botonesCompartir img {\n    width: 45px;\n    height: 45px;\n    border-radius: 10px;\n    margin-bottom: 10px;\n    margin-left: 5px;\n    margin-right: 10px;\n    margin-top: 20px;\n}\n\n#cerrarModal {\n    background-color: #FF0099;\n    color: white;\n    position: absolute;\n    width: 80px;\n    height: 40px;\n    top: 39px;\n    right: 55px;\n    cursor: pointer;\n    border-radius: 5px;\n    border-style: none;\n}\n\n@media (max-width: 768px) {\n    div#modalCompartir {\n        width: 400px;\n        height: auto;\n        padding: 30px;\n    }\n\n    #botonesCompartir {\n        flex-direction: row;\n        align-items: center;\n        justify-content: space-between;\n    }\n\n    #botonesCompartir a {\n        margin-right: 10px;\n    }\n\n    #botonesCompartir img {\n        width: 40px;\n        height: 40px;\n        border-radius: 10px;\n        margin-bottom: 10px;\n        margin-left: 5px;\n        margin-right: 10px;\n        margin-top: 20px;\n    }\n\n    #cerrarModal {\n        background-color: #FF0099;\n        color: white;\n        position: absolute;\n        width: 80px;\n        height: 40px;\n        top: 24px;\n        right: 45px;\n        cursor: pointer;\n        border-radius: 5px;\n        border-style: none;\n    }\n}\n\n\n.et_pb_section {\n    background: none;\n}\n\n.et_section_regular {\n    background-color: none;\n}\n\n.et_pb_section_4.et_pb_section {\n    background-color: none;\n}\n\n.et_pb_section_3.et_pb_section {\n    z-index: -1;\n}\n\n.fontDesc {\n    font-size: medium;\n    font-weight: 600;\n}\n\n#borrar {\n    display: none !important;\n}\n\n.p {\n    margin-bottom: 0px !important;\n}\n\n.labels {\n    font-family: 'agenda-bold';\n    color: black;\n    font-size: large;\n}\n\n.labelFiltrar {\n    font-size: larger;\n    font-weight: bold;\n}\n\n.displayBlock {\n    display: flex !important;\n}\n\n.displayNone {\n    display: none !important;\n}\n\n.aMedium {\n    font-family: 'AgendaMedium';\n}\n\n\/* mostrarmas *\/\n.text-container {\n    position: relative;\n    max-height: 4.5em;\n    \/* Limita a 3 l\u00edneas aproximadamente *\/\n    overflow: hidden;\n}\n\n.show-more {\n    display: block;\n    color: #FF0099;\n    cursor: pointer;\n}\n\n.text-container.expanded {\n    max-height: none;\n    \/* Permite que el texto se expanda *\/\n}\n\n.text-container.expanded+.show-more {\n    display: none;\n    \/* Oculta el bot\u00f3n cuando el texto est\u00e1 expandido *\/\n}\n\n.show-less {\n    color: #FF0099;\n    cursor: pointer;\n    display: none;\n}\n\n.text-container.expanded+.show-less {\n    display: inline-block;\n    \/* Muestra \"Ver menos\" cuando el texto est\u00e1 expandido *\/\n}\n\n.card-text-scroll {\n    max-height: 100px;\n    \/* Limita la altura a 4 l\u00edneas o lo que consideres necesario *\/\n    overflow: hidden;\n    transition: max-height 0.3s ease;\n}\n\n.card-text-scroll.expanded {\n    max-height: none;\n    \/* Se expande para mostrar el contenido completo *\/\n}\n\n.show-more2,\n.show-less2 {\n    color: #FF0099;\n    cursor: pointer;\n    font-family: 'agenda-bold';\n    font-size: medium;\n}\n\n\/* [NUEVO] Estilos para autocompletado *\/\n.autocomplete-results {\n    position: absolute;\n    background-color: #fff;\n    border: 1px solid #ccc;\n    z-index: 9999;\n    width: 100%;\n}\n\n.autocomplete-item {\n    padding: 5px;\n    cursor: pointer;\n}\n\n.autocomplete-item:hover {\n    background-color: #f0f0f0;\n}\n\n#buscador {\n    font-size: 1.1rem;\n    \/* un pel\u00edn m\u00e1s grande *\/\n    height: 35px;\n    margin-top: 25px;\n    \/* algo m\u00e1s alto *\/\n    border: 2px solid #FF0099;\n    \/* etc. *\/\n}\n\n#buscador::placeholder {\n    color: #999 !important;\n    \/* Color m\u00e1s visible *\/\n    opacity: 1 !important;\n    \/* Asegura que no est\u00e9 oculto *\/\n    font-style: italic;\n    \/* Opcional, para destacar m\u00e1s *\/\n}\n\n#buscador:focus {\n    box-shadow: 0 0 20px rgba(204, 204, 204, 0.8) !important;\n}\n\n\/* #botonCompartir {\n    font-size: 20px;\n}\n\n#botonCompartir:hover {\n    cursor: pointer;\n} *\/\n\n.close {\n    position: absolute;\n    right: 15px;\n    top: 18px;\n    font-size: 30px;\n    cursor: pointer;\n    background-color: transparent;\n    border: none;\n    padding: 0;\n    margin: 0;\n}\n<\/style>\n\n<div class=\"container mt-3\">\n\n    <div class=\"row\">\n        <!-- Filtros (col-md-3) -->\n        <div class=\"col-md-3 d-flex align-items-center\">\n            <form id=\"filtroRestaurantes\">\n                <div class=\"row g-3\">\n                    <div class=\"col-md-12 aBold\">\n                        <h1 style=\"color:#FF0099;\"> \u00bfDemasiado donde elegir?<\/h1>\n                    <\/div>\n\n                    \n\n                    <div class=\"col-md-12\" id=\"divBarrio\">\n                        <label for=\"barrio\" class=\"form-label labels\">Ubicaci\u00f3n<\/label>\n                        <select class=\"form-select\" id=\"barrio\" name=\"barrio\">\n                            <option value=\"\">Todos<\/option>\n                                                        <option value=\"1\">\n                                Barcelona - Sants<\/option>\n                                                        <option value=\"2\">\n                                Barcelona - Horta<\/option>\n                                                        <option value=\"3\">\n                                Barcelona - Cor Eixample<\/option>\n                                                        <option value=\"4\">\n                                Barcelona - Creu Coberta<\/option>\n                                                        <option value=\"5\">\n                                Barcelona - El Clot<\/option>\n                                                        <option value=\"6\">\n                                Barcelona - Sant Andreu<\/option>\n                                                        <option value=\"7\">\n                                Barcelona - Les Corts<\/option>\n                                                        <option value=\"8\">\n                                Barcelona - Encants Nous<\/option>\n                                                        <option value=\"9\">\n                                Barcelona - Fabra Centre<\/option>\n                                                        <option value=\"10\">\n                                Barcelona - Gr\u00e0cia<\/option>\n                                                        <option value=\"11\">\n                                Barcelona - La Marina<\/option>\n                                                        <option value=\"12\">\n                                Barcelona - Maragall<\/option>\n                                                        <option value=\"13\">\n                                Barcelona - Nou Barris<\/option>\n                                                        <option value=\"14\">\n                                Barcelona - Nou Eixample<\/option>\n                                                        <option value=\"15\">\n                                Barcelona - Poblenou<\/option>\n                                                        <option value=\"16\">\n                                Barcelona - Poble Sec i Paral\u00b7lel<\/option>\n                                                        <option value=\"17\">\n                                Barcelona - Sagrada Fam\u00edlia<\/option>\n                                                        <option value=\"18\">\n                                Barcelona - Sant Antoni<\/option>\n                                                        <option value=\"19\">\n                                Barcelona - Sant Gervasi<\/option>\n                                                        <option value=\"20\">\n                                Barcelona - Sant Mart\u00ed<\/option>\n                                                        <option value=\"21\">\n                                Barcelona - Sarri\u00e0<\/option>\n                                                        <option value=\"22\">\n                                Barcelona - Raval<\/option>\n                                                        <option value=\"23\">\n                                Barcelona - Gotic<\/option>\n                                                        <option value=\"24\">\n                                Barcelona - Ciutat Vella<\/option>\n                                                        <option value=\"25\">\n                                Badalona<\/option>\n                                                        <option value=\"26\">\n                                Badia del Vall\u00e8s<\/option>\n                                                        <option value=\"27\">\n                                Barber\u00e0 del Vall\u00e8s<\/option>\n                                                        <option value=\"28\">\n                                Begues<\/option>\n                                                        <option value=\"29\">\n                                Castellbisbal<\/option>\n                                                        <option value=\"30\">\n                                Castelldefels<\/option>\n                                                        <option value=\"31\">\n                                Cervell\u00f3<\/option>\n                                                        <option value=\"32\">\n                                Corbera de Llobregat<\/option>\n                                                        <option value=\"33\">\n                                Cornell\u00e0 de Llobregat<\/option>\n                                                        <option value=\"34\">\n                                El Papiol<\/option>\n                                                        <option value=\"35\">\n                                El Prat de Llobregat<\/option>\n                                                        <option value=\"36\">\n                                Esplugues de Llobregat<\/option>\n                                                        <option value=\"37\">\n                                Gav\u00e0<\/option>\n                                                        <option value=\"38\">\n                                L&#039;Hospitalet de Llobregat<\/option>\n                                                        <option value=\"39\">\n                                La Palma de Cervell\u00f3<\/option>\n                                                        <option value=\"40\">\n                                Molins de Rei<\/option>\n                                                        <option value=\"41\">\n                                Montcada i Reixac<\/option>\n                                                        <option value=\"42\">\n                                Montgat<\/option>\n                                                        <option value=\"43\">\n                                Pallej\u00e0<\/option>\n                                                        <option value=\"44\">\n                                Ripollet<\/option>\n                                                        <option value=\"45\">\n                                Sant Adri\u00e0 de Bes\u00f2s<\/option>\n                                                        <option value=\"46\">\n                                Sant Andreu de la Barca<\/option>\n                                                        <option value=\"47\">\n                                Sant Boi de Llobregat<\/option>\n                                                        <option value=\"48\">\n                                Sant Climent de Llobregat<\/option>\n                                                        <option value=\"49\">\n                                Sant Cugat del Vall\u00e8s<\/option>\n                                                        <option value=\"50\">\n                                Sant Feliu de Llobregat<\/option>\n                                                        <option value=\"51\">\n                                Sant Joan Desp\u00ed<\/option>\n                                                        <option value=\"52\">\n                                Sant Just Desvern<\/option>\n                                                        <option value=\"53\">\n                                Sant Vicen\u00e7 dels Horts<\/option>\n                                                        <option value=\"54\">\n                                Santa Coloma de Cervell\u00f3<\/option>\n                                                        <option value=\"55\">\n                                Santa Coloma de Gramenet<\/option>\n                                                        <option value=\"56\">\n                                Cerdanyola del Vall\u00e8s<\/option>\n                                                        <option value=\"57\">\n                                Tiana<\/option>\n                                                        <option value=\"58\">\n                                Torrelles de Llobregat<\/option>\n                                                        <option value=\"59\">\n                                Viladecans<\/option>\n                                                        <option value=\"60\">\n                                Maresme<\/option>\n                                                        <option value=\"64\">\n                                Barcelona - Cor Eixample<\/option>\n                                                        <option value=\"61\">\n                                Sitges<\/option>\n                                                        <option value=\"62\">\n                                Sabadell<\/option>\n                                                    <\/select>\n                    <\/div>\n                    <div class=\"col-md-12\" id=\"divTipoComida\">\n                        <label for=\"tipo_comida\" class=\"form-label labels\" id=\"label_tipo_comida\">Tipo de comida<\/label>\n                        <select class=\"form-select\" id=\"tipo_comida\" name=\"tipo_comida\">\n                            <option value=\"\">Todos los tipos<\/option>\n                                                        <option value=\"1\"\n                                data-repetido=\"true\">\n                                Comida Turca<\/option>\n                                                        <option value=\"2\"\n                                data-repetido=\"false\">\n                                Comida Marroqu\u00ed<\/option>\n                                                        <option value=\"3\"\n                                data-repetido=\"false\">\n                                Comida Italiana<\/option>\n                                                        <option value=\"4\"\n                                data-repetido=\"false\">\n                                Comida Mexicana<\/option>\n                                                        <option value=\"5\"\n                                data-repetido=\"false\">\n                                Comida Japonesa<\/option>\n                                                        <option value=\"6\"\n                                data-repetido=\"false\">\n                                Comida India<\/option>\n                                                        <option value=\"7\"\n                                data-repetido=\"false\">\n                                Comida Tailandesa<\/option>\n                                                        <option value=\"8\"\n                                data-repetido=\"false\">\n                                Comida Griega<\/option>\n                                                        <option value=\"9\"\n                                data-repetido=\"false\">\n                                Comida Francesa<\/option>\n                                                        <option value=\"10\"\n                                data-repetido=\"false\">\n                                Comida Libanesa<\/option>\n                                                        <option value=\"11\"\n                                data-repetido=\"false\">\n                                Comida Coreana<\/option>\n                                                        <option value=\"12\"\n                                data-repetido=\"false\">\n                                Comida Peruana<\/option>\n                                                        <option value=\"13\"\n                                data-repetido=\"false\">\n                                Comida Vietnamita<\/option>\n                                                        <option value=\"14\"\n                                data-repetido=\"false\">\n                                Comida Americana<\/option>\n                                                        <option value=\"15\"\n                                data-repetido=\"false\">\n                                Comida China<\/option>\n                                                        <option value=\"16\"\n                                data-repetido=\"false\">\n                                Comida Catalana<\/option>\n                                                        <option value=\"17\"\n                                data-repetido=\"false\">\n                                Comida Espa\u00f1ola<\/option>\n                                                        <option value=\"22\"\n                                data-repetido=\"false\">\n                                Comida Venezolana<\/option>\n                                                        <option value=\"23\"\n                                data-repetido=\"false\">\n                                Comida Mediterr\u00e1nea<\/option>\n                                                        <option value=\"24\"\n                                data-repetido=\"false\">\n                                Pizzer\u00eda<\/option>\n                                                        <option value=\"25\"\n                                data-repetido=\"false\">\n                                Marisquer\u00eda<\/option>\n                                                        <option value=\"26\"\n                                data-repetido=\"false\">\n                                Braser\u00eda<\/option>\n                                                        <option value=\"27\"\n                                data-repetido=\"false\">\n                                Vegetariana<\/option>\n                                                        <option value=\"28\"\n                                data-repetido=\"false\">\n                                Gourmet<\/option>\n                                                        <option value=\"29\"\n                                data-repetido=\"false\">\n                                Hamburgueser\u00eda<\/option>\n                                                        <option value=\"30\"\n                                data-repetido=\"false\">\n                                Tapas<\/option>\n                                                        <option value=\"31\"\n                                data-repetido=\"false\">\n                                Brunch<\/option>\n                                                        <option value=\"33\"\n                                data-repetido=\"false\">\n                                Fusi\u00f3n<\/option>\n                                                        <option value=\"34\"\n                                data-repetido=\"false\">\n                                Poke<\/option>\n                                                        <option value=\"35\"\n                                data-repetido=\"false\">\n                                Pasteler\u00edas y dulces<\/option>\n                                                        <option value=\"36\"\n                                data-repetido=\"false\">\n                                Helader\u00edas<\/option>\n                                                        <option value=\"37\"\n                                data-repetido=\"false\">\n                                Otras<\/option>\n                                                    <\/select>\n                    <\/div>\n\n                    <div class=\"col-md-12 mb-2\" id=\"divRango\">\n                        <label for=\"rango_precio\" class=\"form-label labels\">Rango de precio<\/label>\n                        <select class=\"form-select\" id=\"rango_precio\" name=\"rango_precio\">\n                            <option value=\"\">Todos los rangos<\/option>\n                            <option value=\"15-30\">\u20ac<\/option>\n                            <option value=\"30-60\">\u20ac\u20ac<\/option>\n                            <option value=\"60\">\u20ac\u20ac\u20ac<\/option>\n                        <\/select>\n                    <\/div>\n                <\/div>\n            <\/form>\n        <\/div>\n        <!-- Fin col-md-3 de filtros -->\n        <!-- Mapa (col-md-9) -->\n        <div class=\"col-md-9 map-container\">\n            <div id=\"map\"><\/div>        <\/div>\n        <!-- Fin col-md-9 -->\n    <\/div> <!-- Fin row principal -->\n    <!-- FILA NUEVA para el input de b\u00fasqueda, ocupa todo el ancho (col-md-12) -->\n    <div class=\"row mb-3\">\n        <div class=\"col-md-12\" style=\"position: relative;\">\n\n          <input\n  type=\"text\"\n  class=\"form-control\"\n  id=\"buscador\"\n  name=\"buscador\"\n  autocomplete=\"off\"\n  placeholder=\"Buscar restaurante\"\n\/>\n            <!-- Contenedor para sugerencias de autocompletado -->\n            <div id=\"autocomplete-results\" class=\"autocomplete-results\" style=\"display:none;\"><\/div>\n        <\/div>\n    <\/div>\n    <!-- FIN FILA NUEVA -->\n<\/div> <!-- Fin container -->\n\n\n<!-- Aqu\u00ed va tu script de Google Maps si $Cargarmapa es true -->\n<script>\nclass CustomOverlay extends google.maps.OverlayView {\n    constructor(position, content, id) {\n        super();\n        this.position = position;\n        this.content = content;\n        this.div = null;\n        this.id = id;\n    }\n\n    onAdd() {\n        this.div = document.createElement('div');\n        this.div.className = 'custom-overlay';\n        this.div.innerHTML = this.content;\n        this.getPanes().overlayMouseTarget.appendChild(this.div);\n\n        this.div.addEventListener('click', (event) => {\n            event.stopPropagation();\n        });\n        this.div.addEventListener('touchstart', (event) => {\n            event.stopPropagation();\n\n        });\n        this.ajustBotonMas();\n        \/\/ Cerrar overlay al hacer clic\n        \/\/ this.div.addEventListener('click', () => {\n        \/\/     this.setMap(null);\n        \/\/ });\n    }\n\n    draw() {\n        const projection = this.getProjection();\n        if (!projection) {\n            return;\n        }\n\n        const position = projection.fromLatLngToDivPixel(this.position);\n\n        \/\/ Ajusta el offset para que el centro del overlay est\u00e9 encima del marcador\n        const offsetX = -(this.div.offsetWidth \/ 2);\n        const offsetY = -this.div.offsetHeight - 45;\n\n        this.div.style.left = `${position.x + offsetX}px`;\n        this.div.style.top = `${position.y + offsetY}px`;\n    }\n    ajustBotonMas() {\n        const textContainer = document.getElementById(`descripcion-2-${this.id}`);\n        const showMore = document.getElementById(`show-more-2-${this.id}`);\n        const showLess = document.getElementById(`show-less-2-${this.id}`);\n        \/\/ Calcula la altura m\u00e1xima permitida para 4 l\u00edneas (aj\u00fastalo seg\u00fan tu dise\u00f1o)\n        const maxHeight = 101; \/\/ Aproximadamente 4.5em (depender\u00e1 de la altura de l\u00ednea en CSS)\n\n        \/\/ Si la altura del contenido del texto es mayor que el maxHeight, muestra los botones\n\n        if (textContainer.scrollHeight > maxHeight) {\n            showMore.style.display = 'block';\n            showLess.style.display = 'none';\n            textContainer.style.maxHeight = maxHeight + 'px'; \/\/ Limita el contenedor a 4 l\u00edneas\n        } else {\n            \/\/ Si no supera 4 l\u00edneas, oculta los botones\n            showMore.style.display = 'none';\n            showLess.style.display = 'none';\n        }\n\n    }\n\n    onRemove() {\n        if (this.div) {\n            this.div.remove();\n            this.div = null;\n        }\n    }\n}\n<\/script>\n\n\n<script>\nlet currentOverlay = null;\n\n\ndocument.addEventListener('DOMContentLoaded', function() {\n    const container = document.querySelector('.map-container');\n    if (container) {\n        initMap();\n    } else {\n        const observer = new MutationObserver((mutationsList, observer) => {\n            for (let mutation of mutationsList) {\n                if (mutation.type === 'childList') {\n                    const container = document.querySelector('.map-container');\n\n                    if (container) {\n                        initMap();\n\n                        observer.disconnect();\n                    }\n                }\n            }\n        });\n\n        observer.observe(document.body, {\n            childList: true,\n            subtree: true\n        });\n    }\n});\n\nwindow.onload = function() {\n    var contenedor = document.getElementById('BotonMas');\n    var boton = document.createElement('button');\n    boton.textContent = \"Cargar M\u00e1s\";\n    boton.classList.add(\"et_pb_button\");\n    boton.classList.add(\"et_pb_button_0\");\n    boton.classList.add(\"et_pb_bg_layout_light\");\n    boton.classList.add(\"aMedium\");\n    contenedor.classList.add(\"d-flex\");\n    contenedor.classList.add(\"justify-content-center\");\n    boton.style.marginBottom = \"20px\";\n    boton.onclick = function() {\n        BotonMas();\n    };\n    contenedor.appendChild(boton);\n};\n\nconst form = document.getElementById('filtroRestaurantes');\n\nform.addEventListener('submit', function(event) {\n    event.preventDefault();\n    aplicarFiltros();\n});\n\nfunction FiltroListener() {\n    current_numb = 15;\n    aplicarFiltros();\n}\n\nfunction aplicarFiltros() {\n    \/\/const tipoEstablecimientoId = 1;;\n    const barrio = document.getElementById('barrio').value;\n    const tipoComida = document.getElementById('tipo_comida').value;\n    const rangoPrecio = document.getElementById('rango_precio').value;\n    const textoBusqueda = document.getElementById('buscador').value.toLowerCase();\n\n    const filtrados = properties.filter(property => {\n        return (\n            (barrio === \"\" || property.eix_comercial_id == barrio) &&\n            (tipoComida === \"\" || property.tipo_comida_id == tipoComida) &&\n            (rangoPrecio === \"\" || property.rango_precios == rangoPrecio) &&\n            (\n                textoBusqueda === \"\" ||\n                property.nombre_restaurante.toLowerCase().includes(textoBusqueda)\n            )\n        );\n    });\n    actualizarMapa(filtrados);\n}\n\nif (1 != 1) {\n    document.getElementById('label_tipo_comida').classList.add('hidden');\n    document.getElementById('tipo_comida').classList.add('hidden');\n}\n\n\n\nfunction SetearTelefono(telefono) {\n    \/\/ Convertir el n\u00famero a una cadena por si no lo es\n    telefono = telefono.toString();\n\n    \/\/ Verificar si el n\u00famero comienza con +34\n    let tienePrefijo = telefono.startsWith('+34');\n\n    \/\/ Si tiene el prefijo +34, quitarlo para formatear el resto del n\u00famero\n    if (tienePrefijo) {\n        telefono = telefono.slice(3);\n    }\n    let telefonoFormateado = \"\";\n    \/\/ Asegurarse de que el n\u00famero tiene exactamente 9 d\u00edgitos\n    if (telefono.length !== 9) {\n        telefonoFormateado = telefono;\n    }\n\n    \/\/ Dividir el n\u00famero en el formato deseado\n    telefonoFormateado = telefono.replace(\/(\\d{2})(\\d{3})(\\d{2})(\\d{2})\/, \"$1 $2 $3 $4\");\n\n    \/\/ Agregar el prefijo +34 si estaba presente\n    if (tienePrefijo) {\n        telefonoFormateado = \"+34 \" + telefonoFormateado;\n    }\n\n    return telefonoFormateado;\n}\n\nfunction SetearPrecio(precio) {\n    switch (precio) {\n        case \"15-30\":\n            return \"\u20ac\"\n            break;\n\n        case \"30-60\":\n            return \"\u20ac\u20ac\"\n            break;\n\n        case \"60\":\n            return \"\u20ac\u20ac\u20ac\"\n            break;\n    }\n}\nvar current_numb = 15;\n\n\/\/ function BotonMas() {\n\/\/     const boton = document.getElementById(\"BotonMas\");\n\/\/     const rect = boton.getBoundingClientRect();\n\/\/     const scrollOffset = window.scrollY + rect.top;\n\n\/\/     \/\/ Evitar que Firefox haga cambios bruscos\n\/\/     document.documentElement.style.scrollBehavior = \"auto\";\n\/\/     document.body.style.overflow = \"hidden\";\n\/\/     document.body.style.height = `${document.body.scrollHeight}px`;\n\n\/\/     current_numb += 15;\n\/\/     aplicarFiltros(false); \/\/ Cargar m\u00e1s contenido\n\n\/\/     requestAnimationFrame(() => {\n\/\/         requestAnimationFrame(() => {\n\/\/             window.scrollTo(0, scrollOffset);\n\/\/             \/\/ Restaurar el scroll sin parpadeos\n\/\/             document.documentElement.style.scrollBehavior = \"\";\n\/\/             document.body.style.overflow = \"\";\n\/\/             document.body.style.height = \"\";\n\/\/         });\n\/\/     });\n\/\/ }\n\nfunction BotonMas() {\n    const boton = document.getElementById(\"BotonMas\");\n    const rect = boton.getBoundingClientRect();\n    const scrollOffset = window.scrollY + rect.top;\n\n    \/\/ Bloquear cualquier animaci\u00f3n de scroll\n    document.documentElement.style.scrollBehavior = \"auto\";\n\n    \/\/ Mantener el tama\u00f1o de la p\u00e1gina para evitar parpadeos\n    const originalHeight = document.body.style.height;\n    document.body.style.height = `${document.body.scrollHeight}px`;\n\n    current_numb += 15;\n    aplicarFiltros(false); \/\/ Cargar m\u00e1s contenido\n\n    requestAnimationFrame(() => {\n        requestAnimationFrame(() => {\n            window.scrollTo(0, scrollOffset);\n\n            \/\/ \ud83e\uddf9 Restaurar estilos sin parpadeo\n            setTimeout(() => {\n                document.documentElement.style.scrollBehavior = \"\";\n                document.body.style.height = originalHeight; \/\/ Restaurar el tama\u00f1o real\n            }, 0);\n        });\n    });\n}\n\n\n\n\nfunction SetearEnlaceOferta(oferta, paginaweb) {\n    let ret;\n    if (oferta) {\n        ret = oferta;\n    } else {\n        ret = paginaweb;\n    }\n    return ret + \"?utm_source=foodieblackweek.com&utm_medium=share_button&utm_campaign=foodie2025bcn\";\n\n}\n\/\/Metodo inutil\nfunction determinarClaseImagen(imagen) {\n    \/\/ Obtenemos el ancho y alto de la imagen\n    const ancho = imagen.width;\n    const alto = imagen.height;\n\n    \/\/ Calculamos la relaci\u00f3n de aspecto\n    const relacionAspecto = ancho \/ alto;\n\n    \/\/ Definimos un umbral para determinar si es rectangular o cuadrada\n    const umbral = 1.2; \/\/ Puedes ajustar este valor seg\u00fan tu definici\u00f3n de \"rectangular\" y \"cuadrada\"\n\n    if (relacionAspecto > umbral) {\n        return 'card-img-top2'; \/\/ La imagen es bastante rectangular\n    } else if (relacionAspecto < (1 \/ umbral)) {\n        return 'card-img-top2'; \/\/ La imagen es bastante rectangular (caso contrario)\n    } else {\n        return 'card-img-top2'; \/\/ La imagen es m\u00e1s cuadrada\n    }\n}\n\nfunction eliminarBarrasInvertidas(texto) {\n    return texto.replace(\/\\\\\/g, '');\n}\n\nfunction comprobarPrecio(precio) {\n    if (precio != 0) {\n        return 'Por ' + precio + '\u20ac'\n    } else {\n        return \"\"\n    }\n\n\n}\n\nfunction SetearTipoDeComdia(tipoComida, otro) {\n    if (otro.length != 0) {\n        if (otro.includes('\u00f1')) {\n            return tipoComida.toUpperCase() + \" (\" + otro.toLowerCase().replace('\/\u00f1', '&#241;') + \")\"\n        } else {\n            return tipoComida.toUpperCase() + \" (\" + otro.toLowerCase() + \")\";\n        }\n\n    } else {\n        return tipoComida.toUpperCase();\n    }\n}\n\nfunction setearDescripcion(desc) {\n    if (desc.length == 0) {\n        return \"\u00a1Se est\u00e1 cocinando la oferta!\"\n    } else {\n        return desc;\n    }\n}\n\nfunction SetearNombre(str) {\n    if (typeof str !== 'string' || str.length === 0) {\n        return '';\n    }\n\n    return str.split(' ')\n        .map(word => {\n            \/\/ Mantener \"MX\" en may\u00fasculas\n            let fixedWord = word.replace(\/mx\/gi, 'MX');\n\n            \/\/ Si \"fixedWord\" tiene \"MX\", se separa el resto de la palabra\n            if (fixedWord.includes('MX')) {\n                \/\/ Se divide la palabra en \"MX\" y el resto\n                const parts = fixedWord.split('MX');\n                \/\/ Se capitaliza la primera letra de la primera parte\n                const capitalizedPart = parts[0].charAt(0).toUpperCase() + parts[0].slice(1).toLowerCase();\n                \/\/ Se junta con \"MX\" y el resto de la palabra\n                return capitalizedPart + 'MX' + parts[1].toLowerCase();\n            } else {\n                \/\/ Si no tiene \"MX\", simplemente capitaliza la palabra\n                return fixedWord.charAt(0).toUpperCase() + fixedWord.slice(1).toLowerCase();\n            }\n        })\n        .join(' ');\n}\n\n\n\nfunction SetearEstiloImagen(imagen) {\n    if (imagen ==\n        \"https:\/\/foodieblackweek.com\/madrid\/wp-content\/uploads\/2025\/02\/LOGO-foodie-black-week-MAD-PANTALLA-tra.png\") {\n        return \"object-fit: scale-down;\";\n    } else {\n        return \"\";\n    }\n}\n\nfunction ajustarBotonesVerMas(index) {\n    const textContainer = document.getElementById(`descripcion-${index}`);\n    const showMore = document.getElementById(`show-more-${index}`);\n    const showLess = document.getElementById(`show-less-${index}`);\n\n    \/\/ Calcula la altura m\u00e1xima permitida para 4 l\u00edneas (aj\u00fastalo seg\u00fan tu dise\u00f1o)\n    const maxHeight = 72; \/\/ Aproximadamente 4.5em (depender\u00e1 de la altura de l\u00ednea en CSS)\n\n    \/\/ Si la altura del contenido del texto es mayor que el maxHeight, muestra los botones\n    if (textContainer) {\n        if (textContainer.scrollHeight > maxHeight) {\n            showMore.style.display = 'inline-block';\n            showLess.style.display = 'none';\n            textContainer.style.maxHeight = maxHeight + 'px'; \/\/ Limita el contenedor a 4 l\u00edneas\n        } else {\n            \/\/ Si no supera 4 l\u00edneas, oculta los botones\n            showMore.style.display = 'none';\n            showLess.style.display = 'none';\n        }\n    }\n\n}\n\nfunction toggleDescription(index) {\n\n    const textContainer = document.getElementById(`descripcion-${index}`);\n    const showMore = document.getElementById(`show-more-${index}`);\n    const showLess = document.getElementById(`show-less-${index}`);\n\n    if (textContainer) {\n        if (textContainer.classList.contains('expanded')) {\n            textContainer.classList.remove('expanded');\n            showMore.style.display = 'inline-block';\n            showLess.style.display = 'none';\n            textContainer.style.maxHeight = '72px'; \/\/ Vuelve a las 4 l\u00edneas\n        } else {\n            textContainer.classList.add('expanded');\n            showMore.style.display = 'none';\n            showLess.style.display = 'inline-block';\n            textContainer.style.maxHeight = 'none'; \/\/ Deja que el contenedor se expanda completamente\n        }\n    }\n\n}\n\nfunction toggleDescription2(index) {\n\n    const textContainer = document.getElementById(`descripcion-2-${index}`);\n    const showMore = document.getElementById(`show-more-2-${index}`);\n    const showLess = document.getElementById(`show-less-2-${index}`);\n    console.warn(\"id:\" + index);\n    if (textContainer) {\n        if (textContainer.classList.contains('expanded')) {\n            textContainer.classList.remove('expanded');\n            showMore.style.display = 'block';\n            showLess.style.display = 'none';\n            textContainer.style.maxHeight = '100px'; \/\/ Vuelve a las 4 l\u00edneas\n        } else {\n            textContainer.classList.add('expanded');\n            showMore.style.display = 'none';\n            showLess.style.display = 'block';\n            textContainer.style.maxHeight = 'none'; \/\/ Deja que el contenedor se expanda completamente\n        }\n    }\n\n}\n\n\n\n\n\nfunction actualizarMapa(restaurantes) {\n    \/\/ Limpiar los marcadores existentes\n    markers.forEach(marker => marker.setMap(null));\n    markers = [];\n\n    const listaCards = document.getElementById('Lista-cards');\n    listaCards.innerHTML = '';\n\n\n\n\n    restaurantes.forEach((property, index) => {\n        \n        let iconUrl;\n        switch (property.tipo_establecimiento_id) {\n            case '1':\n                iconUrl =\n                    \"https:\/\/foodie.deostudio.com\/wp-content\/uploads\/2024\/07\/foodie-black-week-24-mapa-restaurantes-1.png\";\n                break;\n            case '2':\n                iconUrl =\n                    \"https:\/\/foodie.deostudio.com\/wp-content\/uploads\/2024\/07\/foodie-black-week-24-mapa-hoteles-1.png\";\n                break;\n            case '3':\n                iconUrl =\n                    \"https:\/\/foodie.deostudio.com\/wp-content\/uploads\/2024\/07\/foodie-black-week-24mapa-ocio-1.png\";\n                break;\n            default:\n                iconUrl =\n                    \"https:\/\/foodie.deostudio.com\/wp-content\/uploads\/2024\/06\/foodie-black-week-24-mapa-restaurantes-1.png\"; \/\/ Icono predeterminado\n                break;\n        }\n\n        const marker = new google.maps.Marker({\n            position: {\n                lat: parseFloat(property.latitud),\n                lng: parseFloat(property.longitud)\n            },\n            map: map,\n            title: property.nombre_restaurante,\n            icon: {\n                url: iconUrl,\n            },\n            id: property.restaurante_id\n        });\n\n        markers.push(marker);\n\n\n        const overlayContent = `\n            <div class=\"card\">\n                <div class=\"cardOver\">\n                    <img decoding=\"async\" src=\"${property.imagen_oferta ? property.imagen_oferta : '\thttps:\/\/foodieblackweek.com\/madrid\/wp-content\/uploads\/2025\/02\/LOGO-foodie-black-week-MAD-PANTALLA-tra.png'}\" style=\"${SetearEstiloImagen(property.imagen_oferta)}\" class=\"card-img-top2\" alt=\"Imagen\">\n                    <div class=\"card-body\">\n                        <h6 class=\"card-title\">${SetearNombre(eliminarBarrasInvertidas(property.nombre_restaurante))}<\/h6>\n                        <div class=\"card-text-with-icon\">\n                            \n                            <div class=\"card-text-container\">\n                            <div id=\"descripcion-2-${index}\" class=\"card-text-scroll\">\n                                    <p class=\"card-text small aLight fontDesc pb-0\">${setearDescripcion(property.descripcion_oferta)}<\/p>\n                                    <p class=\"card-text small aMedium fontDesc\">${comprobarPrecio(property.precio_oferta)}<\/p>\n                                <\/div>\n                                <span id=\"show-more-2-${index}\" class=\"show-more2\" onclick=\"toggleDescription2(${index})\" style=\"display:none;\">Ver m\u00e1s<\/span>\n                       \n                                <span id=\"show-less-2-${index}\" class=\"show-less2\" onclick=\"toggleDescription2(${index})\" style=\"display:none;\">Ver menos<\/span>\n                            <\/div>\n                        <\/div>\n                        <a href=\"${SetearEnlaceOferta(property.enlace_oferta,property.pagina_web)}\" class=\"btn btn-outline btn-sm mt-2 aMedium\" target=\"_blank\">Reserva<\/a>\n                    <\/div>\n                <\/div>\n            <\/div>\n        `;\n\n        const overlay = new CustomOverlay(new google.maps.LatLng(parseFloat(property.latitud), parseFloat(\n            property.longitud)), overlayContent, index);\n\n        marker.addListener('click', () => {\n            \/\/ Centra el mapa en la posici\u00f3n del marcador\n            const position = marker.getPosition(); \/\/ Obtener la posici\u00f3n del marcador\n            const latLng = new google.maps.LatLng(position.lat() + 0.004, position\n                .lng()); \/\/ Ajusta el valor 0.001 para mover el centro hacia arriba\n\n            \/\/ Centra el mapa en la posici\u00f3n del marcador, un poco m\u00e1s arriba\n            map.panTo(latLng);\n            map.setZoom(15);\n\n            if (currentOverlay) {\n                currentOverlay.setMap(null);\n            }\n            currentOverlay = overlay;\n\n            \/\/ Muestra el overlay personalizado\n            overlay.setMap(map);\n\n        });\n\n        \n\n        const nuevaCard = document.createElement('div');\n        nuevaCard.classList.add('restaurant-card');\n\n        const backgroundColor = index % 2 === 0 ? '#f0ede6' : '#ffffff';\n        nuevaCard.style.backgroundColor = backgroundColor;\n        nuevaCard.setAttribute('style', `background-color: ${backgroundColor};`);\n\n\n\n\n        nuevaCard.innerHTML =\n            `<div class=\"et_pb_section et_pb_section_4 et_section_regular\" id=\"card${index}\">\n    <div class=\"et_pb_row et_pb_row_3\">\n        <div class=\"et_pb_column et_pb_column_1_3 et_pb_column_4 et_pb_css_mix_blend_mode_passthrough\">\n            <div class=\"et_pb_module et_pb_image et_pb_image_1\">\n                <span class=\"et_pb_image_wrap\">\n                <img loading=\"lazy\" decoding=\"async\" src=\"${property.imagen_oferta}\"  srcset=\"${property.imagen_oferta}\" style=\"height: 230px; width: 230px; object-fit: cover;\">\n                <\/span>\n            <\/div>\n        <\/div>\n        <div class=\"et_pb_column et_pb_column_1_3 et_pb_column_5 et_pb_css_mix_blend_mode_passthrough\">\n            <div class=\"et_pb_module et_pb_text et_pb_text_99 et_pb_text_align_left et_pb_bg_layout_light\">\n                <div class=\"et_pb_text_inner\">\n                    <p class=\"nameRestaurant\">${SetearNombre(eliminarBarrasInvertidas(property.nombre_restaurante))}<\/p>\n                <\/div>\n            <\/div>\n            <div class=\"et_pb_module et_pb_text et_pb_text_1 et_pb_text_align_left et_pb_bg_layout_light\">\n                <div class=\"et_pb_text_inner\">\n                    <p class=\"typeComida\">${SetearTipoDeComdia(property.nombre_tipo_comida,property.tipo_comida_outlist)}<\/p>\n                <\/div>\n            <\/div>\n            <div class=\"et_pb_module et_pb_text et_pb_text_2 et_pb_text_align_left et_pb_bg_layout_light\">\n                <div class=\"et_pb_text_inner\">\n                    <p class=\"price\">${SetearPrecio(property.rango_precios)}<\/p>\n                <\/div>\n            <\/div>\n            <div class=\"et_pb_module et_pb_text et_pb_text_3 et_pb_text_align_left et_pb_bg_layout_light\">\n                <div class=\"et_pb_text_inner\">\n                    <p class=\"address\">${eliminarBarrasInvertidas(property.direccion)}<\/p>\n                <\/div>\n            <\/div>\n            <div class=\"et_pb_module et_pb_text et_pb_text_4 et_pb_text_align_left et_pb_bg_layout_light\">\n                <div class=\"et_pb_text_inner\">\n                    <p class=\"phone\">${SetearTelefono(property.telefono)}<\/p>\n                <\/div>\n            <\/div>\n            <div class=\"et_pb_module et_pb_text et_pb_text_5 et_pb_text_align_left et_pb_bg_layout_light\">\n                <div class=\"et_pb_text_inner\">\n                    <p><a href=\"${property.pagina_web}\" target=\"_blank\" rel=\"noopener\">P\u00e1gina web<\/a><\/p>\n                <\/div>\n            <\/div>\n        <\/div>\n        <div class=\"et_pb_with_border et_pb_column_1_3 et_pb_column et_pb_column_6 et_pb_css_mix_blend_mode_passthrough et-last-child\" style=\"min-width: 320px;\">\n            <div class=\"et_pb_module et_pb_image et_pb_image_2\">\n                <span class=\"et_pb_image_wrap\">\n                    <img \n                        loading=\"lazy\" \n                        decoding=\"async\" \n                        width=\"2221\" \n                        height=\"423\" \n                        src=\"https:\/\/foodie.deostudio.com\/wp-content\/uploads\/2024\/06\/foodie-black-week-24-promociones-web.png\" \n                        alt=\"https:\/\/foodie.deostudio.com\/wp-content\/uploads\/2024\/06\/foodie-black-week-24-promociones-web.png\" \n                        title=\"img_ico\"                         \n                        class=\"wp-image-385\" srcset=\"https:\/\/foodie.deostudio.com\/wp-content\/uploads\/2024\/06\/foodie-black-week-24-promociones-web.png 2221w, https:\/\/foodie.deostudio.com\/wp-content\/uploads\/2024\/06\/foodie-black-week-24-promociones-web-1280x244.png 1280w, https:\/\/foodie.deostudio.com\/wp-content\/uploads\/2024\/06\/foodie-black-week-24-promociones-web-980x187.png 980w, https:\/\/foodie.deostudio.com\/wp-content\/uploads\/2024\/06\/foodie-black-week-24-promociones-web-480x91.png 480w\" sizes=\"(min-width: 0px) and (max-width: 480px) 480px, (min-width: 481px) and (max-width: 980px) 980px, (min-width: 981px) and (max-width: 1280px) 1280px, (min-width: 1281px) 2221px, 100vw\" \/>\n                <\/span>\n            <\/div>\n            <div class=\"et_pb_with_border et_pb_module et_pb_text et_pb_text_6 et_pb_text_align_left et_pb_bg_layout_light\">\n            <div class=\"et_pb_text_inne text-container\" id=\"descripcion-${index}\">\n                <p class=\"card-text small aLight fontDesc pb-0\">${eliminarBarrasInvertidas(setearDescripcion(property.descripcion_oferta))} ${comprobarPrecio(property.precio_oferta)}<\/p>\n            <\/div>\n            <span class=\"show-more\" id=\"show-more-${index}\" onclick=\"toggleDescription(${index})\" style=\"display: none;\">Ver m\u00e1s<\/span>\n            <span class=\"show-less\" id=\"show-less-${index}\" onclick=\"toggleDescription(${index})\" style=\"display: none;\">Ver menos<\/span>\n           \n                \n            <\/div>\n            <div class=\"et_pb_button_module_wrapper et_pb_button_0_wrapper et_pb_module\">\n                <a class=\"et_pb_button et_pb_button_0 et_pb_bg_layout_light aSmall\" href=\"${SetearEnlaceOferta(property.enlace_oferta,property.pagina_web)}\" target=\"_blank\">Reserva<\/a>\n                <button id=\"botonCompartir\" data-nombrerest=\"${property.nombre_restaurante}\">Compartir<\/button>\n            <\/div>\n        <\/div>\n    <\/div>\n<\/div>\n\n        `;\n\n        var contenedor = document.getElementById('BotonMas');\n        if (index < current_numb) {\n            nuevaCard.style.marginBottom = '20px';\n            listaCards.appendChild(nuevaCard);\n            contenedor.classList.add(\"displayNone\");\n            if (!ButtonVisible) {\n                ButtonVisible = true;\n            }\n        } else {\n            if (ButtonVisible) {\n                contenedor.classList.remove(\"displayNone\");\n                contenedor.classList.add(\"displayBlock\");\n                ButtonVisible = false;\n            }\n\n        }\n        ajustarBotonesVerMas(index);\n\n\n    });\n}\n\n\/\/ Funcio\u0301n para actualizar los botones de compartir\ndocument.addEventListener('DOMContentLoaded', function() {\n    function actualizarBotonesCompartir() {\n        setTimeout(() => {\n            const buttonsOffer = document.querySelectorAll(\"#botonCompartir\");\n\n            if (buttonsOffer.length === 0) {\n                console.error(\"No se encontraron botones de compartir.\");\n                return;\n            }\n\n            buttonsOffer.forEach((button) => {\n  const card = button.closest(\".et_pb_section\");\n\n  const nombre = (card.querySelector(\".nameRestaurant\")?.textContent || \"\").trim();\n  const nombreEscapado = encodeURIComponent(nombre).replace(\/%20\/g, \"+\"); \/\/ espacios -> +, resto escapado\n  const enlaceOferta = nombre ? `#${nombreEscapado}` : \"\";\n\n  const paginaWeb = card.querySelector(\".et_pb_text_5 a\")?.getAttribute(\"href\") || \"\";\n\n  button.dataset.enlace = enlaceOferta;\n  button.dataset.web = paginaWeb;\n  button.dataset.tipo = \"restaurante\";\n});\n\n        }, 500);\n    }\n\n    \/\/ Evento delegado para manejar clicks en los botones de compartir\n    document.addEventListener(\"click\", function(event) {\n        if (event.target && event.target.id === \"botonCompartir\") {\n            let button = event.target;\n            if (navigator.share) {\n              navigator.share({\n                title: 'Foodie Black Week',\n                url: button.dataset.enlace  \/\/ \"?utm_source=foodieblackweek.com&utm_medium=share_button&utm_campaign=foodie2025bcn\"\n              });\n            } else {\n                let property = {\n                    enlace_oferta: button.dataset.enlace,\n                    pagina_web: button.dataset.web,\n                    tipo: button.dataset.tipo,\n                    nombre_restaurante: encodeURIComponent(button.dataset.nombrerest)\n                };\n                shareOffer(property);\n            }\n        }\n    });\n\n    \/\/ Detectar cambios en el buscador y actualizar botones\n    const inputBuscador = document.querySelector(\"#buscador\"); \/\/ Aseg\u00farate de que este es el ID correcto\n    if (inputBuscador) {\n        inputBuscador.addEventListener(\"input\", function() {\n            setTimeout(() => {\n                actualizarBotonesCompartir(); \/\/ Reasignar atributos a los botones\n            }, 500);\n        });\n    }\n\n    \/\/ Detectar cambios en el DOM y reasignar botones autom\u00e1ticamente\n    const observer = new MutationObserver(() => {\n        actualizarBotonesCompartir();\n    });\n\n    observer.observe(document.body, {\n        childList: true,\n        subtree: true\n    });\n\n    \/\/ Ejecutar la actualizaci\u00f3n al cargar la p\u00e1gina\n    actualizarBotonesCompartir();\n\n    function shareOffer(property) {\n        if (!property || !property.enlace_oferta || !property.pagina_web) {\n            console.error(\"Faltan datos para compartir la oferta.\");\n            return;\n        }\n\n        let urlCompartir = window.location.href.split(\"#\")[0] + \"#\" + property.nombre_restaurante \n            \/\/ SetearEnlaceOferta(property.enlace_oferta, property.pagina_web);\n        console.log(urlCompartir);\n\n        let mensaje = \"\u00a1Sabemos que las alegr\u00edas compartidas son\u00a0doble\u00a0alegr\u00eda!\";\n        let mensajeCorreo = \"Ten\u00eda que pas\u00e1rtelo\u2026 \u00a1Foodie Black Week viene con planazos! \u00bfNos\u00a0apuntamos?\";\n\n        \/\/ Eliminar cualquier modal\/overlay previo antes de crear uno nuevo\n        let modalExistente = document.getElementById(\"modalCompartir\");\n        let overlayExistente = document.getElementById(\"overlayCompartir\");\n\n        if (modalExistente) modalExistente.remove();\n        if (overlayExistente) overlayExistente.remove();\n\n        \/\/ Crear el overlay\n        const overlay = document.createElement('div');\n        overlay.id = \"overlayCompartir\";\n        overlay.style.position = \"fixed\";\n        overlay.style.top = \"0\";\n        overlay.style.left = \"0\";\n        overlay.style.width = \"100%\";\n        overlay.style.height = \"100%\";\n        overlay.style.background = \"rgba(0, 0, 0, 0.5)\";\n        overlay.style.zIndex = \"999\";\n        document.body.appendChild(overlay);\n\n        \/\/ Crear el modal\n        const dialog = document.createElement('div');\n        dialog.id = \"modalCompartir\";\n        dialog.innerHTML = `\n        <h2>Compartir oferta<\/h2>\n        <p>${mensaje}<\/p>\n        <div id=\"botonesCompartir\">\n        <a href=\"https:\/\/api.whatsapp.com\/send?text=${encodeURIComponent(mensajeCorreo + \" \" + urlCompartir)}\" target=\"_blank\"><img decoding=\"async\" src=\"https:\/\/cdn-icons-png.flaticon.com\/512\/124\/124034.png\"><\/a>\n        <a href=\"https:\/\/www.instagram.com\/accounts\/login\/?next=\/share&url=${encodeURIComponent(urlCompartir)}\" target=\"_blank\"><img decoding=\"async\" src=\"https:\/\/cdn-icons-png.flaticon.com\/512\/2111\/2111463.png\"><\/a>\n        <a href=\"https:\/\/www.facebook.com\/sharer\/sharer.php?u=${encodeURIComponent(urlCompartir)}\" target=\"_blank\"><img decoding=\"async\" src=\"https:\/\/cdn-icons-png.flaticon.com\/512\/124\/124010.png\"><\/a>\n        <a href=\"https:\/\/twitter.com\/intent\/tweet?text=${encodeURIComponent(mensajeCorreo + \" \" + urlCompartir)}\" target=\"_blank\"><img decoding=\"async\" src=\"https:\/\/encrypted-tbn0.gstatic.com\/images?q=tbn:ANd9GcSlSjNPRJt0l1rzDaa3vPGPffxSv1vHv1-S8Q&s\"><\/a>\n        <a href=\"mailto:?subject=Foodie\u00a0Black\u00a0Week&body=${mensajeCorreo} ${encodeURIComponent(urlCompartir)}\" target=\"_blank\"><img decoding=\"async\" src=\"https:\/\/cdn-icons-png.flaticon.com\/512\/732\/732200.png\"><\/a>\n        <\/div>\n        <button id=\"cerrarModal\">Cerrar<\/button>\n    `;\n        document.body.appendChild(dialog);\n        document.body.style.overflow = \"hidden\";\n\n        \/\/ Cerrar modal y overlay correctamente\n        function cerrarModal() {\n            if (document.getElementById(\"modalCompartir\")) {\n                document.getElementById(\"modalCompartir\").remove();\n            }\n            if (document.getElementById(\"overlayCompartir\")) {\n                document.getElementById(\"overlayCompartir\").remove();\n            }\n            document.body.style.overflow = \"auto\";\n        }\n\n        document.getElementById(\"cerrarModal\").onclick = cerrarModal;\n        overlay.onclick = cerrarModal;\n    }\n    if (window.location.hash) {\n  const raw = window.location.hash.slice(1);\n  const hash = decodeURIComponent(raw.replace(\/\\+\/g, \" \"));\n  if (hash) {\n    document.getElementById(\"buscador\").value = hash;\n    setTimeout(aplicarFiltros, 500);\n  }\n}\n});\n\n\nlet ButtonVisible = true;\n\n\/\/ Inicializar el mapa\nlet map;\nlet markers = [];\nlet properties = [{\"restaurante_id\":\"332\",\"nombre_restaurante\":\"Mara\\u00f1a\",\"latitud\":\"41.391328\",\"longitud\":\"2.162843\",\"direccion\":\"Rambla de Catalunya, 65, Eixample, 08007 Barcelona\",\"telefono\":\"931 66 34 97\",\"pagina_web\":\"https:\\\/\\\/www.restaurantemarana.com\",\"tipo_comida_outlist\":\"\",\"descripcion_oferta\":\"Bienvenido a Mara\\u00f1a, su nuevo destino culinario situado en Rambla Catalunya 65, a lado de Casa Batll\\u00f3, en el coraz\\u00f3n de Barcelona. Mara\\u00f1a ofrece una experiencia gastron\\u00f3mica \\u00fanica, donde la cocina mediterr\\u00e1nea se encuentra con los aut\\u00e9nticos sabores de la cocina espa\\u00f1ola. Durante esta semana aplicaremos un 30% de descuento en nuestra carta (excepto al men\\u00fa del mediod\\u00eda).\",\"precio_oferta\":\"0.00\",\"enlace_oferta\":\"\",\"imagen_oferta\":\"https:\\\/\\\/static.wixstatic.com\\\/media\\\/03c077_983ba02259724dc4a94f14045e5ee80d~mv2.jpg\\\/v1\\\/fill\\\/w_615,h_737,al_c,q_85,usm_0.66_1.00_0.01,enc_avif,quality_auto\\\/03c077_983ba02259724dc4a94f14045e5ee80d~mv2.jpg\",\"eix_comercial_id\":\"3\",\"tipo_comida_id\":\"23\",\"rango_precios\":\"15-30\",\"tipo_establecimiento_id\":\"1\",\"prioridad_vision\":\"0\",\"nombre_eix_comercial\":\"Barcelona - Cor Eixample\",\"nombre_tipo_comida\":\"Comida Mediterr\\u00e1nea\"},{\"restaurante_id\":\"331\",\"nombre_restaurante\":\"L\\\\'Amoroso\",\"latitud\":\"41.394758\",\"longitud\":\"2.152968\",\"direccion\":\"Av. Diagonal, 423, L\\\\'Eixample, 08036 Barcelona\",\"telefono\":\"937 00 89 83\",\"pagina_web\":\"https:\\\/\\\/www.lamorosorestaurante.com\",\"tipo_comida_outlist\":\"\",\"descripcion_oferta\":\"Bienvenido a L\\\\' Amoroso, un festivo restaurante italiano donde la autenticidad culinaria se une a un ambiente animado para vivir una experiencia inolvidable. El restaurante debe su nombre a la Costa Amalfitana, famosa regi\\u00f3n del sur de Italia conocida por sus espectaculares paisajes y su \\\\\\\"dolce vita\\\\\\\". Descubra el bar Capri, inspirado en la soleada isla, que evoca limoneros, tonos marinos y azul cielo, transport\\u00e1ndole a una \\u00e9poca antigua llena de encanto. Acomp\\u00e1\\u00f1enos en una experiencia \\u00fanica donde la elegancia, la convivencia y el refinamiento se dan cita en un marco encantador. Durante esta semana aplicaremos un 30% de descuento en nuestra carta (excepto al men\\u00fa del mediod\\u00eda).\",\"precio_oferta\":\"0.00\",\"enlace_oferta\":\"\",\"imagen_oferta\":\"https:\\\/\\\/static.wixstatic.com\\\/media\\\/03c077_6f924cdf59ed4dd88e6fba786c40cb3f~mv2.png\\\/v1\\\/fill\\\/w_436,h_475,al_c,q_85,usm_0.66_1.00_0.01,enc_avif,quality_auto\\\/03c077_6f924cdf59ed4dd88e6fba786c40cb3f~mv2.png\",\"eix_comercial_id\":\"3\",\"tipo_comida_id\":\"3\",\"rango_precios\":\"15-30\",\"tipo_establecimiento_id\":\"1\",\"prioridad_vision\":\"0\",\"nombre_eix_comercial\":\"Barcelona - Cor Eixample\",\"nombre_tipo_comida\":\"Comida Italiana\"},{\"restaurante_id\":\"330\",\"nombre_restaurante\":\"MANTECA vermuteria & Tapas\",\"latitud\":\"41.380105\",\"longitud\":\"2.151179\",\"direccion\":\"Carrer del Consell de Cent, 90, L\\\\'Eixample, 08015 Barcelona\",\"telefono\":\"936598051\",\"pagina_web\":\"https:\\\/\\\/www.instagram.com\\\/manteca_bcn\\\/?hl=es\",\"tipo_comida_outlist\":\"\",\"descripcion_oferta\":\"S\\u00ed, has le\\u00eddo bien: 8 croquetas por solo 6 \\u20ac \\ud83d\\ude31 Nuestro surtido m\\u00e1s goloso, con las croquetas que m\\u00e1s triunfan: de pollo asado, rabo de toro, ceps y calamar. Un precio imbatible para disfrutar del sabor del barrio como nunca. Vente a Manteca, que esta oferta dura poco\\u2026 y las croquetas vuelan.\",\"precio_oferta\":\"6.00\",\"enlace_oferta\":\"\",\"imagen_oferta\":\"https:\\\/\\\/foodieblackweek.com\\\/barcelona\\\/wp-content\\\/uploads\\\/ImagenesClientes\\\/2025\\\/10\\\/Canon-EOS-6D-3648x5472_155021.jpg\",\"eix_comercial_id\":\"3\",\"tipo_comida_id\":\"23\",\"rango_precios\":\"15-30\",\"tipo_establecimiento_id\":\"1\",\"prioridad_vision\":\"0\",\"nombre_eix_comercial\":\"Barcelona - Cor Eixample\",\"nombre_tipo_comida\":\"Comida Mediterr\\u00e1nea\"},{\"restaurante_id\":\"329\",\"nombre_restaurante\":\"Casa Rinc\\u00f3n\",\"latitud\":\"41.39674\",\"longitud\":\"2.157375\",\"direccion\":\"Carrer de C\\u00f2rsega, 298, L\\\\\\\\\\\\\\\\\\\\\\\\\\\\\\\\\\\\\\\\\\\\\\\\\\\\\\\\\\\\\\\\\\\\\\\\\\\\\\\\\\\\\\\\\\\\\\\\\\\\\\\\\\\\\\\\\\\\\\\\\\\\'Eixample, 08008 Barcelona\",\"telefono\":\"0034937030670\",\"pagina_web\":\"https:\\\/\\\/www.restaurantecasarincon.com\\\/\",\"tipo_comida_outlist\":\"\",\"descripcion_oferta\":\"Bienvenido a Casa Rinc\\u00f3n de Gracia, su nuevo destino culinario situado en Corsega, entre las emblem\\u00e1ticas v\\u00edas de Passeig de Gr\\u00e0cia, Rambla de Catalunya y Avinguda Diagonal, en el coraz\\u00f3n de Barcelona. Casa Rinc\\u00f3n ofrece una experiencia culinaria \\u00fanica, donde la cocina tradicional catalana se encuentra con los aut\\u00e9nticos sabores de la cocina mediterr\\u00e1nea. Durante esta semana aplicaremos un 30 % de descuento a toda la carta (excepto al men\\u00fa del mediod\\u00eda).\",\"precio_oferta\":\"0.00\",\"enlace_oferta\":\"\",\"imagen_oferta\":\"https:\\\/\\\/static.wixstatic.com\\\/media\\\/03c077_d516ee002c0f404daa34898797755ebc~mv2.jpg\\\/v1\\\/fill\\\/w_1525,h_945,al_b,q_85,usm_0.66_1.00_0.01,enc_avif,quality_auto\\\/03c077_d516ee002c0f404daa34898797755ebc~mv2.jpg\",\"eix_comercial_id\":\"3\",\"tipo_comida_id\":\"17\",\"rango_precios\":\"15-30\",\"tipo_establecimiento_id\":\"1\",\"prioridad_vision\":\"0\",\"nombre_eix_comercial\":\"Barcelona - Cor Eixample\",\"nombre_tipo_comida\":\"Comida Espa\\u00f1ola\"},{\"restaurante_id\":\"328\",\"nombre_restaurante\":\"Cerveceria La Barcelonesa\",\"latitud\":\"41.397913\",\"longitud\":\"2.170973\",\"direccion\":\"Pg. de St. Joan, 77, L\\\\'Eixample, 08009 Barcelona\",\"telefono\":\"613165786\",\"pagina_web\":\"https:\\\/\\\/www.instagram.com\\\/cerveceria_barcelonesa\\\/#\",\"tipo_comida_outlist\":\"\",\"descripcion_oferta\":\"Men\\u00fa mediod\\u00eda completo\",\"precio_oferta\":\"0.00\",\"enlace_oferta\":\"\",\"imagen_oferta\":\"https:\\\/\\\/foodieblackweek.com\\\/barcelona\\\/wp-content\\\/uploads\\\/ImagenesClientes\\\/2025\\\/10\\\/459acd84-0229-49d0-b661-987cf8889c42.jpeg\",\"eix_comercial_id\":\"3\",\"tipo_comida_id\":\"17\",\"rango_precios\":\"15-30\",\"tipo_establecimiento_id\":\"1\",\"prioridad_vision\":\"0\",\"nombre_eix_comercial\":\"Barcelona - Cor Eixample\",\"nombre_tipo_comida\":\"Comida Espa\\u00f1ola\"},{\"restaurante_id\":\"327\",\"nombre_restaurante\":\"VALENTINA e PASQUALINA\",\"latitud\":\"41.396736\",\"longitud\":\"2.127894\",\"direccion\":\"Carrer del Milanesat, 5, local 2, Distrito de Sarri\\u00e0-Sant Gervasi, 08017 Barcelona\",\"telefono\":\"666723698\",\"pagina_web\":\"https:\\\/\\\/valentinaepasqualina.com\\\/\",\"tipo_comida_outlist\":\"\",\"descripcion_oferta\":\"Pack 4 tiramis\\u00fa artesanales de sabores variados.\",\"precio_oferta\":\"20.00\",\"enlace_oferta\":\"https:\\\/\\\/valentinaepasqualina.com\\\/products\\\/pack-tiramisu-foodie-black-week\",\"imagen_oferta\":\"https:\\\/\\\/foodieblackweek.com\\\/barcelona\\\/wp-content\\\/uploads\\\/ImagenesClientes\\\/2025\\\/10\\\/FOTO-BLACK-WEEK.jpg\",\"eix_comercial_id\":\"21\",\"tipo_comida_id\":\"3\",\"rango_precios\":\"15-30\",\"tipo_establecimiento_id\":\"1\",\"prioridad_vision\":\"0\",\"nombre_eix_comercial\":\"Barcelona - Sarri\\u00e0\",\"nombre_tipo_comida\":\"Comida Italiana\"},{\"restaurante_id\":\"326\",\"nombre_restaurante\":\"GYOZA HOUSE BARCELONA\",\"latitud\":\"41.387351\",\"longitud\":\"2.16124\",\"direccion\":\"Carrer d\\\\'Aribau, 32, L\\\\'Eixample, 08011 Barcelona\",\"telefono\":\"629925570\",\"pagina_web\":\"https:\\\/\\\/www.instagram.com\\\/gyozahousebcn\\\/?igsh=MTh0ZTVhbXcxNWhhMQ%3D%3D#\",\"tipo_comida_outlist\":\"\",\"descripcion_oferta\":\"Men\\u00fa Especial Foodie Black Week: - 2 entrantes a escoger: Edamame o sopa de miso o bol de arroz blanco de jazm\\u00edn. - 8 gyozas a escoger entre m\\u00e1s de 15 sabores (2 sabores m\\u00e1x). Por cada sabor gourmet, habr\\u00e1 suplemento de 1\\u20ac. - 2 gyozas dulces a escoger.\",\"precio_oferta\":\"15.00\",\"enlace_oferta\":\"\",\"imagen_oferta\":\"https:\\\/\\\/foodieblackweek.com\\\/barcelona\\\/wp-content\\\/uploads\\\/ImagenesClientes\\\/2025\\\/10\\\/IMG_8001.jpeg\",\"eix_comercial_id\":\"3\",\"tipo_comida_id\":\"5\",\"rango_precios\":\"15-30\",\"tipo_establecimiento_id\":\"1\",\"prioridad_vision\":\"0\",\"nombre_eix_comercial\":\"Barcelona - Cor Eixample\",\"nombre_tipo_comida\":\"Comida Japonesa\"},{\"restaurante_id\":\"325\",\"nombre_restaurante\":\"Indochine Ly Leap\",\"latitud\":\"41.388039\",\"longitud\":\"2.157993\",\"direccion\":\"C\\\/ de Muntaner, 82, L\\\\'Eixample, 08011 Barcelona\",\"telefono\":\"934511796\",\"pagina_web\":\"https:\\\/\\\/indochineleaply.com\",\"tipo_comida_outlist\":\"\",\"descripcion_oferta\":\"Men\\u00fa Gastro Black Week - 2 saquitos rellenos de carne, langostinos y hierbas arom\\u00e1ticas con salsa de ciruela - 2 langostinos siam (con pasta crujiente y s\\u00e9samo) - 2 gyozas de cerdo, langostinos y hierbas - 2 gyozas de pollo con trufa - Ternera al estilo vietnamita - Pollo marinado con cinco especias y salsa agridulce thai - Carne de cerdo caramelizada con verduras encurtidas - Langostinos con curry rojo - 2 gyozas dulces.\",\"precio_oferta\":\"42.00\",\"enlace_oferta\":\"\",\"imagen_oferta\":\"https:\\\/\\\/foodieblackweek.com\\\/barcelona\\\/wp-content\\\/uploads\\\/ImagenesClientes\\\/2025\\\/10\\\/a485e03c-2d48-444c-8c29-e239c0444001.jpeg\",\"eix_comercial_id\":\"3\",\"tipo_comida_id\":\"33\",\"rango_precios\":\"30-60\",\"tipo_establecimiento_id\":\"1\",\"prioridad_vision\":\"0\",\"nombre_eix_comercial\":\"Barcelona - Cor Eixample\",\"nombre_tipo_comida\":\"Fusi\\u00f3n\"},{\"restaurante_id\":\"324\",\"nombre_restaurante\":\"La Vietnamita\",\"latitud\":\"41.387752\",\"longitud\":\"2.18237\",\"direccion\":\"Carrer del Comer\\u00e7, 17, Ciutat Vella, 08003 Barcelona\",\"telefono\":\"933100961\",\"pagina_web\":\"http:\\\/\\\/www.lavietnamita.com\",\"tipo_comida_outlist\":\"\",\"descripcion_oferta\":\"Menu Foodie Black Week. Entrante: Nems vegan o carne. Principal: Bun noodle bowl tofu o pollo. Bebida: Limonada mint chan o cerveza.\",\"precio_oferta\":\"19.90\",\"enlace_oferta\":\"\",\"imagen_oferta\":\"https:\\\/\\\/foodieblackweek.com\\\/barcelona\\\/wp-content\\\/uploads\\\/ImagenesClientes\\\/2025\\\/10\\\/IMG_5833.jpg\",\"eix_comercial_id\":\"24\",\"tipo_comida_id\":\"13\",\"rango_precios\":\"15-30\",\"tipo_establecimiento_id\":\"1\",\"prioridad_vision\":\"0\",\"nombre_eix_comercial\":\"Barcelona - Ciutat Vella\",\"nombre_tipo_comida\":\"Comida Vietnamita\"},{\"restaurante_id\":\"323\",\"nombre_restaurante\":\"Pizzer\\u00eda RAGVSA\",\"latitud\":\"41.416904\",\"longitud\":\"2.174568\",\"direccion\":\"Ronda del Guinard\\u00f3, 114, 116, Horta-Guinard\\u00f3, 08041 Barcelona\",\"telefono\":\"934462484\",\"pagina_web\":\"http:\\\/\\\/www.ragvsa.es\",\"tipo_comida_outlist\":\"\",\"descripcion_oferta\":\"ENTRANTES PARA COMPARTIR: Provolone con focaccia, Carpaccio de Buey, Ensalada de queso de cabra. SEGUNDO A ELEGIR: Pizza Margarita, Pizza Romana, Pizza Diavola, Pizza Tonina, Pizza al Pesto, Pizza 4 quesos, Pizza Carbonara, Lasagna de Carne o Verdura, Spaghetti Carbonara, Rigatoni Bolognesa, Entrecote con guarnicion (suplemento 4\\u20ac). POSTRES O CAFE: Pastel de Zanahoria, Tiramisu, brownie de chocolate. Incluye Una bebida por persona Agua\\\/Cerveza o copa de Vino.\",\"precio_oferta\":\"29.00\",\"enlace_oferta\":\"\",\"imagen_oferta\":\"https:\\\/\\\/foodieblackweek.com\\\/barcelona\\\/wp-content\\\/uploads\\\/ImagenesClientes\\\/2025\\\/10\\\/Ragusafoto@jpescobar.es_43.jpg\",\"eix_comercial_id\":\"2\",\"tipo_comida_id\":\"3\",\"rango_precios\":\"15-30\",\"tipo_establecimiento_id\":\"1\",\"prioridad_vision\":\"0\",\"nombre_eix_comercial\":\"Barcelona - Horta\",\"nombre_tipo_comida\":\"Comida Italiana\"},{\"restaurante_id\":\"321\",\"nombre_restaurante\":\"El Txoko de Aupa\",\"latitud\":\"41.516292\",\"longitud\":\"2.395854\",\"direccion\":\"Carrer de Argentona, km 1, 3, 08349 Cabrera de Mar, Barcelona\",\"telefono\":\"687604598\",\"pagina_web\":\"http:\\\/\\\/www.restauranteaupa.com\",\"tipo_comida_outlist\":\"\",\"descripcion_oferta\":\"Viernes de ostras con m\\u00fasica en directo\",\"precio_oferta\":\"1.00\",\"enlace_oferta\":\"https:\\\/\\\/www.restauranteaupa.com\\\/ostras\",\"imagen_oferta\":\"https:\\\/\\\/foodieblackweek.com\\\/barcelona\\\/wp-content\\\/uploads\\\/ImagenesClientes\\\/2025\\\/10\\\/viernes-de-ostras.jpg\",\"eix_comercial_id\":\"60\",\"tipo_comida_id\":\"30\",\"rango_precios\":\"15-30\",\"tipo_establecimiento_id\":\"1\",\"prioridad_vision\":\"0\",\"nombre_eix_comercial\":\"Maresme\",\"nombre_tipo_comida\":\"Tapas\"},{\"restaurante_id\":\"320\",\"nombre_restaurante\":\"LECCABAFFI\",\"latitud\":\"41.397899\",\"longitud\":\"2.169843\",\"direccion\":\"Carrer de Val\\u00e8ncia, 341, L\\\\'Eixample, 08009 Barcelona\",\"telefono\":\"935287693\",\"pagina_web\":\"http:\\\/\\\/www.leccabaffi.com\",\"tipo_comida_outlist\":\"\",\"descripcion_oferta\":\"OFERTA 1 (Cocktail + Spaghetti de Marisco 22\\u20ac). OFERTA 2 (St Germain Spritz + Olive all\\u00b4ascalona 12\\u20ac). OFERTA 3 (Martini Bianco Spritz + Focaccina 10\\u20ac)\",\"precio_oferta\":\"0.00\",\"enlace_oferta\":\"\",\"imagen_oferta\":\"https:\\\/\\\/foodieblackweek.com\\\/barcelona\\\/wp-content\\\/uploads\\\/ImagenesClientes\\\/2025\\\/10\\\/IMG_0116.jpeg\",\"eix_comercial_id\":\"3\",\"tipo_comida_id\":\"3\",\"rango_precios\":\"30-60\",\"tipo_establecimiento_id\":\"1\",\"prioridad_vision\":\"0\",\"nombre_eix_comercial\":\"Barcelona - Cor Eixample\",\"nombre_tipo_comida\":\"Comida Italiana\"},{\"restaurante_id\":\"318\",\"nombre_restaurante\":\"Celler 39\",\"latitud\":\"41.403546\",\"longitud\":\"2.158519\",\"direccion\":\"Carrer de Terol, 39, Gr\\u00e0cia, 08012 Barcelona\",\"telefono\":\"936325693\",\"pagina_web\":\"http:\\\/\\\/Www.kiltrobcn.com\",\"tipo_comida_outlist\":\"\",\"descripcion_oferta\":\"Vermut Martini + Gilda de la casa.\",\"precio_oferta\":\"5.00\",\"enlace_oferta\":\"\",\"imagen_oferta\":\"https:\\\/\\\/web.kiltrobcn.com\\\/wp-content\\\/uploads\\\/elementor\\\/thumbs\\\/drinks-r8hvldrv9kf7qbheetqgfpdmg1t4qnwjc9qrmsryns.jpg\",\"eix_comercial_id\":\"10\",\"tipo_comida_id\":\"30\",\"rango_precios\":\"30-60\",\"tipo_establecimiento_id\":\"1\",\"prioridad_vision\":\"0\",\"nombre_eix_comercial\":\"Barcelona - Gr\\u00e0cia\",\"nombre_tipo_comida\":\"Tapas\"},{\"restaurante_id\":\"317\",\"nombre_restaurante\":\"Kiltro Restobar\",\"latitud\":\"41.403205\",\"longitud\":\"2.153905\",\"direccion\":\"Carrer de Villarroel, 22, L\\\\'Eixample, 08011 Barcelona\",\"telefono\":\"931279370\",\"pagina_web\":\"http:\\\/\\\/Www.kiltrobcn.com\",\"tipo_comida_outlist\":\"\",\"descripcion_oferta\":\"C\\u00f3ctel Paloma Patr\\u00f3n+ 1 taco de Pulled Pork.\",\"precio_oferta\":\"18.00\",\"enlace_oferta\":\"\",\"imagen_oferta\":\"https:\\\/\\\/cdn.trustindex.io\\\/feed\\\/Instagram\\\/25\\\/1b\\\/251b048e4d6f05d374a44f1f1366967fa236ee19\\\/0s.webp\",\"eix_comercial_id\":\"18\",\"tipo_comida_id\":\"4\",\"rango_precios\":\"15-30\",\"tipo_establecimiento_id\":\"1\",\"prioridad_vision\":\"0\",\"nombre_eix_comercial\":\"Barcelona - Sant Antoni\",\"nombre_tipo_comida\":\"Comida Mexicana\"},{\"restaurante_id\":\"316\",\"nombre_restaurante\":\"El Fornet, Travesera de Gracia 101\",\"latitud\":\"41.399009\",\"longitud\":\"2.1532\",\"direccion\":\"Travessera de Gr\\u00e0cia, 101, Sarri\\u00e0-Sant Gervasi, 08006 Barcelona\",\"telefono\":\"695237329\",\"pagina_web\":\"https:\\\/\\\/elfornet.com\\\/tiendas\",\"tipo_comida_outlist\":\"\",\"descripcion_oferta\":\"Promoci\\u00f3 v\\u00e0lida per la compra combinable de 2 o m\\u00e9s unitats de caf\\u00e8 i\\\/o croissant. Productes inclosos en la promoci\\u00f3: caf\\u00e8 sol, tallat, tallat amb llet especial, caf\\u00e8 amb llet, caf\\u00e8 doble, caf\\u00e8 amb llet especial, caf\\u00e8 amb llet XL, cappuccino, infusi\\u00f3, croissant, croissant de mantega, croissant de mantega amb llavors, croissant de xocolata, croissant de mantega amb xocolata blanca.\",\"precio_oferta\":\"2.85\",\"enlace_oferta\":\"\",\"imagen_oferta\":\"https:\\\/\\\/foodieblackweek.com\\\/barcelona\\\/wp-content\\\/uploads\\\/ImagenesClientes\\\/2025\\\/10\\\/DOLCOS-MATINS-3-1.png\",\"eix_comercial_id\":\"10\",\"tipo_comida_id\":\"35\",\"rango_precios\":\"15-30\",\"tipo_establecimiento_id\":\"1\",\"prioridad_vision\":\"0\",\"nombre_eix_comercial\":\"Barcelona - Gr\\u00e0cia\",\"nombre_tipo_comida\":\"Pasteler\\u00edas y dulces\"},{\"restaurante_id\":\"315\",\"nombre_restaurante\":\"El Fornet, Mallorca 279\",\"latitud\":\"41.395542\",\"longitud\":\"2.164416\",\"direccion\":\"Carrer de Mallorca, 279, L\\\\'Eixample, 08037 Barcelona\",\"telefono\":\"695237607\",\"pagina_web\":\"https:\\\/\\\/elfornet.com\\\/tiendas?utm_source=foodieblackweek.com&utm_medium=share_button&utm_campaign=foodie2025bcn\",\"tipo_comida_outlist\":\"\",\"descripcion_oferta\":\"Nuestra propuesta tipo brunch te da 5 productos de primera calidad. Escoge: - Zumo de naranja natural reci\\u00e9n exprimido o un Smoothie - Una bebida caliente (caf\\u00e9s e infusiones) - Un bocadillo o sandwich - Un Rosendo; nuestros deliciosos mini croissants - Un Yogurt o un bowl de fruta.\",\"precio_oferta\":\"12.50\",\"enlace_oferta\":\"\",\"imagen_oferta\":\"https:\\\/\\\/foodieblackweek.com\\\/barcelona\\\/wp-content\\\/uploads\\\/ImagenesClientes\\\/2025\\\/10\\\/King-Breakfast_2-1.jpg\",\"eix_comercial_id\":\"3\",\"tipo_comida_id\":\"35\",\"rango_precios\":\"15-30\",\"tipo_establecimiento_id\":\"1\",\"prioridad_vision\":\"0\",\"nombre_eix_comercial\":\"Barcelona - Cor Eixample\",\"nombre_tipo_comida\":\"Pasteler\\u00edas y dulces\"},{\"restaurante_id\":\"314\",\"nombre_restaurante\":\"El Fornet, Pallars 193\",\"latitud\":\"41.401558\",\"longitud\":\"2.197601\",\"direccion\":\"Carrer de Pallars, 193, Sant Mart\\u00ed, 08005 Barcelona\",\"telefono\":\"695237362\",\"pagina_web\":\"https:\\\/\\\/elfornet.com\\\/tiendas\",\"tipo_comida_outlist\":\"\",\"descripcion_oferta\":\"Nuestra propuesta tipo brunch te da 5 productos de primera calidad. Escoge: - Zumo de naranja natural reci\\u00e9n exprimido o un Smoothie - Una bebida caliente (caf\\u00e9s e infusiones) - Un bocadillo o sandwich - Un Rosendo; nuestros deliciosos mini croissants - Un Yogurt o un bowl de fruta.\",\"precio_oferta\":\"12.50\",\"enlace_oferta\":\"\",\"imagen_oferta\":\"https:\\\/\\\/foodieblackweek.com\\\/barcelona\\\/wp-content\\\/uploads\\\/ImagenesClientes\\\/2025\\\/10\\\/King-Breakfast_2.jpg\",\"eix_comercial_id\":\"20\",\"tipo_comida_id\":\"35\",\"rango_precios\":\"15-30\",\"tipo_establecimiento_id\":\"1\",\"prioridad_vision\":\"0\",\"nombre_eix_comercial\":\"Barcelona - Sant Mart\\u00ed\",\"nombre_tipo_comida\":\"Pasteler\\u00edas y dulces\"},{\"restaurante_id\":\"313\",\"nombre_restaurante\":\"La Cresta BCN\",\"latitud\":\"41.42252\",\"longitud\":\"2.176045\",\"direccion\":\"Carrer de la Torre dels Pardals, 25, Horta-Guinard\\u00f3, 08041 Barcelona\",\"telefono\":\"931458269\",\"pagina_web\":\"https:\\\/\\\/lacrestabcn.eatbu.com\\\/?lang=es\",\"tipo_comida_outlist\":\"\",\"descripcion_oferta\":\"Por la compra de un cachopo de pollo o ternera, reclama tu postre gratis.\",\"precio_oferta\":\"14.00\",\"enlace_oferta\":\"\",\"imagen_oferta\":\"https:\\\/\\\/foodieblackweek.com\\\/barcelona\\\/wp-content\\\/uploads\\\/ImagenesClientes\\\/2025\\\/10\\\/Plato-servido-de-cachopo.jpg\",\"eix_comercial_id\":\"2\",\"tipo_comida_id\":\"23\",\"rango_precios\":\"15-30\",\"tipo_establecimiento_id\":\"1\",\"prioridad_vision\":\"0\",\"nombre_eix_comercial\":\"Barcelona - Horta\",\"nombre_tipo_comida\":\"Comida Mediterr\\u00e1nea\"},{\"restaurante_id\":\"312\",\"nombre_restaurante\":\"La Cervesera Artesana\",\"latitud\":\"41.398388\",\"longitud\":\"2.160929\",\"direccion\":\"Carrer de Sant Agust\\u00ed, 14, Gr\\u00e0cia, 08012 Barcelona\",\"telefono\":\"932379594\",\"pagina_web\":\"http:\\\/\\\/www.cervesa.cat\",\"tipo_comida_outlist\":\"\",\"descripcion_oferta\":\"Maridaje 'ON FIRE'\\ud83d\\udd25Pinta de cerveza artesana Chilli Stout + Crujientes de Foie y butifarra de Perol con mermelada de cebolla confitada.\",\"precio_oferta\":\"8.00\",\"enlace_oferta\":\"https:\\\/\\\/www.instagram.com\\\/reel\\\/DQMePH6jO-Q\\\/?utm_source=ig_web_copy_link&igsh=MzRlODBiNWFlZA==\",\"imagen_oferta\":\"https:\\\/\\\/foodieblackweek.com\\\/barcelona\\\/wp-content\\\/uploads\\\/ImagenesClientes\\\/2025\\\/10\\\/FoodieBlackWeekBcn-2025_La-Cervesera-Artesana.jpg\",\"eix_comercial_id\":\"10\",\"tipo_comida_id\":\"30\",\"rango_precios\":\"15-30\",\"tipo_establecimiento_id\":\"1\",\"prioridad_vision\":\"0\",\"nombre_eix_comercial\":\"Barcelona - Gr\\u00e0cia\",\"nombre_tipo_comida\":\"Tapas\"},{\"restaurante_id\":\"311\",\"nombre_restaurante\":\"Flipa Burger\",\"latitud\":\"41.413624\",\"longitud\":\"2.194268\",\"direccion\":\"Carrer d\\\\'Espronceda, 260, Sant Mart\\u00ed, 08018 Barcelona\",\"telefono\":\"624881538\",\"pagina_web\":\"http:\\\/\\\/www.flipaburger.es\",\"tipo_comida_outlist\":\"\",\"descripcion_oferta\":\"Disfruta de nuestro Combo Doble (opci\\u00f3n sin gluten inclu\\u00edda).\",\"precio_oferta\":\"10.00\",\"enlace_oferta\":\"\",\"imagen_oferta\":\"https:\\\/\\\/foodieblackweek.com\\\/barcelona\\\/wp-content\\\/uploads\\\/ImagenesClientes\\\/2025\\\/10\\\/combo-flipa.jpg\",\"eix_comercial_id\":\"20\",\"tipo_comida_id\":\"29\",\"rango_precios\":\"15-30\",\"tipo_establecimiento_id\":\"1\",\"prioridad_vision\":\"0\",\"nombre_eix_comercial\":\"Barcelona - Sant Mart\\u00ed\",\"nombre_tipo_comida\":\"Hamburgueser\\u00eda\"},{\"restaurante_id\":\"309\",\"nombre_restaurante\":\"El Fornet, Pau Claris\",\"latitud\":\"41.396879\",\"longitud\":\"2.162089\",\"direccion\":\"Carrer de Pau Claris, 190, L\\\\'Eixample, 08037 Barcelona\",\"telefono\":\"695237391\",\"pagina_web\":\"https:\\\/\\\/elfornet.com\\\/es\\\/\",\"tipo_comida_outlist\":\"\",\"descripcion_oferta\":\"Nuestra propuesta tipo brunch te da 5 productos de primera calidad por solo 12,5\\u20ac. Escoge: - Zumo de naranja natural reci\\u00e9n exprimido o un Smoothie - Una bebida caliente (caf\\u00e9s e infusiones) - Un bocadillo o sandwich - Un Rosendo; nuestros deliciosos mini croissants - Un Yogurt o un bowl de fruta.\",\"precio_oferta\":\"0.00\",\"enlace_oferta\":\"\",\"imagen_oferta\":\"https:\\\/\\\/foodieblackweek.com\\\/barcelona\\\/wp-content\\\/uploads\\\/ImagenesClientes\\\/2025\\\/10\\\/1000821002.jpg\",\"eix_comercial_id\":\"3\",\"tipo_comida_id\":\"31\",\"rango_precios\":\"15-30\",\"tipo_establecimiento_id\":\"1\",\"prioridad_vision\":\"0\",\"nombre_eix_comercial\":\"Barcelona - Cor Eixample\",\"nombre_tipo_comida\":\"Brunch\"},{\"restaurante_id\":\"308\",\"nombre_restaurante\":\"Cacho\",\"latitud\":\"41.393276\",\"longitud\":\"2.190989\",\"direccion\":\"Carrer de Llull, 27, Sant Mart\\u00ed, 08005 Barcelona\",\"telefono\":\"633364210\",\"pagina_web\":\"http:\\\/\\\/www.wearecacho.com\",\"tipo_comida_outlist\":\"\",\"descripcion_oferta\":\"Chorip\\u00e1n + Cacho Beer ( APA).\",\"precio_oferta\":\"0.00\",\"enlace_oferta\":\"\",\"imagen_oferta\":\"https:\\\/\\\/wearecacho.com\\\/wp-content\\\/uploads\\\/2024\\\/07\\\/cacho-1.jpg\",\"eix_comercial_id\":\"15\",\"tipo_comida_id\":\"23\",\"rango_precios\":\"15-30\",\"tipo_establecimiento_id\":\"1\",\"prioridad_vision\":\"0\",\"nombre_eix_comercial\":\"Barcelona - Poblenou\",\"nombre_tipo_comida\":\"Comida Mediterr\\u00e1nea\"},{\"restaurante_id\":\"307\",\"nombre_restaurante\":\"Arrocer\\u00eda Crosmas\",\"latitud\":\"41.38998\",\"longitud\":\"2.153533\",\"direccion\":\"Carrer de Casanova, 158, Eixample, 08036 Barcelona\",\"telefono\":\"931705950\",\"pagina_web\":\"https:\\\/\\\/crosmas.cat\\\/\",\"tipo_comida_outlist\":\"\",\"descripcion_oferta\":\"10% de descuento para comer y cenar a la Carta de lunes a s\\u00e1bado.\",\"precio_oferta\":\"0.00\",\"enlace_oferta\":\"https:\\\/\\\/crosmas.cat\\\/wp-content\\\/uploads\\\/2025\\\/02\\\/carta_crosmas_febrero_2025.pdf\",\"imagen_oferta\":\"https:\\\/\\\/foodieblackweek.com\\\/barcelona\\\/wp-content\\\/uploads\\\/ImagenesClientes\\\/2025\\\/10\\\/CARTA-2025-PAG-2.jpg\",\"eix_comercial_id\":\"14\",\"tipo_comida_id\":\"23\",\"rango_precios\":\"30-60\",\"tipo_establecimiento_id\":\"1\",\"prioridad_vision\":\"0\",\"nombre_eix_comercial\":\"Barcelona - Nou Eixample\",\"nombre_tipo_comida\":\"Comida Mediterr\\u00e1nea\"},{\"restaurante_id\":\"306\",\"nombre_restaurante\":\"Casa Moritz\",\"latitud\":\"41.392117\",\"longitud\":\"2.161864\",\"direccion\":\"Rambla de Catalunya, 79, Eixample, 08007 Barcelona\",\"telefono\":\"938269062\",\"pagina_web\":\"http:\\\/\\\/casamoritz.cat\",\"tipo_comida_outlist\":\"\",\"descripcion_oferta\":\"Dos ca\\u00f1as de Moritz 7 y unas bravas.\",\"precio_oferta\":\"5.30\",\"enlace_oferta\":\"\",\"imagen_oferta\":\"https:\\\/\\\/foodieblackweek.com\\\/barcelona\\\/wp-content\\\/uploads\\\/ImagenesClientes\\\/2025\\\/10\\\/Bravas_IMG_1886.jpg\",\"eix_comercial_id\":\"14\",\"tipo_comida_id\":\"30\",\"rango_precios\":\"15-30\",\"tipo_establecimiento_id\":\"1\",\"prioridad_vision\":\"0\",\"nombre_eix_comercial\":\"Barcelona - Nou Eixample\",\"nombre_tipo_comida\":\"Tapas\"},{\"restaurante_id\":\"305\",\"nombre_restaurante\":\"Tres Vilas Bar Restaurante\",\"latitud\":\"41.38302\",\"longitud\":\"2.13837\",\"direccion\":\"Carrer de Berl\\u00edn, 22, Sants-Montju\\u00efc, 08014 Barcelona\",\"telefono\":\"934395120\",\"pagina_web\":\"https:\\\/\\\/www.bartresvilas.com\\\/cat\\\/index.html\",\"tipo_comida_outlist\":\"\",\"descripcion_oferta\":\"Men\\u00fa para 2: Tabla de jam\\u00f3n de bellota + chulet\\u00f3n 600gr + 1 botella vino Rioja crianza.\",\"precio_oferta\":\"39.00\",\"enlace_oferta\":\"\",\"imagen_oferta\":\"https:\\\/\\\/foodieblackweek.com\\\/barcelona\\\/wp-content\\\/uploads\\\/2025\\\/10\\\/tresVilas-300x300.jpeg\",\"eix_comercial_id\":\"1\",\"tipo_comida_id\":\"17\",\"rango_precios\":\"30-60\",\"tipo_establecimiento_id\":\"1\",\"prioridad_vision\":\"0\",\"nombre_eix_comercial\":\"Barcelona - Sants\",\"nombre_tipo_comida\":\"Comida Espa\\u00f1ola\"},{\"restaurante_id\":\"304\",\"nombre_restaurante\":\"ANORMAL FOOD\",\"latitud\":\"41.408267\",\"longitud\":\"2.138206\",\"direccion\":\"Carrer de Balmes, 440, Sarri\\u00e0-Sant Gervasi, 08022 Barcelona\",\"telefono\":\"653322199\",\"pagina_web\":\"http:\\\/\\\/www.anormalfood.com\",\"tipo_comida_outlist\":\"\",\"descripcion_oferta\":\"NACHOS O CHILAQUILES + 2 DE TACOS + 2 MARGARITAS FROZEN.\",\"precio_oferta\":\"40.00\",\"enlace_oferta\":\"\",\"imagen_oferta\":\"https:\\\/\\\/foodieblackweek.com\\\/barcelona\\\/wp-content\\\/uploads\\\/2025\\\/10\\\/anormalFood-300x282.png\",\"eix_comercial_id\":\"19\",\"tipo_comida_id\":\"4\",\"rango_precios\":\"15-30\",\"tipo_establecimiento_id\":\"1\",\"prioridad_vision\":\"0\",\"nombre_eix_comercial\":\"Barcelona - Sant Gervasi\",\"nombre_tipo_comida\":\"Comida Mexicana\"},{\"restaurante_id\":\"303\",\"nombre_restaurante\":\"Dalila cafe\",\"latitud\":\"41.408517\",\"longitud\":\"2.17315\",\"direccion\":\"C\\\/ de Padilla, 315, Eixample, 08025 Barcelona\",\"telefono\":\"717129764\",\"pagina_web\":\"http:\\\/\\\/www.todoitalianobarcelona.es\",\"tipo_comida_outlist\":\"\",\"descripcion_oferta\":\"Cornetto salado con embutidos a elegir y cappuccino original.\",\"precio_oferta\":\"4.90\",\"enlace_oferta\":\"\",\"imagen_oferta\":\"https:\\\/\\\/foodieblackweek.com\\\/barcelona\\\/wp-content\\\/uploads\\\/2025\\\/10\\\/dalilaCafe-298x300.png\",\"eix_comercial_id\":\"17\",\"tipo_comida_id\":\"3\",\"rango_precios\":\"15-30\",\"tipo_establecimiento_id\":\"1\",\"prioridad_vision\":\"0\",\"nombre_eix_comercial\":\"Barcelona - Sagrada Fam\\u00edlia\",\"nombre_tipo_comida\":\"Comida Italiana\"},{\"restaurante_id\":\"300\",\"nombre_restaurante\":\"El Fornet, Provenza 266\",\"latitud\":\"41.393767\",\"longitud\":\"2.159495\",\"direccion\":\"Carrer de Proven\\u00e7a, 266, L\\\\'Eixample, 08008 Barcelona\",\"telefono\":\"695237344\",\"pagina_web\":\"https:\\\/\\\/elfornet.com\\\/tiendas\",\"tipo_comida_outlist\":\"\",\"descripcion_oferta\":\"Promoci\\u00f3 v\\u00e0lida per la compra combinable de 2 o m\\u00e9s unitats de caf\\u00e8 i\\\/o\\r\\ncroissant. Productes inclosos en la promoci\\u00f3: caf\\u00e8 sol, tallat, tallat amb llet\\r\\nespecial, caf\\u00e8 amb llet, caf\\u00e8 doble, caf\\u00e8 amb llet especial, caf\\u00e8 amb llet XL,\\r\\ncappuccino, infusi\\u00f3, croissant, croissant de mantega, croissant de mantega amb\\r\\nllavors, croissant de xocolata, croissant de mantega amb xocolata blanca.\",\"precio_oferta\":\"2.85\",\"enlace_oferta\":\"\",\"imagen_oferta\":\"https:\\\/\\\/foodieblackweek.com\\\/barcelona\\\/wp-content\\\/uploads\\\/ImagenesClientes\\\/2025\\\/10\\\/DOLCOS-MATINS-3.png\",\"eix_comercial_id\":\"3\",\"tipo_comida_id\":\"35\",\"rango_precios\":\"15-30\",\"tipo_establecimiento_id\":\"1\",\"prioridad_vision\":\"0\",\"nombre_eix_comercial\":\"Barcelona - Cor Eixample\",\"nombre_tipo_comida\":\"Pasteler\\u00edas y dulces\"},{\"restaurante_id\":\"299\",\"nombre_restaurante\":\"Oasis Gastro Bar\",\"latitud\":\"41.456066\",\"longitud\":\"2.228926\",\"direccion\":\"Carrer d\\\\\\\\\\\\'Anna Tugas, 40, 08917 Badalona, Barcelona\",\"telefono\":\"933309541\",\"pagina_web\":\"https:\\\/\\\/oasisbadalona.com\\\/gastro\",\"tipo_comida_outlist\":\"\",\"descripcion_oferta\":\"Disfruta de un 2x1 en \\\\\\\"La Oasis\\\\\\\", nuestra espectacular hamburguesa gourmet de ternera 100%.\",\"precio_oferta\":\"0.00\",\"enlace_oferta\":\"\",\"imagen_oferta\":\"https:\\\/\\\/foodieblackweek.com\\\/barcelona\\\/wp-content\\\/uploads\\\/ImagenesClientes\\\/2025\\\/10\\\/LaOasis.png\",\"eix_comercial_id\":\"25\",\"tipo_comida_id\":\"23\",\"rango_precios\":\"15-30\",\"tipo_establecimiento_id\":\"1\",\"prioridad_vision\":\"0\",\"nombre_eix_comercial\":\"Badalona\",\"nombre_tipo_comida\":\"Comida Mediterr\\u00e1nea\"},{\"restaurante_id\":\"298\",\"nombre_restaurante\":\"Viana\",\"latitud\":\"41.379912\",\"longitud\":\"2.176287\",\"direccion\":\"Carrer del Vidre, 7, Ciutat Vella, 08002 Barcelona\",\"telefono\":\"930 15 25 25\",\"pagina_web\":\"http:\\\/\\\/www.granvianabcn.com\",\"tipo_comida_outlist\":\"\",\"descripcion_oferta\":\"20% de descuento en cuenta.\",\"precio_oferta\":\"0.00\",\"enlace_oferta\":\"\",\"imagen_oferta\":\"https:\\\/\\\/www.vianabcn.com\\\/wp-content\\\/uploads\\\/2023\\\/10\\\/366361096_18351642343070043_2502518902098481799_n.jpg\",\"eix_comercial_id\":\"24\",\"tipo_comida_id\":\"17\",\"rango_precios\":\"30-60\",\"tipo_establecimiento_id\":\"1\",\"prioridad_vision\":\"0\",\"nombre_eix_comercial\":\"Barcelona - Ciutat Vella\",\"nombre_tipo_comida\":\"Comida Espa\\u00f1ola\"},{\"restaurante_id\":\"297\",\"nombre_restaurante\":\"Onigiri BCN\",\"latitud\":\"41.389764\",\"longitud\":\"2.16165\",\"direccion\":\"Carrer d\\\\'Arag\\u00f3, 232, L\\\\'Eixample, 08007 Barcelona\",\"telefono\":\"695776836\",\"pagina_web\":\"https:\\\/\\\/www.instagram.com\\\/onigiri.bcn\",\"tipo_comida_outlist\":\"\",\"descripcion_oferta\":\"En Onigiri BCN , por cada compra igual o superior a 15 \\u20ac, recibe una bebida gratis a tu elecci\\u00f3n (excepto el Saka).\",\"precio_oferta\":\"15.00\",\"enlace_oferta\":\"\",\"imagen_oferta\":\"https:\\\/\\\/foodieblackweek.com\\\/barcelona\\\/wp-content\\\/uploads\\\/ImagenesClientes\\\/2025\\\/10\\\/oni.jpg\",\"eix_comercial_id\":\"3\",\"tipo_comida_id\":\"5\",\"rango_precios\":\"15-30\",\"tipo_establecimiento_id\":\"1\",\"prioridad_vision\":\"0\",\"nombre_eix_comercial\":\"Barcelona - Cor Eixample\",\"nombre_tipo_comida\":\"Comida Japonesa\"},{\"restaurante_id\":\"296\",\"nombre_restaurante\":\"Casa Guell\",\"latitud\":\"41.404581\",\"longitud\":\"2.19882\",\"direccion\":\"Carrer de Castella, 1, Sant Mart\\u00ed, 08018 Barcelona\",\"telefono\":\"936434384\",\"pagina_web\":\"https:\\\/\\\/www.instagram.com\\\/casaguell_bcn\\\/?igsh=cnlnZnV5dGZ1eGVm#\",\"tipo_comida_outlist\":\"\",\"descripcion_oferta\":\"Canel\\u00f3n XL de Carrillera, foie y trufa.\",\"precio_oferta\":\"29.90\",\"enlace_oferta\":\"\",\"imagen_oferta\":\"https:\\\/\\\/foodieblackweek.com\\\/barcelona\\\/wp-content\\\/uploads\\\/ImagenesClientes\\\/2025\\\/10\\\/IMG-20251022-WA0047.jpg\",\"eix_comercial_id\":\"15\",\"tipo_comida_id\":\"16\",\"rango_precios\":\"30-60\",\"tipo_establecimiento_id\":\"1\",\"prioridad_vision\":\"0\",\"nombre_eix_comercial\":\"Barcelona - Poblenou\",\"nombre_tipo_comida\":\"Comida Catalana\"},{\"restaurante_id\":\"295\",\"nombre_restaurante\":\"TABLAFINA BARCELONA\",\"latitud\":\"41.389654\",\"longitud\":\"2.166287\",\"direccion\":\"Rambla de Catalunya, 26, Eixample, 08007 Barcelona\",\"telefono\":\"933010000\",\"pagina_web\":\"https:\\\/\\\/www.tablafina.com\\\/tablafina-barcelona\\\/\",\"tipo_comida_outlist\":\"\",\"descripcion_oferta\":\"-TABLA DE 2 QUESOS ARTESANOS Y 1 COPA DE VINO 12\\u20ac. -TABLA DE 4 QUESOS ARTESANOS Y 1 COPA DE VINO 21.90\\u20ac. -1 BOMBA DE LA BARCELONETA RELLENA Y 1 CERVEZA 10.30\\u20ac. -PATATAS BRAVAS CON SALSA PICANTE Y ALLIOLI Y 2 CERVEZAS 15.95\\u20ac. -SURTIDO DE CROQUETAS CASERAS Y CERVEZAS 20.90\\u20ac -TORTILLA DE PATATAS Y CEBOLLA POCHADA CON 2 CERVEZAS 21.90\\u20ac.\",\"precio_oferta\":\"0.00\",\"enlace_oferta\":\"\",\"imagen_oferta\":\"https:\\\/\\\/www.tablafina.com\\\/wp-content\\\/uploads\\\/2019\\\/08\\\/Tablafina_Barcelona_RT_NH_collection-gran-hotel-calderon_529-150x150.jpg\",\"eix_comercial_id\":\"3\",\"tipo_comida_id\":\"23\",\"rango_precios\":\"30-60\",\"tipo_establecimiento_id\":\"1\",\"prioridad_vision\":\"0\",\"nombre_eix_comercial\":\"Barcelona - Cor Eixample\",\"nombre_tipo_comida\":\"Comida Mediterr\\u00e1nea\"},{\"restaurante_id\":\"294\",\"nombre_restaurante\":\"Bar N\\u00f8e\",\"latitud\":\"41.390929\",\"longitud\":\"2.148942\",\"direccion\":\"Carrer de Villarroel, 227, L\\\\'Eixample, 08036 Barcelona\",\"telefono\":\"+34931885040\",\"pagina_web\":\"http:\\\/\\\/barnoebcn.com\",\"tipo_comida_outlist\":\"\",\"descripcion_oferta\":\"5 course , Nordic\\\/Japanese inspired menu using local and seasonal catalan produce.\",\"precio_oferta\":\"30.00\",\"enlace_oferta\":\"\",\"imagen_oferta\":\"https:\\\/\\\/foodieblackweek.com\\\/barcelona\\\/wp-content\\\/uploads\\\/2025\\\/10\\\/barNoe-213x300.png\",\"eix_comercial_id\":\"14\",\"tipo_comida_id\":\"33\",\"rango_precios\":\"30-60\",\"tipo_establecimiento_id\":\"1\",\"prioridad_vision\":\"0\",\"nombre_eix_comercial\":\"Barcelona - Nou Eixample\",\"nombre_tipo_comida\":\"Fusi\\u00f3n\"},{\"restaurante_id\":\"293\",\"nombre_restaurante\":\"Nou Soto d\\u2019Horta\",\"latitud\":\"41.436077\",\"longitud\":\"2.153997\",\"direccion\":\"Carrer de Campoamor, 70, Horta-Guinard\\u00f3, 08031 Barcelona\",\"telefono\":\"654207362\",\"pagina_web\":\"http:\\\/\\\/nousotohorta.com\",\"tipo_comida_outlist\":\"\",\"descripcion_oferta\":\"Men\\u00fa completo + Postre de regalo.\",\"precio_oferta\":\"20.00\",\"enlace_oferta\":\"\",\"imagen_oferta\":\"https:\\\/\\\/foodieblackweek.com\\\/barcelona\\\/wp-content\\\/uploads\\\/ImagenesClientes\\\/2025\\\/10\\\/73b93162-f414-4a8e-add7-15ccb2320e61.jpeg\",\"eix_comercial_id\":\"2\",\"tipo_comida_id\":\"30\",\"rango_precios\":\"15-30\",\"tipo_establecimiento_id\":\"1\",\"prioridad_vision\":\"0\",\"nombre_eix_comercial\":\"Barcelona - Horta\",\"nombre_tipo_comida\":\"Tapas\"},{\"restaurante_id\":\"292\",\"nombre_restaurante\":\"Molycakes\",\"latitud\":\"41.564677\",\"longitud\":\"2.085838\",\"direccion\":\"Carrer de Budapest, 89, 08206 Sabadell, Barcelona\",\"telefono\":\"681098855\",\"pagina_web\":\"http:\\\/\\\/Www.molycakes.com\",\"tipo_comida_outlist\":\"\",\"descripcion_oferta\":\"Combo: crumble cookie+ croffle+ bebida.\",\"precio_oferta\":\"7.80\",\"enlace_oferta\":\"\",\"imagen_oferta\":\"https:\\\/\\\/foodieblackweek.com\\\/barcelona\\\/wp-content\\\/uploads\\\/ImagenesClientes\\\/2025\\\/10\\\/IMG_6521.jpeg\",\"eix_comercial_id\":\"62\",\"tipo_comida_id\":\"35\",\"rango_precios\":\"15-30\",\"tipo_establecimiento_id\":\"1\",\"prioridad_vision\":\"0\",\"nombre_eix_comercial\":\"Sabadell\",\"nombre_tipo_comida\":\"Pasteler\\u00edas y dulces\"},{\"restaurante_id\":\"291\",\"nombre_restaurante\":\"RESTAURANT ROMA\",\"latitud\":\"41.399377\",\"longitud\":\"2.148755\",\"direccion\":\"Carrer d\\\\'Alfons XII, 41, Sarri\\u00e0-Sant Gervasi, 08006 Barcelona\",\"telefono\":\"932013513\",\"pagina_web\":\"http:\\\/\\\/WWW.RESTAURANTROMA.ES\",\"tipo_comida_outlist\":\"\",\"descripcion_oferta\":\"Men\\u00fa degustaci\\u00f3 amb copa de vi + copa de cava de benvinguda.\",\"precio_oferta\":\"37.00\",\"enlace_oferta\":\"https:\\\/\\\/www.facebook.com\\\/reel\\\/1351664826567132\",\"imagen_oferta\":\"https:\\\/\\\/foodieblackweek.com\\\/barcelona\\\/wp-content\\\/uploads\\\/2025\\\/10\\\/roma-290x300.png\",\"eix_comercial_id\":\"19\",\"tipo_comida_id\":\"23\",\"rango_precios\":\"30-60\",\"tipo_establecimiento_id\":\"1\",\"prioridad_vision\":\"0\",\"nombre_eix_comercial\":\"Barcelona - Sant Gervasi\",\"nombre_tipo_comida\":\"Comida Mediterr\\u00e1nea\"},{\"restaurante_id\":\"290\",\"nombre_restaurante\":\"Listo restaurante\",\"latitud\":\"41.374615\",\"longitud\":\"2.174845\",\"direccion\":\"Avinguda del Paral\\u00b7lel, 15, Sants-Montju\\u00efc, 08004 Barcelona\",\"telefono\":\"938074987\",\"pagina_web\":\"http:\\\/\\\/Info@listorestaurants.com\",\"tipo_comida_outlist\":\"\",\"descripcion_oferta\":\"Patron Paloma + Tapa.\",\"precio_oferta\":\"0.00\",\"enlace_oferta\":\"\",\"imagen_oferta\":\"https:\\\/\\\/listorestaurants.com\\\/wp-content\\\/uploads\\\/2024\\\/04\\\/rretrtt-1.jpg\",\"eix_comercial_id\":\"16\",\"tipo_comida_id\":\"3\",\"rango_precios\":\"15-30\",\"tipo_establecimiento_id\":\"1\",\"prioridad_vision\":\"0\",\"nombre_eix_comercial\":\"Barcelona - Poble Sec i Paral\\u00b7lel\",\"nombre_tipo_comida\":\"Comida Italiana\"},{\"restaurante_id\":\"289\",\"nombre_restaurante\":\"Arcano Restaurant\",\"latitud\":\"41.385169\",\"longitud\":\"2.178611\",\"direccion\":\"Carrer dels Mercaders, 10, Ciutat Vella, 08003 Barcelona\",\"telefono\":\"932956467\",\"pagina_web\":\"http:\\\/\\\/www.arcanobarcelona.com\",\"tipo_comida_outlist\":\"\",\"descripcion_oferta\":\"Copa de cava gratis en Comidas y Cenas.\",\"precio_oferta\":\"0.00\",\"enlace_oferta\":\"https:\\\/\\\/www.instagram.com\\\/arcanobcn\\\/\",\"imagen_oferta\":\"https:\\\/\\\/foodieblackweek.com\\\/barcelona\\\/wp-content\\\/uploads\\\/ImagenesClientes\\\/2025\\\/10\\\/arcano-copa-de-cava-foodie-black-week.png\",\"eix_comercial_id\":\"24\",\"tipo_comida_id\":\"23\",\"rango_precios\":\"60\",\"tipo_establecimiento_id\":\"1\",\"prioridad_vision\":\"0\",\"nombre_eix_comercial\":\"Barcelona - Ciutat Vella\",\"nombre_tipo_comida\":\"Comida Mediterr\\u00e1nea\"},{\"restaurante_id\":\"288\",\"nombre_restaurante\":\"Sucre Cremat - Aut\\u00e8ntica Crema Catalana\",\"latitud\":\"41.383168\",\"longitud\":\"2.181996\",\"direccion\":\"Carrer dels Canvis Vells, 2, Ciutat Vella, 08003 Barcelona\",\"telefono\":\"663828808\",\"pagina_web\":\"http:\\\/\\\/www.sucrecremat.com\",\"tipo_comida_outlist\":\"\",\"descripcion_oferta\":\"COMBO CASTANYADA: Crema Catalana amb panallet.\",\"precio_oferta\":\"7.00\",\"enlace_oferta\":\"https:\\\/\\\/www.instagram.com\\\/sucre.cremat\\\/\",\"imagen_oferta\":\"https:\\\/\\\/foodieblackweek.com\\\/barcelona\\\/wp-content\\\/uploads\\\/ImagenesClientes\\\/2025\\\/10\\\/3.png\",\"eix_comercial_id\":\"24\",\"tipo_comida_id\":\"16\",\"rango_precios\":\"15-30\",\"tipo_establecimiento_id\":\"1\",\"prioridad_vision\":\"0\",\"nombre_eix_comercial\":\"Barcelona - Ciutat Vella\",\"nombre_tipo_comida\":\"Comida Catalana\"},{\"restaurante_id\":\"287\",\"nombre_restaurante\":\"REKETEPIZZA\",\"latitud\":\"41.375356\",\"longitud\":\"2.086671\",\"direccion\":\"Av. de Cornell\\u00e0, 41, 08950 Esplugues de Llobregat, Barcelona\",\"telefono\":\"935955030\",\"pagina_web\":\"http:\\\/\\\/www.reketepizza.com\",\"tipo_comida_outlist\":\"\",\"descripcion_oferta\":\"10% de DESCUENTO en toda nuestra carta para recoger en nuestro local.\",\"precio_oferta\":\"0.00\",\"enlace_oferta\":\"\",\"imagen_oferta\":\"https:\\\/\\\/foodieblackweek.com\\\/barcelona\\\/wp-content\\\/uploads\\\/ImagenesClientes\\\/2025\\\/10\\\/29062023-BVZ00459-Editar-1.jpg\",\"eix_comercial_id\":\"36\",\"tipo_comida_id\":\"24\",\"rango_precios\":\"15-30\",\"tipo_establecimiento_id\":\"1\",\"prioridad_vision\":\"0\",\"nombre_eix_comercial\":\"Esplugues de Llobregat\",\"nombre_tipo_comida\":\"Pizzer\\u00eda\"},{\"restaurante_id\":\"286\",\"nombre_restaurante\":\"Lara Grill\",\"latitud\":\"41.407094\",\"longitud\":\"2.180755\",\"direccion\":\"Carrer de Cartagena, 220, L\\\\'Eixample, 08013 Barcelona\",\"telefono\":\"930085778\",\"pagina_web\":\"http:\\\/\\\/www.laragrill.es\",\"tipo_comida_outlist\":\"\",\"descripcion_oferta\":\"Nueva Burger, Wagyu Supreme: Carne madurada, queso cheddar, l\\u00e1minas de entrecot de wagyu, mayo japonesa Kewpie y escamas de sal. Incluye patatas.\",\"precio_oferta\":\"15.90\",\"enlace_oferta\":\"\",\"imagen_oferta\":\"https:\\\/\\\/foodieblackweek.com\\\/barcelona\\\/wp-content\\\/uploads\\\/2025\\\/10\\\/laraGrill2-260x300.png\",\"eix_comercial_id\":\"17\",\"tipo_comida_id\":\"14\",\"rango_precios\":\"15-30\",\"tipo_establecimiento_id\":\"1\",\"prioridad_vision\":\"0\",\"nombre_eix_comercial\":\"Barcelona - Sagrada Fam\\u00edlia\",\"nombre_tipo_comida\":\"Comida Americana\"},{\"restaurante_id\":\"285\",\"nombre_restaurante\":\"KAORU BBQ&SUSHI\",\"latitud\":\"41.39355\",\"longitud\":\"2.172508\",\"direccion\":\"Carrer de Girona, 49, L\\\\'Eixample, 08009 Barcelona\",\"telefono\":\"638200593\",\"pagina_web\":\"https:\\\/\\\/kaoru-barbacoa-japonesa-sushi.eatbu.com\\\/?lang=es\",\"tipo_comida_outlist\":\"\",\"descripcion_oferta\":\"2X1 en bebidas (excepto vino y sake).\",\"precio_oferta\":\"0.00\",\"enlace_oferta\":\"\",\"imagen_oferta\":\"https:\\\/\\\/foodieblackweek.com\\\/barcelona\\\/wp-content\\\/uploads\\\/ImagenesClientes\\\/2025\\\/10\\\/Ya-publicada-9.jpg\",\"eix_comercial_id\":\"3\",\"tipo_comida_id\":\"5\",\"rango_precios\":\"30-60\",\"tipo_establecimiento_id\":\"1\",\"prioridad_vision\":\"0\",\"nombre_eix_comercial\":\"Barcelona - Cor Eixample\",\"nombre_tipo_comida\":\"Comida Japonesa\"},{\"restaurante_id\":\"284\",\"nombre_restaurante\":\"Els Pollos de Llull\",\"latitud\":\"41.392437\",\"longitud\":\"2.191004\",\"direccion\":\"Carrer de Ramon Turr\\u00f3, 13, Sant Mart\\u00ed, 08005 Barcelona\",\"telefono\":\"932213206\",\"pagina_web\":\"http:\\\/\\\/www.elspollos.com\",\"tipo_comida_outlist\":\"\",\"descripcion_oferta\":\"Cubo de alitas con patatas fritas + 2 bebidas.\",\"precio_oferta\":\"17.00\",\"enlace_oferta\":\"\",\"imagen_oferta\":\"https:\\\/\\\/elspollos.com\\\/wp-content\\\/uploads\\\/spotlight-insta\\\/18029990899653336-s-80-400.jpg\",\"eix_comercial_id\":\"20\",\"tipo_comida_id\":\"16\",\"rango_precios\":\"15-30\",\"tipo_establecimiento_id\":\"1\",\"prioridad_vision\":\"0\",\"nombre_eix_comercial\":\"Barcelona - Sant Mart\\u00ed\",\"nombre_tipo_comida\":\"Comida Catalana\"},{\"restaurante_id\":\"283\",\"nombre_restaurante\":\"Bar de Toda la Vida\",\"latitud\":\"41.449404\",\"longitud\":\"2.217865\",\"direccion\":\"Carrer Moss\\u00e9n Jacinto Verdaguer, 131, Parada, 7, 08921 Santa Coloma de Gramenet, Barcelona\",\"telefono\":\"677069566\",\"pagina_web\":\"https:\\\/\\\/www.instagram.com\\\/bardetodalavida?igsh=MWt3cnE4dnJjcm55Zw==\",\"tipo_comida_outlist\":\"\",\"descripcion_oferta\":\"Callos con cap i pota y copa de rioja Zan PanCallos te espera para que pruebes los callos que te elevar\\u00e1n al cielo \\ud83d\\ude1c\\ud83e\\udde1\\ud83d\\udc99.\",\"precio_oferta\":\"9.00\",\"enlace_oferta\":\"\",\"imagen_oferta\":\"https:\\\/\\\/foodieblackweek.com\\\/barcelona\\\/wp-content\\\/uploads\\\/ImagenesClientes\\\/2025\\\/10\\\/14800.jpg\",\"eix_comercial_id\":\"55\",\"tipo_comida_id\":\"17\",\"rango_precios\":\"15-30\",\"tipo_establecimiento_id\":\"1\",\"prioridad_vision\":\"0\",\"nombre_eix_comercial\":\"Santa Coloma de Gramenet\",\"nombre_tipo_comida\":\"Comida Espa\\u00f1ola\"},{\"restaurante_id\":\"280\",\"nombre_restaurante\":\"Chao Pescao Born\",\"latitud\":\"41.386459\",\"longitud\":\"2.184073\",\"direccion\":\"Passatge Mercantil, 1, Ciutat Vella, 08003 Barcelona\",\"telefono\":\"934648945\",\"pagina_web\":\"https:\\\/\\\/www.chaopescaoseafood.com\\\/\",\"tipo_comida_outlist\":\"\",\"descripcion_oferta\":\"Elige tu oferta entre A y B y vive el sabor del mar en Chao Pescao! Oferta A: 3 Ostras Amulette + 1 copa de Cava\\\/Vino Blanco. Oferta B: Patatas Bravas + 1 Jarra de Estrella Damm.\",\"precio_oferta\":\"9.00\",\"enlace_oferta\":\"\",\"imagen_oferta\":\"https:\\\/\\\/foodieblackweek.com\\\/barcelona\\\/wp-content\\\/uploads\\\/ImagenesClientes\\\/2025\\\/10\\\/Logo-Email-pez-copy.png\",\"eix_comercial_id\":\"23\",\"tipo_comida_id\":\"25\",\"rango_precios\":\"30-60\",\"tipo_establecimiento_id\":\"1\",\"prioridad_vision\":\"0\",\"nombre_eix_comercial\":\"Barcelona - Gotic\",\"nombre_tipo_comida\":\"Marisquer\\u00eda\"},{\"restaurante_id\":\"279\",\"nombre_restaurante\":\"Xarcuteria Ferran\",\"latitud\":\"41.391673\",\"longitud\":\"2.168924\",\"direccion\":\"Carrer de Pau Claris, 108, L\\\\'Eixample, 08009 Barcelona\",\"telefono\":\"933187533\",\"pagina_web\":\"http:\\\/\\\/www.xarcuteriaferran.com\",\"tipo_comida_outlist\":\"\",\"descripcion_oferta\":\"Men\\u00fa tapeo gourmet especial Foodie Black Week: - Alb\\u00f3ndigas de carne madurada con salsa de tu\\u00e9tano y cecina de Angus - Patatas bravas con espuma de allioli y sichimi - Chicharr\\u00f3n estilo asi\\u00e1tico - Cerveza Almog\\u00e0vers Cl\\u00e1sica o Vermouth.\",\"precio_oferta\":\"25.00\",\"enlace_oferta\":\"\",\"imagen_oferta\":\"https:\\\/\\\/foodieblackweek.com\\\/barcelona\\\/wp-content\\\/uploads\\\/ImagenesClientes\\\/2025\\\/10\\\/imagen-menu-foodie-black-week-2025.jpg\",\"eix_comercial_id\":\"14\",\"tipo_comida_id\":\"28\",\"rango_precios\":\"15-30\",\"tipo_establecimiento_id\":\"1\",\"prioridad_vision\":\"0\",\"nombre_eix_comercial\":\"Barcelona - Nou Eixample\",\"nombre_tipo_comida\":\"Gourmet\"},{\"restaurante_id\":\"278\",\"nombre_restaurante\":\"Matt and Marshall\",\"latitud\":\"41.39954\",\"longitud\":\"2.199671\",\"direccion\":\"Carrer de Llull, 147, Sant Mart\\u00ed, 08005 Barcelona\",\"telefono\":\"605669559\",\"pagina_web\":\"http:\\\/\\\/www.mattandmarshall.es\",\"tipo_comida_outlist\":\"\",\"descripcion_oferta\":\"Oferta Foodie Black Week para 2 personas , incluidas en el precio . 1\\\/2 Plato de nachos a elegir el sabor 2 cervezas Sol o Corona 2 platos de tacos a elegir 1 postre delicioso casero 2 caf\\u00e9s.\",\"precio_oferta\":\"0.00\",\"enlace_oferta\":\"\",\"imagen_oferta\":\"https:\\\/\\\/foodieblackweek.com\\\/barcelona\\\/wp-content\\\/uploads\\\/ImagenesClientes\\\/2025\\\/10\\\/IMG_0999.jpeg\",\"eix_comercial_id\":\"20\",\"tipo_comida_id\":\"4\",\"rango_precios\":\"30-60\",\"tipo_establecimiento_id\":\"1\",\"prioridad_vision\":\"0\",\"nombre_eix_comercial\":\"Barcelona - Sant Mart\\u00ed\",\"nombre_tipo_comida\":\"Comida Mexicana\"},{\"restaurante_id\":\"276\",\"nombre_restaurante\":\"Kyara\",\"latitud\":\"41.416274\",\"longitud\":\"2.226207\",\"direccion\":\"Port Forum, Carrer de la Pau, 2, 08930 Barcelona\",\"telefono\":\"+34 932 537 474\",\"pagina_web\":\"https:\\\/\\\/slshotels.com\\\/es\\\/barcelona\\\/\",\"tipo_comida_outlist\":\"\",\"descripcion_oferta\":\"15% de descuento. *Presenta esta p\\u00e1gina en el restaurante para disfrutar de la oferta.\",\"precio_oferta\":\"0.00\",\"enlace_oferta\":\"\",\"imagen_oferta\":\"https:\\\/\\\/foodieblackweek.com\\\/barcelona\\\/wp-content\\\/uploads\\\/2025\\\/10\\\/anxovaDivina-300x241.png\",\"eix_comercial_id\":\"45\",\"tipo_comida_id\":\"23\",\"rango_precios\":\"15-30\",\"tipo_establecimiento_id\":\"1\",\"prioridad_vision\":\"0\",\"nombre_eix_comercial\":\"Sant Adri\\u00e0 de Bes\\u00f2s\",\"nombre_tipo_comida\":\"Comida Mediterr\\u00e1nea\"},{\"restaurante_id\":\"274\",\"nombre_restaurante\":\"L\\\\'Anxova Divina\",\"latitud\":\"41.423246\",\"longitud\":\"2.22722\",\"direccion\":\"Port Forum, Carrer de la Pau, 2, 08930 Barcelona\",\"telefono\":\"+34 932 537 474\",\"pagina_web\":\"https:\\\/\\\/slshotels.com\\\/es\\\/barcelona\\\/\",\"tipo_comida_outlist\":\"\",\"descripcion_oferta\":\"15% de descuento. *Presenta esta p\\u00e1gina en el restaurante para disfrutar de la oferta.\",\"precio_oferta\":\"0.00\",\"enlace_oferta\":\"\",\"imagen_oferta\":\"https:\\\/\\\/foodieblackweek.com\\\/barcelona\\\/wp-content\\\/uploads\\\/2025\\\/10\\\/kyara-300x196.png\",\"eix_comercial_id\":\"45\",\"tipo_comida_id\":\"23\",\"rango_precios\":\"15-30\",\"tipo_establecimiento_id\":\"1\",\"prioridad_vision\":\"0\",\"nombre_eix_comercial\":\"Sant Adri\\u00e0 de Bes\\u00f2s\",\"nombre_tipo_comida\":\"Comida Mediterr\\u00e1nea\"},{\"restaurante_id\":\"272\",\"nombre_restaurante\":\"Lora\",\"latitud\":\"41.422199\",\"longitud\":\"2.226922\",\"direccion\":\"Port Forum, Carrer de la Pau, 2, 08930 Barcelona\",\"telefono\":\"+34 932 537 474\",\"pagina_web\":\"https:\\\/\\\/slshotels.com\\\/es\\\/barcelona\\\/\",\"tipo_comida_outlist\":\"\",\"descripcion_oferta\":\"15% de descuento. *Presenta esta p\\u00e1gina en el restaurante para disfrutar de la oferta.\",\"precio_oferta\":\"0.00\",\"enlace_oferta\":\"\",\"imagen_oferta\":\"https:\\\/\\\/foodieblackweek.com\\\/barcelona\\\/wp-content\\\/uploads\\\/2025\\\/10\\\/lora-300x197.png\",\"eix_comercial_id\":\"45\",\"tipo_comida_id\":\"23\",\"rango_precios\":\"15-30\",\"tipo_establecimiento_id\":\"1\",\"prioridad_vision\":\"0\",\"nombre_eix_comercial\":\"Sant Adri\\u00e0 de Bes\\u00f2s\",\"nombre_tipo_comida\":\"Comida Mediterr\\u00e1nea\"},{\"restaurante_id\":\"271\",\"nombre_restaurante\":\"Pan y Mantequilla\",\"latitud\":\"41.369286\",\"longitud\":\"2.101935\",\"direccion\":\"Esquina, Avinguda Electricitat, 8 esquina, Carrer Hierbabuena, 1, 08906 L\\\\'Hospitalet de Llobregat, Barcelona\",\"telefono\":\"637619577\",\"pagina_web\":\"http:\\\/\\\/www.instagram.com\\\/pan_ymantequilla\",\"tipo_comida_outlist\":\"\",\"descripcion_oferta\":\"Por la compra de 10\\u20ac, una cajita de bocaditos dulces de regalo.\",\"precio_oferta\":\"0.00\",\"enlace_oferta\":\"\",\"imagen_oferta\":\"https:\\\/\\\/foodieblackweek.com\\\/barcelona\\\/wp-content\\\/uploads\\\/ImagenesClientes\\\/2025\\\/10\\\/IMG_3975.jpeg\",\"eix_comercial_id\":\"38\",\"tipo_comida_id\":\"35\",\"rango_precios\":\"15-30\",\"tipo_establecimiento_id\":\"1\",\"prioridad_vision\":\"0\",\"nombre_eix_comercial\":\"L'Hospitalet de Llobregat\",\"nombre_tipo_comida\":\"Pasteler\\u00edas y dulces\"},{\"restaurante_id\":\"270\",\"nombre_restaurante\":\"Time Out Market Barcelona\",\"latitud\":\"41.375703\",\"longitud\":\"2.182938\",\"direccion\":\"Moll d\\\\'Espanya, 5, 2nd floor, Ciutat Vella, 08039 Barcelona\",\"telefono\":\"694265834\",\"pagina_web\":\"https:\\\/\\\/www.timeout.es\\\/time-out-market-barcelona\\\/es\",\"tipo_comida_outlist\":\"\",\"descripcion_oferta\":\"15% de descuento en bebidas (agua, cerveza, vino, refresco, Tequila Patr\\u00f3n y La Paloma) durante la Foodie Black Week en Time Out Market.\",\"precio_oferta\":\"0.00\",\"enlace_oferta\":\"https:\\\/\\\/add.cards\\\/timeout-market-foodie-back-week\",\"imagen_oferta\":\"https:\\\/\\\/foodieblackweek.com\\\/barcelona\\\/wp-content\\\/uploads\\\/2025\\\/10\\\/timeou-market-foodie-black-week.jpg\",\"eix_comercial_id\":\"24\",\"tipo_comida_id\":\"37\",\"rango_precios\":\"15-30\",\"tipo_establecimiento_id\":\"1\",\"prioridad_vision\":\"0\",\"nombre_eix_comercial\":\"Barcelona - Ciutat Vella\",\"nombre_tipo_comida\":\"Otras\"},{\"restaurante_id\":\"269\",\"nombre_restaurante\":\"LECHE DE TIGRE\",\"latitud\":\"41.394326\",\"longitud\":\"2.14764\",\"direccion\":\"Carrer de Casanova, 262, Distrito de Sarri\\u00e0-Sant Gervasi, 08021 Barcelona\",\"telefono\":\"601449606\",\"pagina_web\":\"http:\\\/\\\/www.lechedetigre.es\",\"tipo_comida_outlist\":\"\",\"descripcion_oferta\":\"Har\\u00edamos un 2x1 en Pisco sour.\",\"precio_oferta\":\"14.00\",\"enlace_oferta\":\"\",\"imagen_oferta\":\"https:\\\/\\\/static.wixstatic.com\\\/media\\\/76a4e5_c2a4ab70daee4bd8b6e38d939001d803~mv2.jpg\\\/v1\\\/fill\\\/w_285,h_285,al_c,q_80,usm_0.66_1.00_0.01,enc_avif,quality_auto\\\/76a4e5_c2a4ab70daee4bd8b6e38d939001d803~mv2.jpg\",\"eix_comercial_id\":\"19\",\"tipo_comida_id\":\"12\",\"rango_precios\":\"30-60\",\"tipo_establecimiento_id\":\"1\",\"prioridad_vision\":\"0\",\"nombre_eix_comercial\":\"Barcelona - Sant Gervasi\",\"nombre_tipo_comida\":\"Comida Peruana\"},{\"restaurante_id\":\"268\",\"nombre_restaurante\":\"tuscania food and wine\",\"latitud\":\"41.404309\",\"longitud\":\"2.176454\",\"direccion\":\"Carrer de Mallorca, 434, L\\\\'Eixample, 08013 Barcelona\",\"telefono\":\"684098933\",\"pagina_web\":\"https:\\\/\\\/www.tuscaniabarcelona.com\\\/\",\"tipo_comida_outlist\":\"\",\"descripcion_oferta\":\"Cada dos lasagna, dos cerveza gratis.\",\"precio_oferta\":\"30.00\",\"enlace_oferta\":\"\",\"imagen_oferta\":\"https:\\\/\\\/foodieblackweek.com\\\/barcelona\\\/wp-content\\\/uploads\\\/ImagenesClientes\\\/2025\\\/10\\\/1000092928.jpg\",\"eix_comercial_id\":\"17\",\"tipo_comida_id\":\"3\",\"rango_precios\":\"15-30\",\"tipo_establecimiento_id\":\"1\",\"prioridad_vision\":\"0\",\"nombre_eix_comercial\":\"Barcelona - Sagrada Fam\\u00edlia\",\"nombre_tipo_comida\":\"Comida Italiana\"},{\"restaurante_id\":\"267\",\"nombre_restaurante\":\"REKETEPIZZA\",\"latitud\":\"41.361652\",\"longitud\":\"2.122053\",\"direccion\":\"Carrer d\\\\'Amadeu Torner, 85, 08902 L\\\\'Hospitalet de Llobregat, Barcelona\",\"telefono\":\"935955030\",\"pagina_web\":\"http:\\\/\\\/www.reketepizza.com\",\"tipo_comida_outlist\":\"\",\"descripcion_oferta\":\"10% de DESCUENTO en toda nuestra carta para comer en nuestro local de L\\u00b4H o para recoger en nuestros dos locales de L'H y Esplugues.\",\"precio_oferta\":\"0.00\",\"enlace_oferta\":\"\",\"imagen_oferta\":\"https:\\\/\\\/foodieblackweek.com\\\/barcelona\\\/wp-content\\\/uploads\\\/ImagenesClientes\\\/2025\\\/10\\\/29062023-BVZ00459-Editar.jpg\",\"eix_comercial_id\":\"38\",\"tipo_comida_id\":\"24\",\"rango_precios\":\"15-30\",\"tipo_establecimiento_id\":\"1\",\"prioridad_vision\":\"0\",\"nombre_eix_comercial\":\"L'Hospitalet de Llobregat\",\"nombre_tipo_comida\":\"Pizzer\\u00eda\"},{\"restaurante_id\":\"266\",\"nombre_restaurante\":\"Nectari Restaurant\",\"latitud\":\"41.380194\",\"longitud\":\"2.146693\",\"direccion\":\"Carrer de Val\\u00e8ncia, 28, L\\\\'Eixample, 08015 Barcelona\",\"telefono\":\"932268718\",\"pagina_web\":\"http:\\\/\\\/nectari.es\",\"tipo_comida_outlist\":\"\",\"descripcion_oferta\":\"Men\\u00fa degustaci\\u00f3n con Bodega.\",\"precio_oferta\":\"65.00\",\"enlace_oferta\":\"\",\"imagen_oferta\":\"https:\\\/\\\/nectari.es\\\/wp-content\\\/uploads\\\/2016\\\/11\\\/MG_0355-600x400.jpg\",\"eix_comercial_id\":\"3\",\"tipo_comida_id\":\"23\",\"rango_precios\":\"60\",\"tipo_establecimiento_id\":\"1\",\"prioridad_vision\":\"0\",\"nombre_eix_comercial\":\"Barcelona - Cor Eixample\",\"nombre_tipo_comida\":\"Comida Mediterr\\u00e1nea\"},{\"restaurante_id\":\"265\",\"nombre_restaurante\":\"Shoko Barcelona\",\"latitud\":\"41.385689\",\"longitud\":\"2.196977\",\"direccion\":\"Pg. Mar\\u00edtim de la Barceloneta, 36, Ciutat Vella, 08005 Barcelona\",\"telefono\":\"672493930\",\"pagina_web\":\"http:\\\/\\\/Shoko.biz\",\"tipo_comida_outlist\":\"\",\"descripcion_oferta\":\"Disfruta de 2 cocteles de Patr\\u00f3n. Es una reinterpretaci\\u00f3n floral del cl\\u00e1sico Paloma con notas de yuzu y naranja sangu\\u00ednea entrelazadas con la sutileza de la rosa. C\\u00edtrica fragante y luminosa. Un brindis inesperado.\",\"precio_oferta\":\"12.00\",\"enlace_oferta\":\"\",\"imagen_oferta\":\"https:\\\/\\\/foodie.deostudio.com\\\/wp-content\\\/uploads\\\/2024\\\/05\\\/foodie-giny-transparente.gif\",\"eix_comercial_id\":\"15\",\"tipo_comida_id\":\"33\",\"rango_precios\":\"30-60\",\"tipo_establecimiento_id\":\"1\",\"prioridad_vision\":\"0\",\"nombre_eix_comercial\":\"Barcelona - Poblenou\",\"nombre_tipo_comida\":\"Fusi\\u00f3n\"},{\"restaurante_id\":\"264\",\"nombre_restaurante\":\"Amiko Brunch&Gelato\",\"latitud\":\"41.392021\",\"longitud\":\"2.16693\",\"direccion\":\"Carrer del Consell de Cent, 318, L\\\\'Eixample, 08007 Barcelona\",\"telefono\":\"666654684\",\"pagina_web\":\"http:\\\/\\\/Www.amikobrunchgelato.com\",\"tipo_comida_outlist\":\"\",\"descripcion_oferta\":\"Desayuna con nosotros para comenzar con todo el dia. Bebida: Latte, Matcha, Capuchino o Americano Comida: Huevos Benedictinos (Pollo o Setas), Huevos turcos o Tostada de huevos revueltos. Te esperamos de 9:30 a 11:30.\",\"precio_oferta\":\"12.00\",\"enlace_oferta\":\"\",\"imagen_oferta\":\"https:\\\/\\\/foodieblackweek.com\\\/barcelona\\\/wp-content\\\/uploads\\\/ImagenesClientes\\\/2025\\\/10\\\/1000101683.jpg\",\"eix_comercial_id\":\"3\",\"tipo_comida_id\":\"31\",\"rango_precios\":\"15-30\",\"tipo_establecimiento_id\":\"1\",\"prioridad_vision\":\"0\",\"nombre_eix_comercial\":\"Barcelona - Cor Eixample\",\"nombre_tipo_comida\":\"Brunch\"},{\"restaurante_id\":\"263\",\"nombre_restaurante\":\"180\\u00ba Cake Studio\",\"latitud\":\"41.408257\",\"longitud\":\"2.133737\",\"direccion\":\"Pl. de la Bonanova, 2, Sarri\\u00e0-Sant Gervasi, 08022 Barcelona\",\"telefono\":\"659613808\",\"pagina_web\":\"https:\\\/\\\/180cakestudio.com\\\/password\",\"tipo_comida_outlist\":\"\",\"descripcion_oferta\":\"Ofrecemos un 20% de descuento en todas nuestras tartas de queso.\",\"precio_oferta\":\"0.00\",\"enlace_oferta\":\"\",\"imagen_oferta\":\"https:\\\/\\\/foodieblackweek.com\\\/barcelona\\\/wp-content\\\/uploads\\\/2025\\\/10\\\/180CakeStudio-300x282.png\",\"eix_comercial_id\":\"19\",\"tipo_comida_id\":\"35\",\"rango_precios\":\"15-30\",\"tipo_establecimiento_id\":\"1\",\"prioridad_vision\":\"0\",\"nombre_eix_comercial\":\"Barcelona - Sant Gervasi\",\"nombre_tipo_comida\":\"Pasteler\\u00edas y dulces\"},{\"restaurante_id\":\"262\",\"nombre_restaurante\":\"B I N A R Gastrobar\",\"latitud\":\"41.386545\",\"longitud\":\"2.060131\",\"direccion\":\"Carrer de Rosa Luxemburg, 2, 08960 Sant Just Desvern, Barcelona\",\"telefono\":\"932555166\",\"pagina_web\":\"https:\\\/\\\/elbinar.com\\\/reservas\\\/\",\"tipo_comida_outlist\":\"\",\"descripcion_oferta\":\"Taco de tinga (con copa cerveza o refresco incluido).\",\"precio_oferta\":\"7.50\",\"enlace_oferta\":\"\",\"imagen_oferta\":\"https:\\\/\\\/foodieblackweek.com\\\/barcelona\\\/wp-content\\\/uploads\\\/2025\\\/10\\\/binar-200x300.jpg\",\"eix_comercial_id\":\"52\",\"tipo_comida_id\":\"23\",\"rango_precios\":\"30-60\",\"tipo_establecimiento_id\":\"1\",\"prioridad_vision\":\"0\",\"nombre_eix_comercial\":\"Sant Just Desvern\",\"nombre_tipo_comida\":\"Comida Mediterr\\u00e1nea\"},{\"restaurante_id\":\"261\",\"nombre_restaurante\":\"NAP Mar\",\"latitud\":\"41.377636\",\"longitud\":\"2.190087\",\"direccion\":\"Carrer del Baluard, 69, Ciutat Vella, 08003 Barcelona\",\"telefono\":\"930073639\",\"pagina_web\":\"http:\\\/\\\/www.napofficial.com\",\"tipo_comida_outlist\":\"\",\"descripcion_oferta\":\"Aprovecha el 10 % DE DESCUENTO en toda nuestra carta con el c\\u00f3digo FOODIEBLACK durante la Foodie Black Week.\",\"precio_oferta\":\"0.00\",\"enlace_oferta\":\"\",\"imagen_oferta\":\"https:\\\/\\\/foodieblackweek.com\\\/barcelona\\\/wp-content\\\/uploads\\\/ImagenesClientes\\\/2025\\\/10\\\/Pizzas_nap.jpg\",\"eix_comercial_id\":\"24\",\"tipo_comida_id\":\"24\",\"rango_precios\":\"15-30\",\"tipo_establecimiento_id\":\"1\",\"prioridad_vision\":\"0\",\"nombre_eix_comercial\":\"Barcelona - Ciutat Vella\",\"nombre_tipo_comida\":\"Pizzer\\u00eda\"},{\"restaurante_id\":\"260\",\"nombre_restaurante\":\"NAP Molino\",\"latitud\":\"41.375264\",\"longitud\":\"2.166285\",\"direccion\":\"Avinguda del Paral\\u00b7lel, 94, L\\\\\\\\\\\\'Eixample, 08015 Barcelona\",\"telefono\":\"930073639\",\"pagina_web\":\"http:\\\/\\\/www.napofficial.com\",\"tipo_comida_outlist\":\"\",\"descripcion_oferta\":\"Aprovecha el 10% DE DESCUENTO en toda nuestra carta con el c\\u00f3digo FOODIENAP durante la Foodie Black Week.\",\"precio_oferta\":\"0.00\",\"enlace_oferta\":\"\",\"imagen_oferta\":\"https:\\\/\\\/foodieblackweek.com\\\/barcelona\\\/wp-content\\\/uploads\\\/ImagenesClientes\\\/2025\\\/10\\\/Pizza_nap_horno.jpg\",\"eix_comercial_id\":\"16\",\"tipo_comida_id\":\"24\",\"rango_precios\":\"15-30\",\"tipo_establecimiento_id\":\"1\",\"prioridad_vision\":\"0\",\"nombre_eix_comercial\":\"Barcelona - Poble Sec i Paral\\u00b7lel\",\"nombre_tipo_comida\":\"Pizzer\\u00eda\"},{\"restaurante_id\":\"259\",\"nombre_restaurante\":\"NAP Antic\",\"latitud\":\"41.387026\",\"longitud\":\"2.178866\",\"direccion\":\"Av. de Francesc Camb\\u00f3, 30, Ciutat Vella, 08003 Barcelona\",\"telefono\":\"686192690\",\"pagina_web\":\"http:\\\/\\\/www.napofficial.com\",\"tipo_comida_outlist\":\"\",\"descripcion_oferta\":\"Aprovecha el 10% DE DESCUENTO en toda nuestra carta con el c\\u00f3digo FOODIENAP durante la semana de la Foodie Black Week.\",\"precio_oferta\":\"0.00\",\"enlace_oferta\":\"\",\"imagen_oferta\":\"https:\\\/\\\/foodieblackweek.com\\\/barcelona\\\/wp-content\\\/uploads\\\/ImagenesClientes\\\/2025\\\/10\\\/Pizza_servida_nao-1.jpg\",\"eix_comercial_id\":\"24\",\"tipo_comida_id\":\"24\",\"rango_precios\":\"15-30\",\"tipo_establecimiento_id\":\"1\",\"prioridad_vision\":\"0\",\"nombre_eix_comercial\":\"Barcelona - Ciutat Vella\",\"nombre_tipo_comida\":\"Pizzer\\u00eda\"},{\"restaurante_id\":\"255\",\"nombre_restaurante\":\"999 the home restaurant\",\"latitud\":\"41.387262\",\"longitud\":\"2.172765\",\"direccion\":\"Carrer de les Moles, 25, Ciutat Vella, 08002 Barcelona\",\"telefono\":\"612206263\",\"pagina_web\":\"http:\\\/\\\/999thehome.com\",\"tipo_comida_outlist\":\"\",\"descripcion_oferta\":\"Ostra encevichada, Ostra nikkey, Patata brava, Croqueta Saam de papada a baja temperatura, Tartar de at\\u00fan rojo, Paella Vietnamita, Postre Tarta de queso lotus con helado de nata.\",\"precio_oferta\":\"50.00\",\"enlace_oferta\":\"\",\"imagen_oferta\":\"https:\\\/\\\/assets.zyrosite.com\\\/cdn-cgi\\\/image\\\/format=auto,w=375,h=391,fit=crop,trim=0;31.470588235294116;0;31.470588235294116\\\/AR01gxJ5vgtN8KnK\\\/img_1336-A0xvXRbyBgSy2o8K.PNG\",\"eix_comercial_id\":\"24\",\"tipo_comida_id\":\"33\",\"rango_precios\":\"30-60\",\"tipo_establecimiento_id\":\"1\",\"prioridad_vision\":\"0\",\"nombre_eix_comercial\":\"Barcelona - Ciutat Vella\",\"nombre_tipo_comida\":\"Fusi\\u00f3n\"},{\"restaurante_id\":\"254\",\"nombre_restaurante\":\"Le\\u00f1a al Mono restaurante\",\"latitud\":\"41.363633\",\"longitud\":\"2.11329\",\"direccion\":\"Carrer d\\\\'Enric Prat de la Riba, 08140 L\\\\'Hospitalet de Llobregat, Barcelona\",\"telefono\":\"681029724\",\"pagina_web\":\"https:\\\/\\\/www.supertropicalfood.com\\\/\",\"tipo_comida_outlist\":\"\",\"descripcion_oferta\":\"Entrante de maduros con queso gratis para las reservas a trav\\u00e9s de esta promo.\",\"precio_oferta\":\"0.00\",\"enlace_oferta\":\"\",\"imagen_oferta\":\"https:\\\/\\\/foodieblackweek.com\\\/barcelona\\\/wp-content\\\/uploads\\\/ImagenesClientes\\\/2025\\\/10\\\/IMG_6364.jpeg\",\"eix_comercial_id\":\"38\",\"tipo_comida_id\":\"37\",\"rango_precios\":\"15-30\",\"tipo_establecimiento_id\":\"1\",\"prioridad_vision\":\"0\",\"nombre_eix_comercial\":\"L'Hospitalet de Llobregat\",\"nombre_tipo_comida\":\"Otras\"},{\"restaurante_id\":\"253\",\"nombre_restaurante\":\"Teresa Carles\",\"latitud\":\"41.385276\",\"longitud\":\"2.168059\",\"direccion\":\"Carrer de Jovellanos, 2, Ciutat Vella, 08001 Barcelona\",\"telefono\":\"933171829\",\"pagina_web\":\"https:\\\/\\\/teresacarles.com\\\/tc\\\/\",\"tipo_comida_outlist\":\"\",\"descripcion_oferta\":\"MEN\\u00da FOODIE \\u2013 25 \\u20ac\\\/persona (m\\u00edn. 2 pax) \\ud83e\\udd57 Entrante (a compartir) Ensalada C\\u00e9sar o Ensalada Italiana \\ud83c\\udf5d Plato principal (a elegir) - Canel\\u00f3n Catal\\u00e1n XXL - Lasanyuki 3 capas - Double Smashed Burger \\ud83c\\udf70 Postre (a compartir) Cheesecake a la catalana, crema catalana o pastelito de mousse de chocolate Incluye: agua, copa de vino o cerveza por persona.\",\"precio_oferta\":\"25.00\",\"enlace_oferta\":\"\",\"imagen_oferta\":\"https:\\\/\\\/foodieblackweek.com\\\/barcelona\\\/wp-content\\\/uploads\\\/ImagenesClientes\\\/2025\\\/10\\\/TC-40.jpg\",\"eix_comercial_id\":\"24\",\"tipo_comida_id\":\"27\",\"rango_precios\":\"15-30\",\"tipo_establecimiento_id\":\"1\",\"prioridad_vision\":\"0\",\"nombre_eix_comercial\":\"Barcelona - Ciutat Vella\",\"nombre_tipo_comida\":\"Vegetariana\"},{\"restaurante_id\":\"252\",\"nombre_restaurante\":\"Flax & Kale Passage\",\"latitud\":\"41.388612\",\"longitud\":\"2.17653\",\"direccion\":\"Carrer de Sant Pere M\\u00e9s Alt, 31, 33, Ciutat Vella, 08003 Barcelona\",\"telefono\":\"935240052\",\"pagina_web\":\"http:\\\/\\\/www.flaxandkale.com\",\"tipo_comida_outlist\":\"\",\"descripcion_oferta\":\"MEN\\u00da LUNCH \\u2013 15 \\u20ac Escoge tu plato favorito: - Hawaiian Poke Bowl - Pad Thai - Ancient Grain Falafel - Korean Tuna Bibimbap - Any Pizza - Korean Tuna Bibimbap Acompa\\u00f1a con: Kombucha Flax o Agua.\",\"precio_oferta\":\"15.00\",\"enlace_oferta\":\"\",\"imagen_oferta\":\"https:\\\/\\\/foodieblackweek.com\\\/barcelona\\\/wp-content\\\/uploads\\\/ImagenesClientes\\\/2025\\\/10\\\/IMG_3359.jpg\",\"eix_comercial_id\":\"24\",\"tipo_comida_id\":\"37\",\"rango_precios\":\"15-30\",\"tipo_establecimiento_id\":\"1\",\"prioridad_vision\":\"0\",\"nombre_eix_comercial\":\"Barcelona - Ciutat Vella\",\"nombre_tipo_comida\":\"Otras\"},{\"restaurante_id\":\"251\",\"nombre_restaurante\":\"Flax & Kale Tallers\",\"latitud\":\"41.385249\",\"longitud\":\"2.165534\",\"direccion\":\"Carrer dels Tallers, 74b, Ciutat Vella, 08001 Barcelona\",\"telefono\":\"933175664\",\"pagina_web\":\"http:\\\/\\\/www.flaxandkale.com\",\"tipo_comida_outlist\":\"\",\"descripcion_oferta\":\"MEN\\u00da LUNCH \\u2013 15 \\u20ac Escoge tu plato favorito: - Hawaiian Poke Bowl - Pad Thai - Ancient Grain Falafel - Focaccia Black & White - Korean Tuna Bibimbap Acompa\\u00f1a con: Kombucha Flax o Agua.\",\"precio_oferta\":\"15.00\",\"enlace_oferta\":\"\",\"imagen_oferta\":\"https:\\\/\\\/foodieblackweek.com\\\/barcelona\\\/wp-content\\\/uploads\\\/ImagenesClientes\\\/2025\\\/10\\\/IMG_2456.jpg\",\"eix_comercial_id\":\"24\",\"tipo_comida_id\":\"37\",\"rango_precios\":\"15-30\",\"tipo_establecimiento_id\":\"1\",\"prioridad_vision\":\"0\",\"nombre_eix_comercial\":\"Barcelona - Ciutat Vella\",\"nombre_tipo_comida\":\"Otras\"},{\"restaurante_id\":\"248\",\"nombre_restaurante\":\"Verde Amore Healthy Food\",\"latitud\":\"41.38307\",\"longitud\":\"2.132499\",\"direccion\":\"Carrer de Galileu, 261, Local, Les Corts, 08028 Barcelona\",\"telefono\":\"930057861\",\"pagina_web\":\"http:\\\/\\\/verdeamore.es\",\"tipo_comida_outlist\":\"\",\"descripcion_oferta\":\"Elige tus pancakes favoritos y acomp\\u00e1\\u00f1alos con una cocktail mimosa o un smoothie Verde Amore.\",\"precio_oferta\":\"12.00\",\"enlace_oferta\":\"\",\"imagen_oferta\":\"https:\\\/\\\/foodieblackweek.com\\\/barcelona\\\/wp-content\\\/uploads\\\/2025\\\/10\\\/verdeAmoreHealthy-300x282.png\",\"eix_comercial_id\":\"7\",\"tipo_comida_id\":\"27\",\"rango_precios\":\"15-30\",\"tipo_establecimiento_id\":\"1\",\"prioridad_vision\":\"0\",\"nombre_eix_comercial\":\"Barcelona - Les Corts\",\"nombre_tipo_comida\":\"Vegetariana\"},{\"restaurante_id\":\"247\",\"nombre_restaurante\":\"\\u559c\\u8bc6XISHI\",\"latitud\":\"41.393677\",\"longitud\":\"2.179681\",\"direccion\":\"Carrer de Roger de Flor, 82, L\\\\\\\\\\\\'Eixample, 08013 Barcelona\",\"telefono\":\"672821314\",\"pagina_web\":\"https:\\\/\\\/www.instagram.com\\\/xishi_bingtanghulu\\\/\",\"tipo_comida_outlist\":\"\",\"descripcion_oferta\":\"Al comprar un postre\\uff084 a 6 euros por raci\\u00f3n \\uff09tendr\\u00e1s la oportunidad de elegir un regalo: te regalaremos un peque\\u00f1o pincho de postre adicional o una porci\\u00f3n grande de helado de yogur chino.\",\"precio_oferta\":\"0.00\",\"enlace_oferta\":\"\",\"imagen_oferta\":\"https:\\\/\\\/foodieblackweek.com\\\/barcelona\\\/wp-content\\\/uploads\\\/ImagenesClientes\\\/2025\\\/10\\\/IMG_4683.jpeg\",\"eix_comercial_id\":\"3\",\"tipo_comida_id\":\"15\",\"rango_precios\":\"15-30\",\"tipo_establecimiento_id\":\"1\",\"prioridad_vision\":\"0\",\"nombre_eix_comercial\":\"Barcelona - Cor Eixample\",\"nombre_tipo_comida\":\"Comida China\"},{\"restaurante_id\":\"245\",\"nombre_restaurante\":\"WAFFLE BARCELONA\",\"latitud\":\"41.385191\",\"longitud\":\"2.150073\",\"direccion\":\"Carrer de Viladomat, 215, L\\\\\\\\\\\\'Eixample, 08029 Barcelona\",\"telefono\":\"933406616\",\"pagina_web\":\"http:\\\/\\\/www.wafflebarcelona.com\",\"tipo_comida_outlist\":\"\",\"descripcion_oferta\":\"\\ud83c\\udf89 \\u00a1PROMO DELICIOSA! 2x1 EN CREPES \\ud83e\\udd5e \\u00a1Ven con quien t\\u00fa quieras y disfruten el doble! Solo por tiempo limitado: pide una crepe cl\\u00e1sica y te damos otra totalmente GRATIS \\ud83e\\udd29 \\ud83d\\udccd Disponible en nuestras sucursales de Viladomat 215 y Comte d\\u00b4Urgell 113Barcelona \\ud83d\\udd52Promoci\\u00f3n valida solo en el horario de 15 a 21h.\",\"precio_oferta\":\"4.90\",\"enlace_oferta\":\"\",\"imagen_oferta\":\"https:\\\/\\\/foodieblackweek.com\\\/barcelona\\\/wp-content\\\/uploads\\\/ImagenesClientes\\\/2025\\\/10\\\/CREPE-CLASICO.jpg\",\"eix_comercial_id\":\"3\",\"tipo_comida_id\":\"14\",\"rango_precios\":\"15-30\",\"tipo_establecimiento_id\":\"1\",\"prioridad_vision\":\"0\",\"nombre_eix_comercial\":\"Barcelona - Cor Eixample\",\"nombre_tipo_comida\":\"Comida Americana\"},{\"restaurante_id\":\"242\",\"nombre_restaurante\":\"Speakeasy\",\"latitud\":\"41.392968\",\"longitud\":\"2.154027\",\"direccion\":\"Carrer d\\\\'Aribau, 162, L\\\\'Eixample, 08036 Barcelona\",\"telefono\":\"932 058 070\",\"pagina_web\":\"https:\\\/\\\/www.drymartiniorg.com\\\/\",\"tipo_comida_outlist\":\"\",\"descripcion_oferta\":\"Men\\u00fa especial Bacard\\u00ed + 2 cocktails signature elaborados con Bacard\\u00ed.\",\"precio_oferta\":\"61.00\",\"enlace_oferta\":\"\",\"imagen_oferta\":\"https:\\\/\\\/foodieblackweek.com\\\/barcelona\\\/wp-content\\\/uploads\\\/2025\\\/10\\\/Under-the-sun-8378-200x300.jpg\",\"eix_comercial_id\":\"14\",\"tipo_comida_id\":\"37\",\"rango_precios\":\"60\",\"tipo_establecimiento_id\":\"1\",\"prioridad_vision\":\"0\",\"nombre_eix_comercial\":\"Barcelona - Nou Eixample\",\"nombre_tipo_comida\":\"Otras\"},{\"restaurante_id\":\"240\",\"nombre_restaurante\":\"El Grande Picalonga\",\"latitud\":\"41.362879\",\"longitud\":\"2.10496\",\"direccion\":\"Centro Comercial La Farga, Av. de Josep Tarradellas i Joan, 08901 L\\\\'Hospitalet de Llobregat, Barcelona\",\"telefono\":\"619950299\",\"pagina_web\":\"https:\\\/\\\/www.instagram.com\\\/elgrandepicalonga\\\/\",\"tipo_comida_outlist\":\"\",\"descripcion_oferta\":\"10% de descuento.\",\"precio_oferta\":\"0.00\",\"enlace_oferta\":\"\",\"imagen_oferta\":\"https:\\\/\\\/foodieblackweek.com\\\/barcelona\\\/wp-content\\\/uploads\\\/ImagenesClientes\\\/2025\\\/10\\\/Copia-de-Grey-and-Beige-Minimalist-Restaurant-Menu-1.png\",\"eix_comercial_id\":\"38\",\"tipo_comida_id\":\"37\",\"rango_precios\":\"15-30\",\"tipo_establecimiento_id\":\"1\",\"prioridad_vision\":\"0\",\"nombre_eix_comercial\":\"L'Hospitalet de Llobregat\",\"nombre_tipo_comida\":\"Otras\"},{\"restaurante_id\":\"238\",\"nombre_restaurante\":\"Antic pitarra\",\"latitud\":\"41.380479\",\"longitud\":\"2.179177\",\"direccion\":\"Carrer d\\\\\\\\\\\\'Aviny\\u00f3, 56, Ciutat Vella, 08002 Barcelona\",\"telefono\":\"655508112\",\"pagina_web\":\"https:\\\/\\\/www.instagram.com\\\/anticpitarra\\\/\",\"tipo_comida_outlist\":\"\",\"descripcion_oferta\":\"Men\\u00fa Especial para la Foodie Black Week Anitc Pitarra. Cualquier persona que venga de parte de la Foodie Black Week si desea nuestra carta, tendr\\u00e1 un 10 % de descuento.\",\"precio_oferta\":\"40.00\",\"enlace_oferta\":\"\",\"imagen_oferta\":\"https:\\\/\\\/foodieblackweek.com\\\/barcelona\\\/wp-content\\\/uploads\\\/2025\\\/10\\\/FE3F81E0-BF9F-4F0D-980A-8251335EE468-200x300.png\",\"eix_comercial_id\":\"24\",\"tipo_comida_id\":\"16\",\"rango_precios\":\"30-60\",\"tipo_establecimiento_id\":\"1\",\"prioridad_vision\":\"0\",\"nombre_eix_comercial\":\"Barcelona - Ciutat Vella\",\"nombre_tipo_comida\":\"Comida Catalana\"},{\"restaurante_id\":\"236\",\"nombre_restaurante\":\"Chao Pescao Consell\",\"latitud\":\"41.392015\",\"longitud\":\"2.167013\",\"direccion\":\"Carrer del Consell de Cent, 318, L\\\\'Eixample, 08007 Barcelona\",\"telefono\":\"931640589\",\"pagina_web\":\"https:\\\/\\\/www.chaopescaoseafood.com\\\/\",\"tipo_comida_outlist\":\"\",\"descripcion_oferta\":\"Elige tu oferta entre A y B y vive el sabor del mar en Chao Pescao! Oferta A: 3 Ostras Amulette + 1 copa de Cava\\\/Vino Blanco. Oferta B: Patatas Bravas + 1 jarra de Estrella Damm.\",\"precio_oferta\":\"9.00\",\"enlace_oferta\":\"\",\"imagen_oferta\":\"https:\\\/\\\/foodieblackweek.com\\\/barcelona\\\/wp-content\\\/uploads\\\/ImagenesClientes\\\/2025\\\/10\\\/Logo-Email-pez-copy.png\",\"eix_comercial_id\":\"14\",\"tipo_comida_id\":\"25\",\"rango_precios\":\"15-30\",\"tipo_establecimiento_id\":\"1\",\"prioridad_vision\":\"0\",\"nombre_eix_comercial\":\"Barcelona - Nou Eixample\",\"nombre_tipo_comida\":\"Marisquer\\u00eda\"},{\"restaurante_id\":\"235\",\"nombre_restaurante\":\"Cuore Nostrum - Pizzeria y Gnocchetteria\",\"latitud\":\"41.399997\",\"longitud\":\"2.177001\",\"direccion\":\"Carrer del Consell de Cent, 487, L\\\\'Eixample, 08013 Barcelona\",\"telefono\":\"931472512\",\"pagina_web\":\"https:\\\/\\\/www.cuorenostrumbarcelona.com\\\/\",\"tipo_comida_outlist\":\"\",\"descripcion_oferta\":\"Arrosticini + Bruschetta 30,80\\u20ac - Pizza Filetto con Crudo de Parma 14,90\\u20ac - Tagliatelle alla Genovese 18,90\\u20ac - Gnocco fritto con Nutella y Pistacho 12,90\\u20ac - Pizza Dessert Cuore Nostrum 11,90\\u20ac\",\"precio_oferta\":\"0.00\",\"enlace_oferta\":\"\",\"imagen_oferta\":\"https:\\\/\\\/foodieblackweek.com\\\/barcelona\\\/wp-content\\\/uploads\\\/2025\\\/10\\\/cuoreNostrum-274x300.png\",\"eix_comercial_id\":\"17\",\"tipo_comida_id\":\"3\",\"rango_precios\":\"15-30\",\"tipo_establecimiento_id\":\"1\",\"prioridad_vision\":\"0\",\"nombre_eix_comercial\":\"Barcelona - Sagrada Fam\\u00edlia\",\"nombre_tipo_comida\":\"Comida Italiana\"},{\"restaurante_id\":\"234\",\"nombre_restaurante\":\"LaoWang Hotpot\",\"latitud\":\"41.434715\",\"longitud\":\"2.232848\",\"direccion\":\"Carrer del Progr\\u00e9s, 316, 08918 Badalona, Barcelona\",\"telefono\":\"931253948\",\"pagina_web\":\"https:\\\/\\\/laowanghotpot.es\\\/es\\\/barcelona\\\/\",\"tipo_comida_outlist\":\"\",\"descripcion_oferta\":\"\\u00a1Refrescos y Heineken gratis e ilimitados!\",\"precio_oferta\":\"0.00\",\"enlace_oferta\":\"\",\"imagen_oferta\":\"https:\\\/\\\/foodieblackweek.com\\\/barcelona\\\/wp-content\\\/uploads\\\/ImagenesClientes\\\/2025\\\/10\\\/1e5b1582e2685c0efc81e336eaecc6c4.jpeg\",\"eix_comercial_id\":\"25\",\"tipo_comida_id\":\"15\",\"rango_precios\":\"15-30\",\"tipo_establecimiento_id\":\"1\",\"prioridad_vision\":\"0\",\"nombre_eix_comercial\":\"Badalona\",\"nombre_tipo_comida\":\"Comida China\"},{\"restaurante_id\":\"233\",\"nombre_restaurante\":\"Pura Brasa\",\"latitud\":\"41.388185\",\"longitud\":\"2.167316\",\"direccion\":\"Rambla de Catalunya, 13, Eixample, 08007 Barcelona\",\"telefono\":\"932701855\",\"pagina_web\":\"http:\\\/\\\/Happy.es\",\"tipo_comida_outlist\":\"\",\"descripcion_oferta\":\"C\\u00f3cteles de 16 a 19h. Caipiri\\u00f1a, Mojito, Pi\\u00f1a colada, Paloma.\",\"precio_oferta\":\"5.00\",\"enlace_oferta\":\"\",\"imagen_oferta\":\"https:\\\/\\\/foodie.deostudio.com\\\/wp-content\\\/uploads\\\/2024\\\/05\\\/foodie-giny-transparente.gif\",\"eix_comercial_id\":\"3\",\"tipo_comida_id\":\"26\",\"rango_precios\":\"15-30\",\"tipo_establecimiento_id\":\"1\",\"prioridad_vision\":\"0\",\"nombre_eix_comercial\":\"Barcelona - Cor Eixample\",\"nombre_tipo_comida\":\"Braser\\u00eda\"},{\"restaurante_id\":\"232\",\"nombre_restaurante\":\"HOLY MADRE SANT ANTONI\",\"latitud\":\"41.378601\",\"longitud\":\"2.161976\",\"direccion\":\"Carrer del Comte Borrell, 61, Local 4, Eixample, 08015 Barcelona\",\"telefono\":\"663094562\",\"pagina_web\":\"http:\\\/\\\/www.holy-madre.com\",\"tipo_comida_outlist\":\"\",\"descripcion_oferta\":\"Ba\\u00f1amos tu helado en chocolate gratis!\",\"precio_oferta\":\"0.00\",\"enlace_oferta\":\"\",\"imagen_oferta\":\"https:\\\/\\\/foodieblackweek.com\\\/barcelona\\\/wp-content\\\/uploads\\\/ImagenesClientes\\\/2025\\\/10\\\/DSCF3926.jpg\",\"eix_comercial_id\":\"18\",\"tipo_comida_id\":\"36\",\"rango_precios\":\"15-30\",\"tipo_establecimiento_id\":\"1\",\"prioridad_vision\":\"0\",\"nombre_eix_comercial\":\"Barcelona - Sant Antoni\",\"nombre_tipo_comida\":\"Helader\\u00edas\"},{\"restaurante_id\":\"231\",\"nombre_restaurante\":\"HOLY MADRE URQUINAONA\",\"latitud\":\"41.390095\",\"longitud\":\"2.174123\",\"direccion\":\"Rda. de Sant Pere, 22, Local 5, Eixample, 08010 Barcelona\",\"telefono\":\"610795140\",\"pagina_web\":\"http:\\\/\\\/www.holy-madre.com\",\"tipo_comida_outlist\":\"\",\"descripcion_oferta\":\"Ba\\u00f1amos tu helado en chocolate gratis!\",\"precio_oferta\":\"0.00\",\"enlace_oferta\":\"\",\"imagen_oferta\":\"https:\\\/\\\/foodieblackweek.com\\\/barcelona\\\/wp-content\\\/uploads\\\/ImagenesClientes\\\/2025\\\/10\\\/DSCF3916.jpg\",\"eix_comercial_id\":\"24\",\"tipo_comida_id\":\"36\",\"rango_precios\":\"15-30\",\"tipo_establecimiento_id\":\"1\",\"prioridad_vision\":\"0\",\"nombre_eix_comercial\":\"Barcelona - Ciutat Vella\",\"nombre_tipo_comida\":\"Helader\\u00edas\"},{\"restaurante_id\":\"230\",\"nombre_restaurante\":\"HOLY MADRE POBLENOU\",\"latitud\":\"41.404396\",\"longitud\":\"2.197361\",\"direccion\":\"Rambla de Poblenou 123\",\"telefono\":\"665099981\",\"pagina_web\":\"http:\\\/\\\/www.holy-madre.com\",\"tipo_comida_outlist\":\"\",\"descripcion_oferta\":\"Ba\\u00f1amos tu helado en chocolate gratis!\",\"precio_oferta\":\"0.00\",\"enlace_oferta\":\"\",\"imagen_oferta\":\"https:\\\/\\\/foodieblackweek.com\\\/barcelona\\\/wp-content\\\/uploads\\\/ImagenesClientes\\\/2025\\\/10\\\/DSCF3851.jpg\",\"eix_comercial_id\":\"15\",\"tipo_comida_id\":\"36\",\"rango_precios\":\"15-30\",\"tipo_establecimiento_id\":\"1\",\"prioridad_vision\":\"0\",\"nombre_eix_comercial\":\"Barcelona - Poblenou\",\"nombre_tipo_comida\":\"Helader\\u00edas\"},{\"restaurante_id\":\"229\",\"nombre_restaurante\":\"HOLY MADRE GRACIA\",\"latitud\":\"41.401363\",\"longitud\":\"2.159165\",\"direccion\":\"Carrer del Torrent de l\\\\\\\\\\\\'Olla, 76\",\"telefono\":\"600309169\",\"pagina_web\":\"http:\\\/\\\/www.holy-madre.com\",\"tipo_comida_outlist\":\"\",\"descripcion_oferta\":\"Ba\\u00f1amos tu helado en chocolate gratis!\",\"precio_oferta\":\"0.00\",\"enlace_oferta\":\"\",\"imagen_oferta\":\"https:\\\/\\\/foodieblackweek.com\\\/barcelona\\\/wp-content\\\/uploads\\\/ImagenesClientes\\\/2025\\\/10\\\/DSCF4046.jpg\",\"eix_comercial_id\":\"10\",\"tipo_comida_id\":\"36\",\"rango_precios\":\"15-30\",\"tipo_establecimiento_id\":\"1\",\"prioridad_vision\":\"0\",\"nombre_eix_comercial\":\"Barcelona - Gr\\u00e0cia\",\"nombre_tipo_comida\":\"Helader\\u00edas\"},{\"restaurante_id\":\"228\",\"nombre_restaurante\":\"HOLY MADRE GRANADOS\",\"latitud\":\"41.390243\",\"longitud\":\"2.159563\",\"direccion\":\"Enrique Granados 37\",\"telefono\":\"635869569\",\"pagina_web\":\"http:\\\/\\\/www.holy-madre.com\",\"tipo_comida_outlist\":\"\",\"descripcion_oferta\":\"Ba\\u00f1amos tu helado en chocolate gratis!\",\"precio_oferta\":\"0.00\",\"enlace_oferta\":\"\",\"imagen_oferta\":\"https:\\\/\\\/foodieblackweek.com\\\/barcelona\\\/wp-content\\\/uploads\\\/ImagenesClientes\\\/2025\\\/10\\\/DSCF3852.jpg\",\"eix_comercial_id\":\"14\",\"tipo_comida_id\":\"36\",\"rango_precios\":\"15-30\",\"tipo_establecimiento_id\":\"1\",\"prioridad_vision\":\"0\",\"nombre_eix_comercial\":\"Barcelona - Nou Eixample\",\"nombre_tipo_comida\":\"Helader\\u00edas\"},{\"restaurante_id\":\"227\",\"nombre_restaurante\":\"HOLY MADRE SAGRADA FAMILIA\",\"latitud\":\"41.40415\",\"longitud\":\"2.176461\",\"direccion\":\"Valencia 443\",\"telefono\":\"675440753\",\"pagina_web\":\"http:\\\/\\\/www.holy-madre.com\",\"tipo_comida_outlist\":\"\",\"descripcion_oferta\":\"Ba\\u00f1amos tu helado gratis!\",\"precio_oferta\":\"0.00\",\"enlace_oferta\":\"\",\"imagen_oferta\":\"https:\\\/\\\/foodieblackweek.com\\\/barcelona\\\/wp-content\\\/uploads\\\/ImagenesClientes\\\/2025\\\/10\\\/DSCF9881.jpg\",\"eix_comercial_id\":\"17\",\"tipo_comida_id\":\"36\",\"rango_precios\":\"15-30\",\"tipo_establecimiento_id\":\"1\",\"prioridad_vision\":\"0\",\"nombre_eix_comercial\":\"Barcelona - Sagrada Fam\\u00edlia\",\"nombre_tipo_comida\":\"Helader\\u00edas\"},{\"restaurante_id\":\"226\",\"nombre_restaurante\":\"DOROTEA\",\"latitud\":\"41.433217\",\"longitud\":\"2.161817\",\"direccion\":\"Carrer de Santes Creus, 18, Horta-Guinard\\u00f3, 08031 Barcelona\",\"telefono\":\"933879243\",\"pagina_web\":\"https:\\\/\\\/www.dorotearestaurant.com\\\/\",\"tipo_comida_outlist\":\"\",\"descripcion_oferta\":\"C\\u00f3cteles Patr\\u00f3n Paloma, St Germain Spritz; Bombay Sapphire Gin & tonic, Santa Teresa Gran Reserva & Cola, Martini Bianco Spritz a 2\\u20ac de descuento.\",\"precio_oferta\":\"0.00\",\"enlace_oferta\":\"\",\"imagen_oferta\":\"https:\\\/\\\/foodieblackweek.com\\\/barcelona\\\/wp-content\\\/uploads\\\/2025\\\/10\\\/dorotea-202x300.png\",\"eix_comercial_id\":\"2\",\"tipo_comida_id\":\"23\",\"rango_precios\":\"30-60\",\"tipo_establecimiento_id\":\"1\",\"prioridad_vision\":\"0\",\"nombre_eix_comercial\":\"Barcelona - Horta\",\"nombre_tipo_comida\":\"Comida Mediterr\\u00e1nea\"},{\"restaurante_id\":\"224\",\"nombre_restaurante\":\"CABO BAR\",\"latitud\":\"41.396685\",\"longitud\":\"2.185164\",\"direccion\":\"marina 124\",\"telefono\":\"936762354\",\"pagina_web\":\"https:\\\/\\\/grupocabo.es\\\/cabo-bar\\\/\",\"tipo_comida_outlist\":\"\",\"descripcion_oferta\":\"FLOR DE ALCACHOFA A LA BRASA, CON LLEMA CURADA Y SOBRASADA DE MENORCA.\",\"precio_oferta\":\"9.50\",\"enlace_oferta\":\"\",\"imagen_oferta\":\"https:\\\/\\\/foodieblackweek.com\\\/barcelona\\\/wp-content\\\/uploads\\\/2025\\\/10\\\/caboBar-300x297.png\",\"eix_comercial_id\":\"14\",\"tipo_comida_id\":\"23\",\"rango_precios\":\"15-30\",\"tipo_establecimiento_id\":\"1\",\"prioridad_vision\":\"0\",\"nombre_eix_comercial\":\"Barcelona - Nou Eixample\",\"nombre_tipo_comida\":\"Comida Mediterr\\u00e1nea\"},{\"restaurante_id\":\"223\",\"nombre_restaurante\":\"Mr.DaWalter\",\"latitud\":\"41.389995\",\"longitud\":\"2.183248\",\"direccion\":\"Passeig de Llu\\u00eds Companys, 8, Ciutat Vella, 08018 Barcelona\",\"telefono\":\"931091378\",\"pagina_web\":\"https:\\\/\\\/mrdawalter-arc-de-triomf.goto-where.com\\\/\",\"tipo_comida_outlist\":\"\",\"descripcion_oferta\":\"Ofrecer\\u00edamos: toda nuestra secci\\u00f3n \\u201cpara compartir\\u201d a un 30% de descuento.\",\"precio_oferta\":\"0.00\",\"enlace_oferta\":\"\",\"imagen_oferta\":\"https:\\\/\\\/foodieblackweek.com\\\/barcelona\\\/wp-content\\\/uploads\\\/ImagenesClientes\\\/2025\\\/10\\\/IMG_4136.jpeg\",\"eix_comercial_id\":\"24\",\"tipo_comida_id\":\"22\",\"rango_precios\":\"15-30\",\"tipo_establecimiento_id\":\"1\",\"prioridad_vision\":\"0\",\"nombre_eix_comercial\":\"Barcelona - Ciutat Vella\",\"nombre_tipo_comida\":\"Comida Venezolana\"},{\"restaurante_id\":\"222\",\"nombre_restaurante\":\"Mr.DaWalter\",\"latitud\":\"41.411788\",\"longitud\":\"2.177351\",\"direccion\":\"Carrer de la Ind\\u00fastria, 214, Sant Mart\\u00ed, 08026 Barcelona\",\"telefono\":\"931091378\",\"pagina_web\":\"https:\\\/\\\/drive.google.com\\\/file\\\/d\\\/1hrN8SAtDWwVThyywtniPvsApQwqC6SzA\\\/view?pli=1\",\"tipo_comida_outlist\":\"\",\"descripcion_oferta\":\"Ofrecer\\u00edamos: toda nuestra secci\\u00f3n \\u201cpara compartir\\u201d a un 30% de descuento.\",\"precio_oferta\":\"0.00\",\"enlace_oferta\":\"\",\"imagen_oferta\":\"https:\\\/\\\/foodieblackweek.com\\\/barcelona\\\/wp-content\\\/uploads\\\/ImagenesClientes\\\/2025\\\/10\\\/IMG_4136.jpeg\",\"eix_comercial_id\":\"20\",\"tipo_comida_id\":\"22\",\"rango_precios\":\"15-30\",\"tipo_establecimiento_id\":\"1\",\"prioridad_vision\":\"0\",\"nombre_eix_comercial\":\"Barcelona - Sant Mart\\u00ed\",\"nombre_tipo_comida\":\"Comida Venezolana\"},{\"restaurante_id\":\"221\",\"nombre_restaurante\":\"crazy wings & + bcn\",\"latitud\":\"41.412499\",\"longitud\":\"2.168718\",\"direccion\":\"Carrer de Padilla 386, Barcelona\",\"telefono\":\"604822328\",\"pagina_web\":\"https:\\\/\\\/linktr.ee\\\/Crazywingsbcn\",\"tipo_comida_outlist\":\"\",\"descripcion_oferta\":\"1 Combo crazyHotDog: Perrito caliente + patatas + bebida \\ud83c\\udf74 El Combo Crazy Hotdog es pura tentaci\\u00f3n callejera: Salchicha jugosa, pan doradito, queso fundido y esa mezcla de salsas que solo en Crazy Wings BCN saben preparar. Es nuestro cl\\u00e1sico colombiano, con flow barcelon\\u00e9s y sabor que te har\\u00e1 decir \\u201cuff, qu\\u00e9 locura\\u201d. Solo durante la Foodie Black Week, \\u00a1corre por el tuyo! \\ud83c\\udf2d\\ud83d\\udd25.\",\"precio_oferta\":\"15.80\",\"enlace_oferta\":\"\",\"imagen_oferta\":\"https:\\\/\\\/foodieblackweek.com\\\/barcelona\\\/wp-content\\\/uploads\\\/2025\\\/10\\\/crazy-wings-300x200.jpg\",\"eix_comercial_id\":\"17\",\"tipo_comida_id\":\"37\",\"rango_precios\":\"15-30\",\"tipo_establecimiento_id\":\"1\",\"prioridad_vision\":\"0\",\"nombre_eix_comercial\":\"Barcelona - Sagrada Fam\\u00edlia\",\"nombre_tipo_comida\":\"Otras\"},{\"restaurante_id\":\"220\",\"nombre_restaurante\":\"Forno d Oro\",\"latitud\":\"41.383657\",\"longitud\":\"2.156297\",\"direccion\":\"Carrer del Comte d\\\\\\\\\\\\'Urgell 93, Barcelona\",\"telefono\":\"934461471\",\"pagina_web\":\"https:\\\/\\\/www.instagram.com\\\/fornodoroportafoglio\\\/\",\"tipo_comida_outlist\":\"\",\"descripcion_oferta\":\"Pizza Margarita m\\u00e1s bebida.\",\"precio_oferta\":\"0.00\",\"enlace_oferta\":\"\",\"imagen_oferta\":\"https:\\\/\\\/foodieblackweek.com\\\/barcelona\\\/wp-content\\\/uploads\\\/ImagenesClientes\\\/2025\\\/10\\\/cbb1de70-db40-4023-9df4-ad37aceb1f22.jpeg\",\"eix_comercial_id\":\"3\",\"tipo_comida_id\":\"24\",\"rango_precios\":\"15-30\",\"tipo_establecimiento_id\":\"1\",\"prioridad_vision\":\"0\",\"nombre_eix_comercial\":\"Barcelona - Cor Eixample\",\"nombre_tipo_comida\":\"Pizzer\\u00eda\"},{\"restaurante_id\":\"219\",\"nombre_restaurante\":\"CHICAGO\\\\\\\\\\\\'S PIZZA FACTORY\",\"latitud\":\"41.398055\",\"longitud\":\"2.150088\",\"direccion\":\"Carrer d\\\\\\\\\\\\'Alfons XII, 15, Sarri\\u00e0-Sant Gervasi, 08006 Barcelona\",\"telefono\":\"605962843\",\"pagina_web\":\"thefork.es\\\/restaurante\\\/chicago-s-pizza-factory-r832417?cc=18174-54f&rwg_token=ACgRB3elhGRg6VodRPzUrz7FvBQJGPnuNJltsIza7HBsInyGKswtC0fF_LXgNkLv9omL6NMMzcSHS1GmKejqPjyeX3hUgkI4nw%3D%3D\",\"tipo_comida_outlist\":\"\",\"descripcion_oferta\":\"Pizza estilo Chicago (para 1 persona) + 1 bebida.\",\"precio_oferta\":\"14.00\",\"enlace_oferta\":\"\",\"imagen_oferta\":\"https:\\\/\\\/foodieblackweek.com\\\/barcelona\\\/wp-content\\\/uploads\\\/2025\\\/10\\\/chicagosPizzaFactory-239x300.png\",\"eix_comercial_id\":\"19\",\"tipo_comida_id\":\"24\",\"rango_precios\":\"15-30\",\"tipo_establecimiento_id\":\"1\",\"prioridad_vision\":\"0\",\"nombre_eix_comercial\":\"Barcelona - Sant Gervasi\",\"nombre_tipo_comida\":\"Pizzer\\u00eda\"},{\"restaurante_id\":\"217\",\"nombre_restaurante\":\"Intrigo pizzeria\",\"latitud\":\"41.418943\",\"longitud\":\"2.139758\",\"direccion\":\"Pg. de la Vall d\\\\\\\\\\\\\\\\\\\\\\\\\\\\\\\\\\\\\\\\\\\\\\\\\\\\\\\\\\\\'Hebron, 60, Gr\\u00e0cia, 08023 Barcelona\",\"telefono\":\"931438168\",\"pagina_web\":\"http:\\\/\\\/Intrigopizzeria.com\",\"tipo_comida_outlist\":\"\",\"descripcion_oferta\":\"Pizza Otello Mozzarella, provolone, gorgonzola, queso de cabra, scamorza haumada, parmigiano, crema de pecorino y tomillo.\",\"precio_oferta\":\"14.90\",\"enlace_oferta\":\"\",\"imagen_oferta\":\"https:\\\/\\\/foodieblackweek.com\\\/barcelona\\\/wp-content\\\/uploads\\\/2025\\\/10\\\/intrigo-300x292.png\",\"eix_comercial_id\":\"10\",\"tipo_comida_id\":\"24\",\"rango_precios\":\"15-30\",\"tipo_establecimiento_id\":\"1\",\"prioridad_vision\":\"0\",\"nombre_eix_comercial\":\"Barcelona - Gr\\u00e0cia\",\"nombre_tipo_comida\":\"Pizzer\\u00eda\"},{\"restaurante_id\":\"214\",\"nombre_restaurante\":\"Crosta\",\"latitud\":\"41.401035\",\"longitud\":\"2.147727\",\"direccion\":\"Carrer de Balmes, 283, LOC, Distrito de Sarri\\u00e0-Sant Gervasi, 08006 Barcelona\",\"telefono\":\"+34678193994\",\"pagina_web\":\"https:\\\/\\\/www.leggimenu.it\\\/menu\\\/crostabarcelona?nocache=true&nocache=true&nocache=true&nocache=true&nocache=true&nocache=true&nocache=true&nocache=true&nocache=true&nocache=true\",\"tipo_comida_outlist\":\"\",\"descripcion_oferta\":\"Platos italianos.\",\"precio_oferta\":\"20.00\",\"enlace_oferta\":\"\",\"imagen_oferta\":\"https:\\\/\\\/foodieblackweek.com\\\/barcelona\\\/wp-content\\\/uploads\\\/2025\\\/10\\\/crosta2.png\",\"eix_comercial_id\":\"19\",\"tipo_comida_id\":\"3\",\"rango_precios\":\"15-30\",\"tipo_establecimiento_id\":\"1\",\"prioridad_vision\":\"0\",\"nombre_eix_comercial\":\"Barcelona - Sant Gervasi\",\"nombre_tipo_comida\":\"Comida Italiana\"},{\"restaurante_id\":\"213\",\"nombre_restaurante\":\"Vivian\\\\\\\\\\\\'s Delight\",\"latitud\":\"41.374475\",\"longitud\":\"2.085661\",\"direccion\":\"Carrer del 8 de Mar\\u00e7, Esplugues de Llobregat\",\"telefono\":\"612236033\",\"pagina_web\":\"http:\\\/\\\/www.viviansdelight.com\",\"tipo_comida_outlist\":\"\",\"descripcion_oferta\":\"Brunch fusi\\u00f3n Per\\u00fa completo:\\r\\nBebida:\\r\\nFrap\\u00e9 o mimosa.\\r\\nPrimero:\\r\\nHuevo Benedict o Huevo rancheros. \\r\\nSegundo:\\r\\nPan con chicharron o Papa rellena.\\r\\nTercero: \\r\\nTostada francesa o CHEESECAKE.\",\"precio_oferta\":\"23.00\",\"enlace_oferta\":\"\",\"imagen_oferta\":\"https:\\\/\\\/foodieblackweek.com\\\/barcelona\\\/wp-content\\\/uploads\\\/ImagenesClientes\\\/2025\\\/10\\\/inbound7236528377183391816.jpg\",\"eix_comercial_id\":\"36\",\"tipo_comida_id\":\"31\",\"rango_precios\":\"15-30\",\"tipo_establecimiento_id\":\"1\",\"prioridad_vision\":\"0\",\"nombre_eix_comercial\":\"Esplugues de Llobregat\",\"nombre_tipo_comida\":\"Brunch\"},{\"restaurante_id\":\"212\",\"nombre_restaurante\":\"JAIBA MX\",\"latitud\":\"41.388991\",\"longitud\":\"2.136232\",\"direccion\":\"Calle Deu i Mata, 69-99, Hotel NHC Constanza\",\"telefono\":\"932811512\",\"pagina_web\":\"http:\\\/\\\/www.jaibamx.es\",\"tipo_comida_outlist\":\"\",\"descripcion_oferta\":\"Disfruta de nuestro Men\\u00fa Antojitos de Oto\\u00f1o y te regalamos un postre en Foodie Black Week.\",\"precio_oferta\":\"45.00\",\"enlace_oferta\":\"\",\"imagen_oferta\":\"https:\\\/\\\/foodieblackweek.com\\\/barcelona\\\/wp-content\\\/uploads\\\/ImagenesClientes\\\/2025\\\/10\\\/Jaiba-MX_Antojitos-de-otono5.jpg\",\"eix_comercial_id\":\"7\",\"tipo_comida_id\":\"4\",\"rango_precios\":\"30-60\",\"tipo_establecimiento_id\":\"1\",\"prioridad_vision\":\"0\",\"nombre_eix_comercial\":\"Barcelona - Les Corts\",\"nombre_tipo_comida\":\"Comida Mexicana\"},{\"restaurante_id\":\"211\",\"nombre_restaurante\":\"El Botarr\\u00f3n Taberna Vermuter\\u00eda\",\"latitud\":\"41.408267\",\"longitud\":\"2.187445\",\"direccion\":\"Carrer de la S\\u00e8quia Comtal 15, Barcelona\",\"telefono\":\"675752679\",\"pagina_web\":\"http:\\\/\\\/cartadigital.barmanagerapp.com\",\"tipo_comida_outlist\":\"\",\"descripcion_oferta\":\"Con 2 Martinis, tapa de torrezno gratis.\",\"precio_oferta\":\"6.00\",\"enlace_oferta\":\"\",\"imagen_oferta\":\"https:\\\/\\\/foodie.deostudio.com\\\/wp-content\\\/uploads\\\/2024\\\/05\\\/foodie-giny-transparente.gif\",\"eix_comercial_id\":\"5\",\"tipo_comida_id\":\"30\",\"rango_precios\":\"15-30\",\"tipo_establecimiento_id\":\"1\",\"prioridad_vision\":\"0\",\"nombre_eix_comercial\":\"Barcelona - El Clot\",\"nombre_tipo_comida\":\"Tapas\"},{\"restaurante_id\":\"209\",\"nombre_restaurante\":\"The Holy Cookie\",\"latitud\":\"41.39404\",\"longitud\":\"2.165247\",\"direccion\":\"Carrer de Pau Claris, 145, L\\\\\\\\\\\\'Eixample, 08009 Barcelona\",\"telefono\":\"624300996\",\"pagina_web\":\"https:\\\/\\\/theholycookie.com\\\/en\\\/\",\"tipo_comida_outlist\":\"\",\"descripcion_oferta\":\"20% de descuento en Cookie de 4 unidades o m\\u00e1s.\",\"precio_oferta\":\"0.00\",\"enlace_oferta\":\"\",\"imagen_oferta\":\"https:\\\/\\\/foodieblackweek.com\\\/barcelona\\\/wp-content\\\/uploads\\\/ImagenesClientes\\\/2025\\\/10\\\/inbound4616652324984437669.jpg\",\"eix_comercial_id\":\"14\",\"tipo_comida_id\":\"35\",\"rango_precios\":\"15-30\",\"tipo_establecimiento_id\":\"1\",\"prioridad_vision\":\"0\",\"nombre_eix_comercial\":\"Barcelona - Nou Eixample\",\"nombre_tipo_comida\":\"Pasteler\\u00edas y dulces\"},{\"restaurante_id\":\"207\",\"nombre_restaurante\":\"XIAOJUANCUN Buffet BBQ\",\"latitud\":\"41.387071\",\"longitud\":\"2.162439\",\"direccion\":\"Carrer de la Diputaci\\u00f3 221, Barcelona\",\"telefono\":\"638754888\",\"pagina_web\":\"https:\\\/\\\/share.google\\\/VdthpJyEEVy675bXC\",\"tipo_comida_outlist\":\"\",\"descripcion_oferta\":\"Refrescos y cervezas en lata GRATIS e ilimitados (solo para consumo en el local).\",\"precio_oferta\":\"0.00\",\"enlace_oferta\":\"\",\"imagen_oferta\":\"https:\\\/\\\/foodieblackweek.com\\\/barcelona\\\/wp-content\\\/uploads\\\/2025\\\/10\\\/xiaojuancunBuffetBBQ-277x300.png\",\"eix_comercial_id\":\"3\",\"tipo_comida_id\":\"11\",\"rango_precios\":\"15-30\",\"tipo_establecimiento_id\":\"1\",\"prioridad_vision\":\"0\",\"nombre_eix_comercial\":\"Barcelona - Cor Eixample\",\"nombre_tipo_comida\":\"Comida Coreana\"},{\"restaurante_id\":\"206\",\"nombre_restaurante\":\"Mex Art\",\"latitud\":\"41.23708\",\"longitud\":\"1.808749\",\"direccion\":\"Carrer de Sant Francesc 9, Sitges\",\"telefono\":\"639277695\",\"pagina_web\":\"http:\\\/\\\/Mexartbymia.com\",\"tipo_comida_outlist\":\"\",\"descripcion_oferta\":\"Te regalamos tu cocktail de bienvenida.\",\"precio_oferta\":\"0.00\",\"enlace_oferta\":\"\",\"imagen_oferta\":\"https:\\\/\\\/foodieblackweek.com\\\/barcelona\\\/wp-content\\\/uploads\\\/ImagenesClientes\\\/2025\\\/10\\\/Copie-de-MextArtfullversion2.psd.png\",\"eix_comercial_id\":\"61\",\"tipo_comida_id\":\"4\",\"rango_precios\":\"15-30\",\"tipo_establecimiento_id\":\"1\",\"prioridad_vision\":\"0\",\"nombre_eix_comercial\":\"Sitges\",\"nombre_tipo_comida\":\"Comida Mexicana\"},{\"restaurante_id\":\"205\",\"nombre_restaurante\":\"JIN LanZhou Ramen\",\"latitud\":\"41.387797\",\"longitud\":\"2.160021\",\"direccion\":\"Carrer d\\\\'Aribau 39, Barcelona\",\"telefono\":\"933532669\",\"pagina_web\":\"http:\\\/\\\/jinnoodles.com\\\/\",\"tipo_comida_outlist\":\"\",\"descripcion_oferta\":\"Combo Foodie Black Week: Caldo tradicional de tallarines Lanzhou con ternera + Encurtido estilo Lanzhou (ensalada) + 1 bebida.\",\"precio_oferta\":\"12.95\",\"enlace_oferta\":\"\",\"imagen_oferta\":\"https:\\\/\\\/static.wixstatic.com\\\/media\\\/0943e1_cc5a700eb5ba40d1934fa84ad41b1978~mv2.jpg\\\/v1\\\/fill\\\/w_949,h_913,al_c,q_85,usm_0.66_1.00_0.01,enc_avif,quality_auto\\\/0943e1_cc5a700eb5ba40d1934fa84ad41b1978~mv2.jpg\",\"eix_comercial_id\":\"14\",\"tipo_comida_id\":\"15\",\"rango_precios\":\"15-30\",\"tipo_establecimiento_id\":\"1\",\"prioridad_vision\":\"0\",\"nombre_eix_comercial\":\"Barcelona - Nou Eixample\",\"nombre_tipo_comida\":\"Comida China\"},{\"restaurante_id\":\"204\",\"nombre_restaurante\":\"Alsur Caf\\u00e9 Lluria\",\"latitud\":\"41.391066\",\"longitud\":\"2.171365\",\"direccion\":\"Carrer de Roger de Ll\\u00faria 23, Barcelona\",\"telefono\":\"936241577\",\"pagina_web\":\"http:\\\/\\\/www.alsurcafe.com\",\"tipo_comida_outlist\":\"\",\"descripcion_oferta\":\"Men\\u00fa del d\\u00eda (lunes a Viernes\\\/de 8 a 22h) 13\\u20ac \\\/ 2 cervezas y una tapa 5\\u20ac \\\/ 1 Coctel y una tapa 6\\u20ac.\",\"precio_oferta\":\"0.00\",\"enlace_oferta\":\"\",\"imagen_oferta\":\"https:\\\/\\\/www.alsurcafe.com\\\/assets\\\/161631181_120196760071088_42331555942338248_n_compressed.jpg?3\",\"eix_comercial_id\":\"3\",\"tipo_comida_id\":\"14\",\"rango_precios\":\"15-30\",\"tipo_establecimiento_id\":\"1\",\"prioridad_vision\":\"0\",\"nombre_eix_comercial\":\"Barcelona - Cor Eixample\",\"nombre_tipo_comida\":\"Comida Americana\"},{\"restaurante_id\":\"203\",\"nombre_restaurante\":\"Alsur Caf\\u00e9\",\"latitud\":\"41.386335\",\"longitud\":\"2.185559\",\"direccion\":\"Carrer de la Ribera 18\",\"telefono\":\"937977172\",\"pagina_web\":\"http:\\\/\\\/www.alsurcafe.com\",\"tipo_comida_outlist\":\"\",\"descripcion_oferta\":\"Men\\u00fa del d\\u00eda (lunes a Viernes\\\/de 8 a 22h) 13\\u20ac \\\/ 2 cervezas y una tapa 5\\u20ac \\\/ 1 Coctel y una tapa 6\\u20ac.\",\"precio_oferta\":\"0.00\",\"enlace_oferta\":\"\",\"imagen_oferta\":\"https:\\\/\\\/www.alsurcafe.com\\\/assets\\\/161631181_120196760071088_42331555942338248_n_compressed.jpg?3\",\"eix_comercial_id\":\"24\",\"tipo_comida_id\":\"14\",\"rango_precios\":\"15-30\",\"tipo_establecimiento_id\":\"1\",\"prioridad_vision\":\"0\",\"nombre_eix_comercial\":\"Barcelona - Ciutat Vella\",\"nombre_tipo_comida\":\"Comida Americana\"},{\"restaurante_id\":\"202\",\"nombre_restaurante\":\"El MAGRANER BOIG\",\"latitud\":\"41.379294\",\"longitud\":\"2.170833\",\"direccion\":\"Carrer d\\\\\\\\\\\\\\\\\\\\\\\\\\\\'en Robador 22, Barcelona\",\"telefono\":\"930118605\",\"pagina_web\":\"https:\\\/\\\/www.elmagranerboig.com\\\/\",\"tipo_comida_outlist\":\"\",\"descripcion_oferta\":\"Esta semana, los grupos de 12 personas o m\\u00e1s disfrutan una experiencia griega en el coraz\\u00f3n del Raval por solo 20 \\u20ac por persona. Comparte tu visita con @elmagraneRboig y #PicElMagranerBoig y participa en el sorteo de una cena para dos personas (solo mes de octubre).\",\"precio_oferta\":\"20.00\",\"enlace_oferta\":\"\",\"imagen_oferta\":\"https:\\\/\\\/foodieblackweek.com\\\/barcelona\\\/wp-content\\\/uploads\\\/ImagenesClientes\\\/2025\\\/10\\\/MAGRANER_CONCURSOOK3.jpg\",\"eix_comercial_id\":\"22\",\"tipo_comida_id\":\"8\",\"rango_precios\":\"15-30\",\"tipo_establecimiento_id\":\"1\",\"prioridad_vision\":\"0\",\"nombre_eix_comercial\":\"Barcelona - Raval\",\"nombre_tipo_comida\":\"Comida Griega\"},{\"restaurante_id\":\"200\",\"nombre_restaurante\":\"Trastero Bar\",\"latitud\":\"41.400849\",\"longitud\":\"2.174878\",\"direccion\":\"Av. Diagonal, 330, bajo, Eixample, 08013 Barcelona\",\"telefono\":\"675640981\",\"pagina_web\":\"https:\\\/\\\/www.instagram.com\\\/trastero.bar\\\/\",\"tipo_comida_outlist\":\"\",\"descripcion_oferta\":\"Por la compra de dos mojitos, te regalamos unas patatas bravas.\",\"precio_oferta\":\"0.00\",\"enlace_oferta\":\"\",\"imagen_oferta\":\"https:\\\/\\\/foodieblackweek.com\\\/barcelona\\\/wp-content\\\/uploads\\\/ImagenesClientes\\\/2025\\\/10\\\/b16f4c86-ecac-4cdb-907e-8a0266093020-1.jpeg\",\"eix_comercial_id\":\"17\",\"tipo_comida_id\":\"17\",\"rango_precios\":\"15-30\",\"tipo_establecimiento_id\":\"1\",\"prioridad_vision\":\"0\",\"nombre_eix_comercial\":\"Barcelona - Sagrada Fam\\u00edlia\",\"nombre_tipo_comida\":\"Comida Espa\\u00f1ola\"},{\"restaurante_id\":\"198\",\"nombre_restaurante\":\"GUR\\u00cd\",\"latitud\":\"41.378007\",\"longitud\":\"2.14341\",\"direccion\":\"Carrer del Rector Triad\\u00f3, 72, Sants-Montju\\u00efc, 08014 Barcelona\",\"telefono\":\"934 177 440\",\"pagina_web\":\"http:\\\/\\\/gurirestaurante.com\",\"tipo_comida_outlist\":\"\",\"descripcion_oferta\":\"Disfruta de todos nuestros men\\u00fas degustaci\\u00f3n con una copa de cava de bienvenida incluida.\",\"precio_oferta\":\"0.00\",\"enlace_oferta\":\"\",\"imagen_oferta\":\"https:\\\/\\\/gurirestaurante.com\\\/wp-content\\\/uploads\\\/2025\\\/10\\\/Restaurante-Guri_-nuestra-cocina.jpg\",\"eix_comercial_id\":\"1\",\"tipo_comida_id\":\"33\",\"rango_precios\":\"60\",\"tipo_establecimiento_id\":\"1\",\"prioridad_vision\":\"0\",\"nombre_eix_comercial\":\"Barcelona - Sants\",\"nombre_tipo_comida\":\"Fusi\\u00f3n\"},{\"restaurante_id\":\"197\",\"nombre_restaurante\":\"Candela Gastro Bar\",\"latitud\":\"41.390399\",\"longitud\":\"2.178745\",\"direccion\":\"Plaza de Sant Pere 12\",\"telefono\":\"932683624\",\"pagina_web\":\"http:\\\/\\\/www.candelagastrobar.es\",\"tipo_comida_outlist\":\"\",\"descripcion_oferta\":\"OFERTA 1 Men\\u00fa Degustaci\\u00f3n el 1er en Barcelona \\r\\n14 pasos por 49 \\u20ac:\\r\\nUna experiencia sensorial guiada por nuestros chefs Kevin Giurfa y Gary Salvador, con el ADN del Per\\u00fa m\\u00e1s profundo.\\r\\n\\r\\n2. PROMO EN BARRA \\u2013 \\u201cDOBLE PASI\\u00d3N\\u201d\\r\\n\\r\\nPide un Pisco Sour y el segundo es cortes\\u00eda de la casa.\\r\\nV\\u00e1lido de lunes a jueves en barra.\\r\\nUna forma perfecta de descubrir nuestros piscos macerados.\",\"precio_oferta\":\"49.00\",\"enlace_oferta\":\"\",\"imagen_oferta\":\"https:\\\/\\\/foodieblackweek.com\\\/barcelona\\\/wp-content\\\/uploads\\\/ImagenesClientes\\\/2025\\\/10\\\/2CD40A4B-1F1A-4896-8F23-E9C4793995DA.png\",\"eix_comercial_id\":\"24\",\"tipo_comida_id\":\"12\",\"rango_precios\":\"30-60\",\"tipo_establecimiento_id\":\"1\",\"prioridad_vision\":\"0\",\"nombre_eix_comercial\":\"Barcelona - Ciutat Vella\",\"nombre_tipo_comida\":\"Comida Peruana\"},{\"restaurante_id\":\"196\",\"nombre_restaurante\":\"Mr.DaWalter\",\"latitud\":\"41.382617\",\"longitud\":\"2.136151\",\"direccion\":\"Carrer dels Comtes de Bell-Lloc, 154, Les Corts, 08014 Barcelona\",\"telefono\":\"931091378\",\"pagina_web\":\"https:\\\/\\\/www.instagram.com\\\/mr.dawalter\\\/?hl=es\",\"tipo_comida_outlist\":\"\",\"descripcion_oferta\":\"Ofrecer\\u00edamos: toda nuestra secci\\u00f3n \\u201cpara compartir\\u201d a un 30% de descuento.\",\"precio_oferta\":\"0.00\",\"enlace_oferta\":\"\",\"imagen_oferta\":\"https:\\\/\\\/foodieblackweek.com\\\/barcelona\\\/wp-content\\\/uploads\\\/ImagenesClientes\\\/2025\\\/10\\\/IMG_4136.jpeg\",\"eix_comercial_id\":\"1\",\"tipo_comida_id\":\"22\",\"rango_precios\":\"15-30\",\"tipo_establecimiento_id\":\"1\",\"prioridad_vision\":\"0\",\"nombre_eix_comercial\":\"Barcelona - Sants\",\"nombre_tipo_comida\":\"Comida Venezolana\"},{\"restaurante_id\":\"195\",\"nombre_restaurante\":\"F\\u00e0brica Moritz Barcelona\",\"latitud\":\"41.382802\",\"longitud\":\"2.163416\",\"direccion\":\"Rda. de Sant Antoni, 41, L\\\\'Eixample, 08011 Barcelona\",\"telefono\":\"934260050\",\"pagina_web\":\"http:\\\/\\\/www.fabricamoritzbarcelona.com\",\"tipo_comida_outlist\":\"\",\"descripcion_oferta\":\"Dos ca\\u00f1as de Moritz 7 y unas bravas.\",\"precio_oferta\":\"5.30\",\"enlace_oferta\":\"\",\"imagen_oferta\":\"https:\\\/\\\/foodieblackweek.com\\\/barcelona\\\/wp-content\\\/uploads\\\/ImagenesClientes\\\/2025\\\/10\\\/Bravas_FMB.jpg\",\"eix_comercial_id\":\"18\",\"tipo_comida_id\":\"30\",\"rango_precios\":\"15-30\",\"tipo_establecimiento_id\":\"1\",\"prioridad_vision\":\"0\",\"nombre_eix_comercial\":\"Barcelona - Sant Antoni\",\"nombre_tipo_comida\":\"Tapas\"},{\"restaurante_id\":\"194\",\"nombre_restaurante\":\"DON MARTIN\",\"latitud\":\"41.452696\",\"longitud\":\"2.208305\",\"direccion\":\"Carrer Josep Anselm Clav\\u00e9, 1\",\"telefono\":\"601762243\",\"pagina_web\":\"https:\\\/\\\/www.donmartin.restaurant\\\/ca\\\/\",\"tipo_comida_outlist\":\"\",\"descripcion_oferta\":\"Disfruta de nuestros mejores platos, con segundo a elegir, postre casero y bebida incluida (Vi\\u00f1a Pomal Rioja Crianza, Cerveza Moritz o Verdejo). Incluye nuestra exclusiva Freyaard CHOCO.\",\"precio_oferta\":\"40.00\",\"enlace_oferta\":\"\",\"imagen_oferta\":\"https:\\\/\\\/foodieblackweek.com\\\/barcelona\\\/wp-content\\\/uploads\\\/ImagenesClientes\\\/2025\\\/10\\\/Don-Martin-Logo.jpeg\",\"eix_comercial_id\":\"55\",\"tipo_comida_id\":\"23\",\"rango_precios\":\"30-60\",\"tipo_establecimiento_id\":\"1\",\"prioridad_vision\":\"0\",\"nombre_eix_comercial\":\"Santa Coloma de Gramenet\",\"nombre_tipo_comida\":\"Comida Mediterr\\u00e1nea\"},{\"restaurante_id\":\"193\",\"nombre_restaurante\":\"X\\u00d2CALA\",\"latitud\":\"41.45194\",\"longitud\":\"2.20831\",\"direccion\":\"Pla\\u00e7a de la Vila 4, Santa Coloma de Gramenet\",\"telefono\":\"601762243\",\"pagina_web\":\"https:\\\/\\\/xocalasantacoloma.com\\\/ca\\\/\",\"tipo_comida_outlist\":\"\",\"descripcion_oferta\":\"Disfruta de una deliciosa milanesa crujiente acompa\\u00f1ada de bebida incluida: elige entre vino, cerveza Moritz, refresco o agua.\",\"precio_oferta\":\"15.00\",\"enlace_oferta\":\"\",\"imagen_oferta\":\"https:\\\/\\\/foodieblackweek.com\\\/barcelona\\\/wp-content\\\/uploads\\\/ImagenesClientes\\\/2025\\\/10\\\/logos-xocala-2-4_page-0001.jpg\",\"eix_comercial_id\":\"55\",\"tipo_comida_id\":\"23\",\"rango_precios\":\"15-30\",\"tipo_establecimiento_id\":\"1\",\"prioridad_vision\":\"0\",\"nombre_eix_comercial\":\"Santa Coloma de Gramenet\",\"nombre_tipo_comida\":\"Comida Mediterr\\u00e1nea\"},{\"restaurante_id\":\"192\",\"nombre_restaurante\":\"Manda Huevos\",\"latitud\":\"41.386512\",\"longitud\":\"2.133951\",\"direccion\":\"Travesera de les corts 277\",\"telefono\":\"683231106\",\"pagina_web\":\"https:\\\/\\\/www.mandahuev0s.com\",\"tipo_comida_outlist\":\"\",\"descripcion_oferta\":\"Tortilla del mes de octubre:\\r\\nTortilla de patata con chistorras a la sidra + Gilda tradicional ahumada.\",\"precio_oferta\":\"12.00\",\"enlace_oferta\":\"\",\"imagen_oferta\":\"https:\\\/\\\/foodieblackweek.com\\\/barcelona\\\/wp-content\\\/uploads\\\/ImagenesClientes\\\/2025\\\/10\\\/IMG_8921.jpeg\",\"eix_comercial_id\":\"7\",\"tipo_comida_id\":\"17\",\"rango_precios\":\"15-30\",\"tipo_establecimiento_id\":\"1\",\"prioridad_vision\":\"0\",\"nombre_eix_comercial\":\"Barcelona - Les Corts\",\"nombre_tipo_comida\":\"Comida Espa\\u00f1ola\"},{\"restaurante_id\":\"191\",\"nombre_restaurante\":\"LA MAFIA MEXICANA\",\"latitud\":\"41.388187\",\"longitud\":\"2.151144\",\"direccion\":\"Carrer del Comte d\\\\'Urgell, 196, L\\\\'Eixample, 08036 Barcelona\",\"telefono\":\"677985308\",\"pagina_web\":\"http:\\\/\\\/Www.grupolamafia.com\",\"tipo_comida_outlist\":\"\",\"descripcion_oferta\":\"Oferta 1: 25 \\u20ac PAX - 1 Quesabirria Plato estrella \\u2b50 - 1 Taco Gobernador - 1 Croqueta de Birria - 1 Taco de Carnitas - 1 Torrija - 1 bebida entre agua, refrescos, copa de cerveza o copa de vino. Oferta2: Degustaci\\u00f3n de Margaritas Frosen 2x1 - Lima - Fresa - Mango - Maracuy\\u00e1 - Pi\\u00f1a - Tamarindo O Cocktail de Pi\\u00f1a Colada.\",\"precio_oferta\":\"0.00\",\"enlace_oferta\":\"\",\"imagen_oferta\":\"https:\\\/\\\/foodieblackweek.com\\\/barcelona\\\/wp-content\\\/uploads\\\/2025\\\/10\\\/mafiaMexicana-250x300.png\",\"eix_comercial_id\":\"3\",\"tipo_comida_id\":\"37\",\"rango_precios\":\"15-30\",\"tipo_establecimiento_id\":\"1\",\"prioridad_vision\":\"0\",\"nombre_eix_comercial\":\"Barcelona - Cor Eixample\",\"nombre_tipo_comida\":\"Otras\"},{\"restaurante_id\":\"186\",\"nombre_restaurante\":\"Restaunt german\\\\\\\\\\\\\\\\\\\\\\\\\\\\'s\",\"latitud\":\"41.451626\",\"longitud\":\"2.219742\",\"direccion\":\"Carrer Moss\\u00e8n Jacint Verdaguer, 172, 08923 Santa Coloma de Gramenet, Barcelona\",\"telefono\":\"933923305\",\"pagina_web\":\"https:\\\/\\\/www.facebook.com\\\/restaurantgermans\\\/\",\"tipo_comida_outlist\":\"\",\"descripcion_oferta\":\"Timbal de aguacate,fresas,salm\\u00f3n con vinagreta de aceite de oliva y miel.\\r\\nCostillar a la miel baja temperatura con camita de verduritas crujientes.\\r\\nFlan de queso casero.\\r\\nNosotros somos un restaurante de comercio de proximidad tambi\\u00e9n dispondremos de sugerencias del d\\u00eda.\",\"precio_oferta\":\"17.50\",\"enlace_oferta\":\"\",\"imagen_oferta\":\"https:\\\/\\\/foodieblackweek.com\\\/barcelona\\\/wp-content\\\/uploads\\\/ImagenesClientes\\\/2025\\\/10\\\/IMG-20251002-WA0001.jpg\",\"eix_comercial_id\":\"55\",\"tipo_comida_id\":\"28\",\"rango_precios\":\"15-30\",\"tipo_establecimiento_id\":\"1\",\"prioridad_vision\":\"0\",\"nombre_eix_comercial\":\"Santa Coloma de Gramenet\",\"nombre_tipo_comida\":\"Gourmet\"},{\"restaurante_id\":\"185\",\"nombre_restaurante\":\"BAR EMBARCADERO\",\"latitud\":\"41.437693\",\"longitud\":\"2.238946\",\"direccion\":\"Calle pi i maragall 25\",\"telefono\":\"634786278\",\"pagina_web\":\"https:\\\/\\\/www.instagram.com\\\/embarcadero.bdn\\\/\",\"tipo_comida_outlist\":\"\",\"descripcion_oferta\":\"2 copas + Bravas.\",\"precio_oferta\":\"9.00\",\"enlace_oferta\":\"\",\"imagen_oferta\":\"https:\\\/\\\/cdn.website.dish.co\\\/media\\\/51\\\/9a\\\/5899987\\\/LA-MARINA-DE-BADALONA-2-jfif.jpg\",\"eix_comercial_id\":\"25\",\"tipo_comida_id\":\"30\",\"rango_precios\":\"15-30\",\"tipo_establecimiento_id\":\"1\",\"prioridad_vision\":\"0\",\"nombre_eix_comercial\":\"Badalona\",\"nombre_tipo_comida\":\"Tapas\"},{\"restaurante_id\":\"184\",\"nombre_restaurante\":\"Pocaxsolta\",\"latitud\":\"41.38544\",\"longitud\":\"2.173917\",\"direccion\":\"Carrer de Duran i Bas 3, Barcelona\",\"telefono\":\"622451066\",\"pagina_web\":\"https:\\\/\\\/pocaxsolta.com\\\/\",\"tipo_comida_outlist\":\"\",\"descripcion_oferta\":\"Bianco Spritz.\",\"precio_oferta\":\"7.00\",\"enlace_oferta\":\"\",\"imagen_oferta\":\"https:\\\/\\\/foodieblackweek.com\\\/barcelona\\\/wp-content\\\/uploads\\\/ImagenesClientes\\\/2025\\\/10\\\/bianco-spritz-1.png\",\"eix_comercial_id\":\"23\",\"tipo_comida_id\":\"24\",\"rango_precios\":\"15-30\",\"tipo_establecimiento_id\":\"1\",\"prioridad_vision\":\"0\",\"nombre_eix_comercial\":\"Barcelona - Gotic\",\"nombre_tipo_comida\":\"Pizzer\\u00eda\"},{\"restaurante_id\":\"183\",\"nombre_restaurante\":\"GLACIAR\",\"latitud\":\"41.380386\",\"longitud\":\"2.174457\",\"direccion\":\"Pla\\u00e7a Reial 3, Ciutat Vella, 08002 Barcelona\",\"telefono\":\"622451066\",\"pagina_web\":\"http:\\\/\\\/www.glaciar.com\",\"tipo_comida_outlist\":\"\",\"descripcion_oferta\":\"Bianco Spritz.\",\"precio_oferta\":\"7.00\",\"enlace_oferta\":\"\",\"imagen_oferta\":\"https:\\\/\\\/foodieblackweek.com\\\/barcelona\\\/wp-content\\\/uploads\\\/ImagenesClientes\\\/2025\\\/10\\\/bianco-spritz.png\",\"eix_comercial_id\":\"23\",\"tipo_comida_id\":\"16\",\"rango_precios\":\"30-60\",\"tipo_establecimiento_id\":\"1\",\"prioridad_vision\":\"0\",\"nombre_eix_comercial\":\"Barcelona - Gotic\",\"nombre_tipo_comida\":\"Comida Catalana\"},{\"restaurante_id\":\"182\",\"nombre_restaurante\":\"LA XIMENA\",\"latitud\":\"41.452306\",\"longitud\":\"2.208739\",\"direccion\":\"Carrer\\u00f3 de la Pla\\u00e7a 5, Santa Coloma de Gramenet\",\"telefono\":\"696157387\",\"pagina_web\":\"https:\\\/\\\/laximenasantacoloma.com\\\/ca\\\/\",\"tipo_comida_outlist\":\"\",\"descripcion_oferta\":\"Disfruta nuestro Burrito Sonora con un delicioso c\\u00f3ctel Margarita. Si lo prefieres, puedes cambiar la bebida por cerveza Moritz, refresco o agua.\",\"precio_oferta\":\"13.90\",\"enlace_oferta\":\"\",\"imagen_oferta\":\"https:\\\/\\\/foodieblackweek.com\\\/barcelona\\\/wp-content\\\/uploads\\\/2025\\\/10\\\/laXimena-286x300.png\",\"eix_comercial_id\":\"55\",\"tipo_comida_id\":\"4\",\"rango_precios\":\"30-60\",\"tipo_establecimiento_id\":\"1\",\"prioridad_vision\":\"0\",\"nombre_eix_comercial\":\"Santa Coloma de Gramenet\",\"nombre_tipo_comida\":\"Comida Mexicana\"},{\"restaurante_id\":\"181\",\"nombre_restaurante\":\"Mi\\u00f1o Restaurant\",\"latitud\":\"41.382552\",\"longitud\":\"2.170695\",\"direccion\":\"Carrer del Carme, 19, Ciutat Vella, 08001 Barcelona\",\"telefono\":\"934123756\",\"pagina_web\":\"http:\\\/\\\/Minorestaurant.es\",\"tipo_comida_outlist\":\"\",\"descripcion_oferta\":\"Selecci\\u00f3n de Spritzs ( Fiero, Saint Germain, Ambratto). 3x2\\r\\n10% Descuento en toda la carta de comida.\",\"precio_oferta\":\"0.00\",\"enlace_oferta\":\"\",\"imagen_oferta\":\"https:\\\/\\\/foodie.deostudio.com\\\/wp-content\\\/uploads\\\/2024\\\/05\\\/foodie-giny-transparente.gif\",\"eix_comercial_id\":\"22\",\"tipo_comida_id\":\"23\",\"rango_precios\":\"30-60\",\"tipo_establecimiento_id\":\"1\",\"prioridad_vision\":\"0\",\"nombre_eix_comercial\":\"Barcelona - Raval\",\"nombre_tipo_comida\":\"Comida Mediterr\\u00e1nea\"},{\"restaurante_id\":\"180\",\"nombre_restaurante\":\"Mas Food Lovers\",\"latitud\":\"41.389375\",\"longitud\":\"2.133711\",\"direccion\":\"Avinguda Diagonal 557, Barcelona\",\"telefono\":\"673626116\",\"pagina_web\":\"http:\\\/\\\/www.masfoodlovers.com\",\"tipo_comida_outlist\":\"\",\"descripcion_oferta\":\"Coca ib\\u00e9rica con trufa + 2 bebidas.\",\"precio_oferta\":\"14.90\",\"enlace_oferta\":\"\",\"imagen_oferta\":\"https:\\\/\\\/foodieblackweek.com\\\/barcelona\\\/wp-content\\\/uploads\\\/ImagenesClientes\\\/2025\\\/10\\\/coca-pernil.jpeg\",\"eix_comercial_id\":\"7\",\"tipo_comida_id\":\"28\",\"rango_precios\":\"15-30\",\"tipo_establecimiento_id\":\"1\",\"prioridad_vision\":\"0\",\"nombre_eix_comercial\":\"Barcelona - Les Corts\",\"nombre_tipo_comida\":\"Gourmet\"},{\"restaurante_id\":\"179\",\"nombre_restaurante\":\"Keanu Izakaya Bar\",\"latitud\":\"41.394507\",\"longitud\":\"2.154203\",\"direccion\":\"Carrer de Par\\u00eds 209, Barcelona\",\"telefono\":\"614172221\",\"pagina_web\":\"http:\\\/\\\/keanubar.com\",\"tipo_comida_outlist\":\"\",\"descripcion_oferta\":\"Keanu Roll Salm\\u00f3n 4uds.\\r\\nHotate roll de vieira 4uds.\\r\\nNigiris de salm\\u00f3n ,salm\\u00f3n aburi, lubina y anguila.\\r\\nCoctel Keanu Picante (tequila Patr\\u00f3n Silver, Ancho Reyes, Lima, Cordial de cilantro, agave y chili).\",\"precio_oferta\":\"22.00\",\"enlace_oferta\":\"\",\"imagen_oferta\":\"https:\\\/\\\/foodieblackweek.com\\\/barcelona\\\/wp-content\\\/uploads\\\/ImagenesClientes\\\/2025\\\/09\\\/Screenshot-2025-09-30-at-20.24.39.png\",\"eix_comercial_id\":\"3\",\"tipo_comida_id\":\"5\",\"rango_precios\":\"30-60\",\"tipo_establecimiento_id\":\"1\",\"prioridad_vision\":\"0\",\"nombre_eix_comercial\":\"Barcelona - Cor Eixample\",\"nombre_tipo_comida\":\"Comida Japonesa\"},{\"restaurante_id\":\"177\",\"nombre_restaurante\":\"id\\u00edl\\u00b7lic restaurant\",\"latitud\":\"41.452273\",\"longitud\":\"2.21029\",\"direccion\":\"Passeig de Jaume Gordi, 4, 08921 Santa Coloma de Gramenet, Barcelona\",\"telefono\":\"933869802\",\"pagina_web\":\"http:\\\/\\\/idillic.restaurant\",\"tipo_comida_outlist\":\"\",\"descripcion_oferta\":\"Gaudeix d\\\\'un 10% de descompte al nostre men\\u00fa Degustaci\\u00f3.\",\"precio_oferta\":\"0.00\",\"enlace_oferta\":\"\",\"imagen_oferta\":\"https:\\\/\\\/foodieblackweek.com\\\/barcelona\\\/wp-content\\\/uploads\\\/ImagenesClientes\\\/2025\\\/09\\\/14_IDILLIC_MSA_5482.jpg\",\"eix_comercial_id\":\"55\",\"tipo_comida_id\":\"23\",\"rango_precios\":\"15-30\",\"tipo_establecimiento_id\":\"1\",\"prioridad_vision\":\"0\",\"nombre_eix_comercial\":\"Santa Coloma de Gramenet\",\"nombre_tipo_comida\":\"Comida Mediterr\\u00e1nea\"},{\"restaurante_id\":\"176\",\"nombre_restaurante\":\"Nara restaurant\",\"latitud\":\"41.452101\",\"longitud\":\"2.210168\",\"direccion\":\"Passeig del Mossen Jaume Gordi 4, Santa Coloma de Gramenet\",\"telefono\":\"933852010\",\"pagina_web\":\"https:\\\/\\\/t.mtrbio.com\\\/nara-restaurant\",\"tipo_comida_outlist\":\"\",\"descripcion_oferta\":\"Gaudeix del nostre men\\u00fa Hola, Sushi!!! amb un descompte del 10%.\",\"precio_oferta\":\"25.20\",\"enlace_oferta\":\"\",\"imagen_oferta\":\"https:\\\/\\\/static.metricool.com\\\/common\\\/202505\\\/1932826-mtr_8491983628366654007-thumbnail.jpg\",\"eix_comercial_id\":\"55\",\"tipo_comida_id\":\"5\",\"rango_precios\":\"15-30\",\"tipo_establecimiento_id\":\"1\",\"prioridad_vision\":\"0\",\"nombre_eix_comercial\":\"Santa Coloma de Gramenet\",\"nombre_tipo_comida\":\"Comida Japonesa\"},{\"restaurante_id\":\"175\",\"nombre_restaurante\":\"superclassic\",\"latitud\":\"41.381865\",\"longitud\":\"2.169909\",\"direccion\":\"Carrer Floristes de la Rambla, Barcelona\",\"telefono\":\"933212375\",\"pagina_web\":\"https:\\\/\\\/www.thefork.es\\\/restaurante\\\/superclassic-r814521#booking=\",\"tipo_comida_outlist\":\"\",\"descripcion_oferta\":\"2 cocteles de carta.\",\"precio_oferta\":\"10.00\",\"enlace_oferta\":\"\",\"imagen_oferta\":\"https:\\\/\\\/foodieblackweek.com\\\/barcelona\\\/wp-content\\\/uploads\\\/2025\\\/10\\\/superclassic.png\",\"eix_comercial_id\":\"24\",\"tipo_comida_id\":\"17\",\"rango_precios\":\"15-30\",\"tipo_establecimiento_id\":\"1\",\"prioridad_vision\":\"0\",\"nombre_eix_comercial\":\"Barcelona - Ciutat Vella\",\"nombre_tipo_comida\":\"Comida Espa\\u00f1ola\"},{\"restaurante_id\":\"173\",\"nombre_restaurante\":\"La Cuina de La Loli\",\"latitud\":\"41.450751\",\"longitud\":\"2.217594\",\"direccion\":\"Carrer Dalmau 16, Santa Coloma de Gramenet\",\"telefono\":\"636486105\",\"pagina_web\":\"https:\\\/\\\/lacuinadelaloli.es\\\/\",\"tipo_comida_outlist\":\"\",\"descripcion_oferta\":\"S\\u00e1bado noche . Men\\u00fa pica-pica: Ensalada de langostinos crujientes con salsa Xat\\u00f3, Plato de paletilla ib\\u00e9rica con pan de coca con tomate, Patatas bravas, Calamar de anzuelo a la andaluza, Almejas gallegas a la marinera. Postre de la casa y Una bebida por persona: agua, refrescos, cerveza, copa de vino blanco, copa de vino tinto o copa de cava.\",\"precio_oferta\":\"28.00\",\"enlace_oferta\":\"\",\"imagen_oferta\":\"https:\\\/\\\/lacuinadelaloli.es\\\/wp-content\\\/uploads\\\/2024\\\/01\\\/PHOTO-2023-10-04-17-48-52-1536x864.jpg\",\"eix_comercial_id\":\"55\",\"tipo_comida_id\":\"23\",\"rango_precios\":\"15-30\",\"tipo_establecimiento_id\":\"1\",\"prioridad_vision\":\"0\",\"nombre_eix_comercial\":\"Santa Coloma de Gramenet\",\"nombre_tipo_comida\":\"Comida Mediterr\\u00e1nea\"},{\"restaurante_id\":\"171\",\"nombre_restaurante\":\"El Volador\",\"latitud\":\"41.399278\",\"longitud\":\"2.145487\",\"direccion\":\"Carrer Aribau 265\",\"telefono\":\"931161457\",\"pagina_web\":\"http:\\\/\\\/www.elvolador.es\",\"tipo_comida_outlist\":\"\",\"descripcion_oferta\":\"Un viaje gastron\\u00f3mico del sur al centro de M\\u00e9xico, donde abra un recorrido sensorial de tus sentidos ! Esta promoci\\u00f3n incluye cocteles margarita de cortes\\u00eda.\",\"precio_oferta\":\"45.00\",\"enlace_oferta\":\"\",\"imagen_oferta\":\"https:\\\/\\\/cdn.prod.website-files.com\\\/6369419874465b279d6db01e\\\/655f7ec535593682b818b8b2_tacos-carnitas.webp\",\"eix_comercial_id\":\"19\",\"tipo_comida_id\":\"4\",\"rango_precios\":\"30-60\",\"tipo_establecimiento_id\":\"1\",\"prioridad_vision\":\"0\",\"nombre_eix_comercial\":\"Barcelona - Sant Gervasi\",\"nombre_tipo_comida\":\"Comida Mexicana\"},{\"restaurante_id\":\"170\",\"nombre_restaurante\":\"Vi\\u00f1als1906\",\"latitud\":\"41.38968\",\"longitud\":\"2.135454\",\"direccion\":\"Av. Diagonal, 557, Les Corts, 08029 Barcelona\",\"telefono\":\"931582267\",\"pagina_web\":\"https:\\\/\\\/store.vinals1906.com\\\/restaurante\\\/\",\"tipo_comida_outlist\":\"\",\"descripcion_oferta\":\"Entrante de Bao de papada con mayonesa de kimchi. Para seguir un Chulet\\u00f3n de ternera de La Cerdanya con 20 d\\u00edas de maduraci\\u00f3n. Acaba con un Helado o Brownie de chocolate. Pan, agua y copa de vino.\",\"precio_oferta\":\"39.00\",\"enlace_oferta\":\"\",\"imagen_oferta\":\"https:\\\/\\\/www.vinals1906.com\\\/wp-content\\\/uploads\\\/2025\\\/09\\\/TBONE-V1906-4.jpg\",\"eix_comercial_id\":\"7\",\"tipo_comida_id\":\"26\",\"rango_precios\":\"30-60\",\"tipo_establecimiento_id\":\"1\",\"prioridad_vision\":\"0\",\"nombre_eix_comercial\":\"Barcelona - Les Corts\",\"nombre_tipo_comida\":\"Braser\\u00eda\"},{\"restaurante_id\":\"169\",\"nombre_restaurante\":\"Ahorita Vuelvo\",\"latitud\":\"41.403296\",\"longitud\":\"2.13399\",\"direccion\":\"Carrer de Mandri 34, Barcelona\",\"telefono\":\"610871861\",\"pagina_web\":\"http:\\\/\\\/www.ahoritavuelvo.com\",\"tipo_comida_outlist\":\"\",\"descripcion_oferta\":\"ENTRANTES: Tlayuda Ahorita Vuelvo (L.): Totopo King Size con cama de frijoles, queso gratinado, chorizo, crema de aguacate, nata agria, col, rabanitos, jalape\\u00f1o fresco, tomate verde y brotes de cilantro. Guacamole fresco (L.) \\ud83c\\udf36: Base de aguacate, cebolla, ajo, cilantro, tomate cherry y chile fresco. Palomitas (P. H. CG. )\\ud83c\\udf36: Camarones rebozados con crujiente de ma\\u00edz, acompa\\u00f1ados con salsa picosita de mango y chipotle. PRINCIPALES: Tacos al pastor: Cerdo marinado en adobo de chiles y especias, hecho al carb\\u00f3n con cebolla, cilantro y pi\\u00f1a. Tacos suadero: Deliciosa ternera confitada en su propia grasa con un toque de lim\\u00f3n, cilantro y cebolla. Tacos de arrachera con foie (L.) Tiras de arrachera de vacuno marinada y hecha al carb\\u00f3n acompa\\u00f1adas de exquisito foie. POSTRES: Pastel de elote (L. H. FS.): Ligero y esponjoso bizcocho de ma\\u00edz acompa\\u00f1ado de helado de almendra tostada. Churros (L. H. CG.): Churros calientes con salsa para ba\\u00f1ar a elegir entre chocolate blanco, chocolate con avellanas o dulce de leche.\",\"precio_oferta\":\"35.00\",\"enlace_oferta\":\"\",\"imagen_oferta\":\"https:\\\/\\\/foodie.deostudio.com\\\/wp-content\\\/uploads\\\/2024\\\/05\\\/foodie-giny-transparente.gif\",\"eix_comercial_id\":\"19\",\"tipo_comida_id\":\"4\",\"rango_precios\":\"15-30\",\"tipo_establecimiento_id\":\"1\",\"prioridad_vision\":\"0\",\"nombre_eix_comercial\":\"Barcelona - Sant Gervasi\",\"nombre_tipo_comida\":\"Comida Mexicana\"},{\"restaurante_id\":\"164\",\"nombre_restaurante\":\"Tapes Barcelona Restaurant\",\"latitud\":\"41.380986\",\"longitud\":\"2.180452\",\"direccion\":\"Carrer Ample 46, Barcelona\",\"telefono\":\"933152260\",\"pagina_web\":\"http:\\\/\\\/www.tapasbarcelona.es\",\"tipo_comida_outlist\":\"\",\"descripcion_oferta\":\"\\ud83d\\udd25 Men\\u00fa Hamburguesa Brasa \\ud83d\\udd25 \\ud83c\\udf54 Hamburguesa 100% vacuno a la brasa de piedras, con bacon crujiente y queso fundido \\ud83c\\udf5f Patatas caseras \\ud83e\\udd64 Bebida incluida \\ud83d\\udc49 Todo\",\"precio_oferta\":\"14.50\",\"enlace_oferta\":\"https:\\\/\\\/posts.gle\\\/jrNRSwpEzqpGzLAf7?g_st=ac\",\"imagen_oferta\":\"https:\\\/\\\/tapasbarcelona.es\\\/wp-content\\\/uploads\\\/2023\\\/12\\\/home4-info-box-image-3-c.jpg\",\"eix_comercial_id\":\"23\",\"tipo_comida_id\":\"17\",\"rango_precios\":\"15-30\",\"tipo_establecimiento_id\":\"1\",\"prioridad_vision\":\"0\",\"nombre_eix_comercial\":\"Barcelona - Gotic\",\"nombre_tipo_comida\":\"Comida Espa\\u00f1ola\"},{\"restaurante_id\":\"163\",\"nombre_restaurante\":\"MON VIET\",\"latitud\":\"41.379154\",\"longitud\":\"2.157327\",\"direccion\":\"Carrer Sep\\u00falveda, 94\",\"telefono\":\"931936079\",\"pagina_web\":\"http:\\\/\\\/www.monvietbcn.com\",\"tipo_comida_outlist\":\"\",\"descripcion_oferta\":\"LAS BRAVAS GANADORAS - Vi\\u00eat bravas ganadoras del Bravas Fest 2025 y panceta de cerdo caramelizada.\",\"precio_oferta\":\"17.50\",\"enlace_oferta\":\"\",\"imagen_oferta\":\"https:\\\/\\\/foodieblackweek.com\\\/barcelona\\\/wp-content\\\/uploads\\\/2025\\\/10\\\/bravas.png\",\"eix_comercial_id\":\"18\",\"tipo_comida_id\":\"13\",\"rango_precios\":\"15-30\",\"tipo_establecimiento_id\":\"1\",\"prioridad_vision\":\"0\",\"nombre_eix_comercial\":\"Barcelona - Sant Antoni\",\"nombre_tipo_comida\":\"Comida Vietnamita\"},{\"restaurante_id\":\"162\",\"nombre_restaurante\":\"EL TRIBUT\",\"latitud\":\"41.388639\",\"longitud\":\"2.201181\",\"direccion\":\"Moll de Gregal, Barcelona\",\"telefono\":\"696972178\",\"pagina_web\":\"http:\\\/\\\/www.eltribut.com\",\"tipo_comida_outlist\":\"\",\"descripcion_oferta\":\"MENU FOODIE BLACK WEEK. Semana del 27.10 AL 02.11. Aperitivo Entrantes a compartir (1rac. c\\\/4 personas): Montadito Matrimonio de boquer\\u00f3n fresco con crema de anchoas de la Escala y salsa romesco. Tiradito acevichado de cola de gamba langostinera con crema de aguacate. Bu\\u00f1uelos de bacalao con emulsi\\u00f3n de ajo negro. Burrata de La Puglia con boniato al horno, miel caliente, ralladura de lima, almendras tostadas y escamas de sal. Segundo (a elegir una opci\\u00f3n)* Arroz min. 2pax: Arroz con cola de gamba, mejillones y calamar con fumet de marisco (con gamba roja de costa de gran calibre +16,00 \\u20ac) o Arroz de El Tribut de butifarras esparracadas con perol gratinado, alioli de almendras y caldo de miso o Arroz de hortalizas con alcachofas confitadas, esp\\u00e1rragos verdes, bimi, maitake y caldo vegetal. Postre (a elegir una opci\\u00f3n): Flan de Dulce de Leche y crujiente de barquillo o Helado de El Tribut de avellanas, chocolate, tomillo y agua de mar. Bebidas incluidas: Aguas Minerales, 1 copa de vino por persona vinos Bodega El Tribut O 1 refresco o Zumo o Cerveza con o sin alcohol -- CONDICIONES \\u2022 VALIDO SEMANA DE 27.10.25 AL 02.11.25 (De lunes a viernes todo el d\\u00eda) \\u2022 Con reserva previa \\u2022 MEN\\u00da M\\u00cdNIMO PARA 2 PAX Y MESA COMPLETA.\",\"precio_oferta\":\"45.00\",\"enlace_oferta\":\"\",\"imagen_oferta\":\"https:\\\/\\\/eltribut.com\\\/wp-content\\\/uploads\\\/2024\\\/09\\\/eltribut-309.jpg\",\"eix_comercial_id\":\"20\",\"tipo_comida_id\":\"23\",\"rango_precios\":\"30-60\",\"tipo_establecimiento_id\":\"1\",\"prioridad_vision\":\"0\",\"nombre_eix_comercial\":\"Barcelona - Sant Mart\\u00ed\",\"nombre_tipo_comida\":\"Comida Mediterr\\u00e1nea\"},{\"restaurante_id\":\"151\",\"nombre_restaurante\":\"My Way\",\"latitud\":\"41.38088\",\"longitud\":\"2.175429\",\"direccion\":\"Carrer de les Heures 4-10, Barcelona\",\"telefono\":\"934125279\",\"pagina_web\":\"https:\\\/\\\/restaurantemyway.com\\\/es\",\"tipo_comida_outlist\":\"\",\"descripcion_oferta\":\"Un men\\u00fa que lo tiene todo. Entrante, paella o lenguado + postre + bebida y para disfrutar un c\\u00f3ctel de autor (3 opciones a elegir). Bacard\\u00ed Mojito, Porn Star Martini \\u00f3 Pi\\u00f1a colada sin alcohol. Sabores mediterr\\u00e1neos y una experiencia con estilo.\",\"precio_oferta\":\"26.50\",\"enlace_oferta\":\"\",\"imagen_oferta\":\"https:\\\/\\\/foodieblackweek.com\\\/barcelona\\\/wp-content\\\/uploads\\\/ImagenesClientes\\\/2025\\\/09\\\/15-MyWay_Interiors_03-2024_by_WitekPhotography.jpg\",\"eix_comercial_id\":\"23\",\"tipo_comida_id\":\"23\",\"rango_precios\":\"15-30\",\"tipo_establecimiento_id\":\"1\",\"prioridad_vision\":\"0\",\"nombre_eix_comercial\":\"Barcelona - Gotic\",\"nombre_tipo_comida\":\"Comida Mediterr\\u00e1nea\"},{\"restaurante_id\":\"147\",\"nombre_restaurante\":\"Rossini\",\"latitud\":\"41.379902\",\"longitud\":\"2.175852\",\"direccion\":\"Pl. Reial, 13, 08002 Barcelona\",\"telefono\":\"933435809\",\"pagina_web\":\"https:\\\/\\\/restauranterossini.com\\\/es\",\"tipo_comida_outlist\":\"\",\"descripcion_oferta\":\"Celebra la Foodie Black Week con nuestro men\\u00fa especial: Pizza o Pasta + Postre + Bebida !Y SI, EL COCTEL VA INCLUIDO! 3 opciones a elegir: Bacard\\u00ed Mojito, Martini Fiero Spritz \\u00f3 San Francisco (sin alcohol). Men\\u00fa con previa reserva comentando #FoodieBlackWeek y sujeto a disponibilidad.\",\"precio_oferta\":\"19.90\",\"enlace_oferta\":\"\",\"imagen_oferta\":\"https:\\\/\\\/restauranterossini.com\\\/assets\\\/home\\\/home-01.webp\",\"eix_comercial_id\":\"23\",\"tipo_comida_id\":\"3\",\"rango_precios\":\"15-30\",\"tipo_establecimiento_id\":\"1\",\"prioridad_vision\":\"0\",\"nombre_eix_comercial\":\"Barcelona - Gotic\",\"nombre_tipo_comida\":\"Comida Italiana\"},{\"restaurante_id\":\"144\",\"nombre_restaurante\":\"Gilda by Belgious\",\"latitud\":\"41.38094\",\"longitud\":\"2.180228\",\"direccion\":\"Carrer Ample, 34-38, Ciutat Vella, 08002 Barcelona\",\"telefono\":\"933103492\",\"pagina_web\":\"https:\\\/\\\/gildabybelgious.com\\\/\",\"tipo_comida_outlist\":\"\",\"descripcion_oferta\":\"2 ca\\u00f1itas de cerveza Belga V E D E T T \\u00a1gratis! Por la consumici\\u00f3n de unas bravas Gilda! #TapaBrava #GildabyBelgious.\",\"precio_oferta\":\"7.60\",\"enlace_oferta\":\"\",\"imagen_oferta\":\"https:\\\/\\\/gildabybelgious.com\\\/wp-content\\\/uploads\\\/2024\\\/02\\\/Captura-de-pantalla-2024-02-14-164910-1.png\",\"eix_comercial_id\":\"23\",\"tipo_comida_id\":\"17\",\"rango_precios\":\"30-60\",\"tipo_establecimiento_id\":\"1\",\"prioridad_vision\":\"0\",\"nombre_eix_comercial\":\"Barcelona - Gotic\",\"nombre_tipo_comida\":\"Comida Espa\\u00f1ola\"},{\"restaurante_id\":\"143\",\"nombre_restaurante\":\"La Burguesa (fleming)\",\"latitud\":\"41.395035\",\"longitud\":\"2.134294\",\"direccion\":\"C. del Dr. Fleming, 25, Local 5, Distrito de Sarri\\u00e0-Sant Gervasi, 08017 Barcelona\",\"telefono\":\"937441001\",\"pagina_web\":\"https:\\\/\\\/www.laburguesa.es\\\/\",\"tipo_comida_outlist\":\"\",\"descripcion_oferta\":\"Hamburguesa Smokey (doble smash burger con cheddar, bacon ahumado, aros de cebolla y nuestra smokey mayo) acompa\\u00f1ado con patatas fritas caseras y refresco. \\u00a1Nuestro bestseller en versi\\u00f3n completa!\",\"precio_oferta\":\"16.00\",\"enlace_oferta\":\"\",\"imagen_oferta\":\"https:\\\/\\\/foodieblackweek.com\\\/barcelona\\\/wp-content\\\/uploads\\\/2025\\\/10\\\/Captura-de-pantalla-2025-10-02-102729.png\",\"eix_comercial_id\":\"21\",\"tipo_comida_id\":\"29\",\"rango_precios\":\"15-30\",\"tipo_establecimiento_id\":\"1\",\"prioridad_vision\":\"0\",\"nombre_eix_comercial\":\"Barcelona - Sarri\\u00e0\",\"nombre_tipo_comida\":\"Hamburgueser\\u00eda\"},{\"restaurante_id\":\"142\",\"nombre_restaurante\":\"La Burguesa (Splau)\",\"latitud\":\"41.347834\",\"longitud\":\"2.078351\",\"direccion\":\"Av. del Baix Llobregat, s\\\/n, 08940, Cornell\\u00e0 de Llobregat, Barcelona\",\"telefono\":\"934044525\",\"pagina_web\":\"https:\\\/\\\/www.laburguesa.es\\\/\",\"tipo_comida_outlist\":\"\",\"descripcion_oferta\":\"Hamburguesa Smokey (doble smash burger con cheddar, bacon ahumado, aros de cebolla y nuestra smokey mayo) acompa\\u00f1ado con patatas fritas caseras y refresco. \\u00a1Nuestro bestseller en versi\\u00f3n completa!\",\"precio_oferta\":\"16.00\",\"enlace_oferta\":\"\",\"imagen_oferta\":\"https:\\\/\\\/foodieblackweek.com\\\/barcelona\\\/wp-content\\\/uploads\\\/2025\\\/10\\\/Captura-de-pantalla-2025-10-02-102729.png\",\"eix_comercial_id\":\"33\",\"tipo_comida_id\":\"29\",\"rango_precios\":\"15-30\",\"tipo_establecimiento_id\":\"1\",\"prioridad_vision\":\"0\",\"nombre_eix_comercial\":\"Cornell\\u00e0 de Llobregat\",\"nombre_tipo_comida\":\"Hamburgueser\\u00eda\"},{\"restaurante_id\":\"141\",\"nombre_restaurante\":\"La Burguesa (diagonal mar)\",\"latitud\":\"41.40986\",\"longitud\":\"2.217049\",\"direccion\":\"Avinguda Diagonal 3, Barcelona\",\"telefono\":\"933563526\",\"pagina_web\":\"https:\\\/\\\/www.laburguesa.es\\\/\",\"tipo_comida_outlist\":\"\",\"descripcion_oferta\":\"Hamburguesa Smokey (doble smash burger con cheddar, bacon ahumado, aros de cebolla y nuestra smokey mayo) acompa\\u00f1ado con patatas fritas caseras y refresco. \\u00a1Nuestro bestseller en versi\\u00f3n completa!\",\"precio_oferta\":\"16.00\",\"enlace_oferta\":\"\",\"imagen_oferta\":\"https:\\\/\\\/foodieblackweek.com\\\/barcelona\\\/wp-content\\\/uploads\\\/2025\\\/10\\\/Captura-de-pantalla-2025-10-02-102729.png\",\"eix_comercial_id\":\"15\",\"tipo_comida_id\":\"29\",\"rango_precios\":\"15-30\",\"tipo_establecimiento_id\":\"1\",\"prioridad_vision\":\"0\",\"nombre_eix_comercial\":\"Barcelona - Poblenou\",\"nombre_tipo_comida\":\"Hamburgueser\\u00eda\"},{\"restaurante_id\":\"139\",\"nombre_restaurante\":\"La Burguesa (maquinista)\",\"latitud\":\"41.442754\",\"longitud\":\"2.20023\",\"direccion\":\"Carrer de Potos\\u00ed 2, Barcelona\",\"telefono\":\"933608893\",\"pagina_web\":\"https:\\\/\\\/www.laburguesa.es\\\/\",\"tipo_comida_outlist\":\"\",\"descripcion_oferta\":\"Hamburguesa Smokey (doble smash burger con cheddar, bacon ahumado, aros de cebolla y nuestra smokey mayo) acompa\\u00f1ado con patatas fritas caseras y refresco. \\u00a1Nuestro bestseller en versi\\u00f3n completa!\",\"precio_oferta\":\"16.00\",\"enlace_oferta\":\"\",\"imagen_oferta\":\"https:\\\/\\\/foodieblackweek.com\\\/barcelona\\\/wp-content\\\/uploads\\\/2025\\\/10\\\/Captura-de-pantalla-2025-10-02-102729.png\",\"eix_comercial_id\":\"6\",\"tipo_comida_id\":\"29\",\"rango_precios\":\"15-30\",\"tipo_establecimiento_id\":\"1\",\"prioridad_vision\":\"0\",\"nombre_eix_comercial\":\"Barcelona - Sant Andreu\",\"nombre_tipo_comida\":\"Hamburgueser\\u00eda\"},{\"restaurante_id\":\"137\",\"nombre_restaurante\":\"TAVERNA GAUDIR\",\"latitud\":\"41.451492\",\"longitud\":\"2.205692\",\"direccion\":\"Carrer del President Lluis Companys 3, Santa Coloma de Gramenet\",\"telefono\":\"932319216\",\"pagina_web\":\"http:\\\/\\\/tavernagaudir8.wordpress.com\",\"tipo_comida_outlist\":\"\",\"descripcion_oferta\":\"Men\\u00fa degustaci\\u00f3n con maridaje de 3 vinos.\",\"precio_oferta\":\"30.00\",\"enlace_oferta\":\"\",\"imagen_oferta\":\"https:\\\/\\\/foodieblackweek.com\\\/barcelona\\\/wp-content\\\/uploads\\\/2025\\\/10\\\/tavernaGaudir.png\",\"eix_comercial_id\":\"55\",\"tipo_comida_id\":\"23\",\"rango_precios\":\"15-30\",\"tipo_establecimiento_id\":\"1\",\"prioridad_vision\":\"0\",\"nombre_eix_comercial\":\"Santa Coloma de Gramenet\",\"nombre_tipo_comida\":\"Comida Mediterr\\u00e1nea\"},{\"restaurante_id\":\"136\",\"nombre_restaurante\":\"Collonut\",\"latitud\":\"41.306335\",\"longitud\":\"2.006499\",\"direccion\":\"Rambla de Maria Casas 82\",\"telefono\":\"930083079\",\"pagina_web\":\"http:\\\/\\\/www.collonut.com\\\/%20\",\"tipo_comida_outlist\":\"\",\"descripcion_oferta\":\"Ca\\u00f1a y torrada de sardina o panceta.\",\"precio_oferta\":\"5.00\",\"enlace_oferta\":\"\",\"imagen_oferta\":\"https:\\\/\\\/foodieblackweek.com\\\/barcelona\\\/wp-content\\\/uploads\\\/2025\\\/10\\\/Foodie-Black-Week-213x300.png\",\"eix_comercial_id\":\"37\",\"tipo_comida_id\":\"30\",\"rango_precios\":\"15-30\",\"tipo_establecimiento_id\":\"1\",\"prioridad_vision\":\"0\",\"nombre_eix_comercial\":\"Gav\\u00e0\",\"nombre_tipo_comida\":\"Tapas\"},{\"restaurante_id\":\"135\",\"nombre_restaurante\":\"Collonut\",\"latitud\":\"41.446903\",\"longitud\":\"2.241721\",\"direccion\":\"Carrer de Francesc Maci\\u00e0 41\",\"telefono\":\"930083079\",\"pagina_web\":\"http:\\\/\\\/www.collonut.com\\\/%20\",\"tipo_comida_outlist\":\"\",\"descripcion_oferta\":\"Ca\\u00f1a y torrada de sardina o panceta.\",\"precio_oferta\":\"5.00\",\"enlace_oferta\":\"\",\"imagen_oferta\":\"https:\\\/\\\/foodieblackweek.com\\\/barcelona\\\/wp-content\\\/uploads\\\/2025\\\/10\\\/Foodie-Black-Week-213x300.png\",\"eix_comercial_id\":\"25\",\"tipo_comida_id\":\"30\",\"rango_precios\":\"15-30\",\"tipo_establecimiento_id\":\"1\",\"prioridad_vision\":\"0\",\"nombre_eix_comercial\":\"Badalona\",\"nombre_tipo_comida\":\"Tapas\"},{\"restaurante_id\":\"134\",\"nombre_restaurante\":\"Collonut\",\"latitud\":\"41.432992\",\"longitud\":\"2.189394\",\"direccion\":\"Carrer Gran de Sant Andreu, 180\",\"telefono\":\"930083079\",\"pagina_web\":\"http:\\\/\\\/www.collonut.com\\\/%20\",\"tipo_comida_outlist\":\"\",\"descripcion_oferta\":\"Ca\\u00f1a y torrada de sardina o panceta.\",\"precio_oferta\":\"5.00\",\"enlace_oferta\":\"\",\"imagen_oferta\":\"https:\\\/\\\/foodieblackweek.com\\\/barcelona\\\/wp-content\\\/uploads\\\/2025\\\/10\\\/Foodie-Black-Week-213x300.png\",\"eix_comercial_id\":\"6\",\"tipo_comida_id\":\"30\",\"rango_precios\":\"15-30\",\"tipo_establecimiento_id\":\"1\",\"prioridad_vision\":\"0\",\"nombre_eix_comercial\":\"Barcelona - Sant Andreu\",\"nombre_tipo_comida\":\"Tapas\"},{\"restaurante_id\":\"133\",\"nombre_restaurante\":\"Collonut\",\"latitud\":\"41.393114\",\"longitud\":\"2.188555\",\"direccion\":\"Carrer de la Marina, 81\",\"telefono\":\"930083079\",\"pagina_web\":\"http:\\\/\\\/www.collonut.com\\\/%20\",\"tipo_comida_outlist\":\"\",\"descripcion_oferta\":\"Ca\\u00f1a y torrada de sardina o panceta.\",\"precio_oferta\":\"5.00\",\"enlace_oferta\":\"\",\"imagen_oferta\":\"https:\\\/\\\/foodieblackweek.com\\\/barcelona\\\/wp-content\\\/uploads\\\/2025\\\/10\\\/Foodie-Black-Week-213x300.png\",\"eix_comercial_id\":\"20\",\"tipo_comida_id\":\"30\",\"rango_precios\":\"15-30\",\"tipo_establecimiento_id\":\"1\",\"prioridad_vision\":\"0\",\"nombre_eix_comercial\":\"Barcelona - Sant Mart\\u00ed\",\"nombre_tipo_comida\":\"Tapas\"},{\"restaurante_id\":\"132\",\"nombre_restaurante\":\"Collonut\",\"latitud\":\"41.419694\",\"longitud\":\"2.183034\",\"direccion\":\"Carrer de Biscaia, 411\",\"telefono\":\"930083079\",\"pagina_web\":\"http:\\\/\\\/www.collonut.com\\\/%20\",\"tipo_comida_outlist\":\"\",\"descripcion_oferta\":\"Ca\\u00f1a y torrada de sardina o panceta.\",\"precio_oferta\":\"5.00\",\"enlace_oferta\":\"\",\"imagen_oferta\":\"https:\\\/\\\/foodieblackweek.com\\\/barcelona\\\/wp-content\\\/uploads\\\/2025\\\/10\\\/Foodie-Black-Week-213x300.png\",\"eix_comercial_id\":\"6\",\"tipo_comida_id\":\"30\",\"rango_precios\":\"15-30\",\"tipo_establecimiento_id\":\"1\",\"prioridad_vision\":\"0\",\"nombre_eix_comercial\":\"Barcelona - Sant Andreu\",\"nombre_tipo_comida\":\"Tapas\"},{\"restaurante_id\":\"129\",\"nombre_restaurante\":\"El Manolo\",\"latitud\":\"41.414859\",\"longitud\":\"2.194606\",\"direccion\":\"Carrer de Bac de Roda, Barcelona\",\"telefono\":\"646856919\",\"pagina_web\":\"http:\\\/\\\/elmanolo.bar\",\"tipo_comida_outlist\":\"\",\"descripcion_oferta\":\"2 St Germain Spritz de regalo unas bravas.\",\"precio_oferta\":\"0.00\",\"enlace_oferta\":\"\",\"imagen_oferta\":\"https:\\\/\\\/elmanolo.bar\\\/web\\\/wp-content\\\/uploads\\\/2021\\\/12\\\/fo_el_manolo_menu_x4.jpg\",\"eix_comercial_id\":\"20\",\"tipo_comida_id\":\"17\",\"rango_precios\":\"15-30\",\"tipo_establecimiento_id\":\"1\",\"prioridad_vision\":\"0\",\"nombre_eix_comercial\":\"Barcelona - Sant Mart\\u00ed\",\"nombre_tipo_comida\":\"Comida Espa\\u00f1ola\"},{\"restaurante_id\":\"127\",\"nombre_restaurante\":\"Dabutis gastro&bar\",\"latitud\":\"41.41644\",\"longitud\":\"2.174487\",\"direccion\":\"Calle Sant Quint\\u00ed, 134-136\",\"telefono\":\"935646237\",\"pagina_web\":\"http:\\\/\\\/Www.dabutis.es\",\"tipo_comida_outlist\":\"\",\"descripcion_oferta\":\"2x Martini Bianco Spritz con maridaje de Hummus estilo liban\\u00e9s + bravas Dabutis con salsa chipotle.\",\"precio_oferta\":\"18.00\",\"enlace_oferta\":\"\",\"imagen_oferta\":\"https:\\\/\\\/dabutis.es\\\/wp-content\\\/uploads\\\/2025\\\/02\\\/Dabutis-38-2048x1366.jpg\",\"eix_comercial_id\":\"2\",\"tipo_comida_id\":\"17\",\"rango_precios\":\"15-30\",\"tipo_establecimiento_id\":\"1\",\"prioridad_vision\":\"0\",\"nombre_eix_comercial\":\"Barcelona - Horta\",\"nombre_tipo_comida\":\"Comida Espa\\u00f1ola\"},{\"restaurante_id\":\"122\",\"nombre_restaurante\":\"Marta\\\\\\\\\\\\\\\\\\\\\\\\\\\\\\\\\\\\\\\\\\\\\\\\\\\\\\\\\\\\'s Lemon Pie\",\"latitud\":\"41.406127\",\"longitud\":\"2.138857\",\"direccion\":\"Carrer Balmes 387\",\"telefono\":\"692387067\",\"pagina_web\":\"https:\\\/\\\/www.martaslemonpie.com\\\/\",\"tipo_comida_outlist\":\"\",\"descripcion_oferta\":\"10% en las porciones de los pasteles de takeaway\",\"precio_oferta\":\"0.00\",\"enlace_oferta\":\"\",\"imagen_oferta\":\"https:\\\/\\\/www.martaslemonpie.com\\\/wp-content\\\/uploads\\\/2019\\\/07\\\/red_velvet_1.jpg\",\"eix_comercial_id\":\"19\",\"tipo_comida_id\":\"35\",\"rango_precios\":\"15-30\",\"tipo_establecimiento_id\":\"1\",\"prioridad_vision\":\"0\",\"nombre_eix_comercial\":\"Barcelona - Sant Gervasi\",\"nombre_tipo_comida\":\"Pasteler\\u00edas y dulces\"},{\"restaurante_id\":\"121\",\"nombre_restaurante\":\"Collonut\",\"latitud\":\"41.387978\",\"longitud\":\"2.141617\",\"direccion\":\"Carrer de Gelabert, 14\",\"telefono\":\"930083079\",\"pagina_web\":\"http:\\\/\\\/www.collonut.com\\\/%20\",\"tipo_comida_outlist\":\"\",\"descripcion_oferta\":\"Ca\\u00f1a y torrada de sardina o panceta.\",\"precio_oferta\":\"5.00\",\"enlace_oferta\":\"\",\"imagen_oferta\":\"https:\\\/\\\/foodieblackweek.com\\\/barcelona\\\/wp-content\\\/uploads\\\/2025\\\/10\\\/Foodie-Black-Week-213x300.png\",\"eix_comercial_id\":\"7\",\"tipo_comida_id\":\"30\",\"rango_precios\":\"15-30\",\"tipo_establecimiento_id\":\"1\",\"prioridad_vision\":\"0\",\"nombre_eix_comercial\":\"Barcelona - Les Corts\",\"nombre_tipo_comida\":\"Tapas\"},{\"restaurante_id\":\"120\",\"nombre_restaurante\":\"L\\\\\\\\\\\\\\\\\\\\\\\\\\\\\\\\\\\\\\\\\\\\\\\\\\\\\\\\\\\\'Olivera\",\"latitud\":\"41.405855\",\"longitud\":\"2.189309\",\"direccion\":\"Carrer dels Escultors Claper\\u00f3s 39, Barcelona\",\"telefono\":\"933981850\",\"pagina_web\":\"http:\\\/\\\/barolivera.com\",\"tipo_comida_outlist\":\"\",\"descripcion_oferta\":\"Lunes a Jueves: 2 ca\\u00f1as + raci\\u00f3n de bravas + pan con tomate (10\\u20ac, solo efectivo). Viernes a Domingo: 10% de descuento en nuestros bocadillos especiales.\",\"precio_oferta\":\"0.00\",\"enlace_oferta\":\"\",\"imagen_oferta\":\"https:\\\/\\\/barolivera.com\\\/wp-content\\\/uploads\\\/2023\\\/08\\\/MG_5871.jpg\",\"eix_comercial_id\":\"5\",\"tipo_comida_id\":\"17\",\"rango_precios\":\"15-30\",\"tipo_establecimiento_id\":\"1\",\"prioridad_vision\":\"0\",\"nombre_eix_comercial\":\"Barcelona - El Clot\",\"nombre_tipo_comida\":\"Comida Espa\\u00f1ola\"},{\"restaurante_id\":\"119\",\"nombre_restaurante\":\"La Bikini\",\"latitud\":\"41.376222\",\"longitud\":\"2.138591\",\"direccion\":\"Pla\\u00e7a d\\\\\\\\\\\\'Osca 8, Barcelona\",\"telefono\":\"696811183\",\"pagina_web\":\"https:\\\/\\\/www.instagram.com\\\/vermuteria_la_bikini\\\/?igsh=MXdmcjhqeWphdHN1OQ%3D%3D#\",\"tipo_comida_outlist\":\"\",\"descripcion_oferta\":\"Por la compra de 2 St.Germain y 1 bikini de jam\\u00f3n dulce y emmental gratis.\",\"precio_oferta\":\"16.00\",\"enlace_oferta\":\"\",\"imagen_oferta\":\"https:\\\/\\\/foodie.deostudio.com\\\/wp-content\\\/uploads\\\/2024\\\/05\\\/foodie-giny-transparente.gif\",\"eix_comercial_id\":\"1\",\"tipo_comida_id\":\"30\",\"rango_precios\":\"15-30\",\"tipo_establecimiento_id\":\"1\",\"prioridad_vision\":\"0\",\"nombre_eix_comercial\":\"Barcelona - Sants\",\"nombre_tipo_comida\":\"Tapas\"},{\"restaurante_id\":\"113\",\"nombre_restaurante\":\"La republica del taco\",\"latitud\":\"41.41292\",\"longitud\":\"2.17907\",\"direccion\":\"Carrer de Sant Quint\\u00ed, 30, Barcelona\",\"telefono\":\"931263299\",\"pagina_web\":\"http:\\\/\\\/Www.larepublicadeltaco.com\",\"tipo_comida_outlist\":\"\",\"descripcion_oferta\":\"Nachos individuales de la casa una orden de tacos a elegir.\",\"precio_oferta\":\"20.00\",\"enlace_oferta\":\"\",\"imagen_oferta\":\"https:\\\/\\\/foodie.deostudio.com\\\/wp-content\\\/uploads\\\/2024\\\/05\\\/foodie-giny-transparente.gif\",\"eix_comercial_id\":\"5\",\"tipo_comida_id\":\"4\",\"rango_precios\":\"15-30\",\"tipo_establecimiento_id\":\"1\",\"prioridad_vision\":\"0\",\"nombre_eix_comercial\":\"Barcelona - El Clot\",\"nombre_tipo_comida\":\"Comida Mexicana\"},{\"restaurante_id\":\"112\",\"nombre_restaurante\":\"Zafra Pizzeria Ristorante\",\"latitud\":\"41.39572\",\"longitud\":\"2.17038\",\"direccion\":\"Calle Girona, 84. bajos 2. 08009\",\"telefono\":\"670291750\",\"pagina_web\":\"http:\\\/\\\/zafrapizzeriaristorante.eatbu.com\",\"tipo_comida_outlist\":\"\",\"descripcion_oferta\":\"Consume 20,00 euros por persona, disfruta lo que mas te guste: una crujiente focaccia, la deliciosa lasa\\u00f1a, la pizza y te regalamos el mejor tiramis\\u00fa, suave y equilibrado hecho con la receta de la mamma.\",\"precio_oferta\":\"20.00\",\"enlace_oferta\":\"\",\"imagen_oferta\":\"https:\\\/\\\/cdn.website.dish.co\\\/media\\\/58\\\/c0\\\/9093574\\\/Zafra-Pizzeria-Ristorante-bea94089afbcd5a6488d4635-jpg.jpg\",\"eix_comercial_id\":\"3\",\"tipo_comida_id\":\"3\",\"rango_precios\":\"15-30\",\"tipo_establecimiento_id\":\"1\",\"prioridad_vision\":\"0\",\"nombre_eix_comercial\":\"Barcelona - Cor Eixample\",\"nombre_tipo_comida\":\"Comida Italiana\"},{\"restaurante_id\":\"111\",\"nombre_restaurante\":\"Natury\",\"latitud\":\"41.408488\",\"longitud\":\"2.188446\",\"direccion\":\"Carrer del Clot 69, Barcelona\",\"telefono\":\"693017269\",\"pagina_web\":\"http:\\\/\\\/Www.naturycakes.com\",\"tipo_comida_outlist\":\"\",\"descripcion_oferta\":\"Tostada de pan de semillas con tofu revuelto, r\\u00facula y cherrys + limonada casera+ cheesecake.\",\"precio_oferta\":\"15.70\",\"enlace_oferta\":\"\",\"imagen_oferta\":\"https:\\\/\\\/naturycakes.com\\\/wp-content\\\/uploads\\\/2025\\\/09\\\/upscalemedia-transformed-scaled-1.avif\",\"eix_comercial_id\":\"5\",\"tipo_comida_id\":\"31\",\"rango_precios\":\"15-30\",\"tipo_establecimiento_id\":\"1\",\"prioridad_vision\":\"0\",\"nombre_eix_comercial\":\"Barcelona - El Clot\",\"nombre_tipo_comida\":\"Brunch\"},{\"restaurante_id\":\"108\",\"nombre_restaurante\":\"Kynoto Sushi Bar\",\"latitud\":\"41.38155\",\"longitud\":\"2.179765\",\"direccion\":\"Carrer del Correu Vell 8, Barcelona\",\"telefono\":\"932682540\",\"pagina_web\":\"http:\\\/\\\/www.kynoto.com\",\"tipo_comida_outlist\":\"\",\"descripcion_oferta\":\"Men\\u00fa degustaci\\u00f3n para 2 personas. Entrante + principal + surtido sushi y sashimi + postre.\",\"precio_oferta\":\"25.00\",\"enlace_oferta\":\"\",\"imagen_oferta\":\"https:\\\/\\\/www.kynoto.com\\\/img-trans\\\/productos\\\/20374\\\/fotos\\\/1200-60e2e37421842-kynoto-sushi-bar.png\",\"eix_comercial_id\":\"23\",\"tipo_comida_id\":\"5\",\"rango_precios\":\"15-30\",\"tipo_establecimiento_id\":\"1\",\"prioridad_vision\":\"0\",\"nombre_eix_comercial\":\"Barcelona - Gotic\",\"nombre_tipo_comida\":\"Comida Japonesa\"},{\"restaurante_id\":\"105\",\"nombre_restaurante\":\"Tivoli 1940\",\"latitud\":\"41.398671\",\"longitud\":\"2.143342\",\"direccion\":\"Carrer de Muntaner 361, Barcelona\",\"telefono\":\"+34619277349\",\"pagina_web\":\"http:\\\/\\\/Tivoli1940barcelona.com\",\"tipo_comida_outlist\":\"\",\"descripcion_oferta\":\"Brioche de anchoa 00 con mantequilla.\",\"precio_oferta\":\"3.00\",\"enlace_oferta\":\"\",\"imagen_oferta\":\"https:\\\/\\\/foodie.deostudio.com\\\/wp-content\\\/uploads\\\/2024\\\/05\\\/foodie-giny-transparente.gif\",\"eix_comercial_id\":\"19\",\"tipo_comida_id\":\"23\",\"rango_precios\":\"30-60\",\"tipo_establecimiento_id\":\"1\",\"prioridad_vision\":\"0\",\"nombre_eix_comercial\":\"Barcelona - Sant Gervasi\",\"nombre_tipo_comida\":\"Comida Mediterr\\u00e1nea\"},{\"restaurante_id\":\"103\",\"nombre_restaurante\":\"IL PALATO\",\"latitud\":\"41.408989\",\"longitud\":\"2.188765\",\"direccion\":\"Carrer del Clot 100, Barcelona\",\"telefono\":\"665617235\",\"pagina_web\":\"https:\\\/\\\/ilpalatobcn.com\\\/\",\"tipo_comida_outlist\":\"\",\"descripcion_oferta\":\"APERITIVO PARA DOS PERSONAS! \\r\\nINCLUYE TABLA DE EMBUTIDOS Y QUESOS MAS DOS BEBIDAS A ELEGIR.\",\"precio_oferta\":\"20.00\",\"enlace_oferta\":\"\",\"imagen_oferta\":\"https:\\\/\\\/foodieblackweek.com\\\/barcelona\\\/wp-content\\\/uploads\\\/ImagenesClientes\\\/2025\\\/09\\\/LOGO-SIN-FONDO-BLANCO-2.png\",\"eix_comercial_id\":\"5\",\"tipo_comida_id\":\"3\",\"rango_precios\":\"15-30\",\"tipo_establecimiento_id\":\"1\",\"prioridad_vision\":\"0\",\"nombre_eix_comercial\":\"Barcelona - El Clot\",\"nombre_tipo_comida\":\"Comida Italiana\"},{\"restaurante_id\":\"102\",\"nombre_restaurante\":\"Sujor 2.0 cuina creativa\",\"latitud\":\"41.369233\",\"longitud\":\"2.075137\",\"direccion\":\"Carrer de John F. Kennedy, Sant Joan Desp\\u00ed\",\"telefono\":\"603849181\",\"pagina_web\":\"https:\\\/\\\/www.instagram.com\\\/sujorcuinacreativa\\\/?hl=es\",\"tipo_comida_outlist\":\"\",\"descripcion_oferta\":\"Men\\u00fa diario.\",\"precio_oferta\":\"13.90\",\"enlace_oferta\":\"http:\\\/\\\/Men\\u00fa%20finde%2020,90\",\"imagen_oferta\":\"https:\\\/\\\/foodie.deostudio.com\\\/wp-content\\\/uploads\\\/2024\\\/05\\\/foodie-giny-transparente.gif\",\"eix_comercial_id\":\"51\",\"tipo_comida_id\":\"23\",\"rango_precios\":\"15-30\",\"tipo_establecimiento_id\":\"1\",\"prioridad_vision\":\"0\",\"nombre_eix_comercial\":\"Sant Joan Desp\\u00ed\",\"nombre_tipo_comida\":\"Comida Mediterr\\u00e1nea\"},{\"restaurante_id\":\"100\",\"nombre_restaurante\":\"Celest\\u00fan - Cantina Mexicana\",\"latitud\":\"41.539834\",\"longitud\":\"2.447324\",\"direccion\":\"Carrer de Na Pau, Matar\\u00f3\",\"telefono\":\"930106617\",\"pagina_web\":\"https:\\\/\\\/www.instagram.com\\\/celestunmataro\\\/\",\"tipo_comida_outlist\":\"\",\"descripcion_oferta\":\"Menu Black Week \\r\\n\\r\\n- 1 Nachos Cantineros\\r\\n- 1 Taquiza degustaci\\u00f3n\\r\\n- 1 Quesabirrias (mejor taco con queso de Espa\\u00f1a 2023)\\r\\n- 2 bebidas (cerveza barril, agua o copa de vino).\",\"precio_oferta\":\"50.00\",\"enlace_oferta\":\"\",\"imagen_oferta\":\"https:\\\/\\\/foodieblackweek.com\\\/barcelona\\\/wp-content\\\/uploads\\\/ImagenesClientes\\\/2025\\\/09\\\/photoshoot_for_celestun__cantina_tropical_composition.jpg\",\"eix_comercial_id\":\"60\",\"tipo_comida_id\":\"4\",\"rango_precios\":\"15-30\",\"tipo_establecimiento_id\":\"1\",\"prioridad_vision\":\"0\",\"nombre_eix_comercial\":\"Maresme\",\"nombre_tipo_comida\":\"Comida Mexicana\"},{\"restaurante_id\":\"97\",\"nombre_restaurante\":\"LA TABARRA\",\"latitud\":\"41.424914\",\"longitud\":\"2.189838\",\"direccion\":\"C\\\/ Mossen Juliana, Pla\\u00e7a de Masadas, 45, 08027 Barcelona\",\"telefono\":\"639784467\",\"pagina_web\":\"http:\\\/\\\/laklaka.es\",\"tipo_comida_outlist\":\"\",\"descripcion_oferta\":\"Con la compra de DOS MARTINI BLANCO SPRITZ te regalamos unas bravas. Nuestras patatas son patatas baby asadas al horno, crujientes por fuera y tiernas por dentro, acompa\\u00f1adas de nuestra salsa chili-paprika ahumada con un toque de jalape\\u00f1o.\",\"precio_oferta\":\"11.00\",\"enlace_oferta\":\"\",\"imagen_oferta\":\"https:\\\/\\\/foodieblackweek.com\\\/barcelona\\\/wp-content\\\/uploads\\\/2025\\\/10\\\/la_tabarra_patatas_bravas_550x440-300x201.jpg\",\"eix_comercial_id\":\"6\",\"tipo_comida_id\":\"30\",\"rango_precios\":\"15-30\",\"tipo_establecimiento_id\":\"1\",\"prioridad_vision\":\"0\",\"nombre_eix_comercial\":\"Barcelona - Sant Andreu\",\"nombre_tipo_comida\":\"Tapas\"},{\"restaurante_id\":\"96\",\"nombre_restaurante\":\"LA KLAKA\",\"latitud\":\"41.424573\",\"longitud\":\"2.190123\",\"direccion\":\"Carrer de Coll 15, Barcelona\",\"telefono\":\"934816430\",\"pagina_web\":\"http:\\\/\\\/laklaka.es\",\"tipo_comida_outlist\":\"\",\"descripcion_oferta\":\"Per la compra de DOS MARTINI BIANCO SPRITZ, et regalem UNA RACI\\u00d3 DE BRAVES. Les nostres braves son de patata agria potxades en dos temps, amb salsa de tom\\u00e0quet fregit, pebrot vermell, ceba, xipotle, pebre vermell de la Vera, bitxo i allioli d\\\\'all confitat.\",\"precio_oferta\":\"11.00\",\"enlace_oferta\":\"\",\"imagen_oferta\":\"https:\\\/\\\/foodieblackweek.com\\\/barcelona\\\/wp-content\\\/uploads\\\/2025\\\/10\\\/PHOTO-2025-10-02-10-42-18.jpg\",\"eix_comercial_id\":\"6\",\"tipo_comida_id\":\"30\",\"rango_precios\":\"15-30\",\"tipo_establecimiento_id\":\"1\",\"prioridad_vision\":\"0\",\"nombre_eix_comercial\":\"Barcelona - Sant Andreu\",\"nombre_tipo_comida\":\"Tapas\"},{\"restaurante_id\":\"95\",\"nombre_restaurante\":\"Tariq\",\"latitud\":\"41.448035\",\"longitud\":\"2.240512\",\"direccion\":\"Carrer Baldomer Sol\\u00e0 3\",\"telefono\":\"682034862\",\"pagina_web\":\"http:\\\/\\\/www.tariqbadalona.es\",\"tipo_comida_outlist\":\"\",\"descripcion_oferta\":\"Descubre por 1 \\u20ac porqu\\u00e9 nuestras Indian Bravas y croquetas de Butter Chicken causan furor en Badalona. Solo las encontrar\\u00e1s en Tariq.\",\"precio_oferta\":\"1.00\",\"enlace_oferta\":\"\",\"imagen_oferta\":\"https:\\\/\\\/foodieblackweek.com\\\/barcelona\\\/wp-content\\\/uploads\\\/2025\\\/09\\\/tariq.jpg\",\"eix_comercial_id\":\"25\",\"tipo_comida_id\":\"6\",\"rango_precios\":\"30-60\",\"tipo_establecimiento_id\":\"1\",\"prioridad_vision\":\"0\",\"nombre_eix_comercial\":\"Badalona\",\"nombre_tipo_comida\":\"Comida India\"},{\"restaurante_id\":\"94\",\"nombre_restaurante\":\"Tragaldabas Restaurante\",\"latitud\":\"41.3855\",\"longitud\":\"2.15146\",\"direccion\":\"Calle Mallorca 96\",\"telefono\":\"607659404\",\"pagina_web\":\"http:\\\/\\\/www.tragaldabasrestaurante.com\",\"tipo_comida_outlist\":\"\",\"descripcion_oferta\":\"Nos gustar\\u00eda ofrecer el carpaccio de ventresca de at\\u00fan Bluefin con ponzu, pizarras, picadillo de cebolleta y tomate, yema curada y huevas de tobillo.\",\"precio_oferta\":\"26.00\",\"enlace_oferta\":\"\",\"imagen_oferta\":\"https:\\\/\\\/foodieblackweek.com\\\/barcelona\\\/wp-content\\\/uploads\\\/ImagenesClientes\\\/2025\\\/09\\\/Carpaccio-de-ventresca-de-atun.jpg\",\"eix_comercial_id\":\"3\",\"tipo_comida_id\":\"23\",\"rango_precios\":\"30-60\",\"tipo_establecimiento_id\":\"1\",\"prioridad_vision\":\"0\",\"nombre_eix_comercial\":\"Barcelona - Cor Eixample\",\"nombre_tipo_comida\":\"Comida Mediterr\\u00e1nea\"},{\"restaurante_id\":\"93\",\"nombre_restaurante\":\"ELSA Y FRED\",\"latitud\":\"41.389792\",\"longitud\":\"2.179785\",\"direccion\":\"Carrer del Rec Comtal 11, Barcelona\",\"telefono\":\"935016611\",\"pagina_web\":\"http:\\\/\\\/elsayfred.es\",\"tipo_comida_outlist\":\"\",\"descripcion_oferta\":\"Cocktail Paloma + Tapa.\",\"precio_oferta\":\"15.00\",\"enlace_oferta\":\"\",\"imagen_oferta\":\"https:\\\/\\\/www.elsayfred.es\\\/wp-content\\\/uploads\\\/2023\\\/07\\\/5.jpg\",\"eix_comercial_id\":\"24\",\"tipo_comida_id\":\"23\",\"rango_precios\":\"30-60\",\"tipo_establecimiento_id\":\"1\",\"prioridad_vision\":\"0\",\"nombre_eix_comercial\":\"Barcelona - Ciutat Vella\",\"nombre_tipo_comida\":\"Comida Mediterr\\u00e1nea\"},{\"restaurante_id\":\"92\",\"nombre_restaurante\":\"SOPHIE KAI\",\"latitud\":\"41.3897\",\"longitud\":\"2.17986\",\"direccion\":\"Rec Comtal, 12\",\"telefono\":\"938524050\",\"pagina_web\":\"http:\\\/\\\/sophie.barcelona\",\"tipo_comida_outlist\":\"\",\"descripcion_oferta\":\"Cocktail Paloma + Kimchi.\",\"precio_oferta\":\"15.00\",\"enlace_oferta\":\"\",\"imagen_oferta\":\"https:\\\/\\\/foodieblackweek.com\\\/barcelona\\\/wp-content\\\/uploads\\\/2025\\\/10\\\/sophieKai.png\",\"eix_comercial_id\":\"24\",\"tipo_comida_id\":\"5\",\"rango_precios\":\"30-60\",\"tipo_establecimiento_id\":\"1\",\"prioridad_vision\":\"0\",\"nombre_eix_comercial\":\"Barcelona - Ciutat Vella\",\"nombre_tipo_comida\":\"Comida Japonesa\"},{\"restaurante_id\":\"91\",\"nombre_restaurante\":\"PEPETA\",\"latitud\":\"41.40082\",\"longitud\":\"2.17215\",\"direccion\":\"N\\u00e1poles, 241\",\"telefono\":\"938804369\",\"pagina_web\":\"http:\\\/\\\/pepeta.barcelona\",\"tipo_comida_outlist\":\"\",\"descripcion_oferta\":\"Cocktail Paloma + Montadito.\",\"precio_oferta\":\"15.00\",\"enlace_oferta\":\"\",\"imagen_oferta\":\"https:\\\/\\\/www.pepeta.barcelona\\\/wp-content\\\/uploads\\\/2023\\\/09\\\/IMG_4396-1024x683.jpg\",\"eix_comercial_id\":\"17\",\"tipo_comida_id\":\"16\",\"rango_precios\":\"30-60\",\"tipo_establecimiento_id\":\"1\",\"prioridad_vision\":\"0\",\"nombre_eix_comercial\":\"Barcelona - Sagrada Fam\\u00edlia\",\"nombre_tipo_comida\":\"Comida Catalana\"},{\"restaurante_id\":\"90\",\"nombre_restaurante\":\"CASA LOLEA\",\"latitud\":\"41.388806\",\"longitud\":\"2.17719\",\"direccion\":\"Carrer de Sant Pere M\\u00e9s Alt 49, Barcelona\",\"telefono\":\"936241016\",\"pagina_web\":\"http:\\\/\\\/casalolea.com\",\"tipo_comida_outlist\":\"\",\"descripcion_oferta\":\"Cocktail Paloma + Montadito.\",\"precio_oferta\":\"15.00\",\"enlace_oferta\":\"\",\"imagen_oferta\":\"https:\\\/\\\/casalolea.com\\\/wp-content\\\/uploads\\\/2025\\\/08\\\/Casa-Lolea.jpg\",\"eix_comercial_id\":\"24\",\"tipo_comida_id\":\"16\",\"rango_precios\":\"30-60\",\"tipo_establecimiento_id\":\"1\",\"prioridad_vision\":\"0\",\"nombre_eix_comercial\":\"Barcelona - Ciutat Vella\",\"nombre_tipo_comida\":\"Comida Catalana\"},{\"restaurante_id\":\"89\",\"nombre_restaurante\":\"CAN FRAMIS\",\"latitud\":\"41.39126\",\"longitud\":\"2.17897\",\"direccion\":\"Carrer de Sancho d\\\\\\\\\\\\\\\\\\\\\\\\\\\\'Avila, Barcelona\",\"telefono\":\"931310393\",\"pagina_web\":\"http:\\\/\\\/canframis.com\",\"tipo_comida_outlist\":\"\",\"descripcion_oferta\":\"Cocktail Paloma + Montadito.\",\"precio_oferta\":\"15.00\",\"enlace_oferta\":\"\",\"imagen_oferta\":\"https:\\\/\\\/www.canframis.com\\\/wp-content\\\/uploads\\\/2023\\\/08\\\/3.png\",\"eix_comercial_id\":\"14\",\"tipo_comida_id\":\"16\",\"rango_precios\":\"30-60\",\"tipo_establecimiento_id\":\"1\",\"prioridad_vision\":\"0\",\"nombre_eix_comercial\":\"Barcelona - Nou Eixample\",\"nombre_tipo_comida\":\"Comida Catalana\"},{\"restaurante_id\":\"88\",\"nombre_restaurante\":\"CASA RAFOLS\",\"latitud\":\"41.391201\",\"longitud\":\"2.179262\",\"direccion\":\"Ronda de Sant Pere 74, Barcelona\",\"telefono\":\"936258200\",\"pagina_web\":\"http:\\\/\\\/casarafols.com\",\"tipo_comida_outlist\":\"\",\"descripcion_oferta\":\"Cocktail Paloma + Tapa.\",\"precio_oferta\":\"15.00\",\"enlace_oferta\":\"\",\"imagen_oferta\":\"https:\\\/\\\/foodieblackweek.com\\\/barcelona\\\/wp-content\\\/uploads\\\/2025\\\/10\\\/casaRafols.png\",\"eix_comercial_id\":\"14\",\"tipo_comida_id\":\"16\",\"rango_precios\":\"30-60\",\"tipo_establecimiento_id\":\"1\",\"prioridad_vision\":\"0\",\"nombre_eix_comercial\":\"Barcelona - Nou Eixample\",\"nombre_tipo_comida\":\"Comida Catalana\"},{\"restaurante_id\":\"87\",\"nombre_restaurante\":\"Ascent\",\"latitud\":\"41.3847\",\"longitud\":\"2.17466\",\"direccion\":\"Carrer dels Arcs, 10, Barcelona\",\"telefono\":\"933187066\",\"pagina_web\":\"https:\\\/\\\/www.ebocarestaurants.com\\\/restaurantes\\\/ascent\\\/\",\"tipo_comida_outlist\":\"\",\"descripcion_oferta\":\"Bravas Ascent + Vermut Martini.\",\"precio_oferta\":\"12.00\",\"enlace_oferta\":\"\",\"imagen_oferta\":\"https:\\\/\\\/foodieblackweek.com\\\/barcelona\\\/wp-content\\\/uploads\\\/ImagenesClientes\\\/2025\\\/09\\\/Ascent_Catalonia-90.jpg\",\"eix_comercial_id\":\"24\",\"tipo_comida_id\":\"16\",\"rango_precios\":\"15-30\",\"tipo_establecimiento_id\":\"1\",\"prioridad_vision\":\"0\",\"nombre_eix_comercial\":\"Barcelona - Ciutat Vella\",\"nombre_tipo_comida\":\"Comida Catalana\"},{\"restaurante_id\":\"84\",\"nombre_restaurante\":\"L\\u2019adresse\",\"latitud\":\"41.40896\",\"longitud\":\"2.21555\",\"direccion\":\"Carrer de Josep Pla 23\",\"telefono\":\"624128717\",\"pagina_web\":\"https:\\\/\\\/ladressebcn.com\\\/\",\"tipo_comida_outlist\":\"\",\"descripcion_oferta\":\"Un plato sushi 8u  Y 1 cocktail.\",\"precio_oferta\":\"20.00\",\"enlace_oferta\":\"\",\"imagen_oferta\":\"https:\\\/\\\/foodieblackweek.com\\\/barcelona\\\/wp-content\\\/uploads\\\/ImagenesClientes\\\/2025\\\/09\\\/IMG_3903.jpeg\",\"eix_comercial_id\":\"20\",\"tipo_comida_id\":\"33\",\"rango_precios\":\"15-30\",\"tipo_establecimiento_id\":\"1\",\"prioridad_vision\":\"0\",\"nombre_eix_comercial\":\"Barcelona - Sant Mart\\u00ed\",\"nombre_tipo_comida\":\"Fusi\\u00f3n\"},{\"restaurante_id\":\"83\",\"nombre_restaurante\":\"NEW YORK\",\"latitud\":\"41.42343\",\"longitud\":\"2.18187\",\"direccion\":\"Carrer de Garcilaso, 165, Sant Andreu, 08027 Barcelona\",\"telefono\":\"631195755\",\"pagina_web\":\"http:\\\/\\\/nexyorkbcn.com\",\"tipo_comida_outlist\":\"\",\"descripcion_oferta\":\"Disfruta de 2 Patr\\u00f3n Paloma con unas bravas de regalo\",\"precio_oferta\":\"0.00\",\"enlace_oferta\":\"\",\"imagen_oferta\":\"https:\\\/\\\/foodieblackweek.com\\\/barcelona\\\/wp-content\\\/uploads\\\/2025\\\/10\\\/newYorkBcn-150x150.png\",\"eix_comercial_id\":\"6\",\"tipo_comida_id\":\"17\",\"rango_precios\":\"15-30\",\"tipo_establecimiento_id\":\"1\",\"prioridad_vision\":\"0\",\"nombre_eix_comercial\":\"Barcelona - Sant Andreu\",\"nombre_tipo_comida\":\"Comida Espa\\u00f1ola\"},{\"restaurante_id\":\"82\",\"nombre_restaurante\":\"LA ESQUINICA\",\"latitud\":\"41.430494\",\"longitud\":\"2.171217\",\"direccion\":\"Passeig de Fabra i Puig 296, Barcelona\",\"telefono\":\"933582519\",\"pagina_web\":\"http:\\\/\\\/www.laesquinica.com\",\"tipo_comida_outlist\":\"\",\"descripcion_oferta\":\"Un vermut Martini (Rosso\\\/Bianco) y media raci\\u00f3n de bravas.\",\"precio_oferta\":\"5.00\",\"enlace_oferta\":\"\",\"imagen_oferta\":\"https:\\\/\\\/laesquinica.com\\\/wp-content\\\/uploads\\\/2015\\\/10\\\/brvas.jpg\",\"eix_comercial_id\":\"13\",\"tipo_comida_id\":\"30\",\"rango_precios\":\"15-30\",\"tipo_establecimiento_id\":\"1\",\"prioridad_vision\":\"0\",\"nombre_eix_comercial\":\"Barcelona - Nou Barris\",\"nombre_tipo_comida\":\"Tapas\"},{\"restaurante_id\":\"80\",\"nombre_restaurante\":\"V Modern Italian\",\"latitud\":\"41.47099\",\"longitud\":\"2.07798\",\"direccion\":\"Avinguda de Josep Anselm Clav\\u00e9, 2\",\"telefono\":\"626602385\",\"pagina_web\":\"http:\\\/\\\/www.v.restaurant\\\/santcugat\",\"tipo_comida_outlist\":\"\",\"descripcion_oferta\":\"Menu V: Pizza o pasta + antipasti + bebida + postre.\",\"precio_oferta\":\"14.90\",\"enlace_oferta\":\"https:\\\/\\\/www.instagram.com\\\/stories\\\/highlights\\\/17872723551070464\\\/\",\"imagen_oferta\":\"https:\\\/\\\/foodieblackweek.com\\\/barcelona\\\/wp-content\\\/uploads\\\/ImagenesClientes\\\/2025\\\/09\\\/AD-MENU-2025-V2.jpg\",\"eix_comercial_id\":\"49\",\"tipo_comida_id\":\"3\",\"rango_precios\":\"15-30\",\"tipo_establecimiento_id\":\"1\",\"prioridad_vision\":\"0\",\"nombre_eix_comercial\":\"Sant Cugat del Vall\\u00e8s\",\"nombre_tipo_comida\":\"Comida Italiana\"},{\"restaurante_id\":\"79\",\"nombre_restaurante\":\"Simult\\u00e1neo\",\"latitud\":\"0\",\"longitud\":\"0\",\"direccion\":\"Plaza Espa\\u00f1a, 6-8, 08014 Barcelona\",\"telefono\":\"934262600\",\"pagina_web\":\"http:\\\/\\\/www.simultaneoplaza.com\",\"tipo_comida_outlist\":\"\",\"descripcion_oferta\":\"BOTANITA + C\\u00d3CTEL: 12\\u20ac Homenaje a la gastronom\\u00eda mexicana. Elige una botanita de nuestro men\\u00fa especial Catrina y s\\u00famale una mezcalita o paloma a tu elecci\\u00f3n. Botanitas: tacos de cochinita pibil; quesadillas de pollo; burrito con queso Oaxaca (+3\\u20ac) o enchiladas de panceta con frijoles, queso y salsa\\u00a0de\\u00a0chile\\u00a0(+3\\u20ac).\",\"precio_oferta\":\"0.00\",\"enlace_oferta\":\"\",\"imagen_oferta\":\"https:\\\/\\\/foodieblackweek.com\\\/barcelona\\\/wp-content\\\/uploads\\\/2025\\\/09\\\/quesadilla.png\",\"eix_comercial_id\":\"4\",\"tipo_comida_id\":\"30\",\"rango_precios\":\"15-30\",\"tipo_establecimiento_id\":\"1\",\"prioridad_vision\":\"0\",\"nombre_eix_comercial\":\"Barcelona - Creu Coberta\",\"nombre_tipo_comida\":\"Tapas\"},{\"restaurante_id\":\"73\",\"nombre_restaurante\":\"Cervecer\\u00eda Conde Dr\\u00e1cula\",\"latitud\":\"41.441027\",\"longitud\":\"2.177271\",\"direccion\":\"Via J\\u00falia, Barcelona\",\"telefono\":\"933508289\",\"pagina_web\":\"http:\\\/\\\/www.cerveceriacondedracula.com\",\"tipo_comida_outlist\":\"\",\"descripcion_oferta\":\"Parrillada Pescado y Patr\\u00f3n Paloma Conde Dr\\u00e1cula Mediterraneo para 2 Personas.\",\"precio_oferta\":\"40.00\",\"enlace_oferta\":\"http:\\\/\\\/www.cerveceriacondedracula.com\",\"imagen_oferta\":\"https:\\\/\\\/foodieblackweek.com\\\/barcelona\\\/wp-content\\\/uploads\\\/ImagenesClientes\\\/2025\\\/09\\\/1000153713.jpg\",\"eix_comercial_id\":\"13\",\"tipo_comida_id\":\"23\",\"rango_precios\":\"15-30\",\"tipo_establecimiento_id\":\"1\",\"prioridad_vision\":\"0\",\"nombre_eix_comercial\":\"Barcelona - Nou Barris\",\"nombre_tipo_comida\":\"Comida Mediterr\\u00e1nea\"},{\"restaurante_id\":\"71\",\"nombre_restaurante\":\"Gran Viana\",\"latitud\":\"41.379855\",\"longitud\":\"2.176719\",\"direccion\":\"Carrer dels Escudellers 24, Barcelona\",\"telefono\":\"933485594\",\"pagina_web\":\"http:\\\/\\\/www.granvianabcn.com\",\"tipo_comida_outlist\":\"\",\"descripcion_oferta\":\"Men\\u00fa degustaci\\u00f3n completo por 39 \\u20ac e incluye pan, agua y caf\\u00e9. Comienza con un aperitivo de roll-on de mango, manzana y pepino con mostaza de miel y brotes de alfalfa. Como primeros platos para compartir, se ofrece jam\\u00f3n ib\\u00e9rico de bellota con pan con tomate, burrata con tomates cherry, guacamole y vinagreta de frutos secos, daditos de at\\u00fan marinados en soja con manzana y aguacate, y pulpo asado con gambas y ajada de piment\\u00f3n. En los segundos platos, se puede elegir entre meloso de ternera con alcachofa, pur\\u00e9 de boniato con canela y cebollitas confitadas; costilla de ternera Black Angus estilo barbacoa con parmentier de patatas y esp\\u00e1rragos trigueros a la parrilla (con suplemento de 5 euros); cochinillo crujiente con chutney de pera, pur\\u00e9 de patata, guisantes y cremoso de parmesano (suplemento de 5 euros); cordero a baja temperatura con tabul\\u00e9 y hummus; entrecot \\u201cCube Roll\\u201d de ternera argentina de 250 gramos con br\\u00f3coli, patatas y setas (suplemento de 5 euros); bacalao con salsa de naranja sanguina, manzana y chips de espinacas y yuca; paella del se\\u00f1oret; arroz cremoso \\u201cCarnaroli\\u201d con setas de temporada y foie; o linguine con pulpo, gambas, mejillones y calamarcitos con su tinta. En los postres se puede escoger entre tarta de queso al horno con crumble, coulis y helado de vainilla; tr\\u00edo de chocolates(a veces mejor que el sexo); torrija con helado de vainilla casero y salsa inglesa; o bicamis\\u00fa. El precio del men\\u00fa completo es de 39 euros e incluye pan, agua y caf\\u00e9.\",\"precio_oferta\":\"0.00\",\"enlace_oferta\":\"\",\"imagen_oferta\":\"https:\\\/\\\/www.granvianabcn.com\\\/wp-content\\\/uploads\\\/2025\\\/03\\\/Sin-titulo-1_0000_P8190002-2.jpg\",\"eix_comercial_id\":\"23\",\"tipo_comida_id\":\"17\",\"rango_precios\":\"30-60\",\"tipo_establecimiento_id\":\"1\",\"prioridad_vision\":\"0\",\"nombre_eix_comercial\":\"Barcelona - Gotic\",\"nombre_tipo_comida\":\"Comida Espa\\u00f1ola\"},{\"restaurante_id\":\"70\",\"nombre_restaurante\":\"Louro\",\"latitud\":\"41.3792\",\"longitud\":\"2.17482\",\"direccion\":\"Rambla del Caputxins 37, Principal\",\"telefono\":\"937308280\",\"pagina_web\":\"http:\\\/\\\/www.lourocgb.com\",\"tipo_comida_outlist\":\"\",\"descripcion_oferta\":\"20% de descuento en cuenta\",\"precio_oferta\":\"0.00\",\"enlace_oferta\":\"\",\"imagen_oferta\":\"https:\\\/\\\/www.lourocgb.com\\\/wp-content\\\/uploads\\\/2023\\\/12\\\/restaurante-gallego-barcelona-louro-3.jpeg\",\"eix_comercial_id\":\"24\",\"tipo_comida_id\":\"37\",\"rango_precios\":\"30-60\",\"tipo_establecimiento_id\":\"1\",\"prioridad_vision\":\"0\",\"nombre_eix_comercial\":\"Barcelona - Ciutat Vella\",\"nombre_tipo_comida\":\"Otras\"},{\"restaurante_id\":\"69\",\"nombre_restaurante\":\"Cera 23\",\"latitud\":\"41.378854\",\"longitud\":\"2.166243\",\"direccion\":\"Carrer de la Cera 23, Barcelona\",\"telefono\":\"934420808\",\"pagina_web\":\"http:\\\/\\\/www.cera23.com\",\"tipo_comida_outlist\":\"\",\"descripcion_oferta\":\"Ofrecemos 20% de descuento en cuenta\",\"precio_oferta\":\"0.00\",\"enlace_oferta\":\"\",\"imagen_oferta\":\"https:\\\/\\\/www.cera23.com\\\/wp-content\\\/uploads\\\/2023\\\/12\\\/restaurante-fusion-barcelona-cera-23-4.jpg\",\"eix_comercial_id\":\"24\",\"tipo_comida_id\":\"17\",\"rango_precios\":\"30-60\",\"tipo_establecimiento_id\":\"1\",\"prioridad_vision\":\"0\",\"nombre_eix_comercial\":\"Barcelona - Ciutat Vella\",\"nombre_tipo_comida\":\"Comida Espa\\u00f1ola\"},{\"restaurante_id\":\"66\",\"nombre_restaurante\":\"Arume\",\"latitud\":\"41.378915\",\"longitud\":\"2.165918\",\"direccion\":\"Carrer d\\\\\\\\\\\\\\\\\\\\\\\\\\\\'En Botella 13, Barcelona\",\"telefono\":\"933154872\",\"pagina_web\":\"http:\\\/\\\/www.arumerestaurant.com\",\"tipo_comida_outlist\":\"\",\"descripcion_oferta\":\"El men\\u00fa degustaci\\u00f3n por 29\\u20ac\\\/persona. Tostas de sardina ahumada con crema de queso de cebreiro y mermelada de tomate y albahaca. Vieiras con crema de ma\\u00edz, trufa, crujiente de pan y brisura de trufa negra. Canelones de berenjena asada, bechamel de San Sim\\u00f3n, arroz salvaje frito, pesto y ajada gallega. Paella de marisco \\u00f3 Paella de pato (a escoger). Postre: Bicamis\\u00fa. Incluye agua y pan.\",\"precio_oferta\":\"0.00\",\"enlace_oferta\":\"\",\"imagen_oferta\":\"https:\\\/\\\/foodieblackweek.com\\\/barcelona\\\/wp-content\\\/uploads\\\/ImagenesClientes\\\/2025\\\/09\\\/P2151180.jpg\",\"eix_comercial_id\":\"24\",\"tipo_comida_id\":\"17\",\"rango_precios\":\"30-60\",\"tipo_establecimiento_id\":\"1\",\"prioridad_vision\":\"0\",\"nombre_eix_comercial\":\"Barcelona - Ciutat Vella\",\"nombre_tipo_comida\":\"Comida Espa\\u00f1ola\"},{\"restaurante_id\":\"65\",\"nombre_restaurante\":\"Contempo Gastrobar\",\"latitud\":\"41.38636\",\"longitud\":\"2.16551\",\"direccion\":\"Dentro Hotel Catalonia, Carrer de Bergara, Pl. de Catalunya, 9, 08002 Barcelona\",\"telefono\":\"933015151\",\"pagina_web\":\"https:\\\/\\\/www.ebocarestaurants.com\\\/restaurantes\\\/contempo-gastrobar\\\/\",\"tipo_comida_outlist\":\"\",\"descripcion_oferta\":\"Canel\\u00f3n de Pollo de Pay\\u00e9s con Trufa y Copa de vino tinto Raimat Vol d'\\u00c0nima Ecol\\u00f3gico DOP Pened\\u00e8s \\u00c0nec Mut.\",\"precio_oferta\":\"15.00\",\"enlace_oferta\":\"\",\"imagen_oferta\":\"https:\\\/\\\/foodieblackweek.com\\\/barcelona\\\/wp-content\\\/uploads\\\/ImagenesClientes\\\/2025\\\/09\\\/Contempo_Mayo_2025-62.jpg\",\"eix_comercial_id\":\"14\",\"tipo_comida_id\":\"30\",\"rango_precios\":\"15-30\",\"tipo_establecimiento_id\":\"1\",\"prioridad_vision\":\"0\",\"nombre_eix_comercial\":\"Barcelona - Nou Eixample\",\"nombre_tipo_comida\":\"Tapas\"},{\"restaurante_id\":\"60\",\"nombre_restaurante\":\"La Canija\",\"latitud\":\"41.26649\",\"longitud\":\"1.97099\",\"direccion\":\"Pg. Mar\\u00edtim, 214, 08860 Castelldefels, Barcelona\",\"telefono\":\"930239756\",\"pagina_web\":\"http:\\\/\\\/www.lacanija.es\",\"tipo_comida_outlist\":\"\",\"descripcion_oferta\":\"Men\\u00fa Degustaci\\u00f3n Black Canija. Degustaci\\u00f3n para compartir de nuestras platos m\\u00e1s especiales y de nuevos inventos de nuestra cocina. Se incluir\\u00e1 un postre de locos tambi\\u00e9n para compartir. M\\u00ednimo para 2 personas. Una bebida por persona.\",\"precio_oferta\":\"35.00\",\"enlace_oferta\":\"\",\"imagen_oferta\":\"https:\\\/\\\/foodie.deostudio.com\\\/wp-content\\\/uploads\\\/2024\\\/05\\\/foodie-giny-transparente.gif\",\"eix_comercial_id\":\"30\",\"tipo_comida_id\":\"17\",\"rango_precios\":\"30-60\",\"tipo_establecimiento_id\":\"1\",\"prioridad_vision\":\"0\",\"nombre_eix_comercial\":\"Castelldefels\",\"nombre_tipo_comida\":\"Comida Espa\\u00f1ola\"},{\"restaurante_id\":\"59\",\"nombre_restaurante\":\"La tasca punk\",\"latitud\":\"41.451021\",\"longitud\":\"2.225769\",\"direccion\":\"Avinguda de Lloreda 33, Badalona\",\"telefono\":\"933976917\",\"pagina_web\":\"http:\\\/\\\/latascapunk.com\",\"tipo_comida_outlist\":\"\",\"descripcion_oferta\":\"Gyozas de osobuco estofado al vino tinto con su salsa especial  + copa de cerveza o vino.\",\"precio_oferta\":\"8.50\",\"enlace_oferta\":\"\",\"imagen_oferta\":\"https:\\\/\\\/foodieblackweek.com\\\/barcelona\\\/wp-content\\\/uploads\\\/ImagenesClientes\\\/2025\\\/09\\\/IMG_5775.jpeg\",\"eix_comercial_id\":\"25\",\"tipo_comida_id\":\"37\",\"rango_precios\":\"15-30\",\"tipo_establecimiento_id\":\"1\",\"prioridad_vision\":\"0\",\"nombre_eix_comercial\":\"Badalona\",\"nombre_tipo_comida\":\"Otras\"},{\"restaurante_id\":\"3\",\"nombre_restaurante\":\"BPM BAR EIXAMPLE\",\"latitud\":\"41.38437\",\"longitud\":\"2.153939\",\"direccion\":\"Calle de Arag\\u00f3n, 127, Eixample, 08015 Barcelona\",\"telefono\":\"650323165\",\"pagina_web\":\"http:\\\/\\\/bpmbar.es\",\"tipo_comida_outlist\":\"\",\"descripcion_oferta\":\"ST GERMAIN SPRITZ 9\\u20ac. BOMBAY SAPHIRE & TONIC 9\\u20ac. PATRON PALOMA 14\\u20ac. ESPRESSO GREY GOOSE 14\\u20ac.\",\"precio_oferta\":\"0.00\",\"enlace_oferta\":\"\",\"imagen_oferta\":\"https:\\\/\\\/foodie.deostudio.com\\\/wp-content\\\/uploads\\\/2024\\\/05\\\/foodie-giny-transparente.gif\",\"eix_comercial_id\":\"14\",\"tipo_comida_id\":\"17\",\"rango_precios\":\"15-30\",\"tipo_establecimiento_id\":\"1\",\"prioridad_vision\":\"0\",\"nombre_eix_comercial\":\"Barcelona - Nou Eixample\",\"nombre_tipo_comida\":\"Comida Espa\\u00f1ola\"},{\"restaurante_id\":\"109\",\"nombre_restaurante\":\"Bar Mono\",\"latitud\":\"41.38246\",\"longitud\":\"2.174359\",\"direccion\":\"Pla\\u00e7a de Sant Josep Oriol, 4, Barcelona\",\"telefono\":\"689963437\",\"pagina_web\":\"http:\\\/\\\/www.barmono.es\",\"tipo_comida_outlist\":\"\",\"descripcion_oferta\":null,\"precio_oferta\":null,\"enlace_oferta\":null,\"imagen_oferta\":null,\"eix_comercial_id\":\"23\",\"tipo_comida_id\":\"16\",\"rango_precios\":\"30-60\",\"tipo_establecimiento_id\":\"1\",\"prioridad_vision\":\"0\",\"nombre_eix_comercial\":\"Barcelona - Gotic\",\"nombre_tipo_comida\":\"Comida Catalana\"},{\"restaurante_id\":\"101\",\"nombre_restaurante\":\"Neo bistro\",\"latitud\":\"41.392613\",\"longitud\":\"2.15356\",\"direccion\":\"Carrer d\\\\\\\\\\\\'Aribau 151, Barcelona\",\"telefono\":\"+34722265138\",\"pagina_web\":\"https:\\\/\\\/www.neobistro.es\\\/es\",\"tipo_comida_outlist\":\"\",\"descripcion_oferta\":null,\"precio_oferta\":null,\"enlace_oferta\":null,\"imagen_oferta\":null,\"eix_comercial_id\":\"3\",\"tipo_comida_id\":\"23\",\"rango_precios\":\"30-60\",\"tipo_establecimiento_id\":\"1\",\"prioridad_vision\":\"0\",\"nombre_eix_comercial\":\"Barcelona - Cor Eixample\",\"nombre_tipo_comida\":\"Comida Mediterr\\u00e1nea\"}];\n\n\/\/ Mostrar todos los resultados en consola al cargar el mapa\nconsole.log(\"Todos los resultados del mapa:\", properties);\n\nasync function initMap() {\n    \/\/ Importar clases de la API de Google Maps\n    const {\n        Map\n    } = await google.maps.importLibrary(\"maps\");\n    const {\n        AdvancedMarkerElement\n    } = await google.maps.importLibrary(\"marker\");\n\n    \/\/ Centro inicial (Madrid, por ejemplo)\n    const center = {\n        lat: 41.3874,\n        lng: 2.1686\n    };\n\n    \/\/ Crear mapa\n    map = new Map(document.getElementById('map'), {\n        zoom: 11,\n        mapId: \"63c2e3b5f83810ef\",\n        center: center,\n        streetViewControl: false,\n        mapTypeControl: false,\n        clickableIcons: false\n    });\n\n    \/\/ Al hacer clic en el mapa, cierra el overlay (si existe)\n    map.addListener('click', () => {\n        if (currentOverlay) {\n            currentOverlay.setMap(null);\n            currentOverlay = null;\n        }\n        \/\/ map.setZoom(14);\n    });\n\n    \/\/ Cargar y mostrar todos los restaurantes\n    actualizarMapa(properties);\n}\n\ndocument.getElementById('barrio').addEventListener('change', FiltroListener);\ndocument.getElementById('tipo_comida').addEventListener('change', FiltroListener);\ndocument.getElementById('rango_precio').addEventListener('change', FiltroListener);\n\n\/\/ [NUEVO] Variables\/elementos para autocompletado\nconst autocompleteResults = document.getElementById('autocomplete-results');\ndocument.getElementById('buscador').addEventListener('input', onBuscarInput);\n\n\/**\n * Genera las sugerencias de autocompletado en base al input (nombre del restaurante).\n *\/\nfunction onBuscarInput(e) {\n    const valor = e.target.value.toLowerCase();\n\n    \/\/ Limpia el contenedor de sugerencias cada vez\n    autocompleteResults.innerHTML = '';\n    autocompleteResults.style.display = 'none';\n\n    \/\/ Si no hay texto, no mostramos nada y llamamos a filtrar\n    if (!valor) {\n        aplicarFiltros();\n        return;\n    }\n    aplicarFiltros();\n\n    \/\/ Tomamos de tu array \"properties\" solo el nombre_restaurante\n    \/\/ y buscamos coincidencias con lo que escribe el usuario\n    const coincidencias = properties\n        .map(r => r.nombre_restaurante) \/\/ sacamos solo el nombre\n        .filter(nombre => nombre.toLowerCase().includes(valor));\n\n    \/\/ Quitamos duplicados\n    const unicos = [...new Set(coincidencias)];\n\n    \/\/ con esto de aqui abajo creamos un boton para eliminar el texto que se selecciona en el input\n    const closeBtn = document.createElement('button');\n    closeBtn.type = 'button';\n    closeBtn.className = 'close';\n    closeBtn.innerHTML = '<span aria-hidden=\"true\">&times;<\/span>';\n    closeBtn.addEventListener('click', () => {\n        document.getElementById('buscador').value = '';\n        aplicarFiltros();\n        closeBtn.parentNode.removeChild(closeBtn);\n    });\n\n    \/\/ Agregamos el evento de input al input de b\u00fasqueda\n    document.getElementById('buscador').addEventListener('input', () => {\n        \/\/ console.log('Evento input disparado');\n        if (document.getElementById('buscador').value.length > 0) {\n            if (!document.getElementById('buscador').parentNode.querySelector('.close')) {\n                document.getElementById('buscador').parentNode.appendChild(closeBtn);\n            }\n        } else {\n            closeBtn.parentNode.removeChild(closeBtn);\n        }\n    });\n\n    \/\/ Si hay coincidencias, las mostramos\n    if (unicos.length > 0) {\n        autocompleteResults.style.display = 'block';\n\n        \/\/ Mostramos m\u00e1ximo 10 sugerencias\n        unicos.slice(0, 10).forEach(nombre => {\n            const item = document.createElement('div');\n            item.textContent = nombre;\n            item.classList.add('autocomplete-item');\n\n            \/\/ Al hacer clic en una sugerencia:\n            item.addEventListener('click', () => {\n                \/\/ Rellenamos el input\n                document.getElementById('buscador').value = nombre;\n                \/\/ Ocultamos sugerencias\n                autocompleteResults.innerHTML = '';\n                autocompleteResults.style.display = 'none';\n                \/\/ Filtramos con ese nombre\n                aplicarFiltros();\n                if (!document.getElementById('buscador').parentNode.querySelector('.close')) {\n                    document.getElementById('buscador').parentNode.appendChild(closeBtn);\n                }\n            });\n            autocompleteResults.appendChild(item);\n        });\n    }\n}\n<\/script>\n\n\n\n<script src=\"https:\/\/cdn.jsdelivr.net\/npm\/bootstrap@5.3.3\/dist\/js\/bootstrap.bundle.min.js\"><\/script>\n\n[\/et_pb_code][\/et_pb_column][\/et_pb_row][\/et_pb_section][et_pb_section fb_built=\u00bb1&#8243; fullwidth=\u00bbon\u00bb admin_label=\u00bbSection\u00bb module_id=\u00bbLista-cards\u00bb _builder_version=\u00bb4.25.1&#8243; _module_preset=\u00bbdefault\u00bb background_color=\u00bbRGBA(255,255,255,0)\u00bb da_popup_slug=\u00bbLista-cards\u00bb da_disable_devices=\u00bboff|off|off\u00bb global_colors_info=\u00bb{}\u00bb da_is_popup=\u00bboff\u00bb da_exit_intent=\u00bboff\u00bb da_has_close=\u00bbon\u00bb da_alt_close=\u00bboff\u00bb da_dark_close=\u00bboff\u00bb da_not_modal=\u00bbon\u00bb da_is_singular=\u00bboff\u00bb da_with_loader=\u00bboff\u00bb da_has_shadow=\u00bbon\u00bb][\/et_pb_section][et_pb_section fb_built=\u00bb1&#8243; disabled_on=\u00bboff|off|off\u00bb admin_label=\u00bbSection\u00bb module_id=\u00bbborrar\u00bb _builder_version=\u00bb4.25.1&#8243; _module_preset=\u00bbdefault\u00bb custom_margin=\u00bb0px||0px||false|false\u00bb custom_padding=\u00bb1%||1%||false|false\u00bb custom_css_main_element=\u00bbvisibilty:hidden\u00bb da_popup_slug=\u00bbborrar\u00bb da_disable_devices=\u00bboff|off|off\u00bb global_colors_info=\u00bb{}\u00bb da_is_popup=\u00bboff\u00bb da_exit_intent=\u00bboff\u00bb da_has_close=\u00bbon\u00bb da_alt_close=\u00bboff\u00bb da_dark_close=\u00bboff\u00bb da_not_modal=\u00bbon\u00bb da_is_singular=\u00bboff\u00bb da_with_loader=\u00bboff\u00bb da_has_shadow=\u00bbon\u00bb][et_pb_row column_structure=\u00bb1_3,1_3,1_3&#8243; _builder_version=\u00bb4.25.1&#8243; _module_preset=\u00bbdefault\u00bb global_colors_info=\u00bb{}\u00bb][et_pb_column type=\u00bb1_3&#8243; _builder_version=\u00bb4.25.1&#8243; _module_preset=\u00bbdefault\u00bb custom_padding=\u00bb||||false|false\u00bb custom_css_main_element=\u00bbmax-width:270px\u00bb global_colors_info=\u00bb{}\u00bb][et_pb_image src=\u00bbhttps:\/\/foodie.deostudio.com\/wp-content\/uploads\/2024\/06\/tamano-foto-restauradores-900&#215;900-pixles-cuadrada.jpg\u00bb alt=\u00bbfoodie black week barcelona ofertas restaurantes\u00bb title_text=\u00bbtaman\u0303o-foto-restauradores-900&#215;900-pixles-cuadrada\u00bb _builder_version=\u00bb4.25.1&#8243; _module_preset=\u00bbdefault\u00bb width=\u00bb90%\u00bb custom_css_main_element=\u00bb\tobject-fit: cover;||\u00bb global_colors_info=\u00bb{}\u00bb][\/et_pb_image][\/et_pb_column][et_pb_column type=\u00bb1_3&#8243; _builder_version=\u00bb4.25.1&#8243; _module_preset=\u00bbdefault\u00bb global_colors_info=\u00bb{}\u00bb][et_pb_text _builder_version=\u00bb4.25.1&#8243; _module_preset=\u00bbdefault\u00bb text_font=\u00bbagenda-bold||||||||\u00bb text_font_size=\u00bb20px\u00bb text_line_height=\u00bb1em\u00bb custom_margin=\u00bb||0%||false|false\u00bb global_colors_info=\u00bb{}\u00bb]<\/p>\n<p>Nombre del restaurante completo<\/p>\n<p>[\/et_pb_text][et_pb_text _builder_version=\u00bb4.25.1&#8243; _module_preset=\u00bbdefault\u00bb text_font=\u00bbagenda-bold||||||||\u00bb text_text_color=\u00bb#FF0099&#8243; text_font_size=\u00bb18px\u00bb text_line_height=\u00bb1em\u00bb custom_margin=\u00bb||-0.9%||false|false\u00bb custom_padding=\u00bb||0px||false|false\u00bb global_colors_info=\u00bb{}\u00bb]<\/p>\n<p>TIPO DE COMIDA<\/p>\n<p>[\/et_pb_text][et_pb_text _builder_version=\u00bb4.25.1&#8243; _module_preset=\u00bbdefault\u00bb text_font=\u00bbagenda-light||||||||\u00bb text_font_size=\u00bb20px\u00bb text_line_height=\u00bb1em\u00bb custom_margin=\u00bb||3%||false|false\u00bb global_colors_info=\u00bb{}\u00bb]<\/p>\n<p>\u20ac\u20ac\u20ac\u20ac<\/p>\n<p>[\/et_pb_text][et_pb_text _builder_version=\u00bb4.25.1&#8243; _module_preset=\u00bbdefault\u00bb text_font=\u00bbagenda-light||||||||\u00bb text_font_size=\u00bb18px\u00bb custom_margin=\u00bb||3%||false|false\u00bb global_colors_info=\u00bb{}\u00bb]<\/p>\n<p>Direcci\u00f3n completa del restaurante, 08008, Barcelona<\/p>\n<p>[\/et_pb_text][et_pb_text _builder_version=\u00bb4.25.1&#8243; _module_preset=\u00bbdefault\u00bb text_font=\u00bbagenda-bold||||||||\u00bb text_font_size=\u00bb20px\u00bb text_line_height=\u00bb1em\u00bb custom_margin=\u00bb||0%||false|false\u00bb global_colors_info=\u00bb{}\u00bb]<\/p>\n<p>93 450 93 23<\/p>\n<p>[\/et_pb_text][et_pb_text _builder_version=\u00bb4.25.1&#8243; _module_preset=\u00bbdefault\u00bb text_font=\u00bbagenda-bold||||||||\u00bb text_font_size=\u00bb20px\u00bb custom_margin=\u00bb||4%||false|false\u00bb global_colors_info=\u00bb{}\u00bb]<\/p>\n<p><a href=\"http:\/\/www.google.es\" target=\"_blank\" rel=\"noopener\">P\u00e1gina web<\/a><\/p>\n<p>[\/et_pb_text][\/et_pb_column][et_pb_column type=\u00bb1_3&#8243; _builder_version=\u00bb4.25.1&#8243; _module_preset=\u00bbdefault\u00bb custom_padding=\u00bb2%|2%|2%|2%|false|false\u00bb custom_padding_tablet=\u00bb2%|2%|2%|2%|false|false\u00bb custom_padding_phone=\u00bb4%|4%|4%|4%|false|false\u00bb custom_padding_last_edited=\u00bbon|phone\u00bb border_width_all=\u00bb1px\u00bb border_color_all=\u00bb#FF0099&#8243; global_colors_info=\u00bb{}\u00bb][et_pb_image src=\u00bbhttps:\/\/foodie.deostudio.com\/wp-content\/uploads\/2024\/06\/foodie-black-week-24-promociones-web.png\u00bb alt=\u00bbfoodie-black-week-24-promociones-web\u00bb title_text=\u00bbfoodie-black-week-24-promociones-web\u00bb _builder_version=\u00bb4.25.1&#8243; _module_preset=\u00bbdefault\u00bb global_colors_info=\u00bb{}\u00bb][\/et_pb_image][et_pb_text _builder_version=\u00bb4.25.1&#8243; _module_preset=\u00bbdefault\u00bb text_font=\u00bbagendablack||||||||\u00bb text_font_size=\u00bb20px\u00bb border_color_all=\u00bb#FF0099&#8243; global_colors_info=\u00bb{}\u00bb]<\/p>\n<p>Dos tapas y dos ca\u00f1as por 7\u20ac<\/p>\n<p>[\/et_pb_text][et_pb_button button_text=\u00bbReserva\u00bb _builder_version=\u00bb4.25.1&#8243; _module_preset=\u00bbdefault\u00bb custom_button=\u00bbon\u00bb button_text_color=\u00bb#FFFFFF\u00bb button_bg_color=\u00bb#FF0099&#8243; button_border_width=\u00bb0px\u00bb button_border_color=\u00bb#FF0099&#8243; button_border_radius=\u00bb1px\u00bb global_colors_info=\u00bb{}\u00bb][\/et_pb_button][\/et_pb_column][\/et_pb_row][et_pb_row _builder_version=\u00bb4.25.1&#8243; _module_preset=\u00bbdefault\u00bb global_colors_info=\u00bb{}\u00bb][et_pb_column type=\u00bb4_4&#8243; _builder_version=\u00bb4.25.1&#8243; _module_preset=\u00bbdefault\u00bb global_colors_info=\u00bb{}\u00bb][et_pb_text _builder_version=\u00bb4.25.1&#8243; _module_preset=\u00bbdefault\u00bb text_font=\u00bbAgendaMedium|100|||||||\u00bb global_colors_info=\u00bb{}\u00bb][\/et_pb_text][\/et_pb_column][\/et_pb_row][\/et_pb_section][et_pb_section fb_built=\u00bb1&#8243; fullwidth=\u00bbon\u00bb admin_label=\u00bbSection\u00bb module_id=\u00bbBotonMas\u00bb _builder_version=\u00bb4.25.1&#8243; _module_preset=\u00bbdefault\u00bb da_popup_slug=\u00bbBotonMas\u00bb da_disable_devices=\u00bboff|off|off\u00bb global_colors_info=\u00bb{}\u00bb da_is_popup=\u00bboff\u00bb da_exit_intent=\u00bboff\u00bb da_has_close=\u00bbon\u00bb da_alt_close=\u00bboff\u00bb da_dark_close=\u00bboff\u00bb da_not_modal=\u00bbon\u00bb da_is_singular=\u00bboff\u00bb da_with_loader=\u00bboff\u00bb da_has_shadow=\u00bbon\u00bb][\/et_pb_section][et_pb_section fb_built=\u00bb1&#8243; admin_label=\u00bbSection\u00bb _builder_version=\u00bb4.25.1&#8243; _module_preset=\u00bbdefault\u00bb background_color=\u00bb#FFFFFF\u00bb custom_margin=\u00bb0px||0px||false|false\u00bb custom_margin_tablet=\u00bb0px||0px||false|false\u00bb custom_margin_phone=\u00bb0px||||false|false\u00bb custom_margin_last_edited=\u00bbon|phone\u00bb custom_padding=\u00bb0px||0px||false|false\u00bb da_disable_devices=\u00bboff|off|off\u00bb box_shadow_style=\u00bbpreset1&#8243; global_colors_info=\u00bb{}\u00bb background__hover_enabled=\u00bbon|desktop\u00bb custom_margin__hover_enabled=\u00bbon|desktop\u00bb custom_margin__hover=\u00bb0px||0px||false|false\u00bb da_is_popup=\u00bboff\u00bb da_exit_intent=\u00bboff\u00bb da_has_close=\u00bbon\u00bb da_alt_close=\u00bboff\u00bb da_dark_close=\u00bboff\u00bb da_not_modal=\u00bbon\u00bb da_is_singular=\u00bboff\u00bb da_with_loader=\u00bboff\u00bb da_has_shadow=\u00bbon\u00bb][et_pb_row column_structure=\u00bb1_2,1_2&#8243; use_custom_gutter=\u00bbon\u00bb gutter_width=\u00bb1&#8243; make_equal=\u00bbon\u00bb _builder_version=\u00bb4.25.1&#8243; _module_preset=\u00bbdefault\u00bb width=\u00bb100%\u00bb max_width=\u00bb100%\u00bb module_alignment=\u00bbcenter\u00bb custom_margin=\u00bb|0px|0px|0px|false|false\u00bb custom_margin_tablet=\u00bb|0px|0px|0px|false|false\u00bb custom_margin_phone=\u00bb0px||||false|false\u00bb custom_margin_last_edited=\u00bbon|phone\u00bb custom_padding=\u00bb0px|0px|0px|0px|false|false\u00bb global_colors_info=\u00bb{}\u00bb][et_pb_column type=\u00bb1_2&#8243; _builder_version=\u00bb4.25.1&#8243; _module_preset=\u00bbdefault\u00bb background_image=\u00bbhttps:\/\/foodie.deostudio.com\/wp-content\/uploads\/2024\/06\/c-foodie-black-week-24-ofertas-hoteles-barcelona.jpg\u00bb link_option_url=\u00bb\/hoteles\u00bb global_colors_info=\u00bb{}\u00bb background__hover_enabled=\u00bbon|hover\u00bb background_image__hover=\u00bbhttps:\/\/foodie.deostudio.com\/wp-content\/uploads\/2024\/06\/foodie-black-week-24-ofertas-hoteles-barcelona.jpg\u00bb background_enable_image__hover=\u00bbon\u00bb][et_pb_image src=\u00bbhttps:\/\/foodie.deostudio.com\/wp-content\/uploads\/2024\/06\/foodie-black-week-hoteles-ofertas-w.png\u00bb alt=\u00bbfoodie-black-week-hoteles-ofertas-P\u00bb title_text=\u00bbfoodie-black-week-hoteles-ofertas-P\u00bb url=\u00bb\/hoteles\u00bb align=\u00bbcenter\u00bb _builder_version=\u00bb4.25.1&#8243; _module_preset=\u00bbdefault\u00bb background_color=\u00bbRGBA(255,255,255,0)\u00bb width=\u00bb32%\u00bb max_width=\u00bb100%\u00bb module_alignment=\u00bbcenter\u00bb custom_margin=\u00bb27%||0%||false|false\u00bb custom_padding=\u00bb2%|6%|2%|6%|false|true\u00bb global_colors_info=\u00bb{}\u00bb src__hover_enabled=\u00bbon|hover\u00bb src__hover=\u00bbhttps:\/\/foodie.deostudio.com\/wp-content\/uploads\/2024\/06\/foodie-black-week-hoteles-ofertas-P-1.png\u00bb][\/et_pb_image][et_pb_text _builder_version=\u00bb4.27.0&#8243; _module_preset=\u00bbdefault\u00bb text_font=\u00bbagendablack||||||||\u00bb text_text_color=\u00bb#FFFFFF\u00bb text_font_size=\u00bb43px\u00bb background_color=\u00bb#FF0099&#8243; text_orientation=\u00bbcenter\u00bb custom_padding=\u00bb3%||2%||false|false\u00bb link_option_url=\u00bb\/hoteles\u00bb global_colors_info=\u00bb{}\u00bb text_text_color__hover_enabled=\u00bbon|hover\u00bb text_text_color__hover=\u00bb#000000&#8243;]<\/p>\n<p>HOTELES<\/p>\n<p>[\/et_pb_text][\/et_pb_column][et_pb_column type=\u00bb1_2&#8243; _builder_version=\u00bb4.25.1&#8243; _module_preset=\u00bbdefault\u00bb background_image=\u00bbhttps:\/\/foodie.deostudio.com\/wp-content\/uploads\/2024\/06\/foodie-black-week-24-ofertas-hoteles-barcelona-1.jpg\u00bb link_option_url=\u00bb\/ocio\u00bb global_colors_info=\u00bb{}\u00bb background__hover_enabled=\u00bbon|hover\u00bb background_image__hover=\u00bbhttps:\/\/foodie.deostudio.com\/wp-content\/uploads\/2024\/06\/foodie-black-week-24-ofertas-ocio-barcelona.jpg\u00bb background_enable_image__hover=\u00bbon\u00bb][et_pb_image src=\u00bbhttps:\/\/foodie.deostudio.com\/wp-content\/uploads\/2024\/06\/foodie-black-week-ocio-ofertas-w.png\u00bb alt=\u00bbfoodie-black-week-ocio-ofertas-P\u00bb title_text=\u00bbfoodie-black-week-ocio-ofertas-P\u00bb url=\u00bb\/ocio\u00bb align=\u00bbcenter\u00bb _builder_version=\u00bb4.25.1&#8243; _module_preset=\u00bbdefault\u00bb background_color=\u00bbRGBA(255,255,255,0)\u00bb width=\u00bb32%\u00bb max_width=\u00bb100%\u00bb module_alignment=\u00bbcenter\u00bb custom_margin=\u00bb28%||0%||false|false\u00bb custom_padding=\u00bb2%|6%|2%|6%|false|true\u00bb global_colors_info=\u00bb{}\u00bb src__hover_enabled=\u00bbon|hover\u00bb src__hover=\u00bbhttps:\/\/foodie.deostudio.com\/wp-content\/uploads\/2024\/06\/foodie-black-week-ocio-ofertas-P.png\u00bb][\/et_pb_image][et_pb_text _builder_version=\u00bb4.27.0&#8243; _module_preset=\u00bbdefault\u00bb text_font=\u00bbagendablack||||||||\u00bb text_text_color=\u00bb#FFFFFF\u00bb text_font_size=\u00bb43px\u00bb background_color=\u00bb#FF0099&#8243; text_orientation=\u00bbcenter\u00bb custom_padding=\u00bb3%||2%||false|false\u00bb link_option_url=\u00bb\/ocio\u00bb global_colors_info=\u00bb{}\u00bb text_text_color__hover_enabled=\u00bbon|hover\u00bb text_text_color__hover=\u00bb#000000&#8243;]<\/p>\n<p>OCIO<\/p>\n<p>[\/et_pb_text][\/et_pb_column][\/et_pb_row][\/et_pb_section][et_pb_section fb_built=\u00bb1&#8243; disabled_on=\u00bbon|on|on\u00bb admin_label=\u00bbPopup &#8211; #promo-rest\u00bb module_id=\u00bbpromo-rest\u00bb module_class=\u00bbpopup dark single\u00bb _builder_version=\u00bb4.27.0&#8243; _module_preset=\u00bbdefault\u00bb background_color=\u00bb#000000&#8243; background_video_mp4=\u00bbhttps:\/\/foodie.deostudio.com\/wp-content\/uploads\/2024\/06\/foodie-black-week-restauradores-24.mp4&#8243; width=\u00bb83%\u00bb width_tablet=\u00bb\u00bb width_phone=\u00bb99%\u00bb width_last_edited=\u00bbon|phone\u00bb max_height_tablet=\u00bb\u00bb max_height_phone=\u00bb\u00bb max_height_last_edited=\u00bbon|phone\u00bb custom_margin=\u00bb-10px||||false|false\u00bb custom_padding=\u00bb0px||13px||false|false\u00bb background_color_phone=\u00bb#000000&#8243; background_last_edited=\u00bbon|desktop\u00bb background_enable_color_phone=\u00bbon\u00bb background_enable_video_mp4_tablet=\u00bboff\u00bb background_enable_video_mp4_phone=\u00bboff\u00bb da_is_popup=\u00bbon\u00bb da_popup_slug=\u00bbpromo-rest\u00bb da_is_singular=\u00bbon\u00bb da_dark_close=\u00bbon\u00bb da_disable_devices=\u00bboff|off|off\u00bb disabled=\u00bbon\u00bb global_module=\u00bb435&#8243; saved_tabs=\u00bball\u00bb global_colors_info=\u00bb{}\u00bb da_exit_intent=\u00bboff\u00bb da_has_close=\u00bbon\u00bb da_alt_close=\u00bboff\u00bb da_not_modal=\u00bbon\u00bb da_with_loader=\u00bboff\u00bb da_has_shadow=\u00bbon\u00bb][et_pb_row column_structure=\u00bb1_2,1_2&#8243; _builder_version=\u00bb4.25.1&#8243; _module_preset=\u00bbdefault\u00bb custom_margin=\u00bb||0px||false|false\u00bb custom_padding=\u00bb||0px||false|false\u00bb global_colors_info=\u00bb{}\u00bb][et_pb_column type=\u00bb1_2&#8243; _builder_version=\u00bb4.25.1&#8243; _module_preset=\u00bbdefault\u00bb global_colors_info=\u00bb{}\u00bb][et_pb_text _builder_version=\u00bb4.25.1&#8243; _module_preset=\u00bbdefault\u00bb text_font=\u00bbagendablack||||||||\u00bb text_text_color=\u00bb#FFFFFF\u00bb text_font_size=\u00bb59px\u00bb text_line_height=\u00bb1.2em\u00bb custom_margin_tablet=\u00bb\u00bb custom_margin_phone=\u00bb\u00bb custom_margin_last_edited=\u00bbon|phone\u00bb custom_padding=\u00bb5%||||false|false\u00bb text_font_size_tablet=\u00bb59px\u00bb text_font_size_phone=\u00bb46px\u00bb text_font_size_last_edited=\u00bbon|phone\u00bb global_colors_info=\u00bb{}\u00bb]<\/p>\n<p>\u00bfEres restaurador?<\/p>\n<p>[\/et_pb_text][et_pb_text _builder_version=\u00bb4.27.0&#8243; _module_preset=\u00bbdefault\u00bb text_font=\u00bbagenda-bold||||||||\u00bb text_text_color=\u00bb#FFFFFF\u00bb text_font_size=\u00bb29px\u00bb text_line_height=\u00bb1.3em\u00bb text_font_size_tablet=\u00bb\u00bb text_font_size_phone=\u00bb22px\u00bb text_font_size_last_edited=\u00bbon|phone\u00bb global_colors_info=\u00bb{}\u00bb]<\/p>\n<p>La semana de la restauraci\u00f3n, hoteles y ocio, con m\u00e1s ofertas, promociones y regalos jam\u00e1s vivida en Barcelona, \u00bfte lo vas a perder?<\/p>\n<p>[\/et_pb_text][et_pb_button button_url=\u00bbhttps:\/\/foodieblackweek.com\/barcelona\/profesionales\/\u00bb url_new_window=\u00bbon\u00bb button_text=\u00bb\u00a1Quiero participar!\u00bb button_alignment=\u00bbleft\u00bb _builder_version=\u00bb4.27.0&#8243; _module_preset=\u00bbdefault\u00bb custom_button=\u00bbon\u00bb button_text_size=\u00bb23px\u00bb button_text_color=\u00bb#FFFFFF\u00bb button_bg_color=\u00bb#FF0099&#8243; button_border_width=\u00bb8px\u00bb button_border_color=\u00bb#FF0099&#8243; button_border_radius=\u00bb0px\u00bb button_font=\u00bbagenda-bold||||||||\u00bb button_bg_color_tablet=\u00bb#FF0099&#8243; button_bg_color_phone=\u00bb#FF0099&#8243; button_bg_color_last_edited=\u00bbon|desktop\u00bb global_colors_info=\u00bb{}\u00bb transform_styles__hover_enabled=\u00bbon|desktop\u00bb transform_scale__hover_enabled=\u00bbon|desktop\u00bb transform_translate__hover_enabled=\u00bbon|desktop\u00bb transform_rotate__hover_enabled=\u00bbon|desktop\u00bb transform_skew__hover_enabled=\u00bbon|desktop\u00bb transform_origin__hover_enabled=\u00bbon|desktop\u00bb button_letter_spacing__hover_enabled=\u00bbon|hover\u00bb button_bg_color__hover_enabled=\u00bbon|hover\u00bb button_border_radius__hover_enabled=\u00bbon|hover\u00bb button_border_radius__hover=\u00bb2px\u00bb button_letter_spacing__hover=\u00bb0px\u00bb button_bg_color__hover=\u00bb#FF0099&#8243; button_bg_enable_color__hover=\u00bbon\u00bb][\/et_pb_button][et_pb_text _builder_version=\u00bb4.25.1&#8243; _module_preset=\u00bbdefault\u00bb text_font=\u00bbagenda-light||||||||\u00bb text_text_color=\u00bb#FFFFFF\u00bb text_font_size=\u00bb19px\u00bb text_line_height=\u00bb1.5em\u00bb global_colors_info=\u00bb{}\u00bb]<\/p>\n<p>Participar es totalmente GRATIS.<\/p>\n<p>[\/et_pb_text][\/et_pb_column][et_pb_column type=\u00bb1_2&#8243; _builder_version=\u00bb4.25.1&#8243; _module_preset=\u00bbdefault\u00bb global_colors_info=\u00bb{}\u00bb][\/et_pb_column][\/et_pb_row][\/et_pb_section][et_pb_section fb_built=\u00bb1&#8243; fullwidth=\u00bbon\u00bb admin_label=\u00bbSection\u00bb _builder_version=\u00bb4.25.1&#8243; _module_preset=\u00bbdefault\u00bb background_color=\u00bb#FF0099&#8243; da_disable_devices=\u00bboff|off|off\u00bb global_colors_info=\u00bb{}\u00bb da_is_popup=\u00bboff\u00bb da_exit_intent=\u00bboff\u00bb da_has_close=\u00bbon\u00bb da_alt_close=\u00bboff\u00bb da_dark_close=\u00bboff\u00bb da_not_modal=\u00bbon\u00bb da_is_singular=\u00bboff\u00bb da_with_loader=\u00bboff\u00bb da_has_shadow=\u00bbon\u00bb][\/et_pb_section][et_pb_section fb_built=\u00bb1&#8243; admin_label=\u00bbSection\u00bb _builder_version=\u00bb4.25.1&#8243; _module_preset=\u00bbdefault\u00bb background_color=\u00bb#E0D8C9&#8243; da_disable_devices=\u00bboff|off|off\u00bb global_module=\u00bb85&#8243; saved_tabs=\u00bball\u00bb global_colors_info=\u00bb{}\u00bb da_is_popup=\u00bboff\u00bb da_exit_intent=\u00bboff\u00bb da_has_close=\u00bbon\u00bb da_alt_close=\u00bboff\u00bb da_dark_close=\u00bboff\u00bb da_not_modal=\u00bbon\u00bb da_is_singular=\u00bboff\u00bb da_with_loader=\u00bboff\u00bb da_has_shadow=\u00bbon\u00bb][et_pb_row disabled_on=\u00bbon|off|off\u00bb _builder_version=\u00bb4.27.4&#8243; _module_preset=\u00bbdefault\u00bb width=\u00bb90%\u00bb max_width=\u00bb100%\u00bb module_alignment=\u00bbcenter\u00bb custom_margin=\u00bb|0%||0%|false|false\u00bb custom_padding=\u00bb|0%||0%|false|false\u00bb global_colors_info=\u00bb{}\u00bb][et_pb_column type=\u00bb4_4&#8243; _builder_version=\u00bb4.25.1&#8243; _module_preset=\u00bbdefault\u00bb global_colors_info=\u00bb{}\u00bb][et_pb_image src=\u00bbhttps:\/\/foodieblackweek.com\/barcelona\/wp-content\/uploads\/2025\/09\/foodieblackweek-barcelona-apoyos-institucionales-1-scaled.png\u00bb alt=\u00bbFoodieblackweek barcelona apoyos institucionales\u00bb title_text=\u00bbfoodieblackweek-barcelona-apoyos-institucionales\u00bb _builder_version=\u00bb4.27.4&#8243; _module_preset=\u00bbdefault\u00bb width=\u00bb100%\u00bb width_tablet=\u00bb\u00bb width_phone=\u00bb85%\u00bb width_last_edited=\u00bbon|phone\u00bb module_alignment=\u00bbcenter\u00bb custom_margin=\u00bb0px|0px|0px|0px|false|false\u00bb custom_margin_tablet=\u00bb\u00bb custom_margin_phone=\u00bb\u00bb custom_margin_last_edited=\u00bbon|desktop\u00bb custom_padding=\u00bb0%|0px|0px|0px|false|false\u00bb global_colors_info=\u00bb{}\u00bb][\/et_pb_image][\/et_pb_column][\/et_pb_row][et_pb_row disabled_on=\u00bboff|on|on\u00bb _builder_version=\u00bb4.27.4&#8243; _module_preset=\u00bbdefault\u00bb width=\u00bb100%\u00bb max_width=\u00bb99%\u00bb module_alignment=\u00bbcenter\u00bb custom_margin=\u00bb|0%||0%|false|false\u00bb custom_padding=\u00bb|0%||0%|false|false\u00bb global_colors_info=\u00bb{}\u00bb][et_pb_column type=\u00bb4_4&#8243; _builder_version=\u00bb4.25.1&#8243; _module_preset=\u00bbdefault\u00bb global_colors_info=\u00bb{}\u00bb][et_pb_image src=\u00bbhttps:\/\/foodieblackweek.com\/barcelona\/wp-content\/uploads\/2025\/09\/m1foodieblackweek-barcelona-apoyos-institucionales-1.png\u00bb alt=\u00bbM1foodieblackweek barcelona apoyos institucionales\u00bb title_text=\u00bbm1foodieblackweek-barcelona-apoyos-institucionales\u00bb _builder_version=\u00bb4.27.4&#8243; _module_preset=\u00bbdefault\u00bb width=\u00bb100%\u00bb width_tablet=\u00bb\u00bb width_phone=\u00bb95%\u00bb width_last_edited=\u00bbon|phone\u00bb module_alignment=\u00bbcenter\u00bb min_height=\u00bb44px\u00bb custom_margin=\u00bb0px|0px|0px|0px|false|false\u00bb custom_margin_tablet=\u00bb\u00bb custom_margin_phone=\u00bb\u00bb custom_margin_last_edited=\u00bbon|desktop\u00bb custom_padding=\u00bb0%|0px|0px|0px|false|false\u00bb global_colors_info=\u00bb{}\u00bb][\/et_pb_image][et_pb_image src=\u00bbhttps:\/\/foodieblackweek.com\/barcelona\/wp-content\/uploads\/2025\/09\/m2-foodieblackweek-barcelona-apoyos-institucionales-1.png\u00bb alt=\u00bbM2 foodieblackweek barcelona apoyos institucionales\u00bb title_text=\u00bbm2-foodieblackweek-barcelona-apoyos-institucionales\u00bb _builder_version=\u00bb4.27.4&#8243; _module_preset=\u00bbdefault\u00bb width=\u00bb100%\u00bb width_tablet=\u00bb\u00bb width_phone=\u00bb95%\u00bb width_last_edited=\u00bbon|phone\u00bb module_alignment=\u00bbcenter\u00bb min_height=\u00bb44px\u00bb custom_margin=\u00bb0px|0px|0px|0px|false|false\u00bb custom_margin_tablet=\u00bb\u00bb custom_margin_phone=\u00bb\u00bb custom_margin_last_edited=\u00bbon|desktop\u00bb custom_padding=\u00bb3%|0px|0px|0px|false|false\u00bb global_colors_info=\u00bb{}\u00bb][\/et_pb_image][\/et_pb_column][\/et_pb_row][\/et_pb_section]<\/p>\n","protected":false},"excerpt":{"rendered":"<p><script src=\"https:\/\/maps.googleapis.com\/maps\/api\/js?key=AIzaSyC55ZMrUS_oWejx3mQBwNseWIPgxBiTvCY&callback=initMap\"><\/script>\n<link rel=\"stylesheet\" href=\"https:\/\/cdn.jsdelivr.net\/npm\/bootstrap@5.3.3\/dist\/css\/bootstrap.min.css\">\n<style>\n.map-container {\n    \/* width: 100%; *\/\n    height: 100%;\n    min-height: 300px;\n}\n\n#map {\n    width: 100%;\n    height: 450px;\n\n    min-height: 450px;\n}\n\n\n.custom-overlay {\n    position: absolute;\n    background: white;\n    border: 1px solid #ccc;\n    padding: 10px 20px 0px 20px;\n    border-radius: 5px;\n    box-shadow: 0 2px 10px rgba(0, 0, 0, 0.1);\n    z-index: 1000;\n    width: 260px;\n}\n\n.custom-overlay::after {\n    content: \"\";\n    position: absolute;\n    top: 100%;\n    left: 50%;\n    margin-left: -10px;\n    \/* Ajusta este valor para centrar la flecha horizontalmente *\/\n    width: 0;\n    height: 0;\n    border-style: solid;\n    border-width: 10px 10px 0 10px;\n    \/* Ajusta estos valores para cambiar el tama\u00f1o de la flecha *\/\n    border-color: white transparent transparent transparent;\n    \/* Ajusta el color de la flecha *\/\n}\n\n.et_pb_text {\n    word-wrap: normal;\n}\n\n.et_pb_text_99 {\n    color: #212529;\n    margin: 0 0 16px;\n    font-size: 20px;\n    font-weight: 700;\n}\n\n.et_pb_text_inner .typeComida {\n    color: #FF0099;\n    margin: 0 0 16px;\n    font-size: 18px;\n    font-weight: 700;\n}\n\n\n.et_pb_text_inner .price {\n    color: #212529;\n    margin: 0 0 16px;\n    font-size: 20px;\n    font-weight: 700;\n}\n\n.et_pb_text_inner .address {\n    color: #212529;\n    margin: 0 0 16px;\n    font-size: 18px;\n}\n\n.et_pb_text_inner .phone {\n    color: #212529;\n    margin: 0 0 16px;\n    font-size: 20px;\n    font-weight: 700;\n}\n\n.et_pb_column_6 {\n    border-width: 1px;\n    border-color: #FF0099;\n    padding-top: 2%;\n    padding-right: 2%;\n    padding-bottom: 2%;\n    padding-left: 2%;\n}\n\n.card-title {\n    font-family: 'agendablack', sans-serif;\n    font-size: large;\n}\n\na {\n    text-decoration: none;\n    color: #FF0099;\n}\n\n.card {\n    max-width: 16rem;\n    margin: auto;\n    opacity: 0;\n    transform: translateY(20px);\n    transition: opacity 0.3s ease, transform 0.3s ease;\n    \/* padding-right: 10px; *\/\n    overflow: hidden;\n    display: contents;\n\n}\n\n.card-img-top {\n    width: 100%;\n\n    \/* height: 200px;  *\/\n    object-fit: scale-down;\n    \/* padding-left: 20px;\n            padding-right: 20px; *\/\n    padding-bottom: 10px;\n    padding-top: 10px;\n}\n\n.card-img-top2 {\n    width: 100%;\n\n    height: 200px;\n    object-fit: cover;\n    \/* padding-left: 20px;\n            padding-right: 20px; *\/\n    padding-bottom: 10px;\n    padding-top: 10px;\n}\n\n\n\n.card-body {\n    padding: 0;\n    \/* padding-left: 20px;\n            padding-right: 20px; *\/\n    padding-bottom: 1rem;\n    display: flex;\n    flex-direction: column;\n    justify-content: space-between;\n}\n\n.card-title {\n    font-family: 'agendablack', sans-serif;\n}\n\n.card-subtitle .card-text {\n    font-family: 'agenda-light', sans-serif;\n}\n\n.AgendaBoton {\n    font-family: 'agenda-medium';\n}\n\n.btn-outline {\n    --bs-btn-border-color: #ff00997d;\n    color: #FF0099;\n    border-radius: 0px;\n}\n\n.card-icon {\n    width: 30%;\n    height: auto;\n    margin-right: 8px;\n}\n\n\n@media (max-width: 1200px) {\n    #filtroRestaurantes {\n        margin-bottom: 30px;\n    }\n}\n\n.card.show {\n    opacity: 1;\n    transform: translateY(0);\n}\n\n#previewImagen {\n    width: 100%;\n    object-fit: cover;\n}\n\n#previewDescripcion,\n#previewPrecio {\n    display: block;\n}\n\n.card-text-with-icon {\n    display: flex;\n    align-items: center;\n}\n\n\n\n.card-text-container {\n    \/* flex-grow: 1; *\/\n}\n\n.card-text {\n    margin-bottom: 5px;\n}\n\n\n.boton {\n    border-color: #FF0099;\n    color: #FF0099;\n}\n\nboton:hover {\n    border-color: #FF0099;\n    color: #FF0099;\n    background-color: #FF0099;\n}\n\n.offer-box {\n    border: 1px #FF0099 solid;\n    padding: 4%;\n}\n\n.restaurant-card:nth-child(even) {\n    background-color: #f0ede6;\n    \/* Color de fondo para las filas pares *\/\n}\n\n.restaurant-card:nth-child(odd) {\n    background-color: #fff;\n    \/* Color de fondo para las filas impares *\/\n}\n\n.custom-img {\n    max-width: 100%;\n    \/* Ajustar el ancho m\u00e1ximo seg\u00fan tus necesidades *\/\n    height: auto;\n    \/* Permitir que la altura se ajuste proporcionalmente *\/\n}\n\n.tipodeComida {\n    font-family: 'agenda-bold';\n    color: #FF0099;\n    font-size: large;\n}\n\n.hidden {\n    display: none;\n}\n\nselect {\n    font-family: 'agenda-light';\n}\n\n.aLight {\n    font-family: 'agenda-light';\n}\n\n.aBold {\n    font-family: 'agenda-bold';\n}\n\n.Hev {\n    font-family: 'Helvetica';\n}\n\n.Larg {\n    font-size: large;\n}\n\n.Larg2 {\n    font-size: 1.3rem;\n}\n\n.btncolor {\n    background-color: #FF0099;\n    color: white;\n    border-radius: 0;\n    border-color: #FF0099;\n    font-family: 'agenda-bold';\n    font-size: 1.3rem;\n}\n\ndiv#modalCompartir {\n    width: 500px;\n    height: auto;\n    position: fixed;\n    top: 50%;\n    left: 50%;\n    transform: translate(-50%, -50%);\n    background-color: white;\n    padding: 40px;\n    border-radius: 10px;\n    box-shadow: 0 0 10px rgba(0, 0, 0, 0.3);\n    z-index: 9999;\n}\n\nbutton#botonCompartir {\n    font-family: 'agenda-light';\n    position: absolute;\n    left: 160px;\n    font-size: 16px;\n    font-weight: bold;\n    width: 115px;\n    height: 45px;\n    background-color: black;\n    color: white;\n    border: none;\n    outline: none;\n    box-shadow: none;\n}\n\nbutton#botonCompartir:hover {\n    cursor: pointer;\n}\n\nbutton#botonCompartir:hover::after {\n    content: \"\\203A\";\n    position: absolute;\n    left: 98px;\n    top: 44%;\n    transform: translateY(-50%);\n    font-size: 40px;\n    color: white;\n}\n\n#botonesCompartir {\n    display: flex;\n    flex-direction: row;\n    align-items: center;\n    justify-content: space-between;\n}\n\n#botonesCompartir a {\n    margin-right: 10px;\n}\n\n#botonesCompartir img {\n    width: 45px;\n    height: 45px;\n    border-radius: 10px;\n    margin-bottom: 10px;\n    margin-left: 5px;\n    margin-right: 10px;\n    margin-top: 20px;\n}\n\n#cerrarModal {\n    background-color: #FF0099;\n    color: white;\n    position: absolute;\n    width: 80px;\n    height: 40px;\n    top: 39px;\n    right: 55px;\n    cursor: pointer;\n    border-radius: 5px;\n    border-style: none;\n}\n\n@media (max-width: 768px) {\n    div#modalCompartir {\n        width: 400px;\n        height: auto;\n        padding: 30px;\n    }\n\n    #botonesCompartir {\n        flex-direction: row;\n        align-items: center;\n        justify-content: space-between;\n    }\n\n    #botonesCompartir a {\n        margin-right: 10px;\n    }\n\n    #botonesCompartir img {\n        width: 40px;\n        height: 40px;\n        border-radius: 10px;\n        margin-bottom: 10px;\n        margin-left: 5px;\n        margin-right: 10px;\n        margin-top: 20px;\n    }\n\n    #cerrarModal {\n        background-color: #FF0099;\n        color: white;\n        position: absolute;\n        width: 80px;\n        height: 40px;\n        top: 24px;\n        right: 45px;\n        cursor: pointer;\n        border-radius: 5px;\n        border-style: none;\n    }\n}\n\n\n.et_pb_section {\n    background: none;\n}\n\n.et_section_regular {\n    background-color: none;\n}\n\n.et_pb_section_4.et_pb_section {\n    background-color: none;\n}\n\n.et_pb_section_3.et_pb_section {\n    z-index: -1;\n}\n\n.fontDesc {\n    font-size: medium;\n    font-weight: 600;\n}\n\n#borrar {\n    display: none !important;\n}\n\n.p {\n    margin-bottom: 0px !important;\n}\n\n.labels {\n    font-family: 'agenda-bold';\n    color: black;\n    font-size: large;\n}\n\n.labelFiltrar {\n    font-size: larger;\n    font-weight: bold;\n}\n\n.displayBlock {\n    display: flex !important;\n}\n\n.displayNone {\n    display: none !important;\n}\n\n.aMedium {\n    font-family: 'AgendaMedium';\n}\n\n\/* mostrarmas *\/\n.text-container {\n    position: relative;\n    max-height: 4.5em;\n    \/* Limita a 3 l\u00edneas aproximadamente *\/\n    overflow: hidden;\n}\n\n.show-more {\n    display: block;\n    color: #FF0099;\n    cursor: pointer;\n}\n\n.text-container.expanded {\n    max-height: none;\n    \/* Permite que el texto se expanda *\/\n}\n\n.text-container.expanded+.show-more {\n    display: none;\n    \/* Oculta el bot\u00f3n cuando el texto est\u00e1 expandido *\/\n}\n\n.show-less {\n    color: #FF0099;\n    cursor: pointer;\n    display: none;\n}\n\n.text-container.expanded+.show-less {\n    display: inline-block;\n    \/* Muestra \"Ver menos\" cuando el texto est\u00e1 expandido *\/\n}\n\n.card-text-scroll {\n    max-height: 100px;\n    \/* Limita la altura a 4 l\u00edneas o lo que consideres necesario *\/\n    overflow: hidden;\n    transition: max-height 0.3s ease;\n}\n\n.card-text-scroll.expanded {\n    max-height: none;\n    \/* Se expande para mostrar el contenido completo *\/\n}\n\n.show-more2,\n.show-less2 {\n    color: #FF0099;\n    cursor: pointer;\n    font-family: 'agenda-bold';\n    font-size: medium;\n}\n\n\/* [NUEVO] Estilos para autocompletado *\/\n.autocomplete-results {\n    position: absolute;\n    background-color: #fff;\n    border: 1px solid #ccc;\n    z-index: 9999;\n    width: 100%;\n}\n\n.autocomplete-item {\n    padding: 5px;\n    cursor: pointer;\n}\n\n.autocomplete-item:hover {\n    background-color: #f0f0f0;\n}\n\n#buscador {\n    font-size: 1.1rem;\n    \/* un pel\u00edn m\u00e1s grande *\/\n    height: 35px;\n    margin-top: 25px;\n    \/* algo m\u00e1s alto *\/\n    border: 2px solid #FF0099;\n    \/* etc. *\/\n}\n\n#buscador::placeholder {\n    color: #999 !important;\n    \/* Color m\u00e1s visible *\/\n    opacity: 1 !important;\n    \/* Asegura que no est\u00e9 oculto *\/\n    font-style: italic;\n    \/* Opcional, para destacar m\u00e1s *\/\n}\n\n#buscador:focus {\n    box-shadow: 0 0 20px rgba(204, 204, 204, 0.8) !important;\n}\n\n\/* #botonCompartir {\n    font-size: 20px;\n}\n\n#botonCompartir:hover {\n    cursor: pointer;\n} *\/\n\n.close {\n    position: absolute;\n    right: 15px;\n    top: 18px;\n    font-size: 30px;\n    cursor: pointer;\n    background-color: transparent;\n    border: none;\n    padding: 0;\n    margin: 0;\n}\n<\/style>\n\n<div class=\"container mt-3\">\n\n    <div class=\"row\">\n        <!-- Filtros (col-md-3) -->\n        <div class=\"col-md-3 d-flex align-items-center\">\n            <form id=\"filtroRestaurantes\">\n                <div class=\"row g-3\">\n                    <div class=\"col-md-12 aBold\">\n                        <h1 style=\"color:#FF0099;\"> \u00bfDemasiado donde elegir?<\/h1>\n                    <\/div>\n\n                    \n\n                    <div class=\"col-md-12\" id=\"divBarrio\">\n                        <label for=\"barrio\" class=\"form-label labels\">Ubicaci\u00f3n<\/label>\n                        <select class=\"form-select\" id=\"barrio\" name=\"barrio\">\n                            <option value=\"\">Todos<\/option>\n                                                        <option value=\"1\">\n                                Barcelona - Sants<\/option>\n                                                        <option value=\"2\">\n                                Barcelona - Horta<\/option>\n                                                        <option value=\"3\">\n                                Barcelona - Cor Eixample<\/option>\n                                                        <option value=\"4\">\n                                Barcelona - Creu Coberta<\/option>\n                                                        <option value=\"5\">\n                                Barcelona - El Clot<\/option>\n                                                        <option value=\"6\">\n                                Barcelona - Sant Andreu<\/option>\n                                                        <option value=\"7\">\n                                Barcelona - Les Corts<\/option>\n                                                        <option value=\"8\">\n                                Barcelona - Encants Nous<\/option>\n                                                        <option value=\"9\">\n                                Barcelona - Fabra Centre<\/option>\n                                                        <option value=\"10\">\n                                Barcelona - Gr\u00e0cia<\/option>\n                                                        <option value=\"11\">\n                                Barcelona - La Marina<\/option>\n                                                        <option value=\"12\">\n                                Barcelona - Maragall<\/option>\n                                                        <option value=\"13\">\n                                Barcelona - Nou Barris<\/option>\n                                                        <option value=\"14\">\n                                Barcelona - Nou Eixample<\/option>\n                                                        <option value=\"15\">\n                                Barcelona - Poblenou<\/option>\n                                                        <option value=\"16\">\n                                Barcelona - Poble Sec i Paral\u00b7lel<\/option>\n                                                        <option value=\"17\">\n                                Barcelona - Sagrada Fam\u00edlia<\/option>\n                                                        <option value=\"18\">\n                                Barcelona - Sant Antoni<\/option>\n                                                        <option value=\"19\">\n                                Barcelona - Sant Gervasi<\/option>\n                                                        <option value=\"20\">\n                                Barcelona - Sant Mart\u00ed<\/option>\n                                                        <option value=\"21\">\n                                Barcelona - Sarri\u00e0<\/option>\n                                                        <option value=\"22\">\n                                Barcelona - Raval<\/option>\n                                                        <option value=\"23\">\n                                Barcelona - Gotic<\/option>\n                                                        <option value=\"24\">\n                                Barcelona - Ciutat Vella<\/option>\n                                                        <option value=\"25\">\n                                Badalona<\/option>\n                                                        <option value=\"26\">\n                                Badia del Vall\u00e8s<\/option>\n                                                        <option value=\"27\">\n                                Barber\u00e0 del Vall\u00e8s<\/option>\n                                                        <option value=\"28\">\n                                Begues<\/option>\n                                                        <option value=\"29\">\n                                Castellbisbal<\/option>\n                                                        <option value=\"30\">\n                                Castelldefels<\/option>\n                                                        <option value=\"31\">\n                                Cervell\u00f3<\/option>\n                                                        <option value=\"32\">\n                                Corbera de Llobregat<\/option>\n                                                        <option value=\"33\">\n                                Cornell\u00e0 de Llobregat<\/option>\n                                                        <option value=\"34\">\n                                El Papiol<\/option>\n                                                        <option value=\"35\">\n                                El Prat de Llobregat<\/option>\n                                                        <option value=\"36\">\n                                Esplugues de Llobregat<\/option>\n                                                        <option value=\"37\">\n                                Gav\u00e0<\/option>\n                                                        <option value=\"38\">\n                                L&#039;Hospitalet de Llobregat<\/option>\n                                                        <option value=\"39\">\n                                La Palma de Cervell\u00f3<\/option>\n                                                        <option value=\"40\">\n                                Molins de Rei<\/option>\n                                                        <option value=\"41\">\n                                Montcada i Reixac<\/option>\n                                                        <option value=\"42\">\n                                Montgat<\/option>\n                                                        <option value=\"43\">\n                                Pallej\u00e0<\/option>\n                                                        <option value=\"44\">\n                                Ripollet<\/option>\n                                                        <option value=\"45\">\n                                Sant Adri\u00e0 de Bes\u00f2s<\/option>\n                                                        <option value=\"46\">\n                                Sant Andreu de la Barca<\/option>\n                                                        <option value=\"47\">\n                                Sant Boi de Llobregat<\/option>\n                                                        <option value=\"48\">\n                                Sant Climent de Llobregat<\/option>\n                                                        <option value=\"49\">\n                                Sant Cugat del Vall\u00e8s<\/option>\n                                                        <option value=\"50\">\n                                Sant Feliu de Llobregat<\/option>\n                                                        <option value=\"51\">\n                                Sant Joan Desp\u00ed<\/option>\n                                                        <option value=\"52\">\n                                Sant Just Desvern<\/option>\n                                                        <option value=\"53\">\n                                Sant Vicen\u00e7 dels Horts<\/option>\n                                                        <option value=\"54\">\n                                Santa Coloma de Cervell\u00f3<\/option>\n                                                        <option value=\"55\">\n                                Santa Coloma de Gramenet<\/option>\n                                                        <option value=\"56\">\n                                Cerdanyola del Vall\u00e8s<\/option>\n                                                        <option value=\"57\">\n                                Tiana<\/option>\n                                                        <option value=\"58\">\n                                Torrelles de Llobregat<\/option>\n                                                        <option value=\"59\">\n                                Viladecans<\/option>\n                                                        <option value=\"60\">\n                                Maresme<\/option>\n                                                        <option value=\"64\">\n                                Barcelona - Cor Eixample<\/option>\n                                                        <option value=\"61\">\n                                Sitges<\/option>\n                                                        <option value=\"62\">\n                                Sabadell<\/option>\n                                                    <\/select>\n                    <\/div>\n                    <div class=\"col-md-12\" id=\"divTipoComida\">\n                        <label for=\"tipo_comida\" class=\"form-label labels\" id=\"label_tipo_comida\">Tipo de comida<\/label>\n                        <select class=\"form-select\" id=\"tipo_comida\" name=\"tipo_comida\">\n                            <option value=\"\">Todos los tipos<\/option>\n                                                        <option value=\"1\"\n                                data-repetido=\"true\">\n                                Comida Turca<\/option>\n                                                        <option value=\"2\"\n                                data-repetido=\"false\">\n                                Comida Marroqu\u00ed<\/option>\n                                                        <option value=\"3\"\n                                data-repetido=\"false\">\n                                Comida Italiana<\/option>\n                                                        <option value=\"4\"\n                                data-repetido=\"false\">\n                                Comida Mexicana<\/option>\n                                                        <option value=\"5\"\n                                data-repetido=\"false\">\n                                Comida Japonesa<\/option>\n                                                        <option value=\"6\"\n                                data-repetido=\"false\">\n                                Comida India<\/option>\n                                                        <option value=\"7\"\n                                data-repetido=\"false\">\n                                Comida Tailandesa<\/option>\n                                                        <option value=\"8\"\n                                data-repetido=\"false\">\n                                Comida Griega<\/option>\n                                                        <option value=\"9\"\n                                data-repetido=\"false\">\n                                Comida Francesa<\/option>\n                                                        <option value=\"10\"\n                                data-repetido=\"false\">\n                                Comida Libanesa<\/option>\n                                                        <option value=\"11\"\n                                data-repetido=\"false\">\n                                Comida Coreana<\/option>\n                                                        <option value=\"12\"\n                                data-repetido=\"false\">\n                                Comida Peruana<\/option>\n                                                        <option value=\"13\"\n                                data-repetido=\"false\">\n                                Comida Vietnamita<\/option>\n                                                        <option value=\"14\"\n                                data-repetido=\"false\">\n                                Comida Americana<\/option>\n                                                        <option value=\"15\"\n                                data-repetido=\"false\">\n                                Comida China<\/option>\n                                                        <option value=\"16\"\n                                data-repetido=\"false\">\n                                Comida Catalana<\/option>\n                                                        <option value=\"17\"\n                                data-repetido=\"false\">\n                                Comida Espa\u00f1ola<\/option>\n                                                        <option value=\"22\"\n                                data-repetido=\"false\">\n                                Comida Venezolana<\/option>\n                                                        <option value=\"23\"\n                                data-repetido=\"false\">\n                                Comida Mediterr\u00e1nea<\/option>\n                                                        <option value=\"24\"\n                                data-repetido=\"false\">\n                                Pizzer\u00eda<\/option>\n                                                        <option value=\"25\"\n                                data-repetido=\"false\">\n                                Marisquer\u00eda<\/option>\n                                                        <option value=\"26\"\n                                data-repetido=\"false\">\n                                Braser\u00eda<\/option>\n                                                        <option value=\"27\"\n                                data-repetido=\"false\">\n                                Vegetariana<\/option>\n                                                        <option value=\"28\"\n                                data-repetido=\"false\">\n                                Gourmet<\/option>\n                                                        <option value=\"29\"\n                                data-repetido=\"false\">\n                                Hamburgueser\u00eda<\/option>\n                                                        <option value=\"30\"\n                                data-repetido=\"false\">\n                                Tapas<\/option>\n                                                        <option value=\"31\"\n                                data-repetido=\"false\">\n                                Brunch<\/option>\n                                                        <option value=\"33\"\n                                data-repetido=\"false\">\n                                Fusi\u00f3n<\/option>\n                                                        <option value=\"34\"\n                                data-repetido=\"false\">\n                                Poke<\/option>\n                                                        <option value=\"35\"\n                                data-repetido=\"false\">\n                                Pasteler\u00edas y dulces<\/option>\n                                                        <option value=\"36\"\n                                data-repetido=\"false\">\n                                Helader\u00edas<\/option>\n                                                        <option value=\"37\"\n                                data-repetido=\"false\">\n                                Otras<\/option>\n                                                    <\/select>\n                    <\/div>\n\n                    <div class=\"col-md-12 mb-2\" id=\"divRango\">\n                        <label for=\"rango_precio\" class=\"form-label labels\">Rango de precio<\/label>\n                        <select class=\"form-select\" id=\"rango_precio\" name=\"rango_precio\">\n                            <option value=\"\">Todos los rangos<\/option>\n                            <option value=\"15-30\">\u20ac<\/option>\n                            <option value=\"30-60\">\u20ac\u20ac<\/option>\n                            <option value=\"60\">\u20ac\u20ac\u20ac<\/option>\n                        <\/select>\n                    <\/div>\n                <\/div>\n            <\/form>\n        <\/div>\n        <!-- Fin col-md-3 de filtros -->\n        <!-- Mapa (col-md-9) -->\n        <div class=\"col-md-9 map-container\">\n            <div id=\"map\"><\/div>        <\/div>\n        <!-- Fin col-md-9 -->\n    <\/div> <!-- Fin row principal -->\n    <!-- FILA NUEVA para el input de b\u00fasqueda, ocupa todo el ancho (col-md-12) -->\n    <div class=\"row mb-3\">\n        <div class=\"col-md-12\" style=\"position: relative;\">\n\n          <input\n  type=\"text\"\n  class=\"form-control\"\n  id=\"buscador\"\n  name=\"buscador\"\n  autocomplete=\"off\"\n  placeholder=\"Buscar restaurante\"\n\/>\n            <!-- Contenedor para sugerencias de autocompletado -->\n            <div id=\"autocomplete-results\" class=\"autocomplete-results\" style=\"display:none;\"><\/div>\n        <\/div>\n    <\/div>\n    <!-- FIN FILA NUEVA -->\n<\/div> <!-- Fin container -->\n\n\n<!-- Aqu\u00ed va tu script de Google Maps si $Cargarmapa es true -->\n<script>\nclass CustomOverlay extends google.maps.OverlayView {\n    constructor(position, content, id) {\n        super();\n        this.position = position;\n        this.content = content;\n        this.div = null;\n        this.id = id;\n    }\n\n    onAdd() {\n        this.div = document.createElement('div');\n        this.div.className = 'custom-overlay';\n        this.div.innerHTML = this.content;\n        this.getPanes().overlayMouseTarget.appendChild(this.div);\n\n        this.div.addEventListener('click', (event) => {\n            event.stopPropagation();\n        });\n        this.div.addEventListener('touchstart', (event) => {\n            event.stopPropagation();\n\n        });\n        this.ajustBotonMas();\n        \/\/ Cerrar overlay al hacer clic\n        \/\/ this.div.addEventListener('click', () => {\n        \/\/     this.setMap(null);\n        \/\/ });\n    }\n\n    draw() {\n        const projection = this.getProjection();\n        if (!projection) {\n            return;\n        }\n\n        const position = projection.fromLatLngToDivPixel(this.position);\n\n        \/\/ Ajusta el offset para que el centro del overlay est\u00e9 encima del marcador\n        const offsetX = -(this.div.offsetWidth \/ 2);\n        const offsetY = -this.div.offsetHeight - 45;\n\n        this.div.style.left = `${position.x + offsetX}px`;\n        this.div.style.top = `${position.y + offsetY}px`;\n    }\n    ajustBotonMas() {\n        const textContainer = document.getElementById(`descripcion-2-${this.id}`);\n        const showMore = document.getElementById(`show-more-2-${this.id}`);\n        const showLess = document.getElementById(`show-less-2-${this.id}`);\n        \/\/ Calcula la altura m\u00e1xima permitida para 4 l\u00edneas (aj\u00fastalo seg\u00fan tu dise\u00f1o)\n        const maxHeight = 101; \/\/ Aproximadamente 4.5em (depender\u00e1 de la altura de l\u00ednea en CSS)\n\n        \/\/ Si la altura del contenido del texto es mayor que el maxHeight, muestra los botones\n\n        if (textContainer.scrollHeight > maxHeight) {\n            showMore.style.display = 'block';\n            showLess.style.display = 'none';\n            textContainer.style.maxHeight = maxHeight + 'px'; \/\/ Limita el contenedor a 4 l\u00edneas\n        } else {\n            \/\/ Si no supera 4 l\u00edneas, oculta los botones\n            showMore.style.display = 'none';\n            showLess.style.display = 'none';\n        }\n\n    }\n\n    onRemove() {\n        if (this.div) {\n            this.div.remove();\n            this.div = null;\n        }\n    }\n}\n<\/script>\n\n\n<script>\nlet currentOverlay = null;\n\n\ndocument.addEventListener('DOMContentLoaded', function() {\n    const container = document.querySelector('.map-container');\n    if (container) {\n        initMap();\n    } else {\n        const observer = new MutationObserver((mutationsList, observer) => {\n            for (let mutation of mutationsList) {\n                if (mutation.type === 'childList') {\n                    const container = document.querySelector('.map-container');\n\n                    if (container) {\n                        initMap();\n\n                        observer.disconnect();\n                    }\n                }\n            }\n        });\n\n        observer.observe(document.body, {\n            childList: true,\n            subtree: true\n        });\n    }\n});\n\nwindow.onload = function() {\n    var contenedor = document.getElementById('BotonMas');\n    var boton = document.createElement('button');\n    boton.textContent = \"Cargar M\u00e1s\";\n    boton.classList.add(\"et_pb_button\");\n    boton.classList.add(\"et_pb_button_0\");\n    boton.classList.add(\"et_pb_bg_layout_light\");\n    boton.classList.add(\"aMedium\");\n    contenedor.classList.add(\"d-flex\");\n    contenedor.classList.add(\"justify-content-center\");\n    boton.style.marginBottom = \"20px\";\n    boton.onclick = function() {\n        BotonMas();\n    };\n    contenedor.appendChild(boton);\n};\n\nconst form = document.getElementById('filtroRestaurantes');\n\nform.addEventListener('submit', function(event) {\n    event.preventDefault();\n    aplicarFiltros();\n});\n\nfunction FiltroListener() {\n    current_numb = 15;\n    aplicarFiltros();\n}\n\nfunction aplicarFiltros() {\n    \/\/const tipoEstablecimientoId = 1;;\n    const barrio = document.getElementById('barrio').value;\n    const tipoComida = document.getElementById('tipo_comida').value;\n    const rangoPrecio = document.getElementById('rango_precio').value;\n    const textoBusqueda = document.getElementById('buscador').value.toLowerCase();\n\n    const filtrados = properties.filter(property => {\n        return (\n            (barrio === \"\" || property.eix_comercial_id == barrio) &&\n            (tipoComida === \"\" || property.tipo_comida_id == tipoComida) &&\n            (rangoPrecio === \"\" || property.rango_precios == rangoPrecio) &&\n            (\n                textoBusqueda === \"\" ||\n                property.nombre_restaurante.toLowerCase().includes(textoBusqueda)\n            )\n        );\n    });\n    actualizarMapa(filtrados);\n}\n\nif (1 != 1) {\n    document.getElementById('label_tipo_comida').classList.add('hidden');\n    document.getElementById('tipo_comida').classList.add('hidden');\n}\n\n\n\nfunction SetearTelefono(telefono) {\n    \/\/ Convertir el n\u00famero a una cadena por si no lo es\n    telefono = telefono.toString();\n\n    \/\/ Verificar si el n\u00famero comienza con +34\n    let tienePrefijo = telefono.startsWith('+34');\n\n    \/\/ Si tiene el prefijo +34, quitarlo para formatear el resto del n\u00famero\n    if (tienePrefijo) {\n        telefono = telefono.slice(3);\n    }\n    let telefonoFormateado = \"\";\n    \/\/ Asegurarse de que el n\u00famero tiene exactamente 9 d\u00edgitos\n    if (telefono.length !== 9) {\n        telefonoFormateado = telefono;\n    }\n\n    \/\/ Dividir el n\u00famero en el formato deseado\n    telefonoFormateado = telefono.replace(\/(\\d{2})(\\d{3})(\\d{2})(\\d{2})\/, \"$1 $2 $3 $4\");\n\n    \/\/ Agregar el prefijo +34 si estaba presente\n    if (tienePrefijo) {\n        telefonoFormateado = \"+34 \" + telefonoFormateado;\n    }\n\n    return telefonoFormateado;\n}\n\nfunction SetearPrecio(precio) {\n    switch (precio) {\n        case \"15-30\":\n            return \"\u20ac\"\n            break;\n\n        case \"30-60\":\n            return \"\u20ac\u20ac\"\n            break;\n\n        case \"60\":\n            return \"\u20ac\u20ac\u20ac\"\n            break;\n    }\n}\nvar current_numb = 15;\n\n\/\/ function BotonMas() {\n\/\/     const boton = document.getElementById(\"BotonMas\");\n\/\/     const rect = boton.getBoundingClientRect();\n\/\/     const scrollOffset = window.scrollY + rect.top;\n\n\/\/     \/\/ Evitar que Firefox haga cambios bruscos\n\/\/     document.documentElement.style.scrollBehavior = \"auto\";\n\/\/     document.body.style.overflow = \"hidden\";\n\/\/     document.body.style.height = `${document.body.scrollHeight}px`;\n\n\/\/     current_numb += 15;\n\/\/     aplicarFiltros(false); \/\/ Cargar m\u00e1s contenido\n\n\/\/     requestAnimationFrame(() => {\n\/\/         requestAnimationFrame(() => {\n\/\/             window.scrollTo(0, scrollOffset);\n\/\/             \/\/ Restaurar el scroll sin parpadeos\n\/\/             document.documentElement.style.scrollBehavior = \"\";\n\/\/             document.body.style.overflow = \"\";\n\/\/             document.body.style.height = \"\";\n\/\/         });\n\/\/     });\n\/\/ }\n\nfunction BotonMas() {\n    const boton = document.getElementById(\"BotonMas\");\n    const rect = boton.getBoundingClientRect();\n    const scrollOffset = window.scrollY + rect.top;\n\n    \/\/ Bloquear cualquier animaci\u00f3n de scroll\n    document.documentElement.style.scrollBehavior = \"auto\";\n\n    \/\/ Mantener el tama\u00f1o de la p\u00e1gina para evitar parpadeos\n    const originalHeight = document.body.style.height;\n    document.body.style.height = `${document.body.scrollHeight}px`;\n\n    current_numb += 15;\n    aplicarFiltros(false); \/\/ Cargar m\u00e1s contenido\n\n    requestAnimationFrame(() => {\n        requestAnimationFrame(() => {\n            window.scrollTo(0, scrollOffset);\n\n            \/\/ \ud83e\uddf9 Restaurar estilos sin parpadeo\n            setTimeout(() => {\n                document.documentElement.style.scrollBehavior = \"\";\n                document.body.style.height = originalHeight; \/\/ Restaurar el tama\u00f1o real\n            }, 0);\n        });\n    });\n}\n\n\n\n\nfunction SetearEnlaceOferta(oferta, paginaweb) {\n    let ret;\n    if (oferta) {\n        ret = oferta;\n    } else {\n        ret = paginaweb;\n    }\n    return ret + \"?utm_source=foodieblackweek.com&utm_medium=share_button&utm_campaign=foodie2025bcn\";\n\n}\n\/\/Metodo inutil\nfunction determinarClaseImagen(imagen) {\n    \/\/ Obtenemos el ancho y alto de la imagen\n    const ancho = imagen.width;\n    const alto = imagen.height;\n\n    \/\/ Calculamos la relaci\u00f3n de aspecto\n    const relacionAspecto = ancho \/ alto;\n\n    \/\/ Definimos un umbral para determinar si es rectangular o cuadrada\n    const umbral = 1.2; \/\/ Puedes ajustar este valor seg\u00fan tu definici\u00f3n de \"rectangular\" y \"cuadrada\"\n\n    if (relacionAspecto > umbral) {\n        return 'card-img-top2'; \/\/ La imagen es bastante rectangular\n    } else if (relacionAspecto < (1 \/ umbral)) {\n        return 'card-img-top2'; \/\/ La imagen es bastante rectangular (caso contrario)\n    } else {\n        return 'card-img-top2'; \/\/ La imagen es m\u00e1s cuadrada\n    }\n}\n\nfunction eliminarBarrasInvertidas(texto) {\n    return texto.replace(\/\\\\\/g, '');\n}\n\nfunction comprobarPrecio(precio) {\n    if (precio != 0) {\n        return 'Por ' + precio + '\u20ac'\n    } else {\n        return \"\"\n    }\n\n\n}\n\nfunction SetearTipoDeComdia(tipoComida, otro) {\n    if (otro.length != 0) {\n        if (otro.includes('\u00f1')) {\n            return tipoComida.toUpperCase() + \" (\" + otro.toLowerCase().replace('\/\u00f1', '&#241;') + \")\"\n        } else {\n            return tipoComida.toUpperCase() + \" (\" + otro.toLowerCase() + \")\";\n        }\n\n    } else {\n        return tipoComida.toUpperCase();\n    }\n}\n\nfunction setearDescripcion(desc) {\n    if (desc.length == 0) {\n        return \"\u00a1Se est\u00e1 cocinando la oferta!\"\n    } else {\n        return desc;\n    }\n}\n\nfunction SetearNombre(str) {\n    if (typeof str !== 'string' || str.length === 0) {\n        return '';\n    }\n\n    return str.split(' ')\n        .map(word => {\n            \/\/ Mantener \"MX\" en may\u00fasculas\n            let fixedWord = word.replace(\/mx\/gi, 'MX');\n\n            \/\/ Si \"fixedWord\" tiene \"MX\", se separa el resto de la palabra\n            if (fixedWord.includes('MX')) {\n                \/\/ Se divide la palabra en \"MX\" y el resto\n                const parts = fixedWord.split('MX');\n                \/\/ Se capitaliza la primera letra de la primera parte\n                const capitalizedPart = parts[0].charAt(0).toUpperCase() + parts[0].slice(1).toLowerCase();\n                \/\/ Se junta con \"MX\" y el resto de la palabra\n                return capitalizedPart + 'MX' + parts[1].toLowerCase();\n            } else {\n                \/\/ Si no tiene \"MX\", simplemente capitaliza la palabra\n                return fixedWord.charAt(0).toUpperCase() + fixedWord.slice(1).toLowerCase();\n            }\n        })\n        .join(' ');\n}\n\n\n\nfunction SetearEstiloImagen(imagen) {\n    if (imagen ==\n        \"https:\/\/foodieblackweek.com\/madrid\/wp-content\/uploads\/2025\/02\/LOGO-foodie-black-week-MAD-PANTALLA-tra.png\") {\n        return \"object-fit: scale-down;\";\n    } else {\n        return \"\";\n    }\n}\n\nfunction ajustarBotonesVerMas(index) {\n    const textContainer = document.getElementById(`descripcion-${index}`);\n    const showMore = document.getElementById(`show-more-${index}`);\n    const showLess = document.getElementById(`show-less-${index}`);\n\n    \/\/ Calcula la altura m\u00e1xima permitida para 4 l\u00edneas (aj\u00fastalo seg\u00fan tu dise\u00f1o)\n    const maxHeight = 72; \/\/ Aproximadamente 4.5em (depender\u00e1 de la altura de l\u00ednea en CSS)\n\n    \/\/ Si la altura del contenido del texto es mayor que el maxHeight, muestra los botones\n    if (textContainer) {\n        if (textContainer.scrollHeight > maxHeight) {\n            showMore.style.display = 'inline-block';\n            showLess.style.display = 'none';\n            textContainer.style.maxHeight = maxHeight + 'px'; \/\/ Limita el contenedor a 4 l\u00edneas\n        } else {\n            \/\/ Si no supera 4 l\u00edneas, oculta los botones\n            showMore.style.display = 'none';\n            showLess.style.display = 'none';\n        }\n    }\n\n}\n\nfunction toggleDescription(index) {\n\n    const textContainer = document.getElementById(`descripcion-${index}`);\n    const showMore = document.getElementById(`show-more-${index}`);\n    const showLess = document.getElementById(`show-less-${index}`);\n\n    if (textContainer) {\n        if (textContainer.classList.contains('expanded')) {\n            textContainer.classList.remove('expanded');\n            showMore.style.display = 'inline-block';\n            showLess.style.display = 'none';\n            textContainer.style.maxHeight = '72px'; \/\/ Vuelve a las 4 l\u00edneas\n        } else {\n            textContainer.classList.add('expanded');\n            showMore.style.display = 'none';\n            showLess.style.display = 'inline-block';\n            textContainer.style.maxHeight = 'none'; \/\/ Deja que el contenedor se expanda completamente\n        }\n    }\n\n}\n\nfunction toggleDescription2(index) {\n\n    const textContainer = document.getElementById(`descripcion-2-${index}`);\n    const showMore = document.getElementById(`show-more-2-${index}`);\n    const showLess = document.getElementById(`show-less-2-${index}`);\n    console.warn(\"id:\" + index);\n    if (textContainer) {\n        if (textContainer.classList.contains('expanded')) {\n            textContainer.classList.remove('expanded');\n            showMore.style.display = 'block';\n            showLess.style.display = 'none';\n            textContainer.style.maxHeight = '100px'; \/\/ Vuelve a las 4 l\u00edneas\n        } else {\n            textContainer.classList.add('expanded');\n            showMore.style.display = 'none';\n            showLess.style.display = 'block';\n            textContainer.style.maxHeight = 'none'; \/\/ Deja que el contenedor se expanda completamente\n        }\n    }\n\n}\n\n\n\n\n\nfunction actualizarMapa(restaurantes) {\n    \/\/ Limpiar los marcadores existentes\n    markers.forEach(marker => marker.setMap(null));\n    markers = [];\n\n    const listaCards = document.getElementById('Lista-cards');\n    listaCards.innerHTML = '';\n\n\n\n\n    restaurantes.forEach((property, index) => {\n        \n        let iconUrl;\n        switch (property.tipo_establecimiento_id) {\n            case '1':\n                iconUrl =\n                    \"https:\/\/foodie.deostudio.com\/wp-content\/uploads\/2024\/07\/foodie-black-week-24-mapa-restaurantes-1.png\";\n                break;\n            case '2':\n                iconUrl =\n                    \"https:\/\/foodie.deostudio.com\/wp-content\/uploads\/2024\/07\/foodie-black-week-24-mapa-hoteles-1.png\";\n                break;\n            case '3':\n                iconUrl =\n                    \"https:\/\/foodie.deostudio.com\/wp-content\/uploads\/2024\/07\/foodie-black-week-24mapa-ocio-1.png\";\n                break;\n            default:\n                iconUrl =\n                    \"https:\/\/foodie.deostudio.com\/wp-content\/uploads\/2024\/06\/foodie-black-week-24-mapa-restaurantes-1.png\"; \/\/ Icono predeterminado\n                break;\n        }\n\n        const marker = new google.maps.Marker({\n            position: {\n                lat: parseFloat(property.latitud),\n                lng: parseFloat(property.longitud)\n            },\n            map: map,\n            title: property.nombre_restaurante,\n            icon: {\n                url: iconUrl,\n            },\n            id: property.restaurante_id\n        });\n\n        markers.push(marker);\n\n\n        const overlayContent = `\n            <div class=\"card\">\n                <div class=\"cardOver\">\n                    <img decoding=\"async\" src=\"${property.imagen_oferta ? property.imagen_oferta : '\thttps:\/\/foodieblackweek.com\/madrid\/wp-content\/uploads\/2025\/02\/LOGO-foodie-black-week-MAD-PANTALLA-tra.png'}\" style=\"${SetearEstiloImagen(property.imagen_oferta)}\" class=\"card-img-top2\" alt=\"Imagen\">\n                    <div class=\"card-body\">\n                        <h6 class=\"card-title\">${SetearNombre(eliminarBarrasInvertidas(property.nombre_restaurante))}<\/h6>\n                        <div class=\"card-text-with-icon\">\n                            \n                            <div class=\"card-text-container\">\n                            <div id=\"descripcion-2-${index}\" class=\"card-text-scroll\">\n                                    <p class=\"card-text small aLight fontDesc pb-0\">${setearDescripcion(property.descripcion_oferta)}<\/p>\n                                    <p class=\"card-text small aMedium fontDesc\">${comprobarPrecio(property.precio_oferta)}<\/p>\n                                <\/div>\n                                <span id=\"show-more-2-${index}\" class=\"show-more2\" onclick=\"toggleDescription2(${index})\" style=\"display:none;\">Ver m\u00e1s<\/span>\n                       \n                                <span id=\"show-less-2-${index}\" class=\"show-less2\" onclick=\"toggleDescription2(${index})\" style=\"display:none;\">Ver menos<\/span>\n                            <\/div>\n                        <\/div>\n                        <a href=\"${SetearEnlaceOferta(property.enlace_oferta,property.pagina_web)}\" class=\"btn btn-outline btn-sm mt-2 aMedium\" target=\"_blank\">Reserva<\/a>\n                    <\/div>\n                <\/div>\n            <\/div>\n        `;\n\n        const overlay = new CustomOverlay(new google.maps.LatLng(parseFloat(property.latitud), parseFloat(\n            property.longitud)), overlayContent, index);\n\n        marker.addListener('click', () => {\n            \/\/ Centra el mapa en la posici\u00f3n del marcador\n            const position = marker.getPosition(); \/\/ Obtener la posici\u00f3n del marcador\n            const latLng = new google.maps.LatLng(position.lat() + 0.004, position\n                .lng()); \/\/ Ajusta el valor 0.001 para mover el centro hacia arriba\n\n            \/\/ Centra el mapa en la posici\u00f3n del marcador, un poco m\u00e1s arriba\n            map.panTo(latLng);\n            map.setZoom(15);\n\n            if (currentOverlay) {\n                currentOverlay.setMap(null);\n            }\n            currentOverlay = overlay;\n\n            \/\/ Muestra el overlay personalizado\n            overlay.setMap(map);\n\n        });\n\n        \n\n        const nuevaCard = document.createElement('div');\n        nuevaCard.classList.add('restaurant-card');\n\n        const backgroundColor = index % 2 === 0 ? '#f0ede6' : '#ffffff';\n        nuevaCard.style.backgroundColor = backgroundColor;\n        nuevaCard.setAttribute('style', `background-color: ${backgroundColor};`);\n\n\n\n\n        nuevaCard.innerHTML =\n            `<div class=\"et_pb_section et_pb_section_4 et_section_regular\" id=\"card${index}\">\n    <div class=\"et_pb_row et_pb_row_3\">\n        <div class=\"et_pb_column et_pb_column_1_3 et_pb_column_4 et_pb_css_mix_blend_mode_passthrough\">\n            <div class=\"et_pb_module et_pb_image et_pb_image_1\">\n                <span class=\"et_pb_image_wrap\">\n                <img loading=\"lazy\" decoding=\"async\" src=\"${property.imagen_oferta}\"  srcset=\"${property.imagen_oferta}\" style=\"height: 230px; width: 230px; object-fit: cover;\">\n                <\/span>\n            <\/div>\n        <\/div>\n        <div class=\"et_pb_column et_pb_column_1_3 et_pb_column_5 et_pb_css_mix_blend_mode_passthrough\">\n            <div class=\"et_pb_module et_pb_text et_pb_text_99 et_pb_text_align_left et_pb_bg_layout_light\">\n                <div class=\"et_pb_text_inner\">\n                    <p class=\"nameRestaurant\">${SetearNombre(eliminarBarrasInvertidas(property.nombre_restaurante))}<\/p>\n                <\/div>\n            <\/div>\n            <div class=\"et_pb_module et_pb_text et_pb_text_1 et_pb_text_align_left et_pb_bg_layout_light\">\n                <div class=\"et_pb_text_inner\">\n                    <p class=\"typeComida\">${SetearTipoDeComdia(property.nombre_tipo_comida,property.tipo_comida_outlist)}<\/p>\n                <\/div>\n            <\/div>\n            <div class=\"et_pb_module et_pb_text et_pb_text_2 et_pb_text_align_left et_pb_bg_layout_light\">\n                <div class=\"et_pb_text_inner\">\n                    <p class=\"price\">${SetearPrecio(property.rango_precios)}<\/p>\n                <\/div>\n            <\/div>\n            <div class=\"et_pb_module et_pb_text et_pb_text_3 et_pb_text_align_left et_pb_bg_layout_light\">\n                <div class=\"et_pb_text_inner\">\n                    <p class=\"address\">${eliminarBarrasInvertidas(property.direccion)}<\/p>\n                <\/div>\n            <\/div>\n            <div class=\"et_pb_module et_pb_text et_pb_text_4 et_pb_text_align_left et_pb_bg_layout_light\">\n                <div class=\"et_pb_text_inner\">\n                    <p class=\"phone\">${SetearTelefono(property.telefono)}<\/p>\n                <\/div>\n            <\/div>\n            <div class=\"et_pb_module et_pb_text et_pb_text_5 et_pb_text_align_left et_pb_bg_layout_light\">\n                <div class=\"et_pb_text_inner\">\n                    <p><a href=\"${property.pagina_web}\" target=\"_blank\" rel=\"noopener\">P\u00e1gina web<\/a><\/p>\n                <\/div>\n            <\/div>\n        <\/div>\n        <div class=\"et_pb_with_border et_pb_column_1_3 et_pb_column et_pb_column_6 et_pb_css_mix_blend_mode_passthrough et-last-child\" style=\"min-width: 320px;\">\n            <div class=\"et_pb_module et_pb_image et_pb_image_2\">\n                <span class=\"et_pb_image_wrap\">\n                    <img \n                        loading=\"lazy\" \n                        decoding=\"async\" \n                        width=\"2221\" \n                        height=\"423\" \n                        src=\"https:\/\/foodie.deostudio.com\/wp-content\/uploads\/2024\/06\/foodie-black-week-24-promociones-web.png\" \n                        alt=\"https:\/\/foodie.deostudio.com\/wp-content\/uploads\/2024\/06\/foodie-black-week-24-promociones-web.png\" \n                        title=\"img_ico\"                         \n                        class=\"wp-image-385\" srcset=\"https:\/\/foodie.deostudio.com\/wp-content\/uploads\/2024\/06\/foodie-black-week-24-promociones-web.png 2221w, https:\/\/foodie.deostudio.com\/wp-content\/uploads\/2024\/06\/foodie-black-week-24-promociones-web-1280x244.png 1280w, https:\/\/foodie.deostudio.com\/wp-content\/uploads\/2024\/06\/foodie-black-week-24-promociones-web-980x187.png 980w, https:\/\/foodie.deostudio.com\/wp-content\/uploads\/2024\/06\/foodie-black-week-24-promociones-web-480x91.png 480w\" sizes=\"(min-width: 0px) and (max-width: 480px) 480px, (min-width: 481px) and (max-width: 980px) 980px, (min-width: 981px) and (max-width: 1280px) 1280px, (min-width: 1281px) 2221px, 100vw\" \/>\n                <\/span>\n            <\/div>\n            <div class=\"et_pb_with_border et_pb_module et_pb_text et_pb_text_6 et_pb_text_align_left et_pb_bg_layout_light\">\n            <div class=\"et_pb_text_inne text-container\" id=\"descripcion-${index}\">\n                <p class=\"card-text small aLight fontDesc pb-0\">${eliminarBarrasInvertidas(setearDescripcion(property.descripcion_oferta))} ${comprobarPrecio(property.precio_oferta)}<\/p>\n            <\/div>\n            <span class=\"show-more\" id=\"show-more-${index}\" onclick=\"toggleDescription(${index})\" style=\"display: none;\">Ver m\u00e1s<\/span>\n            <span class=\"show-less\" id=\"show-less-${index}\" onclick=\"toggleDescription(${index})\" style=\"display: none;\">Ver menos<\/span>\n           \n                \n            <\/div>\n            <div class=\"et_pb_button_module_wrapper et_pb_button_0_wrapper et_pb_module\">\n                <a class=\"et_pb_button et_pb_button_0 et_pb_bg_layout_light aSmall\" href=\"${SetearEnlaceOferta(property.enlace_oferta,property.pagina_web)}\" target=\"_blank\">Reserva<\/a>\n                <button id=\"botonCompartir\" data-nombrerest=\"${property.nombre_restaurante}\">Compartir<\/button>\n            <\/div>\n        <\/div>\n    <\/div>\n<\/div>\n\n        `;\n\n        var contenedor = document.getElementById('BotonMas');\n        if (index < current_numb) {\n            nuevaCard.style.marginBottom = '20px';\n            listaCards.appendChild(nuevaCard);\n            contenedor.classList.add(\"displayNone\");\n            if (!ButtonVisible) {\n                ButtonVisible = true;\n            }\n        } else {\n            if (ButtonVisible) {\n                contenedor.classList.remove(\"displayNone\");\n                contenedor.classList.add(\"displayBlock\");\n                ButtonVisible = false;\n            }\n\n        }\n        ajustarBotonesVerMas(index);\n\n\n    });\n}\n\n\/\/ Funcio\u0301n para actualizar los botones de compartir\ndocument.addEventListener('DOMContentLoaded', function() {\n    function actualizarBotonesCompartir() {\n        setTimeout(() => {\n            const buttonsOffer = document.querySelectorAll(\"#botonCompartir\");\n\n            if (buttonsOffer.length === 0) {\n                console.error(\"No se encontraron botones de compartir.\");\n                return;\n            }\n\n            buttonsOffer.forEach((button) => {\n  const card = button.closest(\".et_pb_section\");\n\n  const nombre = (card.querySelector(\".nameRestaurant\")?.textContent || \"\").trim();\n  const nombreEscapado = encodeURIComponent(nombre).replace(\/%20\/g, \"+\"); \/\/ espacios -> +, resto escapado\n  const enlaceOferta = nombre ? `#${nombreEscapado}` : \"\";\n\n  const paginaWeb = card.querySelector(\".et_pb_text_5 a\")?.getAttribute(\"href\") || \"\";\n\n  button.dataset.enlace = enlaceOferta;\n  button.dataset.web = paginaWeb;\n  button.dataset.tipo = \"restaurante\";\n});\n\n        }, 500);\n    }\n\n    \/\/ Evento delegado para manejar clicks en los botones de compartir\n    document.addEventListener(\"click\", function(event) {\n        if (event.target && event.target.id === \"botonCompartir\") {\n            let button = event.target;\n            if (navigator.share) {\n              navigator.share({\n                title: 'Foodie Black Week',\n                url: button.dataset.enlace  \/\/ \"?utm_source=foodieblackweek.com&utm_medium=share_button&utm_campaign=foodie2025bcn\"\n              });\n            } else {\n                let property = {\n                    enlace_oferta: button.dataset.enlace,\n                    pagina_web: button.dataset.web,\n                    tipo: button.dataset.tipo,\n                    nombre_restaurante: encodeURIComponent(button.dataset.nombrerest)\n                };\n                shareOffer(property);\n            }\n        }\n    });\n\n    \/\/ Detectar cambios en el buscador y actualizar botones\n    const inputBuscador = document.querySelector(\"#buscador\"); \/\/ Aseg\u00farate de que este es el ID correcto\n    if (inputBuscador) {\n        inputBuscador.addEventListener(\"input\", function() {\n            setTimeout(() => {\n                actualizarBotonesCompartir(); \/\/ Reasignar atributos a los botones\n            }, 500);\n        });\n    }\n\n    \/\/ Detectar cambios en el DOM y reasignar botones autom\u00e1ticamente\n    const observer = new MutationObserver(() => {\n        actualizarBotonesCompartir();\n    });\n\n    observer.observe(document.body, {\n        childList: true,\n        subtree: true\n    });\n\n    \/\/ Ejecutar la actualizaci\u00f3n al cargar la p\u00e1gina\n    actualizarBotonesCompartir();\n\n    function shareOffer(property) {\n        if (!property || !property.enlace_oferta || !property.pagina_web) {\n            console.error(\"Faltan datos para compartir la oferta.\");\n            return;\n        }\n\n        let urlCompartir = window.location.href.split(\"#\")[0] + \"#\" + property.nombre_restaurante \n            \/\/ SetearEnlaceOferta(property.enlace_oferta, property.pagina_web);\n        console.log(urlCompartir);\n\n        let mensaje = \"\u00a1Sabemos que las alegr\u00edas compartidas son\u00a0doble\u00a0alegr\u00eda!\";\n        let mensajeCorreo = \"Ten\u00eda que pas\u00e1rtelo\u2026 \u00a1Foodie Black Week viene con planazos! \u00bfNos\u00a0apuntamos?\";\n\n        \/\/ Eliminar cualquier modal\/overlay previo antes de crear uno nuevo\n        let modalExistente = document.getElementById(\"modalCompartir\");\n        let overlayExistente = document.getElementById(\"overlayCompartir\");\n\n        if (modalExistente) modalExistente.remove();\n        if (overlayExistente) overlayExistente.remove();\n\n        \/\/ Crear el overlay\n        const overlay = document.createElement('div');\n        overlay.id = \"overlayCompartir\";\n        overlay.style.position = \"fixed\";\n        overlay.style.top = \"0\";\n        overlay.style.left = \"0\";\n        overlay.style.width = \"100%\";\n        overlay.style.height = \"100%\";\n        overlay.style.background = \"rgba(0, 0, 0, 0.5)\";\n        overlay.style.zIndex = \"999\";\n        document.body.appendChild(overlay);\n\n        \/\/ Crear el modal\n        const dialog = document.createElement('div');\n        dialog.id = \"modalCompartir\";\n        dialog.innerHTML = `\n        <h2>Compartir oferta<\/h2>\n        <p>${mensaje}<\/p>\n        <div id=\"botonesCompartir\">\n        <a href=\"https:\/\/api.whatsapp.com\/send?text=${encodeURIComponent(mensajeCorreo + \" \" + urlCompartir)}\" target=\"_blank\"><img decoding=\"async\" src=\"https:\/\/cdn-icons-png.flaticon.com\/512\/124\/124034.png\"><\/a>\n        <a href=\"https:\/\/www.instagram.com\/accounts\/login\/?next=\/share&url=${encodeURIComponent(urlCompartir)}\" target=\"_blank\"><img decoding=\"async\" src=\"https:\/\/cdn-icons-png.flaticon.com\/512\/2111\/2111463.png\"><\/a>\n        <a href=\"https:\/\/www.facebook.com\/sharer\/sharer.php?u=${encodeURIComponent(urlCompartir)}\" target=\"_blank\"><img decoding=\"async\" src=\"https:\/\/cdn-icons-png.flaticon.com\/512\/124\/124010.png\"><\/a>\n        <a href=\"https:\/\/twitter.com\/intent\/tweet?text=${encodeURIComponent(mensajeCorreo + \" \" + urlCompartir)}\" target=\"_blank\"><img decoding=\"async\" src=\"https:\/\/encrypted-tbn0.gstatic.com\/images?q=tbn:ANd9GcSlSjNPRJt0l1rzDaa3vPGPffxSv1vHv1-S8Q&s\"><\/a>\n        <a href=\"mailto:?subject=Foodie\u00a0Black\u00a0Week&body=${mensajeCorreo} ${encodeURIComponent(urlCompartir)}\" target=\"_blank\"><img decoding=\"async\" src=\"https:\/\/cdn-icons-png.flaticon.com\/512\/732\/732200.png\"><\/a>\n        <\/div>\n        <button id=\"cerrarModal\">Cerrar<\/button>\n    `;\n        document.body.appendChild(dialog);\n        document.body.style.overflow = \"hidden\";\n\n        \/\/ Cerrar modal y overlay correctamente\n        function cerrarModal() {\n            if (document.getElementById(\"modalCompartir\")) {\n                document.getElementById(\"modalCompartir\").remove();\n            }\n            if (document.getElementById(\"overlayCompartir\")) {\n                document.getElementById(\"overlayCompartir\").remove();\n            }\n            document.body.style.overflow = \"auto\";\n        }\n\n        document.getElementById(\"cerrarModal\").onclick = cerrarModal;\n        overlay.onclick = cerrarModal;\n    }\n    if (window.location.hash) {\n  const raw = window.location.hash.slice(1);\n  const hash = decodeURIComponent(raw.replace(\/\\+\/g, \" \"));\n  if (hash) {\n    document.getElementById(\"buscador\").value = hash;\n    setTimeout(aplicarFiltros, 500);\n  }\n}\n});\n\n\nlet ButtonVisible = true;\n\n\/\/ Inicializar el mapa\nlet map;\nlet markers = [];\nlet properties = [{\"restaurante_id\":\"332\",\"nombre_restaurante\":\"Mara\\u00f1a\",\"latitud\":\"41.391328\",\"longitud\":\"2.162843\",\"direccion\":\"Rambla de Catalunya, 65, Eixample, 08007 Barcelona\",\"telefono\":\"931 66 34 97\",\"pagina_web\":\"https:\\\/\\\/www.restaurantemarana.com\",\"tipo_comida_outlist\":\"\",\"descripcion_oferta\":\"Bienvenido a Mara\\u00f1a, su nuevo destino culinario situado en Rambla Catalunya 65, a lado de Casa Batll\\u00f3, en el coraz\\u00f3n de Barcelona. Mara\\u00f1a ofrece una experiencia gastron\\u00f3mica \\u00fanica, donde la cocina mediterr\\u00e1nea se encuentra con los aut\\u00e9nticos sabores de la cocina espa\\u00f1ola. Durante esta semana aplicaremos un 30% de descuento en nuestra carta (excepto al men\\u00fa del mediod\\u00eda).\",\"precio_oferta\":\"0.00\",\"enlace_oferta\":\"\",\"imagen_oferta\":\"https:\\\/\\\/static.wixstatic.com\\\/media\\\/03c077_983ba02259724dc4a94f14045e5ee80d~mv2.jpg\\\/v1\\\/fill\\\/w_615,h_737,al_c,q_85,usm_0.66_1.00_0.01,enc_avif,quality_auto\\\/03c077_983ba02259724dc4a94f14045e5ee80d~mv2.jpg\",\"eix_comercial_id\":\"3\",\"tipo_comida_id\":\"23\",\"rango_precios\":\"15-30\",\"tipo_establecimiento_id\":\"1\",\"prioridad_vision\":\"0\",\"nombre_eix_comercial\":\"Barcelona - Cor Eixample\",\"nombre_tipo_comida\":\"Comida Mediterr\\u00e1nea\"},{\"restaurante_id\":\"331\",\"nombre_restaurante\":\"L\\\\'Amoroso\",\"latitud\":\"41.394758\",\"longitud\":\"2.152968\",\"direccion\":\"Av. Diagonal, 423, L\\\\'Eixample, 08036 Barcelona\",\"telefono\":\"937 00 89 83\",\"pagina_web\":\"https:\\\/\\\/www.lamorosorestaurante.com\",\"tipo_comida_outlist\":\"\",\"descripcion_oferta\":\"Bienvenido a L\\\\' Amoroso, un festivo restaurante italiano donde la autenticidad culinaria se une a un ambiente animado para vivir una experiencia inolvidable. El restaurante debe su nombre a la Costa Amalfitana, famosa regi\\u00f3n del sur de Italia conocida por sus espectaculares paisajes y su \\\\\\\"dolce vita\\\\\\\". Descubra el bar Capri, inspirado en la soleada isla, que evoca limoneros, tonos marinos y azul cielo, transport\\u00e1ndole a una \\u00e9poca antigua llena de encanto. Acomp\\u00e1\\u00f1enos en una experiencia \\u00fanica donde la elegancia, la convivencia y el refinamiento se dan cita en un marco encantador. Durante esta semana aplicaremos un 30% de descuento en nuestra carta (excepto al men\\u00fa del mediod\\u00eda).\",\"precio_oferta\":\"0.00\",\"enlace_oferta\":\"\",\"imagen_oferta\":\"https:\\\/\\\/static.wixstatic.com\\\/media\\\/03c077_6f924cdf59ed4dd88e6fba786c40cb3f~mv2.png\\\/v1\\\/fill\\\/w_436,h_475,al_c,q_85,usm_0.66_1.00_0.01,enc_avif,quality_auto\\\/03c077_6f924cdf59ed4dd88e6fba786c40cb3f~mv2.png\",\"eix_comercial_id\":\"3\",\"tipo_comida_id\":\"3\",\"rango_precios\":\"15-30\",\"tipo_establecimiento_id\":\"1\",\"prioridad_vision\":\"0\",\"nombre_eix_comercial\":\"Barcelona - Cor Eixample\",\"nombre_tipo_comida\":\"Comida Italiana\"},{\"restaurante_id\":\"330\",\"nombre_restaurante\":\"MANTECA vermuteria & Tapas\",\"latitud\":\"41.380105\",\"longitud\":\"2.151179\",\"direccion\":\"Carrer del Consell de Cent, 90, L\\\\'Eixample, 08015 Barcelona\",\"telefono\":\"936598051\",\"pagina_web\":\"https:\\\/\\\/www.instagram.com\\\/manteca_bcn\\\/?hl=es\",\"tipo_comida_outlist\":\"\",\"descripcion_oferta\":\"S\\u00ed, has le\\u00eddo bien: 8 croquetas por solo 6 \\u20ac \\ud83d\\ude31 Nuestro surtido m\\u00e1s goloso, con las croquetas que m\\u00e1s triunfan: de pollo asado, rabo de toro, ceps y calamar. Un precio imbatible para disfrutar del sabor del barrio como nunca. Vente a Manteca, que esta oferta dura poco\\u2026 y las croquetas vuelan.\",\"precio_oferta\":\"6.00\",\"enlace_oferta\":\"\",\"imagen_oferta\":\"https:\\\/\\\/foodieblackweek.com\\\/barcelona\\\/wp-content\\\/uploads\\\/ImagenesClientes\\\/2025\\\/10\\\/Canon-EOS-6D-3648x5472_155021.jpg\",\"eix_comercial_id\":\"3\",\"tipo_comida_id\":\"23\",\"rango_precios\":\"15-30\",\"tipo_establecimiento_id\":\"1\",\"prioridad_vision\":\"0\",\"nombre_eix_comercial\":\"Barcelona - Cor Eixample\",\"nombre_tipo_comida\":\"Comida Mediterr\\u00e1nea\"},{\"restaurante_id\":\"329\",\"nombre_restaurante\":\"Casa Rinc\\u00f3n\",\"latitud\":\"41.39674\",\"longitud\":\"2.157375\",\"direccion\":\"Carrer de C\\u00f2rsega, 298, L\\\\\\\\\\\\\\\\\\\\\\\\\\\\\\\\\\\\\\\\\\\\\\\\\\\\\\\\\\\\\\\\\\\\\\\\\\\\\\\\\\\\\\\\\\\\\\\\\\\\\\\\\\\\\\\\\\\\\\\\\\\\'Eixample, 08008 Barcelona\",\"telefono\":\"0034937030670\",\"pagina_web\":\"https:\\\/\\\/www.restaurantecasarincon.com\\\/\",\"tipo_comida_outlist\":\"\",\"descripcion_oferta\":\"Bienvenido a Casa Rinc\\u00f3n de Gracia, su nuevo destino culinario situado en Corsega, entre las emblem\\u00e1ticas v\\u00edas de Passeig de Gr\\u00e0cia, Rambla de Catalunya y Avinguda Diagonal, en el coraz\\u00f3n de Barcelona. Casa Rinc\\u00f3n ofrece una experiencia culinaria \\u00fanica, donde la cocina tradicional catalana se encuentra con los aut\\u00e9nticos sabores de la cocina mediterr\\u00e1nea. Durante esta semana aplicaremos un 30 % de descuento a toda la carta (excepto al men\\u00fa del mediod\\u00eda).\",\"precio_oferta\":\"0.00\",\"enlace_oferta\":\"\",\"imagen_oferta\":\"https:\\\/\\\/static.wixstatic.com\\\/media\\\/03c077_d516ee002c0f404daa34898797755ebc~mv2.jpg\\\/v1\\\/fill\\\/w_1525,h_945,al_b,q_85,usm_0.66_1.00_0.01,enc_avif,quality_auto\\\/03c077_d516ee002c0f404daa34898797755ebc~mv2.jpg\",\"eix_comercial_id\":\"3\",\"tipo_comida_id\":\"17\",\"rango_precios\":\"15-30\",\"tipo_establecimiento_id\":\"1\",\"prioridad_vision\":\"0\",\"nombre_eix_comercial\":\"Barcelona - Cor Eixample\",\"nombre_tipo_comida\":\"Comida Espa\\u00f1ola\"},{\"restaurante_id\":\"328\",\"nombre_restaurante\":\"Cerveceria La Barcelonesa\",\"latitud\":\"41.397913\",\"longitud\":\"2.170973\",\"direccion\":\"Pg. de St. Joan, 77, L\\\\'Eixample, 08009 Barcelona\",\"telefono\":\"613165786\",\"pagina_web\":\"https:\\\/\\\/www.instagram.com\\\/cerveceria_barcelonesa\\\/#\",\"tipo_comida_outlist\":\"\",\"descripcion_oferta\":\"Men\\u00fa mediod\\u00eda completo\",\"precio_oferta\":\"0.00\",\"enlace_oferta\":\"\",\"imagen_oferta\":\"https:\\\/\\\/foodieblackweek.com\\\/barcelona\\\/wp-content\\\/uploads\\\/ImagenesClientes\\\/2025\\\/10\\\/459acd84-0229-49d0-b661-987cf8889c42.jpeg\",\"eix_comercial_id\":\"3\",\"tipo_comida_id\":\"17\",\"rango_precios\":\"15-30\",\"tipo_establecimiento_id\":\"1\",\"prioridad_vision\":\"0\",\"nombre_eix_comercial\":\"Barcelona - Cor Eixample\",\"nombre_tipo_comida\":\"Comida Espa\\u00f1ola\"},{\"restaurante_id\":\"327\",\"nombre_restaurante\":\"VALENTINA e PASQUALINA\",\"latitud\":\"41.396736\",\"longitud\":\"2.127894\",\"direccion\":\"Carrer del Milanesat, 5, local 2, Distrito de Sarri\\u00e0-Sant Gervasi, 08017 Barcelona\",\"telefono\":\"666723698\",\"pagina_web\":\"https:\\\/\\\/valentinaepasqualina.com\\\/\",\"tipo_comida_outlist\":\"\",\"descripcion_oferta\":\"Pack 4 tiramis\\u00fa artesanales de sabores variados.\",\"precio_oferta\":\"20.00\",\"enlace_oferta\":\"https:\\\/\\\/valentinaepasqualina.com\\\/products\\\/pack-tiramisu-foodie-black-week\",\"imagen_oferta\":\"https:\\\/\\\/foodieblackweek.com\\\/barcelona\\\/wp-content\\\/uploads\\\/ImagenesClientes\\\/2025\\\/10\\\/FOTO-BLACK-WEEK.jpg\",\"eix_comercial_id\":\"21\",\"tipo_comida_id\":\"3\",\"rango_precios\":\"15-30\",\"tipo_establecimiento_id\":\"1\",\"prioridad_vision\":\"0\",\"nombre_eix_comercial\":\"Barcelona - Sarri\\u00e0\",\"nombre_tipo_comida\":\"Comida Italiana\"},{\"restaurante_id\":\"326\",\"nombre_restaurante\":\"GYOZA HOUSE BARCELONA\",\"latitud\":\"41.387351\",\"longitud\":\"2.16124\",\"direccion\":\"Carrer d\\\\'Aribau, 32, L\\\\'Eixample, 08011 Barcelona\",\"telefono\":\"629925570\",\"pagina_web\":\"https:\\\/\\\/www.instagram.com\\\/gyozahousebcn\\\/?igsh=MTh0ZTVhbXcxNWhhMQ%3D%3D#\",\"tipo_comida_outlist\":\"\",\"descripcion_oferta\":\"Men\\u00fa Especial Foodie Black Week: - 2 entrantes a escoger: Edamame o sopa de miso o bol de arroz blanco de jazm\\u00edn. - 8 gyozas a escoger entre m\\u00e1s de 15 sabores (2 sabores m\\u00e1x). Por cada sabor gourmet, habr\\u00e1 suplemento de 1\\u20ac. - 2 gyozas dulces a escoger.\",\"precio_oferta\":\"15.00\",\"enlace_oferta\":\"\",\"imagen_oferta\":\"https:\\\/\\\/foodieblackweek.com\\\/barcelona\\\/wp-content\\\/uploads\\\/ImagenesClientes\\\/2025\\\/10\\\/IMG_8001.jpeg\",\"eix_comercial_id\":\"3\",\"tipo_comida_id\":\"5\",\"rango_precios\":\"15-30\",\"tipo_establecimiento_id\":\"1\",\"prioridad_vision\":\"0\",\"nombre_eix_comercial\":\"Barcelona - Cor Eixample\",\"nombre_tipo_comida\":\"Comida Japonesa\"},{\"restaurante_id\":\"325\",\"nombre_restaurante\":\"Indochine Ly Leap\",\"latitud\":\"41.388039\",\"longitud\":\"2.157993\",\"direccion\":\"C\\\/ de Muntaner, 82, L\\\\'Eixample, 08011 Barcelona\",\"telefono\":\"934511796\",\"pagina_web\":\"https:\\\/\\\/indochineleaply.com\",\"tipo_comida_outlist\":\"\",\"descripcion_oferta\":\"Men\\u00fa Gastro Black Week - 2 saquitos rellenos de carne, langostinos y hierbas arom\\u00e1ticas con salsa de ciruela - 2 langostinos siam (con pasta crujiente y s\\u00e9samo) - 2 gyozas de cerdo, langostinos y hierbas - 2 gyozas de pollo con trufa - Ternera al estilo vietnamita - Pollo marinado con cinco especias y salsa agridulce thai - Carne de cerdo caramelizada con verduras encurtidas - Langostinos con curry rojo - 2 gyozas dulces.\",\"precio_oferta\":\"42.00\",\"enlace_oferta\":\"\",\"imagen_oferta\":\"https:\\\/\\\/foodieblackweek.com\\\/barcelona\\\/wp-content\\\/uploads\\\/ImagenesClientes\\\/2025\\\/10\\\/a485e03c-2d48-444c-8c29-e239c0444001.jpeg\",\"eix_comercial_id\":\"3\",\"tipo_comida_id\":\"33\",\"rango_precios\":\"30-60\",\"tipo_establecimiento_id\":\"1\",\"prioridad_vision\":\"0\",\"nombre_eix_comercial\":\"Barcelona - Cor Eixample\",\"nombre_tipo_comida\":\"Fusi\\u00f3n\"},{\"restaurante_id\":\"324\",\"nombre_restaurante\":\"La Vietnamita\",\"latitud\":\"41.387752\",\"longitud\":\"2.18237\",\"direccion\":\"Carrer del Comer\\u00e7, 17, Ciutat Vella, 08003 Barcelona\",\"telefono\":\"933100961\",\"pagina_web\":\"http:\\\/\\\/www.lavietnamita.com\",\"tipo_comida_outlist\":\"\",\"descripcion_oferta\":\"Menu Foodie Black Week. Entrante: Nems vegan o carne. Principal: Bun noodle bowl tofu o pollo. Bebida: Limonada mint chan o cerveza.\",\"precio_oferta\":\"19.90\",\"enlace_oferta\":\"\",\"imagen_oferta\":\"https:\\\/\\\/foodieblackweek.com\\\/barcelona\\\/wp-content\\\/uploads\\\/ImagenesClientes\\\/2025\\\/10\\\/IMG_5833.jpg\",\"eix_comercial_id\":\"24\",\"tipo_comida_id\":\"13\",\"rango_precios\":\"15-30\",\"tipo_establecimiento_id\":\"1\",\"prioridad_vision\":\"0\",\"nombre_eix_comercial\":\"Barcelona - Ciutat Vella\",\"nombre_tipo_comida\":\"Comida Vietnamita\"},{\"restaurante_id\":\"323\",\"nombre_restaurante\":\"Pizzer\\u00eda RAGVSA\",\"latitud\":\"41.416904\",\"longitud\":\"2.174568\",\"direccion\":\"Ronda del Guinard\\u00f3, 114, 116, Horta-Guinard\\u00f3, 08041 Barcelona\",\"telefono\":\"934462484\",\"pagina_web\":\"http:\\\/\\\/www.ragvsa.es\",\"tipo_comida_outlist\":\"\",\"descripcion_oferta\":\"ENTRANTES PARA COMPARTIR: Provolone con focaccia, Carpaccio de Buey, Ensalada de queso de cabra. SEGUNDO A ELEGIR: Pizza Margarita, Pizza Romana, Pizza Diavola, Pizza Tonina, Pizza al Pesto, Pizza 4 quesos, Pizza Carbonara, Lasagna de Carne o Verdura, Spaghetti Carbonara, Rigatoni Bolognesa, Entrecote con guarnicion (suplemento 4\\u20ac). POSTRES O CAFE: Pastel de Zanahoria, Tiramisu, brownie de chocolate. Incluye Una bebida por persona Agua\\\/Cerveza o copa de Vino.\",\"precio_oferta\":\"29.00\",\"enlace_oferta\":\"\",\"imagen_oferta\":\"https:\\\/\\\/foodieblackweek.com\\\/barcelona\\\/wp-content\\\/uploads\\\/ImagenesClientes\\\/2025\\\/10\\\/Ragusafoto@jpescobar.es_43.jpg\",\"eix_comercial_id\":\"2\",\"tipo_comida_id\":\"3\",\"rango_precios\":\"15-30\",\"tipo_establecimiento_id\":\"1\",\"prioridad_vision\":\"0\",\"nombre_eix_comercial\":\"Barcelona - Horta\",\"nombre_tipo_comida\":\"Comida Italiana\"},{\"restaurante_id\":\"321\",\"nombre_restaurante\":\"El Txoko de Aupa\",\"latitud\":\"41.516292\",\"longitud\":\"2.395854\",\"direccion\":\"Carrer de Argentona, km 1, 3, 08349 Cabrera de Mar, Barcelona\",\"telefono\":\"687604598\",\"pagina_web\":\"http:\\\/\\\/www.restauranteaupa.com\",\"tipo_comida_outlist\":\"\",\"descripcion_oferta\":\"Viernes de ostras con m\\u00fasica en directo\",\"precio_oferta\":\"1.00\",\"enlace_oferta\":\"https:\\\/\\\/www.restauranteaupa.com\\\/ostras\",\"imagen_oferta\":\"https:\\\/\\\/foodieblackweek.com\\\/barcelona\\\/wp-content\\\/uploads\\\/ImagenesClientes\\\/2025\\\/10\\\/viernes-de-ostras.jpg\",\"eix_comercial_id\":\"60\",\"tipo_comida_id\":\"30\",\"rango_precios\":\"15-30\",\"tipo_establecimiento_id\":\"1\",\"prioridad_vision\":\"0\",\"nombre_eix_comercial\":\"Maresme\",\"nombre_tipo_comida\":\"Tapas\"},{\"restaurante_id\":\"320\",\"nombre_restaurante\":\"LECCABAFFI\",\"latitud\":\"41.397899\",\"longitud\":\"2.169843\",\"direccion\":\"Carrer de Val\\u00e8ncia, 341, L\\\\'Eixample, 08009 Barcelona\",\"telefono\":\"935287693\",\"pagina_web\":\"http:\\\/\\\/www.leccabaffi.com\",\"tipo_comida_outlist\":\"\",\"descripcion_oferta\":\"OFERTA 1 (Cocktail + Spaghetti de Marisco 22\\u20ac). OFERTA 2 (St Germain Spritz + Olive all\\u00b4ascalona 12\\u20ac). OFERTA 3 (Martini Bianco Spritz + Focaccina 10\\u20ac)\",\"precio_oferta\":\"0.00\",\"enlace_oferta\":\"\",\"imagen_oferta\":\"https:\\\/\\\/foodieblackweek.com\\\/barcelona\\\/wp-content\\\/uploads\\\/ImagenesClientes\\\/2025\\\/10\\\/IMG_0116.jpeg\",\"eix_comercial_id\":\"3\",\"tipo_comida_id\":\"3\",\"rango_precios\":\"30-60\",\"tipo_establecimiento_id\":\"1\",\"prioridad_vision\":\"0\",\"nombre_eix_comercial\":\"Barcelona - Cor Eixample\",\"nombre_tipo_comida\":\"Comida Italiana\"},{\"restaurante_id\":\"318\",\"nombre_restaurante\":\"Celler 39\",\"latitud\":\"41.403546\",\"longitud\":\"2.158519\",\"direccion\":\"Carrer de Terol, 39, Gr\\u00e0cia, 08012 Barcelona\",\"telefono\":\"936325693\",\"pagina_web\":\"http:\\\/\\\/Www.kiltrobcn.com\",\"tipo_comida_outlist\":\"\",\"descripcion_oferta\":\"Vermut Martini + Gilda de la casa.\",\"precio_oferta\":\"5.00\",\"enlace_oferta\":\"\",\"imagen_oferta\":\"https:\\\/\\\/web.kiltrobcn.com\\\/wp-content\\\/uploads\\\/elementor\\\/thumbs\\\/drinks-r8hvldrv9kf7qbheetqgfpdmg1t4qnwjc9qrmsryns.jpg\",\"eix_comercial_id\":\"10\",\"tipo_comida_id\":\"30\",\"rango_precios\":\"30-60\",\"tipo_establecimiento_id\":\"1\",\"prioridad_vision\":\"0\",\"nombre_eix_comercial\":\"Barcelona - Gr\\u00e0cia\",\"nombre_tipo_comida\":\"Tapas\"},{\"restaurante_id\":\"317\",\"nombre_restaurante\":\"Kiltro Restobar\",\"latitud\":\"41.403205\",\"longitud\":\"2.153905\",\"direccion\":\"Carrer de Villarroel, 22, L\\\\'Eixample, 08011 Barcelona\",\"telefono\":\"931279370\",\"pagina_web\":\"http:\\\/\\\/Www.kiltrobcn.com\",\"tipo_comida_outlist\":\"\",\"descripcion_oferta\":\"C\\u00f3ctel Paloma Patr\\u00f3n+ 1 taco de Pulled Pork.\",\"precio_oferta\":\"18.00\",\"enlace_oferta\":\"\",\"imagen_oferta\":\"https:\\\/\\\/cdn.trustindex.io\\\/feed\\\/Instagram\\\/25\\\/1b\\\/251b048e4d6f05d374a44f1f1366967fa236ee19\\\/0s.webp\",\"eix_comercial_id\":\"18\",\"tipo_comida_id\":\"4\",\"rango_precios\":\"15-30\",\"tipo_establecimiento_id\":\"1\",\"prioridad_vision\":\"0\",\"nombre_eix_comercial\":\"Barcelona - Sant Antoni\",\"nombre_tipo_comida\":\"Comida Mexicana\"},{\"restaurante_id\":\"316\",\"nombre_restaurante\":\"El Fornet, Travesera de Gracia 101\",\"latitud\":\"41.399009\",\"longitud\":\"2.1532\",\"direccion\":\"Travessera de Gr\\u00e0cia, 101, Sarri\\u00e0-Sant Gervasi, 08006 Barcelona\",\"telefono\":\"695237329\",\"pagina_web\":\"https:\\\/\\\/elfornet.com\\\/tiendas\",\"tipo_comida_outlist\":\"\",\"descripcion_oferta\":\"Promoci\\u00f3 v\\u00e0lida per la compra combinable de 2 o m\\u00e9s unitats de caf\\u00e8 i\\\/o croissant. Productes inclosos en la promoci\\u00f3: caf\\u00e8 sol, tallat, tallat amb llet especial, caf\\u00e8 amb llet, caf\\u00e8 doble, caf\\u00e8 amb llet especial, caf\\u00e8 amb llet XL, cappuccino, infusi\\u00f3, croissant, croissant de mantega, croissant de mantega amb llavors, croissant de xocolata, croissant de mantega amb xocolata blanca.\",\"precio_oferta\":\"2.85\",\"enlace_oferta\":\"\",\"imagen_oferta\":\"https:\\\/\\\/foodieblackweek.com\\\/barcelona\\\/wp-content\\\/uploads\\\/ImagenesClientes\\\/2025\\\/10\\\/DOLCOS-MATINS-3-1.png\",\"eix_comercial_id\":\"10\",\"tipo_comida_id\":\"35\",\"rango_precios\":\"15-30\",\"tipo_establecimiento_id\":\"1\",\"prioridad_vision\":\"0\",\"nombre_eix_comercial\":\"Barcelona - Gr\\u00e0cia\",\"nombre_tipo_comida\":\"Pasteler\\u00edas y dulces\"},{\"restaurante_id\":\"315\",\"nombre_restaurante\":\"El Fornet, Mallorca 279\",\"latitud\":\"41.395542\",\"longitud\":\"2.164416\",\"direccion\":\"Carrer de Mallorca, 279, L\\\\'Eixample, 08037 Barcelona\",\"telefono\":\"695237607\",\"pagina_web\":\"https:\\\/\\\/elfornet.com\\\/tiendas?utm_source=foodieblackweek.com&utm_medium=share_button&utm_campaign=foodie2025bcn\",\"tipo_comida_outlist\":\"\",\"descripcion_oferta\":\"Nuestra propuesta tipo brunch te da 5 productos de primera calidad. Escoge: - Zumo de naranja natural reci\\u00e9n exprimido o un Smoothie - Una bebida caliente (caf\\u00e9s e infusiones) - Un bocadillo o sandwich - Un Rosendo; nuestros deliciosos mini croissants - Un Yogurt o un bowl de fruta.\",\"precio_oferta\":\"12.50\",\"enlace_oferta\":\"\",\"imagen_oferta\":\"https:\\\/\\\/foodieblackweek.com\\\/barcelona\\\/wp-content\\\/uploads\\\/ImagenesClientes\\\/2025\\\/10\\\/King-Breakfast_2-1.jpg\",\"eix_comercial_id\":\"3\",\"tipo_comida_id\":\"35\",\"rango_precios\":\"15-30\",\"tipo_establecimiento_id\":\"1\",\"prioridad_vision\":\"0\",\"nombre_eix_comercial\":\"Barcelona - Cor Eixample\",\"nombre_tipo_comida\":\"Pasteler\\u00edas y dulces\"},{\"restaurante_id\":\"314\",\"nombre_restaurante\":\"El Fornet, Pallars 193\",\"latitud\":\"41.401558\",\"longitud\":\"2.197601\",\"direccion\":\"Carrer de Pallars, 193, Sant Mart\\u00ed, 08005 Barcelona\",\"telefono\":\"695237362\",\"pagina_web\":\"https:\\\/\\\/elfornet.com\\\/tiendas\",\"tipo_comida_outlist\":\"\",\"descripcion_oferta\":\"Nuestra propuesta tipo brunch te da 5 productos de primera calidad. Escoge: - Zumo de naranja natural reci\\u00e9n exprimido o un Smoothie - Una bebida caliente (caf\\u00e9s e infusiones) - Un bocadillo o sandwich - Un Rosendo; nuestros deliciosos mini croissants - Un Yogurt o un bowl de fruta.\",\"precio_oferta\":\"12.50\",\"enlace_oferta\":\"\",\"imagen_oferta\":\"https:\\\/\\\/foodieblackweek.com\\\/barcelona\\\/wp-content\\\/uploads\\\/ImagenesClientes\\\/2025\\\/10\\\/King-Breakfast_2.jpg\",\"eix_comercial_id\":\"20\",\"tipo_comida_id\":\"35\",\"rango_precios\":\"15-30\",\"tipo_establecimiento_id\":\"1\",\"prioridad_vision\":\"0\",\"nombre_eix_comercial\":\"Barcelona - Sant Mart\\u00ed\",\"nombre_tipo_comida\":\"Pasteler\\u00edas y dulces\"},{\"restaurante_id\":\"313\",\"nombre_restaurante\":\"La Cresta BCN\",\"latitud\":\"41.42252\",\"longitud\":\"2.176045\",\"direccion\":\"Carrer de la Torre dels Pardals, 25, Horta-Guinard\\u00f3, 08041 Barcelona\",\"telefono\":\"931458269\",\"pagina_web\":\"https:\\\/\\\/lacrestabcn.eatbu.com\\\/?lang=es\",\"tipo_comida_outlist\":\"\",\"descripcion_oferta\":\"Por la compra de un cachopo de pollo o ternera, reclama tu postre gratis.\",\"precio_oferta\":\"14.00\",\"enlace_oferta\":\"\",\"imagen_oferta\":\"https:\\\/\\\/foodieblackweek.com\\\/barcelona\\\/wp-content\\\/uploads\\\/ImagenesClientes\\\/2025\\\/10\\\/Plato-servido-de-cachopo.jpg\",\"eix_comercial_id\":\"2\",\"tipo_comida_id\":\"23\",\"rango_precios\":\"15-30\",\"tipo_establecimiento_id\":\"1\",\"prioridad_vision\":\"0\",\"nombre_eix_comercial\":\"Barcelona - Horta\",\"nombre_tipo_comida\":\"Comida Mediterr\\u00e1nea\"},{\"restaurante_id\":\"312\",\"nombre_restaurante\":\"La Cervesera Artesana\",\"latitud\":\"41.398388\",\"longitud\":\"2.160929\",\"direccion\":\"Carrer de Sant Agust\\u00ed, 14, Gr\\u00e0cia, 08012 Barcelona\",\"telefono\":\"932379594\",\"pagina_web\":\"http:\\\/\\\/www.cervesa.cat\",\"tipo_comida_outlist\":\"\",\"descripcion_oferta\":\"Maridaje 'ON FIRE'\\ud83d\\udd25Pinta de cerveza artesana Chilli Stout + Crujientes de Foie y butifarra de Perol con mermelada de cebolla confitada.\",\"precio_oferta\":\"8.00\",\"enlace_oferta\":\"https:\\\/\\\/www.instagram.com\\\/reel\\\/DQMePH6jO-Q\\\/?utm_source=ig_web_copy_link&igsh=MzRlODBiNWFlZA==\",\"imagen_oferta\":\"https:\\\/\\\/foodieblackweek.com\\\/barcelona\\\/wp-content\\\/uploads\\\/ImagenesClientes\\\/2025\\\/10\\\/FoodieBlackWeekBcn-2025_La-Cervesera-Artesana.jpg\",\"eix_comercial_id\":\"10\",\"tipo_comida_id\":\"30\",\"rango_precios\":\"15-30\",\"tipo_establecimiento_id\":\"1\",\"prioridad_vision\":\"0\",\"nombre_eix_comercial\":\"Barcelona - Gr\\u00e0cia\",\"nombre_tipo_comida\":\"Tapas\"},{\"restaurante_id\":\"311\",\"nombre_restaurante\":\"Flipa Burger\",\"latitud\":\"41.413624\",\"longitud\":\"2.194268\",\"direccion\":\"Carrer d\\\\'Espronceda, 260, Sant Mart\\u00ed, 08018 Barcelona\",\"telefono\":\"624881538\",\"pagina_web\":\"http:\\\/\\\/www.flipaburger.es\",\"tipo_comida_outlist\":\"\",\"descripcion_oferta\":\"Disfruta de nuestro Combo Doble (opci\\u00f3n sin gluten inclu\\u00edda).\",\"precio_oferta\":\"10.00\",\"enlace_oferta\":\"\",\"imagen_oferta\":\"https:\\\/\\\/foodieblackweek.com\\\/barcelona\\\/wp-content\\\/uploads\\\/ImagenesClientes\\\/2025\\\/10\\\/combo-flipa.jpg\",\"eix_comercial_id\":\"20\",\"tipo_comida_id\":\"29\",\"rango_precios\":\"15-30\",\"tipo_establecimiento_id\":\"1\",\"prioridad_vision\":\"0\",\"nombre_eix_comercial\":\"Barcelona - Sant Mart\\u00ed\",\"nombre_tipo_comida\":\"Hamburgueser\\u00eda\"},{\"restaurante_id\":\"309\",\"nombre_restaurante\":\"El Fornet, Pau Claris\",\"latitud\":\"41.396879\",\"longitud\":\"2.162089\",\"direccion\":\"Carrer de Pau Claris, 190, L\\\\'Eixample, 08037 Barcelona\",\"telefono\":\"695237391\",\"pagina_web\":\"https:\\\/\\\/elfornet.com\\\/es\\\/\",\"tipo_comida_outlist\":\"\",\"descripcion_oferta\":\"Nuestra propuesta tipo brunch te da 5 productos de primera calidad por solo 12,5\\u20ac. Escoge: - Zumo de naranja natural reci\\u00e9n exprimido o un Smoothie - Una bebida caliente (caf\\u00e9s e infusiones) - Un bocadillo o sandwich - Un Rosendo; nuestros deliciosos mini croissants - Un Yogurt o un bowl de fruta.\",\"precio_oferta\":\"0.00\",\"enlace_oferta\":\"\",\"imagen_oferta\":\"https:\\\/\\\/foodieblackweek.com\\\/barcelona\\\/wp-content\\\/uploads\\\/ImagenesClientes\\\/2025\\\/10\\\/1000821002.jpg\",\"eix_comercial_id\":\"3\",\"tipo_comida_id\":\"31\",\"rango_precios\":\"15-30\",\"tipo_establecimiento_id\":\"1\",\"prioridad_vision\":\"0\",\"nombre_eix_comercial\":\"Barcelona - Cor Eixample\",\"nombre_tipo_comida\":\"Brunch\"},{\"restaurante_id\":\"308\",\"nombre_restaurante\":\"Cacho\",\"latitud\":\"41.393276\",\"longitud\":\"2.190989\",\"direccion\":\"Carrer de Llull, 27, Sant Mart\\u00ed, 08005 Barcelona\",\"telefono\":\"633364210\",\"pagina_web\":\"http:\\\/\\\/www.wearecacho.com\",\"tipo_comida_outlist\":\"\",\"descripcion_oferta\":\"Chorip\\u00e1n + Cacho Beer ( APA).\",\"precio_oferta\":\"0.00\",\"enlace_oferta\":\"\",\"imagen_oferta\":\"https:\\\/\\\/wearecacho.com\\\/wp-content\\\/uploads\\\/2024\\\/07\\\/cacho-1.jpg\",\"eix_comercial_id\":\"15\",\"tipo_comida_id\":\"23\",\"rango_precios\":\"15-30\",\"tipo_establecimiento_id\":\"1\",\"prioridad_vision\":\"0\",\"nombre_eix_comercial\":\"Barcelona - Poblenou\",\"nombre_tipo_comida\":\"Comida Mediterr\\u00e1nea\"},{\"restaurante_id\":\"307\",\"nombre_restaurante\":\"Arrocer\\u00eda Crosmas\",\"latitud\":\"41.38998\",\"longitud\":\"2.153533\",\"direccion\":\"Carrer de Casanova, 158, Eixample, 08036 Barcelona\",\"telefono\":\"931705950\",\"pagina_web\":\"https:\\\/\\\/crosmas.cat\\\/\",\"tipo_comida_outlist\":\"\",\"descripcion_oferta\":\"10% de descuento para comer y cenar a la Carta de lunes a s\\u00e1bado.\",\"precio_oferta\":\"0.00\",\"enlace_oferta\":\"https:\\\/\\\/crosmas.cat\\\/wp-content\\\/uploads\\\/2025\\\/02\\\/carta_crosmas_febrero_2025.pdf\",\"imagen_oferta\":\"https:\\\/\\\/foodieblackweek.com\\\/barcelona\\\/wp-content\\\/uploads\\\/ImagenesClientes\\\/2025\\\/10\\\/CARTA-2025-PAG-2.jpg\",\"eix_comercial_id\":\"14\",\"tipo_comida_id\":\"23\",\"rango_precios\":\"30-60\",\"tipo_establecimiento_id\":\"1\",\"prioridad_vision\":\"0\",\"nombre_eix_comercial\":\"Barcelona - Nou Eixample\",\"nombre_tipo_comida\":\"Comida Mediterr\\u00e1nea\"},{\"restaurante_id\":\"306\",\"nombre_restaurante\":\"Casa Moritz\",\"latitud\":\"41.392117\",\"longitud\":\"2.161864\",\"direccion\":\"Rambla de Catalunya, 79, Eixample, 08007 Barcelona\",\"telefono\":\"938269062\",\"pagina_web\":\"http:\\\/\\\/casamoritz.cat\",\"tipo_comida_outlist\":\"\",\"descripcion_oferta\":\"Dos ca\\u00f1as de Moritz 7 y unas bravas.\",\"precio_oferta\":\"5.30\",\"enlace_oferta\":\"\",\"imagen_oferta\":\"https:\\\/\\\/foodieblackweek.com\\\/barcelona\\\/wp-content\\\/uploads\\\/ImagenesClientes\\\/2025\\\/10\\\/Bravas_IMG_1886.jpg\",\"eix_comercial_id\":\"14\",\"tipo_comida_id\":\"30\",\"rango_precios\":\"15-30\",\"tipo_establecimiento_id\":\"1\",\"prioridad_vision\":\"0\",\"nombre_eix_comercial\":\"Barcelona - Nou Eixample\",\"nombre_tipo_comida\":\"Tapas\"},{\"restaurante_id\":\"305\",\"nombre_restaurante\":\"Tres Vilas Bar Restaurante\",\"latitud\":\"41.38302\",\"longitud\":\"2.13837\",\"direccion\":\"Carrer de Berl\\u00edn, 22, Sants-Montju\\u00efc, 08014 Barcelona\",\"telefono\":\"934395120\",\"pagina_web\":\"https:\\\/\\\/www.bartresvilas.com\\\/cat\\\/index.html\",\"tipo_comida_outlist\":\"\",\"descripcion_oferta\":\"Men\\u00fa para 2: Tabla de jam\\u00f3n de bellota + chulet\\u00f3n 600gr + 1 botella vino Rioja crianza.\",\"precio_oferta\":\"39.00\",\"enlace_oferta\":\"\",\"imagen_oferta\":\"https:\\\/\\\/foodieblackweek.com\\\/barcelona\\\/wp-content\\\/uploads\\\/2025\\\/10\\\/tresVilas-300x300.jpeg\",\"eix_comercial_id\":\"1\",\"tipo_comida_id\":\"17\",\"rango_precios\":\"30-60\",\"tipo_establecimiento_id\":\"1\",\"prioridad_vision\":\"0\",\"nombre_eix_comercial\":\"Barcelona - Sants\",\"nombre_tipo_comida\":\"Comida Espa\\u00f1ola\"},{\"restaurante_id\":\"304\",\"nombre_restaurante\":\"ANORMAL FOOD\",\"latitud\":\"41.408267\",\"longitud\":\"2.138206\",\"direccion\":\"Carrer de Balmes, 440, Sarri\\u00e0-Sant Gervasi, 08022 Barcelona\",\"telefono\":\"653322199\",\"pagina_web\":\"http:\\\/\\\/www.anormalfood.com\",\"tipo_comida_outlist\":\"\",\"descripcion_oferta\":\"NACHOS O CHILAQUILES + 2 DE TACOS + 2 MARGARITAS FROZEN.\",\"precio_oferta\":\"40.00\",\"enlace_oferta\":\"\",\"imagen_oferta\":\"https:\\\/\\\/foodieblackweek.com\\\/barcelona\\\/wp-content\\\/uploads\\\/2025\\\/10\\\/anormalFood-300x282.png\",\"eix_comercial_id\":\"19\",\"tipo_comida_id\":\"4\",\"rango_precios\":\"15-30\",\"tipo_establecimiento_id\":\"1\",\"prioridad_vision\":\"0\",\"nombre_eix_comercial\":\"Barcelona - Sant Gervasi\",\"nombre_tipo_comida\":\"Comida Mexicana\"},{\"restaurante_id\":\"303\",\"nombre_restaurante\":\"Dalila cafe\",\"latitud\":\"41.408517\",\"longitud\":\"2.17315\",\"direccion\":\"C\\\/ de Padilla, 315, Eixample, 08025 Barcelona\",\"telefono\":\"717129764\",\"pagina_web\":\"http:\\\/\\\/www.todoitalianobarcelona.es\",\"tipo_comida_outlist\":\"\",\"descripcion_oferta\":\"Cornetto salado con embutidos a elegir y cappuccino original.\",\"precio_oferta\":\"4.90\",\"enlace_oferta\":\"\",\"imagen_oferta\":\"https:\\\/\\\/foodieblackweek.com\\\/barcelona\\\/wp-content\\\/uploads\\\/2025\\\/10\\\/dalilaCafe-298x300.png\",\"eix_comercial_id\":\"17\",\"tipo_comida_id\":\"3\",\"rango_precios\":\"15-30\",\"tipo_establecimiento_id\":\"1\",\"prioridad_vision\":\"0\",\"nombre_eix_comercial\":\"Barcelona - Sagrada Fam\\u00edlia\",\"nombre_tipo_comida\":\"Comida Italiana\"},{\"restaurante_id\":\"300\",\"nombre_restaurante\":\"El Fornet, Provenza 266\",\"latitud\":\"41.393767\",\"longitud\":\"2.159495\",\"direccion\":\"Carrer de Proven\\u00e7a, 266, L\\\\'Eixample, 08008 Barcelona\",\"telefono\":\"695237344\",\"pagina_web\":\"https:\\\/\\\/elfornet.com\\\/tiendas\",\"tipo_comida_outlist\":\"\",\"descripcion_oferta\":\"Promoci\\u00f3 v\\u00e0lida per la compra combinable de 2 o m\\u00e9s unitats de caf\\u00e8 i\\\/o\\r\\ncroissant. Productes inclosos en la promoci\\u00f3: caf\\u00e8 sol, tallat, tallat amb llet\\r\\nespecial, caf\\u00e8 amb llet, caf\\u00e8 doble, caf\\u00e8 amb llet especial, caf\\u00e8 amb llet XL,\\r\\ncappuccino, infusi\\u00f3, croissant, croissant de mantega, croissant de mantega amb\\r\\nllavors, croissant de xocolata, croissant de mantega amb xocolata blanca.\",\"precio_oferta\":\"2.85\",\"enlace_oferta\":\"\",\"imagen_oferta\":\"https:\\\/\\\/foodieblackweek.com\\\/barcelona\\\/wp-content\\\/uploads\\\/ImagenesClientes\\\/2025\\\/10\\\/DOLCOS-MATINS-3.png\",\"eix_comercial_id\":\"3\",\"tipo_comida_id\":\"35\",\"rango_precios\":\"15-30\",\"tipo_establecimiento_id\":\"1\",\"prioridad_vision\":\"0\",\"nombre_eix_comercial\":\"Barcelona - Cor Eixample\",\"nombre_tipo_comida\":\"Pasteler\\u00edas y dulces\"},{\"restaurante_id\":\"299\",\"nombre_restaurante\":\"Oasis Gastro Bar\",\"latitud\":\"41.456066\",\"longitud\":\"2.228926\",\"direccion\":\"Carrer d\\\\\\\\\\\\'Anna Tugas, 40, 08917 Badalona, Barcelona\",\"telefono\":\"933309541\",\"pagina_web\":\"https:\\\/\\\/oasisbadalona.com\\\/gastro\",\"tipo_comida_outlist\":\"\",\"descripcion_oferta\":\"Disfruta de un 2x1 en \\\\\\\"La Oasis\\\\\\\", nuestra espectacular hamburguesa gourmet de ternera 100%.\",\"precio_oferta\":\"0.00\",\"enlace_oferta\":\"\",\"imagen_oferta\":\"https:\\\/\\\/foodieblackweek.com\\\/barcelona\\\/wp-content\\\/uploads\\\/ImagenesClientes\\\/2025\\\/10\\\/LaOasis.png\",\"eix_comercial_id\":\"25\",\"tipo_comida_id\":\"23\",\"rango_precios\":\"15-30\",\"tipo_establecimiento_id\":\"1\",\"prioridad_vision\":\"0\",\"nombre_eix_comercial\":\"Badalona\",\"nombre_tipo_comida\":\"Comida Mediterr\\u00e1nea\"},{\"restaurante_id\":\"298\",\"nombre_restaurante\":\"Viana\",\"latitud\":\"41.379912\",\"longitud\":\"2.176287\",\"direccion\":\"Carrer del Vidre, 7, Ciutat Vella, 08002 Barcelona\",\"telefono\":\"930 15 25 25\",\"pagina_web\":\"http:\\\/\\\/www.granvianabcn.com\",\"tipo_comida_outlist\":\"\",\"descripcion_oferta\":\"20% de descuento en cuenta.\",\"precio_oferta\":\"0.00\",\"enlace_oferta\":\"\",\"imagen_oferta\":\"https:\\\/\\\/www.vianabcn.com\\\/wp-content\\\/uploads\\\/2023\\\/10\\\/366361096_18351642343070043_2502518902098481799_n.jpg\",\"eix_comercial_id\":\"24\",\"tipo_comida_id\":\"17\",\"rango_precios\":\"30-60\",\"tipo_establecimiento_id\":\"1\",\"prioridad_vision\":\"0\",\"nombre_eix_comercial\":\"Barcelona - Ciutat Vella\",\"nombre_tipo_comida\":\"Comida Espa\\u00f1ola\"},{\"restaurante_id\":\"297\",\"nombre_restaurante\":\"Onigiri BCN\",\"latitud\":\"41.389764\",\"longitud\":\"2.16165\",\"direccion\":\"Carrer d\\\\'Arag\\u00f3, 232, L\\\\'Eixample, 08007 Barcelona\",\"telefono\":\"695776836\",\"pagina_web\":\"https:\\\/\\\/www.instagram.com\\\/onigiri.bcn\",\"tipo_comida_outlist\":\"\",\"descripcion_oferta\":\"En Onigiri BCN , por cada compra igual o superior a 15 \\u20ac, recibe una bebida gratis a tu elecci\\u00f3n (excepto el Saka).\",\"precio_oferta\":\"15.00\",\"enlace_oferta\":\"\",\"imagen_oferta\":\"https:\\\/\\\/foodieblackweek.com\\\/barcelona\\\/wp-content\\\/uploads\\\/ImagenesClientes\\\/2025\\\/10\\\/oni.jpg\",\"eix_comercial_id\":\"3\",\"tipo_comida_id\":\"5\",\"rango_precios\":\"15-30\",\"tipo_establecimiento_id\":\"1\",\"prioridad_vision\":\"0\",\"nombre_eix_comercial\":\"Barcelona - Cor Eixample\",\"nombre_tipo_comida\":\"Comida Japonesa\"},{\"restaurante_id\":\"296\",\"nombre_restaurante\":\"Casa Guell\",\"latitud\":\"41.404581\",\"longitud\":\"2.19882\",\"direccion\":\"Carrer de Castella, 1, Sant Mart\\u00ed, 08018 Barcelona\",\"telefono\":\"936434384\",\"pagina_web\":\"https:\\\/\\\/www.instagram.com\\\/casaguell_bcn\\\/?igsh=cnlnZnV5dGZ1eGVm#\",\"tipo_comida_outlist\":\"\",\"descripcion_oferta\":\"Canel\\u00f3n XL de Carrillera, foie y trufa.\",\"precio_oferta\":\"29.90\",\"enlace_oferta\":\"\",\"imagen_oferta\":\"https:\\\/\\\/foodieblackweek.com\\\/barcelona\\\/wp-content\\\/uploads\\\/ImagenesClientes\\\/2025\\\/10\\\/IMG-20251022-WA0047.jpg\",\"eix_comercial_id\":\"15\",\"tipo_comida_id\":\"16\",\"rango_precios\":\"30-60\",\"tipo_establecimiento_id\":\"1\",\"prioridad_vision\":\"0\",\"nombre_eix_comercial\":\"Barcelona - Poblenou\",\"nombre_tipo_comida\":\"Comida Catalana\"},{\"restaurante_id\":\"295\",\"nombre_restaurante\":\"TABLAFINA BARCELONA\",\"latitud\":\"41.389654\",\"longitud\":\"2.166287\",\"direccion\":\"Rambla de Catalunya, 26, Eixample, 08007 Barcelona\",\"telefono\":\"933010000\",\"pagina_web\":\"https:\\\/\\\/www.tablafina.com\\\/tablafina-barcelona\\\/\",\"tipo_comida_outlist\":\"\",\"descripcion_oferta\":\"-TABLA DE 2 QUESOS ARTESANOS Y 1 COPA DE VINO 12\\u20ac. -TABLA DE 4 QUESOS ARTESANOS Y 1 COPA DE VINO 21.90\\u20ac. -1 BOMBA DE LA BARCELONETA RELLENA Y 1 CERVEZA 10.30\\u20ac. -PATATAS BRAVAS CON SALSA PICANTE Y ALLIOLI Y 2 CERVEZAS 15.95\\u20ac. -SURTIDO DE CROQUETAS CASERAS Y CERVEZAS 20.90\\u20ac -TORTILLA DE PATATAS Y CEBOLLA POCHADA CON 2 CERVEZAS 21.90\\u20ac.\",\"precio_oferta\":\"0.00\",\"enlace_oferta\":\"\",\"imagen_oferta\":\"https:\\\/\\\/www.tablafina.com\\\/wp-content\\\/uploads\\\/2019\\\/08\\\/Tablafina_Barcelona_RT_NH_collection-gran-hotel-calderon_529-150x150.jpg\",\"eix_comercial_id\":\"3\",\"tipo_comida_id\":\"23\",\"rango_precios\":\"30-60\",\"tipo_establecimiento_id\":\"1\",\"prioridad_vision\":\"0\",\"nombre_eix_comercial\":\"Barcelona - Cor Eixample\",\"nombre_tipo_comida\":\"Comida Mediterr\\u00e1nea\"},{\"restaurante_id\":\"294\",\"nombre_restaurante\":\"Bar N\\u00f8e\",\"latitud\":\"41.390929\",\"longitud\":\"2.148942\",\"direccion\":\"Carrer de Villarroel, 227, L\\\\'Eixample, 08036 Barcelona\",\"telefono\":\"+34931885040\",\"pagina_web\":\"http:\\\/\\\/barnoebcn.com\",\"tipo_comida_outlist\":\"\",\"descripcion_oferta\":\"5 course , Nordic\\\/Japanese inspired menu using local and seasonal catalan produce.\",\"precio_oferta\":\"30.00\",\"enlace_oferta\":\"\",\"imagen_oferta\":\"https:\\\/\\\/foodieblackweek.com\\\/barcelona\\\/wp-content\\\/uploads\\\/2025\\\/10\\\/barNoe-213x300.png\",\"eix_comercial_id\":\"14\",\"tipo_comida_id\":\"33\",\"rango_precios\":\"30-60\",\"tipo_establecimiento_id\":\"1\",\"prioridad_vision\":\"0\",\"nombre_eix_comercial\":\"Barcelona - Nou Eixample\",\"nombre_tipo_comida\":\"Fusi\\u00f3n\"},{\"restaurante_id\":\"293\",\"nombre_restaurante\":\"Nou Soto d\\u2019Horta\",\"latitud\":\"41.436077\",\"longitud\":\"2.153997\",\"direccion\":\"Carrer de Campoamor, 70, Horta-Guinard\\u00f3, 08031 Barcelona\",\"telefono\":\"654207362\",\"pagina_web\":\"http:\\\/\\\/nousotohorta.com\",\"tipo_comida_outlist\":\"\",\"descripcion_oferta\":\"Men\\u00fa completo + Postre de regalo.\",\"precio_oferta\":\"20.00\",\"enlace_oferta\":\"\",\"imagen_oferta\":\"https:\\\/\\\/foodieblackweek.com\\\/barcelona\\\/wp-content\\\/uploads\\\/ImagenesClientes\\\/2025\\\/10\\\/73b93162-f414-4a8e-add7-15ccb2320e61.jpeg\",\"eix_comercial_id\":\"2\",\"tipo_comida_id\":\"30\",\"rango_precios\":\"15-30\",\"tipo_establecimiento_id\":\"1\",\"prioridad_vision\":\"0\",\"nombre_eix_comercial\":\"Barcelona - Horta\",\"nombre_tipo_comida\":\"Tapas\"},{\"restaurante_id\":\"292\",\"nombre_restaurante\":\"Molycakes\",\"latitud\":\"41.564677\",\"longitud\":\"2.085838\",\"direccion\":\"Carrer de Budapest, 89, 08206 Sabadell, Barcelona\",\"telefono\":\"681098855\",\"pagina_web\":\"http:\\\/\\\/Www.molycakes.com\",\"tipo_comida_outlist\":\"\",\"descripcion_oferta\":\"Combo: crumble cookie+ croffle+ bebida.\",\"precio_oferta\":\"7.80\",\"enlace_oferta\":\"\",\"imagen_oferta\":\"https:\\\/\\\/foodieblackweek.com\\\/barcelona\\\/wp-content\\\/uploads\\\/ImagenesClientes\\\/2025\\\/10\\\/IMG_6521.jpeg\",\"eix_comercial_id\":\"62\",\"tipo_comida_id\":\"35\",\"rango_precios\":\"15-30\",\"tipo_establecimiento_id\":\"1\",\"prioridad_vision\":\"0\",\"nombre_eix_comercial\":\"Sabadell\",\"nombre_tipo_comida\":\"Pasteler\\u00edas y dulces\"},{\"restaurante_id\":\"291\",\"nombre_restaurante\":\"RESTAURANT ROMA\",\"latitud\":\"41.399377\",\"longitud\":\"2.148755\",\"direccion\":\"Carrer d\\\\'Alfons XII, 41, Sarri\\u00e0-Sant Gervasi, 08006 Barcelona\",\"telefono\":\"932013513\",\"pagina_web\":\"http:\\\/\\\/WWW.RESTAURANTROMA.ES\",\"tipo_comida_outlist\":\"\",\"descripcion_oferta\":\"Men\\u00fa degustaci\\u00f3 amb copa de vi + copa de cava de benvinguda.\",\"precio_oferta\":\"37.00\",\"enlace_oferta\":\"https:\\\/\\\/www.facebook.com\\\/reel\\\/1351664826567132\",\"imagen_oferta\":\"https:\\\/\\\/foodieblackweek.com\\\/barcelona\\\/wp-content\\\/uploads\\\/2025\\\/10\\\/roma-290x300.png\",\"eix_comercial_id\":\"19\",\"tipo_comida_id\":\"23\",\"rango_precios\":\"30-60\",\"tipo_establecimiento_id\":\"1\",\"prioridad_vision\":\"0\",\"nombre_eix_comercial\":\"Barcelona - Sant Gervasi\",\"nombre_tipo_comida\":\"Comida Mediterr\\u00e1nea\"},{\"restaurante_id\":\"290\",\"nombre_restaurante\":\"Listo restaurante\",\"latitud\":\"41.374615\",\"longitud\":\"2.174845\",\"direccion\":\"Avinguda del Paral\\u00b7lel, 15, Sants-Montju\\u00efc, 08004 Barcelona\",\"telefono\":\"938074987\",\"pagina_web\":\"http:\\\/\\\/Info@listorestaurants.com\",\"tipo_comida_outlist\":\"\",\"descripcion_oferta\":\"Patron Paloma + Tapa.\",\"precio_oferta\":\"0.00\",\"enlace_oferta\":\"\",\"imagen_oferta\":\"https:\\\/\\\/listorestaurants.com\\\/wp-content\\\/uploads\\\/2024\\\/04\\\/rretrtt-1.jpg\",\"eix_comercial_id\":\"16\",\"tipo_comida_id\":\"3\",\"rango_precios\":\"15-30\",\"tipo_establecimiento_id\":\"1\",\"prioridad_vision\":\"0\",\"nombre_eix_comercial\":\"Barcelona - Poble Sec i Paral\\u00b7lel\",\"nombre_tipo_comida\":\"Comida Italiana\"},{\"restaurante_id\":\"289\",\"nombre_restaurante\":\"Arcano Restaurant\",\"latitud\":\"41.385169\",\"longitud\":\"2.178611\",\"direccion\":\"Carrer dels Mercaders, 10, Ciutat Vella, 08003 Barcelona\",\"telefono\":\"932956467\",\"pagina_web\":\"http:\\\/\\\/www.arcanobarcelona.com\",\"tipo_comida_outlist\":\"\",\"descripcion_oferta\":\"Copa de cava gratis en Comidas y Cenas.\",\"precio_oferta\":\"0.00\",\"enlace_oferta\":\"https:\\\/\\\/www.instagram.com\\\/arcanobcn\\\/\",\"imagen_oferta\":\"https:\\\/\\\/foodieblackweek.com\\\/barcelona\\\/wp-content\\\/uploads\\\/ImagenesClientes\\\/2025\\\/10\\\/arcano-copa-de-cava-foodie-black-week.png\",\"eix_comercial_id\":\"24\",\"tipo_comida_id\":\"23\",\"rango_precios\":\"60\",\"tipo_establecimiento_id\":\"1\",\"prioridad_vision\":\"0\",\"nombre_eix_comercial\":\"Barcelona - Ciutat Vella\",\"nombre_tipo_comida\":\"Comida Mediterr\\u00e1nea\"},{\"restaurante_id\":\"288\",\"nombre_restaurante\":\"Sucre Cremat - Aut\\u00e8ntica Crema Catalana\",\"latitud\":\"41.383168\",\"longitud\":\"2.181996\",\"direccion\":\"Carrer dels Canvis Vells, 2, Ciutat Vella, 08003 Barcelona\",\"telefono\":\"663828808\",\"pagina_web\":\"http:\\\/\\\/www.sucrecremat.com\",\"tipo_comida_outlist\":\"\",\"descripcion_oferta\":\"COMBO CASTANYADA: Crema Catalana amb panallet.\",\"precio_oferta\":\"7.00\",\"enlace_oferta\":\"https:\\\/\\\/www.instagram.com\\\/sucre.cremat\\\/\",\"imagen_oferta\":\"https:\\\/\\\/foodieblackweek.com\\\/barcelona\\\/wp-content\\\/uploads\\\/ImagenesClientes\\\/2025\\\/10\\\/3.png\",\"eix_comercial_id\":\"24\",\"tipo_comida_id\":\"16\",\"rango_precios\":\"15-30\",\"tipo_establecimiento_id\":\"1\",\"prioridad_vision\":\"0\",\"nombre_eix_comercial\":\"Barcelona - Ciutat Vella\",\"nombre_tipo_comida\":\"Comida Catalana\"},{\"restaurante_id\":\"287\",\"nombre_restaurante\":\"REKETEPIZZA\",\"latitud\":\"41.375356\",\"longitud\":\"2.086671\",\"direccion\":\"Av. de Cornell\\u00e0, 41, 08950 Esplugues de Llobregat, Barcelona\",\"telefono\":\"935955030\",\"pagina_web\":\"http:\\\/\\\/www.reketepizza.com\",\"tipo_comida_outlist\":\"\",\"descripcion_oferta\":\"10% de DESCUENTO en toda nuestra carta para recoger en nuestro local.\",\"precio_oferta\":\"0.00\",\"enlace_oferta\":\"\",\"imagen_oferta\":\"https:\\\/\\\/foodieblackweek.com\\\/barcelona\\\/wp-content\\\/uploads\\\/ImagenesClientes\\\/2025\\\/10\\\/29062023-BVZ00459-Editar-1.jpg\",\"eix_comercial_id\":\"36\",\"tipo_comida_id\":\"24\",\"rango_precios\":\"15-30\",\"tipo_establecimiento_id\":\"1\",\"prioridad_vision\":\"0\",\"nombre_eix_comercial\":\"Esplugues de Llobregat\",\"nombre_tipo_comida\":\"Pizzer\\u00eda\"},{\"restaurante_id\":\"286\",\"nombre_restaurante\":\"Lara Grill\",\"latitud\":\"41.407094\",\"longitud\":\"2.180755\",\"direccion\":\"Carrer de Cartagena, 220, L\\\\'Eixample, 08013 Barcelona\",\"telefono\":\"930085778\",\"pagina_web\":\"http:\\\/\\\/www.laragrill.es\",\"tipo_comida_outlist\":\"\",\"descripcion_oferta\":\"Nueva Burger, Wagyu Supreme: Carne madurada, queso cheddar, l\\u00e1minas de entrecot de wagyu, mayo japonesa Kewpie y escamas de sal. Incluye patatas.\",\"precio_oferta\":\"15.90\",\"enlace_oferta\":\"\",\"imagen_oferta\":\"https:\\\/\\\/foodieblackweek.com\\\/barcelona\\\/wp-content\\\/uploads\\\/2025\\\/10\\\/laraGrill2-260x300.png\",\"eix_comercial_id\":\"17\",\"tipo_comida_id\":\"14\",\"rango_precios\":\"15-30\",\"tipo_establecimiento_id\":\"1\",\"prioridad_vision\":\"0\",\"nombre_eix_comercial\":\"Barcelona - Sagrada Fam\\u00edlia\",\"nombre_tipo_comida\":\"Comida Americana\"},{\"restaurante_id\":\"285\",\"nombre_restaurante\":\"KAORU BBQ&SUSHI\",\"latitud\":\"41.39355\",\"longitud\":\"2.172508\",\"direccion\":\"Carrer de Girona, 49, L\\\\'Eixample, 08009 Barcelona\",\"telefono\":\"638200593\",\"pagina_web\":\"https:\\\/\\\/kaoru-barbacoa-japonesa-sushi.eatbu.com\\\/?lang=es\",\"tipo_comida_outlist\":\"\",\"descripcion_oferta\":\"2X1 en bebidas (excepto vino y sake).\",\"precio_oferta\":\"0.00\",\"enlace_oferta\":\"\",\"imagen_oferta\":\"https:\\\/\\\/foodieblackweek.com\\\/barcelona\\\/wp-content\\\/uploads\\\/ImagenesClientes\\\/2025\\\/10\\\/Ya-publicada-9.jpg\",\"eix_comercial_id\":\"3\",\"tipo_comida_id\":\"5\",\"rango_precios\":\"30-60\",\"tipo_establecimiento_id\":\"1\",\"prioridad_vision\":\"0\",\"nombre_eix_comercial\":\"Barcelona - Cor Eixample\",\"nombre_tipo_comida\":\"Comida Japonesa\"},{\"restaurante_id\":\"284\",\"nombre_restaurante\":\"Els Pollos de Llull\",\"latitud\":\"41.392437\",\"longitud\":\"2.191004\",\"direccion\":\"Carrer de Ramon Turr\\u00f3, 13, Sant Mart\\u00ed, 08005 Barcelona\",\"telefono\":\"932213206\",\"pagina_web\":\"http:\\\/\\\/www.elspollos.com\",\"tipo_comida_outlist\":\"\",\"descripcion_oferta\":\"Cubo de alitas con patatas fritas + 2 bebidas.\",\"precio_oferta\":\"17.00\",\"enlace_oferta\":\"\",\"imagen_oferta\":\"https:\\\/\\\/elspollos.com\\\/wp-content\\\/uploads\\\/spotlight-insta\\\/18029990899653336-s-80-400.jpg\",\"eix_comercial_id\":\"20\",\"tipo_comida_id\":\"16\",\"rango_precios\":\"15-30\",\"tipo_establecimiento_id\":\"1\",\"prioridad_vision\":\"0\",\"nombre_eix_comercial\":\"Barcelona - Sant Mart\\u00ed\",\"nombre_tipo_comida\":\"Comida Catalana\"},{\"restaurante_id\":\"283\",\"nombre_restaurante\":\"Bar de Toda la Vida\",\"latitud\":\"41.449404\",\"longitud\":\"2.217865\",\"direccion\":\"Carrer Moss\\u00e9n Jacinto Verdaguer, 131, Parada, 7, 08921 Santa Coloma de Gramenet, Barcelona\",\"telefono\":\"677069566\",\"pagina_web\":\"https:\\\/\\\/www.instagram.com\\\/bardetodalavida?igsh=MWt3cnE4dnJjcm55Zw==\",\"tipo_comida_outlist\":\"\",\"descripcion_oferta\":\"Callos con cap i pota y copa de rioja Zan PanCallos te espera para que pruebes los callos que te elevar\\u00e1n al cielo \\ud83d\\ude1c\\ud83e\\udde1\\ud83d\\udc99.\",\"precio_oferta\":\"9.00\",\"enlace_oferta\":\"\",\"imagen_oferta\":\"https:\\\/\\\/foodieblackweek.com\\\/barcelona\\\/wp-content\\\/uploads\\\/ImagenesClientes\\\/2025\\\/10\\\/14800.jpg\",\"eix_comercial_id\":\"55\",\"tipo_comida_id\":\"17\",\"rango_precios\":\"15-30\",\"tipo_establecimiento_id\":\"1\",\"prioridad_vision\":\"0\",\"nombre_eix_comercial\":\"Santa Coloma de Gramenet\",\"nombre_tipo_comida\":\"Comida Espa\\u00f1ola\"},{\"restaurante_id\":\"280\",\"nombre_restaurante\":\"Chao Pescao Born\",\"latitud\":\"41.386459\",\"longitud\":\"2.184073\",\"direccion\":\"Passatge Mercantil, 1, Ciutat Vella, 08003 Barcelona\",\"telefono\":\"934648945\",\"pagina_web\":\"https:\\\/\\\/www.chaopescaoseafood.com\\\/\",\"tipo_comida_outlist\":\"\",\"descripcion_oferta\":\"Elige tu oferta entre A y B y vive el sabor del mar en Chao Pescao! Oferta A: 3 Ostras Amulette + 1 copa de Cava\\\/Vino Blanco. Oferta B: Patatas Bravas + 1 Jarra de Estrella Damm.\",\"precio_oferta\":\"9.00\",\"enlace_oferta\":\"\",\"imagen_oferta\":\"https:\\\/\\\/foodieblackweek.com\\\/barcelona\\\/wp-content\\\/uploads\\\/ImagenesClientes\\\/2025\\\/10\\\/Logo-Email-pez-copy.png\",\"eix_comercial_id\":\"23\",\"tipo_comida_id\":\"25\",\"rango_precios\":\"30-60\",\"tipo_establecimiento_id\":\"1\",\"prioridad_vision\":\"0\",\"nombre_eix_comercial\":\"Barcelona - Gotic\",\"nombre_tipo_comida\":\"Marisquer\\u00eda\"},{\"restaurante_id\":\"279\",\"nombre_restaurante\":\"Xarcuteria Ferran\",\"latitud\":\"41.391673\",\"longitud\":\"2.168924\",\"direccion\":\"Carrer de Pau Claris, 108, L\\\\'Eixample, 08009 Barcelona\",\"telefono\":\"933187533\",\"pagina_web\":\"http:\\\/\\\/www.xarcuteriaferran.com\",\"tipo_comida_outlist\":\"\",\"descripcion_oferta\":\"Men\\u00fa tapeo gourmet especial Foodie Black Week: - Alb\\u00f3ndigas de carne madurada con salsa de tu\\u00e9tano y cecina de Angus - Patatas bravas con espuma de allioli y sichimi - Chicharr\\u00f3n estilo asi\\u00e1tico - Cerveza Almog\\u00e0vers Cl\\u00e1sica o Vermouth.\",\"precio_oferta\":\"25.00\",\"enlace_oferta\":\"\",\"imagen_oferta\":\"https:\\\/\\\/foodieblackweek.com\\\/barcelona\\\/wp-content\\\/uploads\\\/ImagenesClientes\\\/2025\\\/10\\\/imagen-menu-foodie-black-week-2025.jpg\",\"eix_comercial_id\":\"14\",\"tipo_comida_id\":\"28\",\"rango_precios\":\"15-30\",\"tipo_establecimiento_id\":\"1\",\"prioridad_vision\":\"0\",\"nombre_eix_comercial\":\"Barcelona - Nou Eixample\",\"nombre_tipo_comida\":\"Gourmet\"},{\"restaurante_id\":\"278\",\"nombre_restaurante\":\"Matt and Marshall\",\"latitud\":\"41.39954\",\"longitud\":\"2.199671\",\"direccion\":\"Carrer de Llull, 147, Sant Mart\\u00ed, 08005 Barcelona\",\"telefono\":\"605669559\",\"pagina_web\":\"http:\\\/\\\/www.mattandmarshall.es\",\"tipo_comida_outlist\":\"\",\"descripcion_oferta\":\"Oferta Foodie Black Week para 2 personas , incluidas en el precio . 1\\\/2 Plato de nachos a elegir el sabor 2 cervezas Sol o Corona 2 platos de tacos a elegir 1 postre delicioso casero 2 caf\\u00e9s.\",\"precio_oferta\":\"0.00\",\"enlace_oferta\":\"\",\"imagen_oferta\":\"https:\\\/\\\/foodieblackweek.com\\\/barcelona\\\/wp-content\\\/uploads\\\/ImagenesClientes\\\/2025\\\/10\\\/IMG_0999.jpeg\",\"eix_comercial_id\":\"20\",\"tipo_comida_id\":\"4\",\"rango_precios\":\"30-60\",\"tipo_establecimiento_id\":\"1\",\"prioridad_vision\":\"0\",\"nombre_eix_comercial\":\"Barcelona - Sant Mart\\u00ed\",\"nombre_tipo_comida\":\"Comida Mexicana\"},{\"restaurante_id\":\"276\",\"nombre_restaurante\":\"Kyara\",\"latitud\":\"41.416274\",\"longitud\":\"2.226207\",\"direccion\":\"Port Forum, Carrer de la Pau, 2, 08930 Barcelona\",\"telefono\":\"+34 932 537 474\",\"pagina_web\":\"https:\\\/\\\/slshotels.com\\\/es\\\/barcelona\\\/\",\"tipo_comida_outlist\":\"\",\"descripcion_oferta\":\"15% de descuento. *Presenta esta p\\u00e1gina en el restaurante para disfrutar de la oferta.\",\"precio_oferta\":\"0.00\",\"enlace_oferta\":\"\",\"imagen_oferta\":\"https:\\\/\\\/foodieblackweek.com\\\/barcelona\\\/wp-content\\\/uploads\\\/2025\\\/10\\\/anxovaDivina-300x241.png\",\"eix_comercial_id\":\"45\",\"tipo_comida_id\":\"23\",\"rango_precios\":\"15-30\",\"tipo_establecimiento_id\":\"1\",\"prioridad_vision\":\"0\",\"nombre_eix_comercial\":\"Sant Adri\\u00e0 de Bes\\u00f2s\",\"nombre_tipo_comida\":\"Comida Mediterr\\u00e1nea\"},{\"restaurante_id\":\"274\",\"nombre_restaurante\":\"L\\\\'Anxova Divina\",\"latitud\":\"41.423246\",\"longitud\":\"2.22722\",\"direccion\":\"Port Forum, Carrer de la Pau, 2, 08930 Barcelona\",\"telefono\":\"+34 932 537 474\",\"pagina_web\":\"https:\\\/\\\/slshotels.com\\\/es\\\/barcelona\\\/\",\"tipo_comida_outlist\":\"\",\"descripcion_oferta\":\"15% de descuento. *Presenta esta p\\u00e1gina en el restaurante para disfrutar de la oferta.\",\"precio_oferta\":\"0.00\",\"enlace_oferta\":\"\",\"imagen_oferta\":\"https:\\\/\\\/foodieblackweek.com\\\/barcelona\\\/wp-content\\\/uploads\\\/2025\\\/10\\\/kyara-300x196.png\",\"eix_comercial_id\":\"45\",\"tipo_comida_id\":\"23\",\"rango_precios\":\"15-30\",\"tipo_establecimiento_id\":\"1\",\"prioridad_vision\":\"0\",\"nombre_eix_comercial\":\"Sant Adri\\u00e0 de Bes\\u00f2s\",\"nombre_tipo_comida\":\"Comida Mediterr\\u00e1nea\"},{\"restaurante_id\":\"272\",\"nombre_restaurante\":\"Lora\",\"latitud\":\"41.422199\",\"longitud\":\"2.226922\",\"direccion\":\"Port Forum, Carrer de la Pau, 2, 08930 Barcelona\",\"telefono\":\"+34 932 537 474\",\"pagina_web\":\"https:\\\/\\\/slshotels.com\\\/es\\\/barcelona\\\/\",\"tipo_comida_outlist\":\"\",\"descripcion_oferta\":\"15% de descuento. *Presenta esta p\\u00e1gina en el restaurante para disfrutar de la oferta.\",\"precio_oferta\":\"0.00\",\"enlace_oferta\":\"\",\"imagen_oferta\":\"https:\\\/\\\/foodieblackweek.com\\\/barcelona\\\/wp-content\\\/uploads\\\/2025\\\/10\\\/lora-300x197.png\",\"eix_comercial_id\":\"45\",\"tipo_comida_id\":\"23\",\"rango_precios\":\"15-30\",\"tipo_establecimiento_id\":\"1\",\"prioridad_vision\":\"0\",\"nombre_eix_comercial\":\"Sant Adri\\u00e0 de Bes\\u00f2s\",\"nombre_tipo_comida\":\"Comida Mediterr\\u00e1nea\"},{\"restaurante_id\":\"271\",\"nombre_restaurante\":\"Pan y Mantequilla\",\"latitud\":\"41.369286\",\"longitud\":\"2.101935\",\"direccion\":\"Esquina, Avinguda Electricitat, 8 esquina, Carrer Hierbabuena, 1, 08906 L\\\\'Hospitalet de Llobregat, Barcelona\",\"telefono\":\"637619577\",\"pagina_web\":\"http:\\\/\\\/www.instagram.com\\\/pan_ymantequilla\",\"tipo_comida_outlist\":\"\",\"descripcion_oferta\":\"Por la compra de 10\\u20ac, una cajita de bocaditos dulces de regalo.\",\"precio_oferta\":\"0.00\",\"enlace_oferta\":\"\",\"imagen_oferta\":\"https:\\\/\\\/foodieblackweek.com\\\/barcelona\\\/wp-content\\\/uploads\\\/ImagenesClientes\\\/2025\\\/10\\\/IMG_3975.jpeg\",\"eix_comercial_id\":\"38\",\"tipo_comida_id\":\"35\",\"rango_precios\":\"15-30\",\"tipo_establecimiento_id\":\"1\",\"prioridad_vision\":\"0\",\"nombre_eix_comercial\":\"L'Hospitalet de Llobregat\",\"nombre_tipo_comida\":\"Pasteler\\u00edas y dulces\"},{\"restaurante_id\":\"270\",\"nombre_restaurante\":\"Time Out Market Barcelona\",\"latitud\":\"41.375703\",\"longitud\":\"2.182938\",\"direccion\":\"Moll d\\\\'Espanya, 5, 2nd floor, Ciutat Vella, 08039 Barcelona\",\"telefono\":\"694265834\",\"pagina_web\":\"https:\\\/\\\/www.timeout.es\\\/time-out-market-barcelona\\\/es\",\"tipo_comida_outlist\":\"\",\"descripcion_oferta\":\"15% de descuento en bebidas (agua, cerveza, vino, refresco, Tequila Patr\\u00f3n y La Paloma) durante la Foodie Black Week en Time Out Market.\",\"precio_oferta\":\"0.00\",\"enlace_oferta\":\"https:\\\/\\\/add.cards\\\/timeout-market-foodie-back-week\",\"imagen_oferta\":\"https:\\\/\\\/foodieblackweek.com\\\/barcelona\\\/wp-content\\\/uploads\\\/2025\\\/10\\\/timeou-market-foodie-black-week.jpg\",\"eix_comercial_id\":\"24\",\"tipo_comida_id\":\"37\",\"rango_precios\":\"15-30\",\"tipo_establecimiento_id\":\"1\",\"prioridad_vision\":\"0\",\"nombre_eix_comercial\":\"Barcelona - Ciutat Vella\",\"nombre_tipo_comida\":\"Otras\"},{\"restaurante_id\":\"269\",\"nombre_restaurante\":\"LECHE DE TIGRE\",\"latitud\":\"41.394326\",\"longitud\":\"2.14764\",\"direccion\":\"Carrer de Casanova, 262, Distrito de Sarri\\u00e0-Sant Gervasi, 08021 Barcelona\",\"telefono\":\"601449606\",\"pagina_web\":\"http:\\\/\\\/www.lechedetigre.es\",\"tipo_comida_outlist\":\"\",\"descripcion_oferta\":\"Har\\u00edamos un 2x1 en Pisco sour.\",\"precio_oferta\":\"14.00\",\"enlace_oferta\":\"\",\"imagen_oferta\":\"https:\\\/\\\/static.wixstatic.com\\\/media\\\/76a4e5_c2a4ab70daee4bd8b6e38d939001d803~mv2.jpg\\\/v1\\\/fill\\\/w_285,h_285,al_c,q_80,usm_0.66_1.00_0.01,enc_avif,quality_auto\\\/76a4e5_c2a4ab70daee4bd8b6e38d939001d803~mv2.jpg\",\"eix_comercial_id\":\"19\",\"tipo_comida_id\":\"12\",\"rango_precios\":\"30-60\",\"tipo_establecimiento_id\":\"1\",\"prioridad_vision\":\"0\",\"nombre_eix_comercial\":\"Barcelona - Sant Gervasi\",\"nombre_tipo_comida\":\"Comida Peruana\"},{\"restaurante_id\":\"268\",\"nombre_restaurante\":\"tuscania food and wine\",\"latitud\":\"41.404309\",\"longitud\":\"2.176454\",\"direccion\":\"Carrer de Mallorca, 434, L\\\\'Eixample, 08013 Barcelona\",\"telefono\":\"684098933\",\"pagina_web\":\"https:\\\/\\\/www.tuscaniabarcelona.com\\\/\",\"tipo_comida_outlist\":\"\",\"descripcion_oferta\":\"Cada dos lasagna, dos cerveza gratis.\",\"precio_oferta\":\"30.00\",\"enlace_oferta\":\"\",\"imagen_oferta\":\"https:\\\/\\\/foodieblackweek.com\\\/barcelona\\\/wp-content\\\/uploads\\\/ImagenesClientes\\\/2025\\\/10\\\/1000092928.jpg\",\"eix_comercial_id\":\"17\",\"tipo_comida_id\":\"3\",\"rango_precios\":\"15-30\",\"tipo_establecimiento_id\":\"1\",\"prioridad_vision\":\"0\",\"nombre_eix_comercial\":\"Barcelona - Sagrada Fam\\u00edlia\",\"nombre_tipo_comida\":\"Comida Italiana\"},{\"restaurante_id\":\"267\",\"nombre_restaurante\":\"REKETEPIZZA\",\"latitud\":\"41.361652\",\"longitud\":\"2.122053\",\"direccion\":\"Carrer d\\\\'Amadeu Torner, 85, 08902 L\\\\'Hospitalet de Llobregat, Barcelona\",\"telefono\":\"935955030\",\"pagina_web\":\"http:\\\/\\\/www.reketepizza.com\",\"tipo_comida_outlist\":\"\",\"descripcion_oferta\":\"10% de DESCUENTO en toda nuestra carta para comer en nuestro local de L\\u00b4H o para recoger en nuestros dos locales de L'H y Esplugues.\",\"precio_oferta\":\"0.00\",\"enlace_oferta\":\"\",\"imagen_oferta\":\"https:\\\/\\\/foodieblackweek.com\\\/barcelona\\\/wp-content\\\/uploads\\\/ImagenesClientes\\\/2025\\\/10\\\/29062023-BVZ00459-Editar.jpg\",\"eix_comercial_id\":\"38\",\"tipo_comida_id\":\"24\",\"rango_precios\":\"15-30\",\"tipo_establecimiento_id\":\"1\",\"prioridad_vision\":\"0\",\"nombre_eix_comercial\":\"L'Hospitalet de Llobregat\",\"nombre_tipo_comida\":\"Pizzer\\u00eda\"},{\"restaurante_id\":\"266\",\"nombre_restaurante\":\"Nectari Restaurant\",\"latitud\":\"41.380194\",\"longitud\":\"2.146693\",\"direccion\":\"Carrer de Val\\u00e8ncia, 28, L\\\\'Eixample, 08015 Barcelona\",\"telefono\":\"932268718\",\"pagina_web\":\"http:\\\/\\\/nectari.es\",\"tipo_comida_outlist\":\"\",\"descripcion_oferta\":\"Men\\u00fa degustaci\\u00f3n con Bodega.\",\"precio_oferta\":\"65.00\",\"enlace_oferta\":\"\",\"imagen_oferta\":\"https:\\\/\\\/nectari.es\\\/wp-content\\\/uploads\\\/2016\\\/11\\\/MG_0355-600x400.jpg\",\"eix_comercial_id\":\"3\",\"tipo_comida_id\":\"23\",\"rango_precios\":\"60\",\"tipo_establecimiento_id\":\"1\",\"prioridad_vision\":\"0\",\"nombre_eix_comercial\":\"Barcelona - Cor Eixample\",\"nombre_tipo_comida\":\"Comida Mediterr\\u00e1nea\"},{\"restaurante_id\":\"265\",\"nombre_restaurante\":\"Shoko Barcelona\",\"latitud\":\"41.385689\",\"longitud\":\"2.196977\",\"direccion\":\"Pg. Mar\\u00edtim de la Barceloneta, 36, Ciutat Vella, 08005 Barcelona\",\"telefono\":\"672493930\",\"pagina_web\":\"http:\\\/\\\/Shoko.biz\",\"tipo_comida_outlist\":\"\",\"descripcion_oferta\":\"Disfruta de 2 cocteles de Patr\\u00f3n. Es una reinterpretaci\\u00f3n floral del cl\\u00e1sico Paloma con notas de yuzu y naranja sangu\\u00ednea entrelazadas con la sutileza de la rosa. C\\u00edtrica fragante y luminosa. Un brindis inesperado.\",\"precio_oferta\":\"12.00\",\"enlace_oferta\":\"\",\"imagen_oferta\":\"https:\\\/\\\/foodie.deostudio.com\\\/wp-content\\\/uploads\\\/2024\\\/05\\\/foodie-giny-transparente.gif\",\"eix_comercial_id\":\"15\",\"tipo_comida_id\":\"33\",\"rango_precios\":\"30-60\",\"tipo_establecimiento_id\":\"1\",\"prioridad_vision\":\"0\",\"nombre_eix_comercial\":\"Barcelona - Poblenou\",\"nombre_tipo_comida\":\"Fusi\\u00f3n\"},{\"restaurante_id\":\"264\",\"nombre_restaurante\":\"Amiko Brunch&Gelato\",\"latitud\":\"41.392021\",\"longitud\":\"2.16693\",\"direccion\":\"Carrer del Consell de Cent, 318, L\\\\'Eixample, 08007 Barcelona\",\"telefono\":\"666654684\",\"pagina_web\":\"http:\\\/\\\/Www.amikobrunchgelato.com\",\"tipo_comida_outlist\":\"\",\"descripcion_oferta\":\"Desayuna con nosotros para comenzar con todo el dia. Bebida: Latte, Matcha, Capuchino o Americano Comida: Huevos Benedictinos (Pollo o Setas), Huevos turcos o Tostada de huevos revueltos. Te esperamos de 9:30 a 11:30.\",\"precio_oferta\":\"12.00\",\"enlace_oferta\":\"\",\"imagen_oferta\":\"https:\\\/\\\/foodieblackweek.com\\\/barcelona\\\/wp-content\\\/uploads\\\/ImagenesClientes\\\/2025\\\/10\\\/1000101683.jpg\",\"eix_comercial_id\":\"3\",\"tipo_comida_id\":\"31\",\"rango_precios\":\"15-30\",\"tipo_establecimiento_id\":\"1\",\"prioridad_vision\":\"0\",\"nombre_eix_comercial\":\"Barcelona - Cor Eixample\",\"nombre_tipo_comida\":\"Brunch\"},{\"restaurante_id\":\"263\",\"nombre_restaurante\":\"180\\u00ba Cake Studio\",\"latitud\":\"41.408257\",\"longitud\":\"2.133737\",\"direccion\":\"Pl. de la Bonanova, 2, Sarri\\u00e0-Sant Gervasi, 08022 Barcelona\",\"telefono\":\"659613808\",\"pagina_web\":\"https:\\\/\\\/180cakestudio.com\\\/password\",\"tipo_comida_outlist\":\"\",\"descripcion_oferta\":\"Ofrecemos un 20% de descuento en todas nuestras tartas de queso.\",\"precio_oferta\":\"0.00\",\"enlace_oferta\":\"\",\"imagen_oferta\":\"https:\\\/\\\/foodieblackweek.com\\\/barcelona\\\/wp-content\\\/uploads\\\/2025\\\/10\\\/180CakeStudio-300x282.png\",\"eix_comercial_id\":\"19\",\"tipo_comida_id\":\"35\",\"rango_precios\":\"15-30\",\"tipo_establecimiento_id\":\"1\",\"prioridad_vision\":\"0\",\"nombre_eix_comercial\":\"Barcelona - Sant Gervasi\",\"nombre_tipo_comida\":\"Pasteler\\u00edas y dulces\"},{\"restaurante_id\":\"262\",\"nombre_restaurante\":\"B I N A R Gastrobar\",\"latitud\":\"41.386545\",\"longitud\":\"2.060131\",\"direccion\":\"Carrer de Rosa Luxemburg, 2, 08960 Sant Just Desvern, Barcelona\",\"telefono\":\"932555166\",\"pagina_web\":\"https:\\\/\\\/elbinar.com\\\/reservas\\\/\",\"tipo_comida_outlist\":\"\",\"descripcion_oferta\":\"Taco de tinga (con copa cerveza o refresco incluido).\",\"precio_oferta\":\"7.50\",\"enlace_oferta\":\"\",\"imagen_oferta\":\"https:\\\/\\\/foodieblackweek.com\\\/barcelona\\\/wp-content\\\/uploads\\\/2025\\\/10\\\/binar-200x300.jpg\",\"eix_comercial_id\":\"52\",\"tipo_comida_id\":\"23\",\"rango_precios\":\"30-60\",\"tipo_establecimiento_id\":\"1\",\"prioridad_vision\":\"0\",\"nombre_eix_comercial\":\"Sant Just Desvern\",\"nombre_tipo_comida\":\"Comida Mediterr\\u00e1nea\"},{\"restaurante_id\":\"261\",\"nombre_restaurante\":\"NAP Mar\",\"latitud\":\"41.377636\",\"longitud\":\"2.190087\",\"direccion\":\"Carrer del Baluard, 69, Ciutat Vella, 08003 Barcelona\",\"telefono\":\"930073639\",\"pagina_web\":\"http:\\\/\\\/www.napofficial.com\",\"tipo_comida_outlist\":\"\",\"descripcion_oferta\":\"Aprovecha el 10 % DE DESCUENTO en toda nuestra carta con el c\\u00f3digo FOODIEBLACK durante la Foodie Black Week.\",\"precio_oferta\":\"0.00\",\"enlace_oferta\":\"\",\"imagen_oferta\":\"https:\\\/\\\/foodieblackweek.com\\\/barcelona\\\/wp-content\\\/uploads\\\/ImagenesClientes\\\/2025\\\/10\\\/Pizzas_nap.jpg\",\"eix_comercial_id\":\"24\",\"tipo_comida_id\":\"24\",\"rango_precios\":\"15-30\",\"tipo_establecimiento_id\":\"1\",\"prioridad_vision\":\"0\",\"nombre_eix_comercial\":\"Barcelona - Ciutat Vella\",\"nombre_tipo_comida\":\"Pizzer\\u00eda\"},{\"restaurante_id\":\"260\",\"nombre_restaurante\":\"NAP Molino\",\"latitud\":\"41.375264\",\"longitud\":\"2.166285\",\"direccion\":\"Avinguda del Paral\\u00b7lel, 94, L\\\\\\\\\\\\'Eixample, 08015 Barcelona\",\"telefono\":\"930073639\",\"pagina_web\":\"http:\\\/\\\/www.napofficial.com\",\"tipo_comida_outlist\":\"\",\"descripcion_oferta\":\"Aprovecha el 10% DE DESCUENTO en toda nuestra carta con el c\\u00f3digo FOODIENAP durante la Foodie Black Week.\",\"precio_oferta\":\"0.00\",\"enlace_oferta\":\"\",\"imagen_oferta\":\"https:\\\/\\\/foodieblackweek.com\\\/barcelona\\\/wp-content\\\/uploads\\\/ImagenesClientes\\\/2025\\\/10\\\/Pizza_nap_horno.jpg\",\"eix_comercial_id\":\"16\",\"tipo_comida_id\":\"24\",\"rango_precios\":\"15-30\",\"tipo_establecimiento_id\":\"1\",\"prioridad_vision\":\"0\",\"nombre_eix_comercial\":\"Barcelona - Poble Sec i Paral\\u00b7lel\",\"nombre_tipo_comida\":\"Pizzer\\u00eda\"},{\"restaurante_id\":\"259\",\"nombre_restaurante\":\"NAP Antic\",\"latitud\":\"41.387026\",\"longitud\":\"2.178866\",\"direccion\":\"Av. de Francesc Camb\\u00f3, 30, Ciutat Vella, 08003 Barcelona\",\"telefono\":\"686192690\",\"pagina_web\":\"http:\\\/\\\/www.napofficial.com\",\"tipo_comida_outlist\":\"\",\"descripcion_oferta\":\"Aprovecha el 10% DE DESCUENTO en toda nuestra carta con el c\\u00f3digo FOODIENAP durante la semana de la Foodie Black Week.\",\"precio_oferta\":\"0.00\",\"enlace_oferta\":\"\",\"imagen_oferta\":\"https:\\\/\\\/foodieblackweek.com\\\/barcelona\\\/wp-content\\\/uploads\\\/ImagenesClientes\\\/2025\\\/10\\\/Pizza_servida_nao-1.jpg\",\"eix_comercial_id\":\"24\",\"tipo_comida_id\":\"24\",\"rango_precios\":\"15-30\",\"tipo_establecimiento_id\":\"1\",\"prioridad_vision\":\"0\",\"nombre_eix_comercial\":\"Barcelona - Ciutat Vella\",\"nombre_tipo_comida\":\"Pizzer\\u00eda\"},{\"restaurante_id\":\"255\",\"nombre_restaurante\":\"999 the home restaurant\",\"latitud\":\"41.387262\",\"longitud\":\"2.172765\",\"direccion\":\"Carrer de les Moles, 25, Ciutat Vella, 08002 Barcelona\",\"telefono\":\"612206263\",\"pagina_web\":\"http:\\\/\\\/999thehome.com\",\"tipo_comida_outlist\":\"\",\"descripcion_oferta\":\"Ostra encevichada, Ostra nikkey, Patata brava, Croqueta Saam de papada a baja temperatura, Tartar de at\\u00fan rojo, Paella Vietnamita, Postre Tarta de queso lotus con helado de nata.\",\"precio_oferta\":\"50.00\",\"enlace_oferta\":\"\",\"imagen_oferta\":\"https:\\\/\\\/assets.zyrosite.com\\\/cdn-cgi\\\/image\\\/format=auto,w=375,h=391,fit=crop,trim=0;31.470588235294116;0;31.470588235294116\\\/AR01gxJ5vgtN8KnK\\\/img_1336-A0xvXRbyBgSy2o8K.PNG\",\"eix_comercial_id\":\"24\",\"tipo_comida_id\":\"33\",\"rango_precios\":\"30-60\",\"tipo_establecimiento_id\":\"1\",\"prioridad_vision\":\"0\",\"nombre_eix_comercial\":\"Barcelona - Ciutat Vella\",\"nombre_tipo_comida\":\"Fusi\\u00f3n\"},{\"restaurante_id\":\"254\",\"nombre_restaurante\":\"Le\\u00f1a al Mono restaurante\",\"latitud\":\"41.363633\",\"longitud\":\"2.11329\",\"direccion\":\"Carrer d\\\\'Enric Prat de la Riba, 08140 L\\\\'Hospitalet de Llobregat, Barcelona\",\"telefono\":\"681029724\",\"pagina_web\":\"https:\\\/\\\/www.supertropicalfood.com\\\/\",\"tipo_comida_outlist\":\"\",\"descripcion_oferta\":\"Entrante de maduros con queso gratis para las reservas a trav\\u00e9s de esta promo.\",\"precio_oferta\":\"0.00\",\"enlace_oferta\":\"\",\"imagen_oferta\":\"https:\\\/\\\/foodieblackweek.com\\\/barcelona\\\/wp-content\\\/uploads\\\/ImagenesClientes\\\/2025\\\/10\\\/IMG_6364.jpeg\",\"eix_comercial_id\":\"38\",\"tipo_comida_id\":\"37\",\"rango_precios\":\"15-30\",\"tipo_establecimiento_id\":\"1\",\"prioridad_vision\":\"0\",\"nombre_eix_comercial\":\"L'Hospitalet de Llobregat\",\"nombre_tipo_comida\":\"Otras\"},{\"restaurante_id\":\"253\",\"nombre_restaurante\":\"Teresa Carles\",\"latitud\":\"41.385276\",\"longitud\":\"2.168059\",\"direccion\":\"Carrer de Jovellanos, 2, Ciutat Vella, 08001 Barcelona\",\"telefono\":\"933171829\",\"pagina_web\":\"https:\\\/\\\/teresacarles.com\\\/tc\\\/\",\"tipo_comida_outlist\":\"\",\"descripcion_oferta\":\"MEN\\u00da FOODIE \\u2013 25 \\u20ac\\\/persona (m\\u00edn. 2 pax) \\ud83e\\udd57 Entrante (a compartir) Ensalada C\\u00e9sar o Ensalada Italiana \\ud83c\\udf5d Plato principal (a elegir) - Canel\\u00f3n Catal\\u00e1n XXL - Lasanyuki 3 capas - Double Smashed Burger \\ud83c\\udf70 Postre (a compartir) Cheesecake a la catalana, crema catalana o pastelito de mousse de chocolate Incluye: agua, copa de vino o cerveza por persona.\",\"precio_oferta\":\"25.00\",\"enlace_oferta\":\"\",\"imagen_oferta\":\"https:\\\/\\\/foodieblackweek.com\\\/barcelona\\\/wp-content\\\/uploads\\\/ImagenesClientes\\\/2025\\\/10\\\/TC-40.jpg\",\"eix_comercial_id\":\"24\",\"tipo_comida_id\":\"27\",\"rango_precios\":\"15-30\",\"tipo_establecimiento_id\":\"1\",\"prioridad_vision\":\"0\",\"nombre_eix_comercial\":\"Barcelona - Ciutat Vella\",\"nombre_tipo_comida\":\"Vegetariana\"},{\"restaurante_id\":\"252\",\"nombre_restaurante\":\"Flax & Kale Passage\",\"latitud\":\"41.388612\",\"longitud\":\"2.17653\",\"direccion\":\"Carrer de Sant Pere M\\u00e9s Alt, 31, 33, Ciutat Vella, 08003 Barcelona\",\"telefono\":\"935240052\",\"pagina_web\":\"http:\\\/\\\/www.flaxandkale.com\",\"tipo_comida_outlist\":\"\",\"descripcion_oferta\":\"MEN\\u00da LUNCH \\u2013 15 \\u20ac Escoge tu plato favorito: - Hawaiian Poke Bowl - Pad Thai - Ancient Grain Falafel - Korean Tuna Bibimbap - Any Pizza - Korean Tuna Bibimbap Acompa\\u00f1a con: Kombucha Flax o Agua.\",\"precio_oferta\":\"15.00\",\"enlace_oferta\":\"\",\"imagen_oferta\":\"https:\\\/\\\/foodieblackweek.com\\\/barcelona\\\/wp-content\\\/uploads\\\/ImagenesClientes\\\/2025\\\/10\\\/IMG_3359.jpg\",\"eix_comercial_id\":\"24\",\"tipo_comida_id\":\"37\",\"rango_precios\":\"15-30\",\"tipo_establecimiento_id\":\"1\",\"prioridad_vision\":\"0\",\"nombre_eix_comercial\":\"Barcelona - Ciutat Vella\",\"nombre_tipo_comida\":\"Otras\"},{\"restaurante_id\":\"251\",\"nombre_restaurante\":\"Flax & Kale Tallers\",\"latitud\":\"41.385249\",\"longitud\":\"2.165534\",\"direccion\":\"Carrer dels Tallers, 74b, Ciutat Vella, 08001 Barcelona\",\"telefono\":\"933175664\",\"pagina_web\":\"http:\\\/\\\/www.flaxandkale.com\",\"tipo_comida_outlist\":\"\",\"descripcion_oferta\":\"MEN\\u00da LUNCH \\u2013 15 \\u20ac Escoge tu plato favorito: - Hawaiian Poke Bowl - Pad Thai - Ancient Grain Falafel - Focaccia Black & White - Korean Tuna Bibimbap Acompa\\u00f1a con: Kombucha Flax o Agua.\",\"precio_oferta\":\"15.00\",\"enlace_oferta\":\"\",\"imagen_oferta\":\"https:\\\/\\\/foodieblackweek.com\\\/barcelona\\\/wp-content\\\/uploads\\\/ImagenesClientes\\\/2025\\\/10\\\/IMG_2456.jpg\",\"eix_comercial_id\":\"24\",\"tipo_comida_id\":\"37\",\"rango_precios\":\"15-30\",\"tipo_establecimiento_id\":\"1\",\"prioridad_vision\":\"0\",\"nombre_eix_comercial\":\"Barcelona - Ciutat Vella\",\"nombre_tipo_comida\":\"Otras\"},{\"restaurante_id\":\"248\",\"nombre_restaurante\":\"Verde Amore Healthy Food\",\"latitud\":\"41.38307\",\"longitud\":\"2.132499\",\"direccion\":\"Carrer de Galileu, 261, Local, Les Corts, 08028 Barcelona\",\"telefono\":\"930057861\",\"pagina_web\":\"http:\\\/\\\/verdeamore.es\",\"tipo_comida_outlist\":\"\",\"descripcion_oferta\":\"Elige tus pancakes favoritos y acomp\\u00e1\\u00f1alos con una cocktail mimosa o un smoothie Verde Amore.\",\"precio_oferta\":\"12.00\",\"enlace_oferta\":\"\",\"imagen_oferta\":\"https:\\\/\\\/foodieblackweek.com\\\/barcelona\\\/wp-content\\\/uploads\\\/2025\\\/10\\\/verdeAmoreHealthy-300x282.png\",\"eix_comercial_id\":\"7\",\"tipo_comida_id\":\"27\",\"rango_precios\":\"15-30\",\"tipo_establecimiento_id\":\"1\",\"prioridad_vision\":\"0\",\"nombre_eix_comercial\":\"Barcelona - Les Corts\",\"nombre_tipo_comida\":\"Vegetariana\"},{\"restaurante_id\":\"247\",\"nombre_restaurante\":\"\\u559c\\u8bc6XISHI\",\"latitud\":\"41.393677\",\"longitud\":\"2.179681\",\"direccion\":\"Carrer de Roger de Flor, 82, L\\\\\\\\\\\\'Eixample, 08013 Barcelona\",\"telefono\":\"672821314\",\"pagina_web\":\"https:\\\/\\\/www.instagram.com\\\/xishi_bingtanghulu\\\/\",\"tipo_comida_outlist\":\"\",\"descripcion_oferta\":\"Al comprar un postre\\uff084 a 6 euros por raci\\u00f3n \\uff09tendr\\u00e1s la oportunidad de elegir un regalo: te regalaremos un peque\\u00f1o pincho de postre adicional o una porci\\u00f3n grande de helado de yogur chino.\",\"precio_oferta\":\"0.00\",\"enlace_oferta\":\"\",\"imagen_oferta\":\"https:\\\/\\\/foodieblackweek.com\\\/barcelona\\\/wp-content\\\/uploads\\\/ImagenesClientes\\\/2025\\\/10\\\/IMG_4683.jpeg\",\"eix_comercial_id\":\"3\",\"tipo_comida_id\":\"15\",\"rango_precios\":\"15-30\",\"tipo_establecimiento_id\":\"1\",\"prioridad_vision\":\"0\",\"nombre_eix_comercial\":\"Barcelona - Cor Eixample\",\"nombre_tipo_comida\":\"Comida China\"},{\"restaurante_id\":\"245\",\"nombre_restaurante\":\"WAFFLE BARCELONA\",\"latitud\":\"41.385191\",\"longitud\":\"2.150073\",\"direccion\":\"Carrer de Viladomat, 215, L\\\\\\\\\\\\'Eixample, 08029 Barcelona\",\"telefono\":\"933406616\",\"pagina_web\":\"http:\\\/\\\/www.wafflebarcelona.com\",\"tipo_comida_outlist\":\"\",\"descripcion_oferta\":\"\\ud83c\\udf89 \\u00a1PROMO DELICIOSA! 2x1 EN CREPES \\ud83e\\udd5e \\u00a1Ven con quien t\\u00fa quieras y disfruten el doble! Solo por tiempo limitado: pide una crepe cl\\u00e1sica y te damos otra totalmente GRATIS \\ud83e\\udd29 \\ud83d\\udccd Disponible en nuestras sucursales de Viladomat 215 y Comte d\\u00b4Urgell 113Barcelona \\ud83d\\udd52Promoci\\u00f3n valida solo en el horario de 15 a 21h.\",\"precio_oferta\":\"4.90\",\"enlace_oferta\":\"\",\"imagen_oferta\":\"https:\\\/\\\/foodieblackweek.com\\\/barcelona\\\/wp-content\\\/uploads\\\/ImagenesClientes\\\/2025\\\/10\\\/CREPE-CLASICO.jpg\",\"eix_comercial_id\":\"3\",\"tipo_comida_id\":\"14\",\"rango_precios\":\"15-30\",\"tipo_establecimiento_id\":\"1\",\"prioridad_vision\":\"0\",\"nombre_eix_comercial\":\"Barcelona - Cor Eixample\",\"nombre_tipo_comida\":\"Comida Americana\"},{\"restaurante_id\":\"242\",\"nombre_restaurante\":\"Speakeasy\",\"latitud\":\"41.392968\",\"longitud\":\"2.154027\",\"direccion\":\"Carrer d\\\\'Aribau, 162, L\\\\'Eixample, 08036 Barcelona\",\"telefono\":\"932 058 070\",\"pagina_web\":\"https:\\\/\\\/www.drymartiniorg.com\\\/\",\"tipo_comida_outlist\":\"\",\"descripcion_oferta\":\"Men\\u00fa especial Bacard\\u00ed + 2 cocktails signature elaborados con Bacard\\u00ed.\",\"precio_oferta\":\"61.00\",\"enlace_oferta\":\"\",\"imagen_oferta\":\"https:\\\/\\\/foodieblackweek.com\\\/barcelona\\\/wp-content\\\/uploads\\\/2025\\\/10\\\/Under-the-sun-8378-200x300.jpg\",\"eix_comercial_id\":\"14\",\"tipo_comida_id\":\"37\",\"rango_precios\":\"60\",\"tipo_establecimiento_id\":\"1\",\"prioridad_vision\":\"0\",\"nombre_eix_comercial\":\"Barcelona - Nou Eixample\",\"nombre_tipo_comida\":\"Otras\"},{\"restaurante_id\":\"240\",\"nombre_restaurante\":\"El Grande Picalonga\",\"latitud\":\"41.362879\",\"longitud\":\"2.10496\",\"direccion\":\"Centro Comercial La Farga, Av. de Josep Tarradellas i Joan, 08901 L\\\\'Hospitalet de Llobregat, Barcelona\",\"telefono\":\"619950299\",\"pagina_web\":\"https:\\\/\\\/www.instagram.com\\\/elgrandepicalonga\\\/\",\"tipo_comida_outlist\":\"\",\"descripcion_oferta\":\"10% de descuento.\",\"precio_oferta\":\"0.00\",\"enlace_oferta\":\"\",\"imagen_oferta\":\"https:\\\/\\\/foodieblackweek.com\\\/barcelona\\\/wp-content\\\/uploads\\\/ImagenesClientes\\\/2025\\\/10\\\/Copia-de-Grey-and-Beige-Minimalist-Restaurant-Menu-1.png\",\"eix_comercial_id\":\"38\",\"tipo_comida_id\":\"37\",\"rango_precios\":\"15-30\",\"tipo_establecimiento_id\":\"1\",\"prioridad_vision\":\"0\",\"nombre_eix_comercial\":\"L'Hospitalet de Llobregat\",\"nombre_tipo_comida\":\"Otras\"},{\"restaurante_id\":\"238\",\"nombre_restaurante\":\"Antic pitarra\",\"latitud\":\"41.380479\",\"longitud\":\"2.179177\",\"direccion\":\"Carrer d\\\\\\\\\\\\'Aviny\\u00f3, 56, Ciutat Vella, 08002 Barcelona\",\"telefono\":\"655508112\",\"pagina_web\":\"https:\\\/\\\/www.instagram.com\\\/anticpitarra\\\/\",\"tipo_comida_outlist\":\"\",\"descripcion_oferta\":\"Men\\u00fa Especial para la Foodie Black Week Anitc Pitarra. Cualquier persona que venga de parte de la Foodie Black Week si desea nuestra carta, tendr\\u00e1 un 10 % de descuento.\",\"precio_oferta\":\"40.00\",\"enlace_oferta\":\"\",\"imagen_oferta\":\"https:\\\/\\\/foodieblackweek.com\\\/barcelona\\\/wp-content\\\/uploads\\\/2025\\\/10\\\/FE3F81E0-BF9F-4F0D-980A-8251335EE468-200x300.png\",\"eix_comercial_id\":\"24\",\"tipo_comida_id\":\"16\",\"rango_precios\":\"30-60\",\"tipo_establecimiento_id\":\"1\",\"prioridad_vision\":\"0\",\"nombre_eix_comercial\":\"Barcelona - Ciutat Vella\",\"nombre_tipo_comida\":\"Comida Catalana\"},{\"restaurante_id\":\"236\",\"nombre_restaurante\":\"Chao Pescao Consell\",\"latitud\":\"41.392015\",\"longitud\":\"2.167013\",\"direccion\":\"Carrer del Consell de Cent, 318, L\\\\'Eixample, 08007 Barcelona\",\"telefono\":\"931640589\",\"pagina_web\":\"https:\\\/\\\/www.chaopescaoseafood.com\\\/\",\"tipo_comida_outlist\":\"\",\"descripcion_oferta\":\"Elige tu oferta entre A y B y vive el sabor del mar en Chao Pescao! Oferta A: 3 Ostras Amulette + 1 copa de Cava\\\/Vino Blanco. Oferta B: Patatas Bravas + 1 jarra de Estrella Damm.\",\"precio_oferta\":\"9.00\",\"enlace_oferta\":\"\",\"imagen_oferta\":\"https:\\\/\\\/foodieblackweek.com\\\/barcelona\\\/wp-content\\\/uploads\\\/ImagenesClientes\\\/2025\\\/10\\\/Logo-Email-pez-copy.png\",\"eix_comercial_id\":\"14\",\"tipo_comida_id\":\"25\",\"rango_precios\":\"15-30\",\"tipo_establecimiento_id\":\"1\",\"prioridad_vision\":\"0\",\"nombre_eix_comercial\":\"Barcelona - Nou Eixample\",\"nombre_tipo_comida\":\"Marisquer\\u00eda\"},{\"restaurante_id\":\"235\",\"nombre_restaurante\":\"Cuore Nostrum - Pizzeria y Gnocchetteria\",\"latitud\":\"41.399997\",\"longitud\":\"2.177001\",\"direccion\":\"Carrer del Consell de Cent, 487, L\\\\'Eixample, 08013 Barcelona\",\"telefono\":\"931472512\",\"pagina_web\":\"https:\\\/\\\/www.cuorenostrumbarcelona.com\\\/\",\"tipo_comida_outlist\":\"\",\"descripcion_oferta\":\"Arrosticini + Bruschetta 30,80\\u20ac - Pizza Filetto con Crudo de Parma 14,90\\u20ac - Tagliatelle alla Genovese 18,90\\u20ac - Gnocco fritto con Nutella y Pistacho 12,90\\u20ac - Pizza Dessert Cuore Nostrum 11,90\\u20ac\",\"precio_oferta\":\"0.00\",\"enlace_oferta\":\"\",\"imagen_oferta\":\"https:\\\/\\\/foodieblackweek.com\\\/barcelona\\\/wp-content\\\/uploads\\\/2025\\\/10\\\/cuoreNostrum-274x300.png\",\"eix_comercial_id\":\"17\",\"tipo_comida_id\":\"3\",\"rango_precios\":\"15-30\",\"tipo_establecimiento_id\":\"1\",\"prioridad_vision\":\"0\",\"nombre_eix_comercial\":\"Barcelona - Sagrada Fam\\u00edlia\",\"nombre_tipo_comida\":\"Comida Italiana\"},{\"restaurante_id\":\"234\",\"nombre_restaurante\":\"LaoWang Hotpot\",\"latitud\":\"41.434715\",\"longitud\":\"2.232848\",\"direccion\":\"Carrer del Progr\\u00e9s, 316, 08918 Badalona, Barcelona\",\"telefono\":\"931253948\",\"pagina_web\":\"https:\\\/\\\/laowanghotpot.es\\\/es\\\/barcelona\\\/\",\"tipo_comida_outlist\":\"\",\"descripcion_oferta\":\"\\u00a1Refrescos y Heineken gratis e ilimitados!\",\"precio_oferta\":\"0.00\",\"enlace_oferta\":\"\",\"imagen_oferta\":\"https:\\\/\\\/foodieblackweek.com\\\/barcelona\\\/wp-content\\\/uploads\\\/ImagenesClientes\\\/2025\\\/10\\\/1e5b1582e2685c0efc81e336eaecc6c4.jpeg\",\"eix_comercial_id\":\"25\",\"tipo_comida_id\":\"15\",\"rango_precios\":\"15-30\",\"tipo_establecimiento_id\":\"1\",\"prioridad_vision\":\"0\",\"nombre_eix_comercial\":\"Badalona\",\"nombre_tipo_comida\":\"Comida China\"},{\"restaurante_id\":\"233\",\"nombre_restaurante\":\"Pura Brasa\",\"latitud\":\"41.388185\",\"longitud\":\"2.167316\",\"direccion\":\"Rambla de Catalunya, 13, Eixample, 08007 Barcelona\",\"telefono\":\"932701855\",\"pagina_web\":\"http:\\\/\\\/Happy.es\",\"tipo_comida_outlist\":\"\",\"descripcion_oferta\":\"C\\u00f3cteles de 16 a 19h. Caipiri\\u00f1a, Mojito, Pi\\u00f1a colada, Paloma.\",\"precio_oferta\":\"5.00\",\"enlace_oferta\":\"\",\"imagen_oferta\":\"https:\\\/\\\/foodie.deostudio.com\\\/wp-content\\\/uploads\\\/2024\\\/05\\\/foodie-giny-transparente.gif\",\"eix_comercial_id\":\"3\",\"tipo_comida_id\":\"26\",\"rango_precios\":\"15-30\",\"tipo_establecimiento_id\":\"1\",\"prioridad_vision\":\"0\",\"nombre_eix_comercial\":\"Barcelona - Cor Eixample\",\"nombre_tipo_comida\":\"Braser\\u00eda\"},{\"restaurante_id\":\"232\",\"nombre_restaurante\":\"HOLY MADRE SANT ANTONI\",\"latitud\":\"41.378601\",\"longitud\":\"2.161976\",\"direccion\":\"Carrer del Comte Borrell, 61, Local 4, Eixample, 08015 Barcelona\",\"telefono\":\"663094562\",\"pagina_web\":\"http:\\\/\\\/www.holy-madre.com\",\"tipo_comida_outlist\":\"\",\"descripcion_oferta\":\"Ba\\u00f1amos tu helado en chocolate gratis!\",\"precio_oferta\":\"0.00\",\"enlace_oferta\":\"\",\"imagen_oferta\":\"https:\\\/\\\/foodieblackweek.com\\\/barcelona\\\/wp-content\\\/uploads\\\/ImagenesClientes\\\/2025\\\/10\\\/DSCF3926.jpg\",\"eix_comercial_id\":\"18\",\"tipo_comida_id\":\"36\",\"rango_precios\":\"15-30\",\"tipo_establecimiento_id\":\"1\",\"prioridad_vision\":\"0\",\"nombre_eix_comercial\":\"Barcelona - Sant Antoni\",\"nombre_tipo_comida\":\"Helader\\u00edas\"},{\"restaurante_id\":\"231\",\"nombre_restaurante\":\"HOLY MADRE URQUINAONA\",\"latitud\":\"41.390095\",\"longitud\":\"2.174123\",\"direccion\":\"Rda. de Sant Pere, 22, Local 5, Eixample, 08010 Barcelona\",\"telefono\":\"610795140\",\"pagina_web\":\"http:\\\/\\\/www.holy-madre.com\",\"tipo_comida_outlist\":\"\",\"descripcion_oferta\":\"Ba\\u00f1amos tu helado en chocolate gratis!\",\"precio_oferta\":\"0.00\",\"enlace_oferta\":\"\",\"imagen_oferta\":\"https:\\\/\\\/foodieblackweek.com\\\/barcelona\\\/wp-content\\\/uploads\\\/ImagenesClientes\\\/2025\\\/10\\\/DSCF3916.jpg\",\"eix_comercial_id\":\"24\",\"tipo_comida_id\":\"36\",\"rango_precios\":\"15-30\",\"tipo_establecimiento_id\":\"1\",\"prioridad_vision\":\"0\",\"nombre_eix_comercial\":\"Barcelona - Ciutat Vella\",\"nombre_tipo_comida\":\"Helader\\u00edas\"},{\"restaurante_id\":\"230\",\"nombre_restaurante\":\"HOLY MADRE POBLENOU\",\"latitud\":\"41.404396\",\"longitud\":\"2.197361\",\"direccion\":\"Rambla de Poblenou 123\",\"telefono\":\"665099981\",\"pagina_web\":\"http:\\\/\\\/www.holy-madre.com\",\"tipo_comida_outlist\":\"\",\"descripcion_oferta\":\"Ba\\u00f1amos tu helado en chocolate gratis!\",\"precio_oferta\":\"0.00\",\"enlace_oferta\":\"\",\"imagen_oferta\":\"https:\\\/\\\/foodieblackweek.com\\\/barcelona\\\/wp-content\\\/uploads\\\/ImagenesClientes\\\/2025\\\/10\\\/DSCF3851.jpg\",\"eix_comercial_id\":\"15\",\"tipo_comida_id\":\"36\",\"rango_precios\":\"15-30\",\"tipo_establecimiento_id\":\"1\",\"prioridad_vision\":\"0\",\"nombre_eix_comercial\":\"Barcelona - Poblenou\",\"nombre_tipo_comida\":\"Helader\\u00edas\"},{\"restaurante_id\":\"229\",\"nombre_restaurante\":\"HOLY MADRE GRACIA\",\"latitud\":\"41.401363\",\"longitud\":\"2.159165\",\"direccion\":\"Carrer del Torrent de l\\\\\\\\\\\\'Olla, 76\",\"telefono\":\"600309169\",\"pagina_web\":\"http:\\\/\\\/www.holy-madre.com\",\"tipo_comida_outlist\":\"\",\"descripcion_oferta\":\"Ba\\u00f1amos tu helado en chocolate gratis!\",\"precio_oferta\":\"0.00\",\"enlace_oferta\":\"\",\"imagen_oferta\":\"https:\\\/\\\/foodieblackweek.com\\\/barcelona\\\/wp-content\\\/uploads\\\/ImagenesClientes\\\/2025\\\/10\\\/DSCF4046.jpg\",\"eix_comercial_id\":\"10\",\"tipo_comida_id\":\"36\",\"rango_precios\":\"15-30\",\"tipo_establecimiento_id\":\"1\",\"prioridad_vision\":\"0\",\"nombre_eix_comercial\":\"Barcelona - Gr\\u00e0cia\",\"nombre_tipo_comida\":\"Helader\\u00edas\"},{\"restaurante_id\":\"228\",\"nombre_restaurante\":\"HOLY MADRE GRANADOS\",\"latitud\":\"41.390243\",\"longitud\":\"2.159563\",\"direccion\":\"Enrique Granados 37\",\"telefono\":\"635869569\",\"pagina_web\":\"http:\\\/\\\/www.holy-madre.com\",\"tipo_comida_outlist\":\"\",\"descripcion_oferta\":\"Ba\\u00f1amos tu helado en chocolate gratis!\",\"precio_oferta\":\"0.00\",\"enlace_oferta\":\"\",\"imagen_oferta\":\"https:\\\/\\\/foodieblackweek.com\\\/barcelona\\\/wp-content\\\/uploads\\\/ImagenesClientes\\\/2025\\\/10\\\/DSCF3852.jpg\",\"eix_comercial_id\":\"14\",\"tipo_comida_id\":\"36\",\"rango_precios\":\"15-30\",\"tipo_establecimiento_id\":\"1\",\"prioridad_vision\":\"0\",\"nombre_eix_comercial\":\"Barcelona - Nou Eixample\",\"nombre_tipo_comida\":\"Helader\\u00edas\"},{\"restaurante_id\":\"227\",\"nombre_restaurante\":\"HOLY MADRE SAGRADA FAMILIA\",\"latitud\":\"41.40415\",\"longitud\":\"2.176461\",\"direccion\":\"Valencia 443\",\"telefono\":\"675440753\",\"pagina_web\":\"http:\\\/\\\/www.holy-madre.com\",\"tipo_comida_outlist\":\"\",\"descripcion_oferta\":\"Ba\\u00f1amos tu helado gratis!\",\"precio_oferta\":\"0.00\",\"enlace_oferta\":\"\",\"imagen_oferta\":\"https:\\\/\\\/foodieblackweek.com\\\/barcelona\\\/wp-content\\\/uploads\\\/ImagenesClientes\\\/2025\\\/10\\\/DSCF9881.jpg\",\"eix_comercial_id\":\"17\",\"tipo_comida_id\":\"36\",\"rango_precios\":\"15-30\",\"tipo_establecimiento_id\":\"1\",\"prioridad_vision\":\"0\",\"nombre_eix_comercial\":\"Barcelona - Sagrada Fam\\u00edlia\",\"nombre_tipo_comida\":\"Helader\\u00edas\"},{\"restaurante_id\":\"226\",\"nombre_restaurante\":\"DOROTEA\",\"latitud\":\"41.433217\",\"longitud\":\"2.161817\",\"direccion\":\"Carrer de Santes Creus, 18, Horta-Guinard\\u00f3, 08031 Barcelona\",\"telefono\":\"933879243\",\"pagina_web\":\"https:\\\/\\\/www.dorotearestaurant.com\\\/\",\"tipo_comida_outlist\":\"\",\"descripcion_oferta\":\"C\\u00f3cteles Patr\\u00f3n Paloma, St Germain Spritz; Bombay Sapphire Gin & tonic, Santa Teresa Gran Reserva & Cola, Martini Bianco Spritz a 2\\u20ac de descuento.\",\"precio_oferta\":\"0.00\",\"enlace_oferta\":\"\",\"imagen_oferta\":\"https:\\\/\\\/foodieblackweek.com\\\/barcelona\\\/wp-content\\\/uploads\\\/2025\\\/10\\\/dorotea-202x300.png\",\"eix_comercial_id\":\"2\",\"tipo_comida_id\":\"23\",\"rango_precios\":\"30-60\",\"tipo_establecimiento_id\":\"1\",\"prioridad_vision\":\"0\",\"nombre_eix_comercial\":\"Barcelona - Horta\",\"nombre_tipo_comida\":\"Comida Mediterr\\u00e1nea\"},{\"restaurante_id\":\"224\",\"nombre_restaurante\":\"CABO BAR\",\"latitud\":\"41.396685\",\"longitud\":\"2.185164\",\"direccion\":\"marina 124\",\"telefono\":\"936762354\",\"pagina_web\":\"https:\\\/\\\/grupocabo.es\\\/cabo-bar\\\/\",\"tipo_comida_outlist\":\"\",\"descripcion_oferta\":\"FLOR DE ALCACHOFA A LA BRASA, CON LLEMA CURADA Y SOBRASADA DE MENORCA.\",\"precio_oferta\":\"9.50\",\"enlace_oferta\":\"\",\"imagen_oferta\":\"https:\\\/\\\/foodieblackweek.com\\\/barcelona\\\/wp-content\\\/uploads\\\/2025\\\/10\\\/caboBar-300x297.png\",\"eix_comercial_id\":\"14\",\"tipo_comida_id\":\"23\",\"rango_precios\":\"15-30\",\"tipo_establecimiento_id\":\"1\",\"prioridad_vision\":\"0\",\"nombre_eix_comercial\":\"Barcelona - Nou Eixample\",\"nombre_tipo_comida\":\"Comida Mediterr\\u00e1nea\"},{\"restaurante_id\":\"223\",\"nombre_restaurante\":\"Mr.DaWalter\",\"latitud\":\"41.389995\",\"longitud\":\"2.183248\",\"direccion\":\"Passeig de Llu\\u00eds Companys, 8, Ciutat Vella, 08018 Barcelona\",\"telefono\":\"931091378\",\"pagina_web\":\"https:\\\/\\\/mrdawalter-arc-de-triomf.goto-where.com\\\/\",\"tipo_comida_outlist\":\"\",\"descripcion_oferta\":\"Ofrecer\\u00edamos: toda nuestra secci\\u00f3n \\u201cpara compartir\\u201d a un 30% de descuento.\",\"precio_oferta\":\"0.00\",\"enlace_oferta\":\"\",\"imagen_oferta\":\"https:\\\/\\\/foodieblackweek.com\\\/barcelona\\\/wp-content\\\/uploads\\\/ImagenesClientes\\\/2025\\\/10\\\/IMG_4136.jpeg\",\"eix_comercial_id\":\"24\",\"tipo_comida_id\":\"22\",\"rango_precios\":\"15-30\",\"tipo_establecimiento_id\":\"1\",\"prioridad_vision\":\"0\",\"nombre_eix_comercial\":\"Barcelona - Ciutat Vella\",\"nombre_tipo_comida\":\"Comida Venezolana\"},{\"restaurante_id\":\"222\",\"nombre_restaurante\":\"Mr.DaWalter\",\"latitud\":\"41.411788\",\"longitud\":\"2.177351\",\"direccion\":\"Carrer de la Ind\\u00fastria, 214, Sant Mart\\u00ed, 08026 Barcelona\",\"telefono\":\"931091378\",\"pagina_web\":\"https:\\\/\\\/drive.google.com\\\/file\\\/d\\\/1hrN8SAtDWwVThyywtniPvsApQwqC6SzA\\\/view?pli=1\",\"tipo_comida_outlist\":\"\",\"descripcion_oferta\":\"Ofrecer\\u00edamos: toda nuestra secci\\u00f3n \\u201cpara compartir\\u201d a un 30% de descuento.\",\"precio_oferta\":\"0.00\",\"enlace_oferta\":\"\",\"imagen_oferta\":\"https:\\\/\\\/foodieblackweek.com\\\/barcelona\\\/wp-content\\\/uploads\\\/ImagenesClientes\\\/2025\\\/10\\\/IMG_4136.jpeg\",\"eix_comercial_id\":\"20\",\"tipo_comida_id\":\"22\",\"rango_precios\":\"15-30\",\"tipo_establecimiento_id\":\"1\",\"prioridad_vision\":\"0\",\"nombre_eix_comercial\":\"Barcelona - Sant Mart\\u00ed\",\"nombre_tipo_comida\":\"Comida Venezolana\"},{\"restaurante_id\":\"221\",\"nombre_restaurante\":\"crazy wings & + bcn\",\"latitud\":\"41.412499\",\"longitud\":\"2.168718\",\"direccion\":\"Carrer de Padilla 386, Barcelona\",\"telefono\":\"604822328\",\"pagina_web\":\"https:\\\/\\\/linktr.ee\\\/Crazywingsbcn\",\"tipo_comida_outlist\":\"\",\"descripcion_oferta\":\"1 Combo crazyHotDog: Perrito caliente + patatas + bebida \\ud83c\\udf74 El Combo Crazy Hotdog es pura tentaci\\u00f3n callejera: Salchicha jugosa, pan doradito, queso fundido y esa mezcla de salsas que solo en Crazy Wings BCN saben preparar. Es nuestro cl\\u00e1sico colombiano, con flow barcelon\\u00e9s y sabor que te har\\u00e1 decir \\u201cuff, qu\\u00e9 locura\\u201d. Solo durante la Foodie Black Week, \\u00a1corre por el tuyo! \\ud83c\\udf2d\\ud83d\\udd25.\",\"precio_oferta\":\"15.80\",\"enlace_oferta\":\"\",\"imagen_oferta\":\"https:\\\/\\\/foodieblackweek.com\\\/barcelona\\\/wp-content\\\/uploads\\\/2025\\\/10\\\/crazy-wings-300x200.jpg\",\"eix_comercial_id\":\"17\",\"tipo_comida_id\":\"37\",\"rango_precios\":\"15-30\",\"tipo_establecimiento_id\":\"1\",\"prioridad_vision\":\"0\",\"nombre_eix_comercial\":\"Barcelona - Sagrada Fam\\u00edlia\",\"nombre_tipo_comida\":\"Otras\"},{\"restaurante_id\":\"220\",\"nombre_restaurante\":\"Forno d Oro\",\"latitud\":\"41.383657\",\"longitud\":\"2.156297\",\"direccion\":\"Carrer del Comte d\\\\\\\\\\\\'Urgell 93, Barcelona\",\"telefono\":\"934461471\",\"pagina_web\":\"https:\\\/\\\/www.instagram.com\\\/fornodoroportafoglio\\\/\",\"tipo_comida_outlist\":\"\",\"descripcion_oferta\":\"Pizza Margarita m\\u00e1s bebida.\",\"precio_oferta\":\"0.00\",\"enlace_oferta\":\"\",\"imagen_oferta\":\"https:\\\/\\\/foodieblackweek.com\\\/barcelona\\\/wp-content\\\/uploads\\\/ImagenesClientes\\\/2025\\\/10\\\/cbb1de70-db40-4023-9df4-ad37aceb1f22.jpeg\",\"eix_comercial_id\":\"3\",\"tipo_comida_id\":\"24\",\"rango_precios\":\"15-30\",\"tipo_establecimiento_id\":\"1\",\"prioridad_vision\":\"0\",\"nombre_eix_comercial\":\"Barcelona - Cor Eixample\",\"nombre_tipo_comida\":\"Pizzer\\u00eda\"},{\"restaurante_id\":\"219\",\"nombre_restaurante\":\"CHICAGO\\\\\\\\\\\\'S PIZZA FACTORY\",\"latitud\":\"41.398055\",\"longitud\":\"2.150088\",\"direccion\":\"Carrer d\\\\\\\\\\\\'Alfons XII, 15, Sarri\\u00e0-Sant Gervasi, 08006 Barcelona\",\"telefono\":\"605962843\",\"pagina_web\":\"thefork.es\\\/restaurante\\\/chicago-s-pizza-factory-r832417?cc=18174-54f&rwg_token=ACgRB3elhGRg6VodRPzUrz7FvBQJGPnuNJltsIza7HBsInyGKswtC0fF_LXgNkLv9omL6NMMzcSHS1GmKejqPjyeX3hUgkI4nw%3D%3D\",\"tipo_comida_outlist\":\"\",\"descripcion_oferta\":\"Pizza estilo Chicago (para 1 persona) + 1 bebida.\",\"precio_oferta\":\"14.00\",\"enlace_oferta\":\"\",\"imagen_oferta\":\"https:\\\/\\\/foodieblackweek.com\\\/barcelona\\\/wp-content\\\/uploads\\\/2025\\\/10\\\/chicagosPizzaFactory-239x300.png\",\"eix_comercial_id\":\"19\",\"tipo_comida_id\":\"24\",\"rango_precios\":\"15-30\",\"tipo_establecimiento_id\":\"1\",\"prioridad_vision\":\"0\",\"nombre_eix_comercial\":\"Barcelona - Sant Gervasi\",\"nombre_tipo_comida\":\"Pizzer\\u00eda\"},{\"restaurante_id\":\"217\",\"nombre_restaurante\":\"Intrigo pizzeria\",\"latitud\":\"41.418943\",\"longitud\":\"2.139758\",\"direccion\":\"Pg. de la Vall d\\\\\\\\\\\\\\\\\\\\\\\\\\\\\\\\\\\\\\\\\\\\\\\\\\\\\\\\\\\\'Hebron, 60, Gr\\u00e0cia, 08023 Barcelona\",\"telefono\":\"931438168\",\"pagina_web\":\"http:\\\/\\\/Intrigopizzeria.com\",\"tipo_comida_outlist\":\"\",\"descripcion_oferta\":\"Pizza Otello Mozzarella, provolone, gorgonzola, queso de cabra, scamorza haumada, parmigiano, crema de pecorino y tomillo.\",\"precio_oferta\":\"14.90\",\"enlace_oferta\":\"\",\"imagen_oferta\":\"https:\\\/\\\/foodieblackweek.com\\\/barcelona\\\/wp-content\\\/uploads\\\/2025\\\/10\\\/intrigo-300x292.png\",\"eix_comercial_id\":\"10\",\"tipo_comida_id\":\"24\",\"rango_precios\":\"15-30\",\"tipo_establecimiento_id\":\"1\",\"prioridad_vision\":\"0\",\"nombre_eix_comercial\":\"Barcelona - Gr\\u00e0cia\",\"nombre_tipo_comida\":\"Pizzer\\u00eda\"},{\"restaurante_id\":\"214\",\"nombre_restaurante\":\"Crosta\",\"latitud\":\"41.401035\",\"longitud\":\"2.147727\",\"direccion\":\"Carrer de Balmes, 283, LOC, Distrito de Sarri\\u00e0-Sant Gervasi, 08006 Barcelona\",\"telefono\":\"+34678193994\",\"pagina_web\":\"https:\\\/\\\/www.leggimenu.it\\\/menu\\\/crostabarcelona?nocache=true&nocache=true&nocache=true&nocache=true&nocache=true&nocache=true&nocache=true&nocache=true&nocache=true&nocache=true\",\"tipo_comida_outlist\":\"\",\"descripcion_oferta\":\"Platos italianos.\",\"precio_oferta\":\"20.00\",\"enlace_oferta\":\"\",\"imagen_oferta\":\"https:\\\/\\\/foodieblackweek.com\\\/barcelona\\\/wp-content\\\/uploads\\\/2025\\\/10\\\/crosta2.png\",\"eix_comercial_id\":\"19\",\"tipo_comida_id\":\"3\",\"rango_precios\":\"15-30\",\"tipo_establecimiento_id\":\"1\",\"prioridad_vision\":\"0\",\"nombre_eix_comercial\":\"Barcelona - Sant Gervasi\",\"nombre_tipo_comida\":\"Comida Italiana\"},{\"restaurante_id\":\"213\",\"nombre_restaurante\":\"Vivian\\\\\\\\\\\\'s Delight\",\"latitud\":\"41.374475\",\"longitud\":\"2.085661\",\"direccion\":\"Carrer del 8 de Mar\\u00e7, Esplugues de Llobregat\",\"telefono\":\"612236033\",\"pagina_web\":\"http:\\\/\\\/www.viviansdelight.com\",\"tipo_comida_outlist\":\"\",\"descripcion_oferta\":\"Brunch fusi\\u00f3n Per\\u00fa completo:\\r\\nBebida:\\r\\nFrap\\u00e9 o mimosa.\\r\\nPrimero:\\r\\nHuevo Benedict o Huevo rancheros. \\r\\nSegundo:\\r\\nPan con chicharron o Papa rellena.\\r\\nTercero: \\r\\nTostada francesa o CHEESECAKE.\",\"precio_oferta\":\"23.00\",\"enlace_oferta\":\"\",\"imagen_oferta\":\"https:\\\/\\\/foodieblackweek.com\\\/barcelona\\\/wp-content\\\/uploads\\\/ImagenesClientes\\\/2025\\\/10\\\/inbound7236528377183391816.jpg\",\"eix_comercial_id\":\"36\",\"tipo_comida_id\":\"31\",\"rango_precios\":\"15-30\",\"tipo_establecimiento_id\":\"1\",\"prioridad_vision\":\"0\",\"nombre_eix_comercial\":\"Esplugues de Llobregat\",\"nombre_tipo_comida\":\"Brunch\"},{\"restaurante_id\":\"212\",\"nombre_restaurante\":\"JAIBA MX\",\"latitud\":\"41.388991\",\"longitud\":\"2.136232\",\"direccion\":\"Calle Deu i Mata, 69-99, Hotel NHC Constanza\",\"telefono\":\"932811512\",\"pagina_web\":\"http:\\\/\\\/www.jaibamx.es\",\"tipo_comida_outlist\":\"\",\"descripcion_oferta\":\"Disfruta de nuestro Men\\u00fa Antojitos de Oto\\u00f1o y te regalamos un postre en Foodie Black Week.\",\"precio_oferta\":\"45.00\",\"enlace_oferta\":\"\",\"imagen_oferta\":\"https:\\\/\\\/foodieblackweek.com\\\/barcelona\\\/wp-content\\\/uploads\\\/ImagenesClientes\\\/2025\\\/10\\\/Jaiba-MX_Antojitos-de-otono5.jpg\",\"eix_comercial_id\":\"7\",\"tipo_comida_id\":\"4\",\"rango_precios\":\"30-60\",\"tipo_establecimiento_id\":\"1\",\"prioridad_vision\":\"0\",\"nombre_eix_comercial\":\"Barcelona - Les Corts\",\"nombre_tipo_comida\":\"Comida Mexicana\"},{\"restaurante_id\":\"211\",\"nombre_restaurante\":\"El Botarr\\u00f3n Taberna Vermuter\\u00eda\",\"latitud\":\"41.408267\",\"longitud\":\"2.187445\",\"direccion\":\"Carrer de la S\\u00e8quia Comtal 15, Barcelona\",\"telefono\":\"675752679\",\"pagina_web\":\"http:\\\/\\\/cartadigital.barmanagerapp.com\",\"tipo_comida_outlist\":\"\",\"descripcion_oferta\":\"Con 2 Martinis, tapa de torrezno gratis.\",\"precio_oferta\":\"6.00\",\"enlace_oferta\":\"\",\"imagen_oferta\":\"https:\\\/\\\/foodie.deostudio.com\\\/wp-content\\\/uploads\\\/2024\\\/05\\\/foodie-giny-transparente.gif\",\"eix_comercial_id\":\"5\",\"tipo_comida_id\":\"30\",\"rango_precios\":\"15-30\",\"tipo_establecimiento_id\":\"1\",\"prioridad_vision\":\"0\",\"nombre_eix_comercial\":\"Barcelona - El Clot\",\"nombre_tipo_comida\":\"Tapas\"},{\"restaurante_id\":\"209\",\"nombre_restaurante\":\"The Holy Cookie\",\"latitud\":\"41.39404\",\"longitud\":\"2.165247\",\"direccion\":\"Carrer de Pau Claris, 145, L\\\\\\\\\\\\'Eixample, 08009 Barcelona\",\"telefono\":\"624300996\",\"pagina_web\":\"https:\\\/\\\/theholycookie.com\\\/en\\\/\",\"tipo_comida_outlist\":\"\",\"descripcion_oferta\":\"20% de descuento en Cookie de 4 unidades o m\\u00e1s.\",\"precio_oferta\":\"0.00\",\"enlace_oferta\":\"\",\"imagen_oferta\":\"https:\\\/\\\/foodieblackweek.com\\\/barcelona\\\/wp-content\\\/uploads\\\/ImagenesClientes\\\/2025\\\/10\\\/inbound4616652324984437669.jpg\",\"eix_comercial_id\":\"14\",\"tipo_comida_id\":\"35\",\"rango_precios\":\"15-30\",\"tipo_establecimiento_id\":\"1\",\"prioridad_vision\":\"0\",\"nombre_eix_comercial\":\"Barcelona - Nou Eixample\",\"nombre_tipo_comida\":\"Pasteler\\u00edas y dulces\"},{\"restaurante_id\":\"207\",\"nombre_restaurante\":\"XIAOJUANCUN Buffet BBQ\",\"latitud\":\"41.387071\",\"longitud\":\"2.162439\",\"direccion\":\"Carrer de la Diputaci\\u00f3 221, Barcelona\",\"telefono\":\"638754888\",\"pagina_web\":\"https:\\\/\\\/share.google\\\/VdthpJyEEVy675bXC\",\"tipo_comida_outlist\":\"\",\"descripcion_oferta\":\"Refrescos y cervezas en lata GRATIS e ilimitados (solo para consumo en el local).\",\"precio_oferta\":\"0.00\",\"enlace_oferta\":\"\",\"imagen_oferta\":\"https:\\\/\\\/foodieblackweek.com\\\/barcelona\\\/wp-content\\\/uploads\\\/2025\\\/10\\\/xiaojuancunBuffetBBQ-277x300.png\",\"eix_comercial_id\":\"3\",\"tipo_comida_id\":\"11\",\"rango_precios\":\"15-30\",\"tipo_establecimiento_id\":\"1\",\"prioridad_vision\":\"0\",\"nombre_eix_comercial\":\"Barcelona - Cor Eixample\",\"nombre_tipo_comida\":\"Comida Coreana\"},{\"restaurante_id\":\"206\",\"nombre_restaurante\":\"Mex Art\",\"latitud\":\"41.23708\",\"longitud\":\"1.808749\",\"direccion\":\"Carrer de Sant Francesc 9, Sitges\",\"telefono\":\"639277695\",\"pagina_web\":\"http:\\\/\\\/Mexartbymia.com\",\"tipo_comida_outlist\":\"\",\"descripcion_oferta\":\"Te regalamos tu cocktail de bienvenida.\",\"precio_oferta\":\"0.00\",\"enlace_oferta\":\"\",\"imagen_oferta\":\"https:\\\/\\\/foodieblackweek.com\\\/barcelona\\\/wp-content\\\/uploads\\\/ImagenesClientes\\\/2025\\\/10\\\/Copie-de-MextArtfullversion2.psd.png\",\"eix_comercial_id\":\"61\",\"tipo_comida_id\":\"4\",\"rango_precios\":\"15-30\",\"tipo_establecimiento_id\":\"1\",\"prioridad_vision\":\"0\",\"nombre_eix_comercial\":\"Sitges\",\"nombre_tipo_comida\":\"Comida Mexicana\"},{\"restaurante_id\":\"205\",\"nombre_restaurante\":\"JIN LanZhou Ramen\",\"latitud\":\"41.387797\",\"longitud\":\"2.160021\",\"direccion\":\"Carrer d\\\\'Aribau 39, Barcelona\",\"telefono\":\"933532669\",\"pagina_web\":\"http:\\\/\\\/jinnoodles.com\\\/\",\"tipo_comida_outlist\":\"\",\"descripcion_oferta\":\"Combo Foodie Black Week: Caldo tradicional de tallarines Lanzhou con ternera + Encurtido estilo Lanzhou (ensalada) + 1 bebida.\",\"precio_oferta\":\"12.95\",\"enlace_oferta\":\"\",\"imagen_oferta\":\"https:\\\/\\\/static.wixstatic.com\\\/media\\\/0943e1_cc5a700eb5ba40d1934fa84ad41b1978~mv2.jpg\\\/v1\\\/fill\\\/w_949,h_913,al_c,q_85,usm_0.66_1.00_0.01,enc_avif,quality_auto\\\/0943e1_cc5a700eb5ba40d1934fa84ad41b1978~mv2.jpg\",\"eix_comercial_id\":\"14\",\"tipo_comida_id\":\"15\",\"rango_precios\":\"15-30\",\"tipo_establecimiento_id\":\"1\",\"prioridad_vision\":\"0\",\"nombre_eix_comercial\":\"Barcelona - Nou Eixample\",\"nombre_tipo_comida\":\"Comida China\"},{\"restaurante_id\":\"204\",\"nombre_restaurante\":\"Alsur Caf\\u00e9 Lluria\",\"latitud\":\"41.391066\",\"longitud\":\"2.171365\",\"direccion\":\"Carrer de Roger de Ll\\u00faria 23, Barcelona\",\"telefono\":\"936241577\",\"pagina_web\":\"http:\\\/\\\/www.alsurcafe.com\",\"tipo_comida_outlist\":\"\",\"descripcion_oferta\":\"Men\\u00fa del d\\u00eda (lunes a Viernes\\\/de 8 a 22h) 13\\u20ac \\\/ 2 cervezas y una tapa 5\\u20ac \\\/ 1 Coctel y una tapa 6\\u20ac.\",\"precio_oferta\":\"0.00\",\"enlace_oferta\":\"\",\"imagen_oferta\":\"https:\\\/\\\/www.alsurcafe.com\\\/assets\\\/161631181_120196760071088_42331555942338248_n_compressed.jpg?3\",\"eix_comercial_id\":\"3\",\"tipo_comida_id\":\"14\",\"rango_precios\":\"15-30\",\"tipo_establecimiento_id\":\"1\",\"prioridad_vision\":\"0\",\"nombre_eix_comercial\":\"Barcelona - Cor Eixample\",\"nombre_tipo_comida\":\"Comida Americana\"},{\"restaurante_id\":\"203\",\"nombre_restaurante\":\"Alsur Caf\\u00e9\",\"latitud\":\"41.386335\",\"longitud\":\"2.185559\",\"direccion\":\"Carrer de la Ribera 18\",\"telefono\":\"937977172\",\"pagina_web\":\"http:\\\/\\\/www.alsurcafe.com\",\"tipo_comida_outlist\":\"\",\"descripcion_oferta\":\"Men\\u00fa del d\\u00eda (lunes a Viernes\\\/de 8 a 22h) 13\\u20ac \\\/ 2 cervezas y una tapa 5\\u20ac \\\/ 1 Coctel y una tapa 6\\u20ac.\",\"precio_oferta\":\"0.00\",\"enlace_oferta\":\"\",\"imagen_oferta\":\"https:\\\/\\\/www.alsurcafe.com\\\/assets\\\/161631181_120196760071088_42331555942338248_n_compressed.jpg?3\",\"eix_comercial_id\":\"24\",\"tipo_comida_id\":\"14\",\"rango_precios\":\"15-30\",\"tipo_establecimiento_id\":\"1\",\"prioridad_vision\":\"0\",\"nombre_eix_comercial\":\"Barcelona - Ciutat Vella\",\"nombre_tipo_comida\":\"Comida Americana\"},{\"restaurante_id\":\"202\",\"nombre_restaurante\":\"El MAGRANER BOIG\",\"latitud\":\"41.379294\",\"longitud\":\"2.170833\",\"direccion\":\"Carrer d\\\\\\\\\\\\\\\\\\\\\\\\\\\\'en Robador 22, Barcelona\",\"telefono\":\"930118605\",\"pagina_web\":\"https:\\\/\\\/www.elmagranerboig.com\\\/\",\"tipo_comida_outlist\":\"\",\"descripcion_oferta\":\"Esta semana, los grupos de 12 personas o m\\u00e1s disfrutan una experiencia griega en el coraz\\u00f3n del Raval por solo 20 \\u20ac por persona. Comparte tu visita con @elmagraneRboig y #PicElMagranerBoig y participa en el sorteo de una cena para dos personas (solo mes de octubre).\",\"precio_oferta\":\"20.00\",\"enlace_oferta\":\"\",\"imagen_oferta\":\"https:\\\/\\\/foodieblackweek.com\\\/barcelona\\\/wp-content\\\/uploads\\\/ImagenesClientes\\\/2025\\\/10\\\/MAGRANER_CONCURSOOK3.jpg\",\"eix_comercial_id\":\"22\",\"tipo_comida_id\":\"8\",\"rango_precios\":\"15-30\",\"tipo_establecimiento_id\":\"1\",\"prioridad_vision\":\"0\",\"nombre_eix_comercial\":\"Barcelona - Raval\",\"nombre_tipo_comida\":\"Comida Griega\"},{\"restaurante_id\":\"200\",\"nombre_restaurante\":\"Trastero Bar\",\"latitud\":\"41.400849\",\"longitud\":\"2.174878\",\"direccion\":\"Av. Diagonal, 330, bajo, Eixample, 08013 Barcelona\",\"telefono\":\"675640981\",\"pagina_web\":\"https:\\\/\\\/www.instagram.com\\\/trastero.bar\\\/\",\"tipo_comida_outlist\":\"\",\"descripcion_oferta\":\"Por la compra de dos mojitos, te regalamos unas patatas bravas.\",\"precio_oferta\":\"0.00\",\"enlace_oferta\":\"\",\"imagen_oferta\":\"https:\\\/\\\/foodieblackweek.com\\\/barcelona\\\/wp-content\\\/uploads\\\/ImagenesClientes\\\/2025\\\/10\\\/b16f4c86-ecac-4cdb-907e-8a0266093020-1.jpeg\",\"eix_comercial_id\":\"17\",\"tipo_comida_id\":\"17\",\"rango_precios\":\"15-30\",\"tipo_establecimiento_id\":\"1\",\"prioridad_vision\":\"0\",\"nombre_eix_comercial\":\"Barcelona - Sagrada Fam\\u00edlia\",\"nombre_tipo_comida\":\"Comida Espa\\u00f1ola\"},{\"restaurante_id\":\"198\",\"nombre_restaurante\":\"GUR\\u00cd\",\"latitud\":\"41.378007\",\"longitud\":\"2.14341\",\"direccion\":\"Carrer del Rector Triad\\u00f3, 72, Sants-Montju\\u00efc, 08014 Barcelona\",\"telefono\":\"934 177 440\",\"pagina_web\":\"http:\\\/\\\/gurirestaurante.com\",\"tipo_comida_outlist\":\"\",\"descripcion_oferta\":\"Disfruta de todos nuestros men\\u00fas degustaci\\u00f3n con una copa de cava de bienvenida incluida.\",\"precio_oferta\":\"0.00\",\"enlace_oferta\":\"\",\"imagen_oferta\":\"https:\\\/\\\/gurirestaurante.com\\\/wp-content\\\/uploads\\\/2025\\\/10\\\/Restaurante-Guri_-nuestra-cocina.jpg\",\"eix_comercial_id\":\"1\",\"tipo_comida_id\":\"33\",\"rango_precios\":\"60\",\"tipo_establecimiento_id\":\"1\",\"prioridad_vision\":\"0\",\"nombre_eix_comercial\":\"Barcelona - Sants\",\"nombre_tipo_comida\":\"Fusi\\u00f3n\"},{\"restaurante_id\":\"197\",\"nombre_restaurante\":\"Candela Gastro Bar\",\"latitud\":\"41.390399\",\"longitud\":\"2.178745\",\"direccion\":\"Plaza de Sant Pere 12\",\"telefono\":\"932683624\",\"pagina_web\":\"http:\\\/\\\/www.candelagastrobar.es\",\"tipo_comida_outlist\":\"\",\"descripcion_oferta\":\"OFERTA 1 Men\\u00fa Degustaci\\u00f3n el 1er en Barcelona \\r\\n14 pasos por 49 \\u20ac:\\r\\nUna experiencia sensorial guiada por nuestros chefs Kevin Giurfa y Gary Salvador, con el ADN del Per\\u00fa m\\u00e1s profundo.\\r\\n\\r\\n2. PROMO EN BARRA \\u2013 \\u201cDOBLE PASI\\u00d3N\\u201d\\r\\n\\r\\nPide un Pisco Sour y el segundo es cortes\\u00eda de la casa.\\r\\nV\\u00e1lido de lunes a jueves en barra.\\r\\nUna forma perfecta de descubrir nuestros piscos macerados.\",\"precio_oferta\":\"49.00\",\"enlace_oferta\":\"\",\"imagen_oferta\":\"https:\\\/\\\/foodieblackweek.com\\\/barcelona\\\/wp-content\\\/uploads\\\/ImagenesClientes\\\/2025\\\/10\\\/2CD40A4B-1F1A-4896-8F23-E9C4793995DA.png\",\"eix_comercial_id\":\"24\",\"tipo_comida_id\":\"12\",\"rango_precios\":\"30-60\",\"tipo_establecimiento_id\":\"1\",\"prioridad_vision\":\"0\",\"nombre_eix_comercial\":\"Barcelona - Ciutat Vella\",\"nombre_tipo_comida\":\"Comida Peruana\"},{\"restaurante_id\":\"196\",\"nombre_restaurante\":\"Mr.DaWalter\",\"latitud\":\"41.382617\",\"longitud\":\"2.136151\",\"direccion\":\"Carrer dels Comtes de Bell-Lloc, 154, Les Corts, 08014 Barcelona\",\"telefono\":\"931091378\",\"pagina_web\":\"https:\\\/\\\/www.instagram.com\\\/mr.dawalter\\\/?hl=es\",\"tipo_comida_outlist\":\"\",\"descripcion_oferta\":\"Ofrecer\\u00edamos: toda nuestra secci\\u00f3n \\u201cpara compartir\\u201d a un 30% de descuento.\",\"precio_oferta\":\"0.00\",\"enlace_oferta\":\"\",\"imagen_oferta\":\"https:\\\/\\\/foodieblackweek.com\\\/barcelona\\\/wp-content\\\/uploads\\\/ImagenesClientes\\\/2025\\\/10\\\/IMG_4136.jpeg\",\"eix_comercial_id\":\"1\",\"tipo_comida_id\":\"22\",\"rango_precios\":\"15-30\",\"tipo_establecimiento_id\":\"1\",\"prioridad_vision\":\"0\",\"nombre_eix_comercial\":\"Barcelona - Sants\",\"nombre_tipo_comida\":\"Comida Venezolana\"},{\"restaurante_id\":\"195\",\"nombre_restaurante\":\"F\\u00e0brica Moritz Barcelona\",\"latitud\":\"41.382802\",\"longitud\":\"2.163416\",\"direccion\":\"Rda. de Sant Antoni, 41, L\\\\'Eixample, 08011 Barcelona\",\"telefono\":\"934260050\",\"pagina_web\":\"http:\\\/\\\/www.fabricamoritzbarcelona.com\",\"tipo_comida_outlist\":\"\",\"descripcion_oferta\":\"Dos ca\\u00f1as de Moritz 7 y unas bravas.\",\"precio_oferta\":\"5.30\",\"enlace_oferta\":\"\",\"imagen_oferta\":\"https:\\\/\\\/foodieblackweek.com\\\/barcelona\\\/wp-content\\\/uploads\\\/ImagenesClientes\\\/2025\\\/10\\\/Bravas_FMB.jpg\",\"eix_comercial_id\":\"18\",\"tipo_comida_id\":\"30\",\"rango_precios\":\"15-30\",\"tipo_establecimiento_id\":\"1\",\"prioridad_vision\":\"0\",\"nombre_eix_comercial\":\"Barcelona - Sant Antoni\",\"nombre_tipo_comida\":\"Tapas\"},{\"restaurante_id\":\"194\",\"nombre_restaurante\":\"DON MARTIN\",\"latitud\":\"41.452696\",\"longitud\":\"2.208305\",\"direccion\":\"Carrer Josep Anselm Clav\\u00e9, 1\",\"telefono\":\"601762243\",\"pagina_web\":\"https:\\\/\\\/www.donmartin.restaurant\\\/ca\\\/\",\"tipo_comida_outlist\":\"\",\"descripcion_oferta\":\"Disfruta de nuestros mejores platos, con segundo a elegir, postre casero y bebida incluida (Vi\\u00f1a Pomal Rioja Crianza, Cerveza Moritz o Verdejo). Incluye nuestra exclusiva Freyaard CHOCO.\",\"precio_oferta\":\"40.00\",\"enlace_oferta\":\"\",\"imagen_oferta\":\"https:\\\/\\\/foodieblackweek.com\\\/barcelona\\\/wp-content\\\/uploads\\\/ImagenesClientes\\\/2025\\\/10\\\/Don-Martin-Logo.jpeg\",\"eix_comercial_id\":\"55\",\"tipo_comida_id\":\"23\",\"rango_precios\":\"30-60\",\"tipo_establecimiento_id\":\"1\",\"prioridad_vision\":\"0\",\"nombre_eix_comercial\":\"Santa Coloma de Gramenet\",\"nombre_tipo_comida\":\"Comida Mediterr\\u00e1nea\"},{\"restaurante_id\":\"193\",\"nombre_restaurante\":\"X\\u00d2CALA\",\"latitud\":\"41.45194\",\"longitud\":\"2.20831\",\"direccion\":\"Pla\\u00e7a de la Vila 4, Santa Coloma de Gramenet\",\"telefono\":\"601762243\",\"pagina_web\":\"https:\\\/\\\/xocalasantacoloma.com\\\/ca\\\/\",\"tipo_comida_outlist\":\"\",\"descripcion_oferta\":\"Disfruta de una deliciosa milanesa crujiente acompa\\u00f1ada de bebida incluida: elige entre vino, cerveza Moritz, refresco o agua.\",\"precio_oferta\":\"15.00\",\"enlace_oferta\":\"\",\"imagen_oferta\":\"https:\\\/\\\/foodieblackweek.com\\\/barcelona\\\/wp-content\\\/uploads\\\/ImagenesClientes\\\/2025\\\/10\\\/logos-xocala-2-4_page-0001.jpg\",\"eix_comercial_id\":\"55\",\"tipo_comida_id\":\"23\",\"rango_precios\":\"15-30\",\"tipo_establecimiento_id\":\"1\",\"prioridad_vision\":\"0\",\"nombre_eix_comercial\":\"Santa Coloma de Gramenet\",\"nombre_tipo_comida\":\"Comida Mediterr\\u00e1nea\"},{\"restaurante_id\":\"192\",\"nombre_restaurante\":\"Manda Huevos\",\"latitud\":\"41.386512\",\"longitud\":\"2.133951\",\"direccion\":\"Travesera de les corts 277\",\"telefono\":\"683231106\",\"pagina_web\":\"https:\\\/\\\/www.mandahuev0s.com\",\"tipo_comida_outlist\":\"\",\"descripcion_oferta\":\"Tortilla del mes de octubre:\\r\\nTortilla de patata con chistorras a la sidra + Gilda tradicional ahumada.\",\"precio_oferta\":\"12.00\",\"enlace_oferta\":\"\",\"imagen_oferta\":\"https:\\\/\\\/foodieblackweek.com\\\/barcelona\\\/wp-content\\\/uploads\\\/ImagenesClientes\\\/2025\\\/10\\\/IMG_8921.jpeg\",\"eix_comercial_id\":\"7\",\"tipo_comida_id\":\"17\",\"rango_precios\":\"15-30\",\"tipo_establecimiento_id\":\"1\",\"prioridad_vision\":\"0\",\"nombre_eix_comercial\":\"Barcelona - Les Corts\",\"nombre_tipo_comida\":\"Comida Espa\\u00f1ola\"},{\"restaurante_id\":\"191\",\"nombre_restaurante\":\"LA MAFIA MEXICANA\",\"latitud\":\"41.388187\",\"longitud\":\"2.151144\",\"direccion\":\"Carrer del Comte d\\\\'Urgell, 196, L\\\\'Eixample, 08036 Barcelona\",\"telefono\":\"677985308\",\"pagina_web\":\"http:\\\/\\\/Www.grupolamafia.com\",\"tipo_comida_outlist\":\"\",\"descripcion_oferta\":\"Oferta 1: 25 \\u20ac PAX - 1 Quesabirria Plato estrella \\u2b50 - 1 Taco Gobernador - 1 Croqueta de Birria - 1 Taco de Carnitas - 1 Torrija - 1 bebida entre agua, refrescos, copa de cerveza o copa de vino. Oferta2: Degustaci\\u00f3n de Margaritas Frosen 2x1 - Lima - Fresa - Mango - Maracuy\\u00e1 - Pi\\u00f1a - Tamarindo O Cocktail de Pi\\u00f1a Colada.\",\"precio_oferta\":\"0.00\",\"enlace_oferta\":\"\",\"imagen_oferta\":\"https:\\\/\\\/foodieblackweek.com\\\/barcelona\\\/wp-content\\\/uploads\\\/2025\\\/10\\\/mafiaMexicana-250x300.png\",\"eix_comercial_id\":\"3\",\"tipo_comida_id\":\"37\",\"rango_precios\":\"15-30\",\"tipo_establecimiento_id\":\"1\",\"prioridad_vision\":\"0\",\"nombre_eix_comercial\":\"Barcelona - Cor Eixample\",\"nombre_tipo_comida\":\"Otras\"},{\"restaurante_id\":\"186\",\"nombre_restaurante\":\"Restaunt german\\\\\\\\\\\\\\\\\\\\\\\\\\\\'s\",\"latitud\":\"41.451626\",\"longitud\":\"2.219742\",\"direccion\":\"Carrer Moss\\u00e8n Jacint Verdaguer, 172, 08923 Santa Coloma de Gramenet, Barcelona\",\"telefono\":\"933923305\",\"pagina_web\":\"https:\\\/\\\/www.facebook.com\\\/restaurantgermans\\\/\",\"tipo_comida_outlist\":\"\",\"descripcion_oferta\":\"Timbal de aguacate,fresas,salm\\u00f3n con vinagreta de aceite de oliva y miel.\\r\\nCostillar a la miel baja temperatura con camita de verduritas crujientes.\\r\\nFlan de queso casero.\\r\\nNosotros somos un restaurante de comercio de proximidad tambi\\u00e9n dispondremos de sugerencias del d\\u00eda.\",\"precio_oferta\":\"17.50\",\"enlace_oferta\":\"\",\"imagen_oferta\":\"https:\\\/\\\/foodieblackweek.com\\\/barcelona\\\/wp-content\\\/uploads\\\/ImagenesClientes\\\/2025\\\/10\\\/IMG-20251002-WA0001.jpg\",\"eix_comercial_id\":\"55\",\"tipo_comida_id\":\"28\",\"rango_precios\":\"15-30\",\"tipo_establecimiento_id\":\"1\",\"prioridad_vision\":\"0\",\"nombre_eix_comercial\":\"Santa Coloma de Gramenet\",\"nombre_tipo_comida\":\"Gourmet\"},{\"restaurante_id\":\"185\",\"nombre_restaurante\":\"BAR EMBARCADERO\",\"latitud\":\"41.437693\",\"longitud\":\"2.238946\",\"direccion\":\"Calle pi i maragall 25\",\"telefono\":\"634786278\",\"pagina_web\":\"https:\\\/\\\/www.instagram.com\\\/embarcadero.bdn\\\/\",\"tipo_comida_outlist\":\"\",\"descripcion_oferta\":\"2 copas + Bravas.\",\"precio_oferta\":\"9.00\",\"enlace_oferta\":\"\",\"imagen_oferta\":\"https:\\\/\\\/cdn.website.dish.co\\\/media\\\/51\\\/9a\\\/5899987\\\/LA-MARINA-DE-BADALONA-2-jfif.jpg\",\"eix_comercial_id\":\"25\",\"tipo_comida_id\":\"30\",\"rango_precios\":\"15-30\",\"tipo_establecimiento_id\":\"1\",\"prioridad_vision\":\"0\",\"nombre_eix_comercial\":\"Badalona\",\"nombre_tipo_comida\":\"Tapas\"},{\"restaurante_id\":\"184\",\"nombre_restaurante\":\"Pocaxsolta\",\"latitud\":\"41.38544\",\"longitud\":\"2.173917\",\"direccion\":\"Carrer de Duran i Bas 3, Barcelona\",\"telefono\":\"622451066\",\"pagina_web\":\"https:\\\/\\\/pocaxsolta.com\\\/\",\"tipo_comida_outlist\":\"\",\"descripcion_oferta\":\"Bianco Spritz.\",\"precio_oferta\":\"7.00\",\"enlace_oferta\":\"\",\"imagen_oferta\":\"https:\\\/\\\/foodieblackweek.com\\\/barcelona\\\/wp-content\\\/uploads\\\/ImagenesClientes\\\/2025\\\/10\\\/bianco-spritz-1.png\",\"eix_comercial_id\":\"23\",\"tipo_comida_id\":\"24\",\"rango_precios\":\"15-30\",\"tipo_establecimiento_id\":\"1\",\"prioridad_vision\":\"0\",\"nombre_eix_comercial\":\"Barcelona - Gotic\",\"nombre_tipo_comida\":\"Pizzer\\u00eda\"},{\"restaurante_id\":\"183\",\"nombre_restaurante\":\"GLACIAR\",\"latitud\":\"41.380386\",\"longitud\":\"2.174457\",\"direccion\":\"Pla\\u00e7a Reial 3, Ciutat Vella, 08002 Barcelona\",\"telefono\":\"622451066\",\"pagina_web\":\"http:\\\/\\\/www.glaciar.com\",\"tipo_comida_outlist\":\"\",\"descripcion_oferta\":\"Bianco Spritz.\",\"precio_oferta\":\"7.00\",\"enlace_oferta\":\"\",\"imagen_oferta\":\"https:\\\/\\\/foodieblackweek.com\\\/barcelona\\\/wp-content\\\/uploads\\\/ImagenesClientes\\\/2025\\\/10\\\/bianco-spritz.png\",\"eix_comercial_id\":\"23\",\"tipo_comida_id\":\"16\",\"rango_precios\":\"30-60\",\"tipo_establecimiento_id\":\"1\",\"prioridad_vision\":\"0\",\"nombre_eix_comercial\":\"Barcelona - Gotic\",\"nombre_tipo_comida\":\"Comida Catalana\"},{\"restaurante_id\":\"182\",\"nombre_restaurante\":\"LA XIMENA\",\"latitud\":\"41.452306\",\"longitud\":\"2.208739\",\"direccion\":\"Carrer\\u00f3 de la Pla\\u00e7a 5, Santa Coloma de Gramenet\",\"telefono\":\"696157387\",\"pagina_web\":\"https:\\\/\\\/laximenasantacoloma.com\\\/ca\\\/\",\"tipo_comida_outlist\":\"\",\"descripcion_oferta\":\"Disfruta nuestro Burrito Sonora con un delicioso c\\u00f3ctel Margarita. Si lo prefieres, puedes cambiar la bebida por cerveza Moritz, refresco o agua.\",\"precio_oferta\":\"13.90\",\"enlace_oferta\":\"\",\"imagen_oferta\":\"https:\\\/\\\/foodieblackweek.com\\\/barcelona\\\/wp-content\\\/uploads\\\/2025\\\/10\\\/laXimena-286x300.png\",\"eix_comercial_id\":\"55\",\"tipo_comida_id\":\"4\",\"rango_precios\":\"30-60\",\"tipo_establecimiento_id\":\"1\",\"prioridad_vision\":\"0\",\"nombre_eix_comercial\":\"Santa Coloma de Gramenet\",\"nombre_tipo_comida\":\"Comida Mexicana\"},{\"restaurante_id\":\"181\",\"nombre_restaurante\":\"Mi\\u00f1o Restaurant\",\"latitud\":\"41.382552\",\"longitud\":\"2.170695\",\"direccion\":\"Carrer del Carme, 19, Ciutat Vella, 08001 Barcelona\",\"telefono\":\"934123756\",\"pagina_web\":\"http:\\\/\\\/Minorestaurant.es\",\"tipo_comida_outlist\":\"\",\"descripcion_oferta\":\"Selecci\\u00f3n de Spritzs ( Fiero, Saint Germain, Ambratto). 3x2\\r\\n10% Descuento en toda la carta de comida.\",\"precio_oferta\":\"0.00\",\"enlace_oferta\":\"\",\"imagen_oferta\":\"https:\\\/\\\/foodie.deostudio.com\\\/wp-content\\\/uploads\\\/2024\\\/05\\\/foodie-giny-transparente.gif\",\"eix_comercial_id\":\"22\",\"tipo_comida_id\":\"23\",\"rango_precios\":\"30-60\",\"tipo_establecimiento_id\":\"1\",\"prioridad_vision\":\"0\",\"nombre_eix_comercial\":\"Barcelona - Raval\",\"nombre_tipo_comida\":\"Comida Mediterr\\u00e1nea\"},{\"restaurante_id\":\"180\",\"nombre_restaurante\":\"Mas Food Lovers\",\"latitud\":\"41.389375\",\"longitud\":\"2.133711\",\"direccion\":\"Avinguda Diagonal 557, Barcelona\",\"telefono\":\"673626116\",\"pagina_web\":\"http:\\\/\\\/www.masfoodlovers.com\",\"tipo_comida_outlist\":\"\",\"descripcion_oferta\":\"Coca ib\\u00e9rica con trufa + 2 bebidas.\",\"precio_oferta\":\"14.90\",\"enlace_oferta\":\"\",\"imagen_oferta\":\"https:\\\/\\\/foodieblackweek.com\\\/barcelona\\\/wp-content\\\/uploads\\\/ImagenesClientes\\\/2025\\\/10\\\/coca-pernil.jpeg\",\"eix_comercial_id\":\"7\",\"tipo_comida_id\":\"28\",\"rango_precios\":\"15-30\",\"tipo_establecimiento_id\":\"1\",\"prioridad_vision\":\"0\",\"nombre_eix_comercial\":\"Barcelona - Les Corts\",\"nombre_tipo_comida\":\"Gourmet\"},{\"restaurante_id\":\"179\",\"nombre_restaurante\":\"Keanu Izakaya Bar\",\"latitud\":\"41.394507\",\"longitud\":\"2.154203\",\"direccion\":\"Carrer de Par\\u00eds 209, Barcelona\",\"telefono\":\"614172221\",\"pagina_web\":\"http:\\\/\\\/keanubar.com\",\"tipo_comida_outlist\":\"\",\"descripcion_oferta\":\"Keanu Roll Salm\\u00f3n 4uds.\\r\\nHotate roll de vieira 4uds.\\r\\nNigiris de salm\\u00f3n ,salm\\u00f3n aburi, lubina y anguila.\\r\\nCoctel Keanu Picante (tequila Patr\\u00f3n Silver, Ancho Reyes, Lima, Cordial de cilantro, agave y chili).\",\"precio_oferta\":\"22.00\",\"enlace_oferta\":\"\",\"imagen_oferta\":\"https:\\\/\\\/foodieblackweek.com\\\/barcelona\\\/wp-content\\\/uploads\\\/ImagenesClientes\\\/2025\\\/09\\\/Screenshot-2025-09-30-at-20.24.39.png\",\"eix_comercial_id\":\"3\",\"tipo_comida_id\":\"5\",\"rango_precios\":\"30-60\",\"tipo_establecimiento_id\":\"1\",\"prioridad_vision\":\"0\",\"nombre_eix_comercial\":\"Barcelona - Cor Eixample\",\"nombre_tipo_comida\":\"Comida Japonesa\"},{\"restaurante_id\":\"177\",\"nombre_restaurante\":\"id\\u00edl\\u00b7lic restaurant\",\"latitud\":\"41.452273\",\"longitud\":\"2.21029\",\"direccion\":\"Passeig de Jaume Gordi, 4, 08921 Santa Coloma de Gramenet, Barcelona\",\"telefono\":\"933869802\",\"pagina_web\":\"http:\\\/\\\/idillic.restaurant\",\"tipo_comida_outlist\":\"\",\"descripcion_oferta\":\"Gaudeix d\\\\'un 10% de descompte al nostre men\\u00fa Degustaci\\u00f3.\",\"precio_oferta\":\"0.00\",\"enlace_oferta\":\"\",\"imagen_oferta\":\"https:\\\/\\\/foodieblackweek.com\\\/barcelona\\\/wp-content\\\/uploads\\\/ImagenesClientes\\\/2025\\\/09\\\/14_IDILLIC_MSA_5482.jpg\",\"eix_comercial_id\":\"55\",\"tipo_comida_id\":\"23\",\"rango_precios\":\"15-30\",\"tipo_establecimiento_id\":\"1\",\"prioridad_vision\":\"0\",\"nombre_eix_comercial\":\"Santa Coloma de Gramenet\",\"nombre_tipo_comida\":\"Comida Mediterr\\u00e1nea\"},{\"restaurante_id\":\"176\",\"nombre_restaurante\":\"Nara restaurant\",\"latitud\":\"41.452101\",\"longitud\":\"2.210168\",\"direccion\":\"Passeig del Mossen Jaume Gordi 4, Santa Coloma de Gramenet\",\"telefono\":\"933852010\",\"pagina_web\":\"https:\\\/\\\/t.mtrbio.com\\\/nara-restaurant\",\"tipo_comida_outlist\":\"\",\"descripcion_oferta\":\"Gaudeix del nostre men\\u00fa Hola, Sushi!!! amb un descompte del 10%.\",\"precio_oferta\":\"25.20\",\"enlace_oferta\":\"\",\"imagen_oferta\":\"https:\\\/\\\/static.metricool.com\\\/common\\\/202505\\\/1932826-mtr_8491983628366654007-thumbnail.jpg\",\"eix_comercial_id\":\"55\",\"tipo_comida_id\":\"5\",\"rango_precios\":\"15-30\",\"tipo_establecimiento_id\":\"1\",\"prioridad_vision\":\"0\",\"nombre_eix_comercial\":\"Santa Coloma de Gramenet\",\"nombre_tipo_comida\":\"Comida Japonesa\"},{\"restaurante_id\":\"175\",\"nombre_restaurante\":\"superclassic\",\"latitud\":\"41.381865\",\"longitud\":\"2.169909\",\"direccion\":\"Carrer Floristes de la Rambla, Barcelona\",\"telefono\":\"933212375\",\"pagina_web\":\"https:\\\/\\\/www.thefork.es\\\/restaurante\\\/superclassic-r814521#booking=\",\"tipo_comida_outlist\":\"\",\"descripcion_oferta\":\"2 cocteles de carta.\",\"precio_oferta\":\"10.00\",\"enlace_oferta\":\"\",\"imagen_oferta\":\"https:\\\/\\\/foodieblackweek.com\\\/barcelona\\\/wp-content\\\/uploads\\\/2025\\\/10\\\/superclassic.png\",\"eix_comercial_id\":\"24\",\"tipo_comida_id\":\"17\",\"rango_precios\":\"15-30\",\"tipo_establecimiento_id\":\"1\",\"prioridad_vision\":\"0\",\"nombre_eix_comercial\":\"Barcelona - Ciutat Vella\",\"nombre_tipo_comida\":\"Comida Espa\\u00f1ola\"},{\"restaurante_id\":\"173\",\"nombre_restaurante\":\"La Cuina de La Loli\",\"latitud\":\"41.450751\",\"longitud\":\"2.217594\",\"direccion\":\"Carrer Dalmau 16, Santa Coloma de Gramenet\",\"telefono\":\"636486105\",\"pagina_web\":\"https:\\\/\\\/lacuinadelaloli.es\\\/\",\"tipo_comida_outlist\":\"\",\"descripcion_oferta\":\"S\\u00e1bado noche . Men\\u00fa pica-pica: Ensalada de langostinos crujientes con salsa Xat\\u00f3, Plato de paletilla ib\\u00e9rica con pan de coca con tomate, Patatas bravas, Calamar de anzuelo a la andaluza, Almejas gallegas a la marinera. Postre de la casa y Una bebida por persona: agua, refrescos, cerveza, copa de vino blanco, copa de vino tinto o copa de cava.\",\"precio_oferta\":\"28.00\",\"enlace_oferta\":\"\",\"imagen_oferta\":\"https:\\\/\\\/lacuinadelaloli.es\\\/wp-content\\\/uploads\\\/2024\\\/01\\\/PHOTO-2023-10-04-17-48-52-1536x864.jpg\",\"eix_comercial_id\":\"55\",\"tipo_comida_id\":\"23\",\"rango_precios\":\"15-30\",\"tipo_establecimiento_id\":\"1\",\"prioridad_vision\":\"0\",\"nombre_eix_comercial\":\"Santa Coloma de Gramenet\",\"nombre_tipo_comida\":\"Comida Mediterr\\u00e1nea\"},{\"restaurante_id\":\"171\",\"nombre_restaurante\":\"El Volador\",\"latitud\":\"41.399278\",\"longitud\":\"2.145487\",\"direccion\":\"Carrer Aribau 265\",\"telefono\":\"931161457\",\"pagina_web\":\"http:\\\/\\\/www.elvolador.es\",\"tipo_comida_outlist\":\"\",\"descripcion_oferta\":\"Un viaje gastron\\u00f3mico del sur al centro de M\\u00e9xico, donde abra un recorrido sensorial de tus sentidos ! Esta promoci\\u00f3n incluye cocteles margarita de cortes\\u00eda.\",\"precio_oferta\":\"45.00\",\"enlace_oferta\":\"\",\"imagen_oferta\":\"https:\\\/\\\/cdn.prod.website-files.com\\\/6369419874465b279d6db01e\\\/655f7ec535593682b818b8b2_tacos-carnitas.webp\",\"eix_comercial_id\":\"19\",\"tipo_comida_id\":\"4\",\"rango_precios\":\"30-60\",\"tipo_establecimiento_id\":\"1\",\"prioridad_vision\":\"0\",\"nombre_eix_comercial\":\"Barcelona - Sant Gervasi\",\"nombre_tipo_comida\":\"Comida Mexicana\"},{\"restaurante_id\":\"170\",\"nombre_restaurante\":\"Vi\\u00f1als1906\",\"latitud\":\"41.38968\",\"longitud\":\"2.135454\",\"direccion\":\"Av. Diagonal, 557, Les Corts, 08029 Barcelona\",\"telefono\":\"931582267\",\"pagina_web\":\"https:\\\/\\\/store.vinals1906.com\\\/restaurante\\\/\",\"tipo_comida_outlist\":\"\",\"descripcion_oferta\":\"Entrante de Bao de papada con mayonesa de kimchi. Para seguir un Chulet\\u00f3n de ternera de La Cerdanya con 20 d\\u00edas de maduraci\\u00f3n. Acaba con un Helado o Brownie de chocolate. Pan, agua y copa de vino.\",\"precio_oferta\":\"39.00\",\"enlace_oferta\":\"\",\"imagen_oferta\":\"https:\\\/\\\/www.vinals1906.com\\\/wp-content\\\/uploads\\\/2025\\\/09\\\/TBONE-V1906-4.jpg\",\"eix_comercial_id\":\"7\",\"tipo_comida_id\":\"26\",\"rango_precios\":\"30-60\",\"tipo_establecimiento_id\":\"1\",\"prioridad_vision\":\"0\",\"nombre_eix_comercial\":\"Barcelona - Les Corts\",\"nombre_tipo_comida\":\"Braser\\u00eda\"},{\"restaurante_id\":\"169\",\"nombre_restaurante\":\"Ahorita Vuelvo\",\"latitud\":\"41.403296\",\"longitud\":\"2.13399\",\"direccion\":\"Carrer de Mandri 34, Barcelona\",\"telefono\":\"610871861\",\"pagina_web\":\"http:\\\/\\\/www.ahoritavuelvo.com\",\"tipo_comida_outlist\":\"\",\"descripcion_oferta\":\"ENTRANTES: Tlayuda Ahorita Vuelvo (L.): Totopo King Size con cama de frijoles, queso gratinado, chorizo, crema de aguacate, nata agria, col, rabanitos, jalape\\u00f1o fresco, tomate verde y brotes de cilantro. Guacamole fresco (L.) \\ud83c\\udf36: Base de aguacate, cebolla, ajo, cilantro, tomate cherry y chile fresco. Palomitas (P. H. CG. )\\ud83c\\udf36: Camarones rebozados con crujiente de ma\\u00edz, acompa\\u00f1ados con salsa picosita de mango y chipotle. PRINCIPALES: Tacos al pastor: Cerdo marinado en adobo de chiles y especias, hecho al carb\\u00f3n con cebolla, cilantro y pi\\u00f1a. Tacos suadero: Deliciosa ternera confitada en su propia grasa con un toque de lim\\u00f3n, cilantro y cebolla. Tacos de arrachera con foie (L.) Tiras de arrachera de vacuno marinada y hecha al carb\\u00f3n acompa\\u00f1adas de exquisito foie. POSTRES: Pastel de elote (L. H. FS.): Ligero y esponjoso bizcocho de ma\\u00edz acompa\\u00f1ado de helado de almendra tostada. Churros (L. H. CG.): Churros calientes con salsa para ba\\u00f1ar a elegir entre chocolate blanco, chocolate con avellanas o dulce de leche.\",\"precio_oferta\":\"35.00\",\"enlace_oferta\":\"\",\"imagen_oferta\":\"https:\\\/\\\/foodie.deostudio.com\\\/wp-content\\\/uploads\\\/2024\\\/05\\\/foodie-giny-transparente.gif\",\"eix_comercial_id\":\"19\",\"tipo_comida_id\":\"4\",\"rango_precios\":\"15-30\",\"tipo_establecimiento_id\":\"1\",\"prioridad_vision\":\"0\",\"nombre_eix_comercial\":\"Barcelona - Sant Gervasi\",\"nombre_tipo_comida\":\"Comida Mexicana\"},{\"restaurante_id\":\"164\",\"nombre_restaurante\":\"Tapes Barcelona Restaurant\",\"latitud\":\"41.380986\",\"longitud\":\"2.180452\",\"direccion\":\"Carrer Ample 46, Barcelona\",\"telefono\":\"933152260\",\"pagina_web\":\"http:\\\/\\\/www.tapasbarcelona.es\",\"tipo_comida_outlist\":\"\",\"descripcion_oferta\":\"\\ud83d\\udd25 Men\\u00fa Hamburguesa Brasa \\ud83d\\udd25 \\ud83c\\udf54 Hamburguesa 100% vacuno a la brasa de piedras, con bacon crujiente y queso fundido \\ud83c\\udf5f Patatas caseras \\ud83e\\udd64 Bebida incluida \\ud83d\\udc49 Todo\",\"precio_oferta\":\"14.50\",\"enlace_oferta\":\"https:\\\/\\\/posts.gle\\\/jrNRSwpEzqpGzLAf7?g_st=ac\",\"imagen_oferta\":\"https:\\\/\\\/tapasbarcelona.es\\\/wp-content\\\/uploads\\\/2023\\\/12\\\/home4-info-box-image-3-c.jpg\",\"eix_comercial_id\":\"23\",\"tipo_comida_id\":\"17\",\"rango_precios\":\"15-30\",\"tipo_establecimiento_id\":\"1\",\"prioridad_vision\":\"0\",\"nombre_eix_comercial\":\"Barcelona - Gotic\",\"nombre_tipo_comida\":\"Comida Espa\\u00f1ola\"},{\"restaurante_id\":\"163\",\"nombre_restaurante\":\"MON VIET\",\"latitud\":\"41.379154\",\"longitud\":\"2.157327\",\"direccion\":\"Carrer Sep\\u00falveda, 94\",\"telefono\":\"931936079\",\"pagina_web\":\"http:\\\/\\\/www.monvietbcn.com\",\"tipo_comida_outlist\":\"\",\"descripcion_oferta\":\"LAS BRAVAS GANADORAS - Vi\\u00eat bravas ganadoras del Bravas Fest 2025 y panceta de cerdo caramelizada.\",\"precio_oferta\":\"17.50\",\"enlace_oferta\":\"\",\"imagen_oferta\":\"https:\\\/\\\/foodieblackweek.com\\\/barcelona\\\/wp-content\\\/uploads\\\/2025\\\/10\\\/bravas.png\",\"eix_comercial_id\":\"18\",\"tipo_comida_id\":\"13\",\"rango_precios\":\"15-30\",\"tipo_establecimiento_id\":\"1\",\"prioridad_vision\":\"0\",\"nombre_eix_comercial\":\"Barcelona - Sant Antoni\",\"nombre_tipo_comida\":\"Comida Vietnamita\"},{\"restaurante_id\":\"162\",\"nombre_restaurante\":\"EL TRIBUT\",\"latitud\":\"41.388639\",\"longitud\":\"2.201181\",\"direccion\":\"Moll de Gregal, Barcelona\",\"telefono\":\"696972178\",\"pagina_web\":\"http:\\\/\\\/www.eltribut.com\",\"tipo_comida_outlist\":\"\",\"descripcion_oferta\":\"MENU FOODIE BLACK WEEK. Semana del 27.10 AL 02.11. Aperitivo Entrantes a compartir (1rac. c\\\/4 personas): Montadito Matrimonio de boquer\\u00f3n fresco con crema de anchoas de la Escala y salsa romesco. Tiradito acevichado de cola de gamba langostinera con crema de aguacate. Bu\\u00f1uelos de bacalao con emulsi\\u00f3n de ajo negro. Burrata de La Puglia con boniato al horno, miel caliente, ralladura de lima, almendras tostadas y escamas de sal. Segundo (a elegir una opci\\u00f3n)* Arroz min. 2pax: Arroz con cola de gamba, mejillones y calamar con fumet de marisco (con gamba roja de costa de gran calibre +16,00 \\u20ac) o Arroz de El Tribut de butifarras esparracadas con perol gratinado, alioli de almendras y caldo de miso o Arroz de hortalizas con alcachofas confitadas, esp\\u00e1rragos verdes, bimi, maitake y caldo vegetal. Postre (a elegir una opci\\u00f3n): Flan de Dulce de Leche y crujiente de barquillo o Helado de El Tribut de avellanas, chocolate, tomillo y agua de mar. Bebidas incluidas: Aguas Minerales, 1 copa de vino por persona vinos Bodega El Tribut O 1 refresco o Zumo o Cerveza con o sin alcohol -- CONDICIONES \\u2022 VALIDO SEMANA DE 27.10.25 AL 02.11.25 (De lunes a viernes todo el d\\u00eda) \\u2022 Con reserva previa \\u2022 MEN\\u00da M\\u00cdNIMO PARA 2 PAX Y MESA COMPLETA.\",\"precio_oferta\":\"45.00\",\"enlace_oferta\":\"\",\"imagen_oferta\":\"https:\\\/\\\/eltribut.com\\\/wp-content\\\/uploads\\\/2024\\\/09\\\/eltribut-309.jpg\",\"eix_comercial_id\":\"20\",\"tipo_comida_id\":\"23\",\"rango_precios\":\"30-60\",\"tipo_establecimiento_id\":\"1\",\"prioridad_vision\":\"0\",\"nombre_eix_comercial\":\"Barcelona - Sant Mart\\u00ed\",\"nombre_tipo_comida\":\"Comida Mediterr\\u00e1nea\"},{\"restaurante_id\":\"151\",\"nombre_restaurante\":\"My Way\",\"latitud\":\"41.38088\",\"longitud\":\"2.175429\",\"direccion\":\"Carrer de les Heures 4-10, Barcelona\",\"telefono\":\"934125279\",\"pagina_web\":\"https:\\\/\\\/restaurantemyway.com\\\/es\",\"tipo_comida_outlist\":\"\",\"descripcion_oferta\":\"Un men\\u00fa que lo tiene todo. Entrante, paella o lenguado + postre + bebida y para disfrutar un c\\u00f3ctel de autor (3 opciones a elegir). Bacard\\u00ed Mojito, Porn Star Martini \\u00f3 Pi\\u00f1a colada sin alcohol. Sabores mediterr\\u00e1neos y una experiencia con estilo.\",\"precio_oferta\":\"26.50\",\"enlace_oferta\":\"\",\"imagen_oferta\":\"https:\\\/\\\/foodieblackweek.com\\\/barcelona\\\/wp-content\\\/uploads\\\/ImagenesClientes\\\/2025\\\/09\\\/15-MyWay_Interiors_03-2024_by_WitekPhotography.jpg\",\"eix_comercial_id\":\"23\",\"tipo_comida_id\":\"23\",\"rango_precios\":\"15-30\",\"tipo_establecimiento_id\":\"1\",\"prioridad_vision\":\"0\",\"nombre_eix_comercial\":\"Barcelona - Gotic\",\"nombre_tipo_comida\":\"Comida Mediterr\\u00e1nea\"},{\"restaurante_id\":\"147\",\"nombre_restaurante\":\"Rossini\",\"latitud\":\"41.379902\",\"longitud\":\"2.175852\",\"direccion\":\"Pl. Reial, 13, 08002 Barcelona\",\"telefono\":\"933435809\",\"pagina_web\":\"https:\\\/\\\/restauranterossini.com\\\/es\",\"tipo_comida_outlist\":\"\",\"descripcion_oferta\":\"Celebra la Foodie Black Week con nuestro men\\u00fa especial: Pizza o Pasta + Postre + Bebida !Y SI, EL COCTEL VA INCLUIDO! 3 opciones a elegir: Bacard\\u00ed Mojito, Martini Fiero Spritz \\u00f3 San Francisco (sin alcohol). Men\\u00fa con previa reserva comentando #FoodieBlackWeek y sujeto a disponibilidad.\",\"precio_oferta\":\"19.90\",\"enlace_oferta\":\"\",\"imagen_oferta\":\"https:\\\/\\\/restauranterossini.com\\\/assets\\\/home\\\/home-01.webp\",\"eix_comercial_id\":\"23\",\"tipo_comida_id\":\"3\",\"rango_precios\":\"15-30\",\"tipo_establecimiento_id\":\"1\",\"prioridad_vision\":\"0\",\"nombre_eix_comercial\":\"Barcelona - Gotic\",\"nombre_tipo_comida\":\"Comida Italiana\"},{\"restaurante_id\":\"144\",\"nombre_restaurante\":\"Gilda by Belgious\",\"latitud\":\"41.38094\",\"longitud\":\"2.180228\",\"direccion\":\"Carrer Ample, 34-38, Ciutat Vella, 08002 Barcelona\",\"telefono\":\"933103492\",\"pagina_web\":\"https:\\\/\\\/gildabybelgious.com\\\/\",\"tipo_comida_outlist\":\"\",\"descripcion_oferta\":\"2 ca\\u00f1itas de cerveza Belga V E D E T T \\u00a1gratis! Por la consumici\\u00f3n de unas bravas Gilda! #TapaBrava #GildabyBelgious.\",\"precio_oferta\":\"7.60\",\"enlace_oferta\":\"\",\"imagen_oferta\":\"https:\\\/\\\/gildabybelgious.com\\\/wp-content\\\/uploads\\\/2024\\\/02\\\/Captura-de-pantalla-2024-02-14-164910-1.png\",\"eix_comercial_id\":\"23\",\"tipo_comida_id\":\"17\",\"rango_precios\":\"30-60\",\"tipo_establecimiento_id\":\"1\",\"prioridad_vision\":\"0\",\"nombre_eix_comercial\":\"Barcelona - Gotic\",\"nombre_tipo_comida\":\"Comida Espa\\u00f1ola\"},{\"restaurante_id\":\"143\",\"nombre_restaurante\":\"La Burguesa (fleming)\",\"latitud\":\"41.395035\",\"longitud\":\"2.134294\",\"direccion\":\"C. del Dr. Fleming, 25, Local 5, Distrito de Sarri\\u00e0-Sant Gervasi, 08017 Barcelona\",\"telefono\":\"937441001\",\"pagina_web\":\"https:\\\/\\\/www.laburguesa.es\\\/\",\"tipo_comida_outlist\":\"\",\"descripcion_oferta\":\"Hamburguesa Smokey (doble smash burger con cheddar, bacon ahumado, aros de cebolla y nuestra smokey mayo) acompa\\u00f1ado con patatas fritas caseras y refresco. \\u00a1Nuestro bestseller en versi\\u00f3n completa!\",\"precio_oferta\":\"16.00\",\"enlace_oferta\":\"\",\"imagen_oferta\":\"https:\\\/\\\/foodieblackweek.com\\\/barcelona\\\/wp-content\\\/uploads\\\/2025\\\/10\\\/Captura-de-pantalla-2025-10-02-102729.png\",\"eix_comercial_id\":\"21\",\"tipo_comida_id\":\"29\",\"rango_precios\":\"15-30\",\"tipo_establecimiento_id\":\"1\",\"prioridad_vision\":\"0\",\"nombre_eix_comercial\":\"Barcelona - Sarri\\u00e0\",\"nombre_tipo_comida\":\"Hamburgueser\\u00eda\"},{\"restaurante_id\":\"142\",\"nombre_restaurante\":\"La Burguesa (Splau)\",\"latitud\":\"41.347834\",\"longitud\":\"2.078351\",\"direccion\":\"Av. del Baix Llobregat, s\\\/n, 08940, Cornell\\u00e0 de Llobregat, Barcelona\",\"telefono\":\"934044525\",\"pagina_web\":\"https:\\\/\\\/www.laburguesa.es\\\/\",\"tipo_comida_outlist\":\"\",\"descripcion_oferta\":\"Hamburguesa Smokey (doble smash burger con cheddar, bacon ahumado, aros de cebolla y nuestra smokey mayo) acompa\\u00f1ado con patatas fritas caseras y refresco. \\u00a1Nuestro bestseller en versi\\u00f3n completa!\",\"precio_oferta\":\"16.00\",\"enlace_oferta\":\"\",\"imagen_oferta\":\"https:\\\/\\\/foodieblackweek.com\\\/barcelona\\\/wp-content\\\/uploads\\\/2025\\\/10\\\/Captura-de-pantalla-2025-10-02-102729.png\",\"eix_comercial_id\":\"33\",\"tipo_comida_id\":\"29\",\"rango_precios\":\"15-30\",\"tipo_establecimiento_id\":\"1\",\"prioridad_vision\":\"0\",\"nombre_eix_comercial\":\"Cornell\\u00e0 de Llobregat\",\"nombre_tipo_comida\":\"Hamburgueser\\u00eda\"},{\"restaurante_id\":\"141\",\"nombre_restaurante\":\"La Burguesa (diagonal mar)\",\"latitud\":\"41.40986\",\"longitud\":\"2.217049\",\"direccion\":\"Avinguda Diagonal 3, Barcelona\",\"telefono\":\"933563526\",\"pagina_web\":\"https:\\\/\\\/www.laburguesa.es\\\/\",\"tipo_comida_outlist\":\"\",\"descripcion_oferta\":\"Hamburguesa Smokey (doble smash burger con cheddar, bacon ahumado, aros de cebolla y nuestra smokey mayo) acompa\\u00f1ado con patatas fritas caseras y refresco. \\u00a1Nuestro bestseller en versi\\u00f3n completa!\",\"precio_oferta\":\"16.00\",\"enlace_oferta\":\"\",\"imagen_oferta\":\"https:\\\/\\\/foodieblackweek.com\\\/barcelona\\\/wp-content\\\/uploads\\\/2025\\\/10\\\/Captura-de-pantalla-2025-10-02-102729.png\",\"eix_comercial_id\":\"15\",\"tipo_comida_id\":\"29\",\"rango_precios\":\"15-30\",\"tipo_establecimiento_id\":\"1\",\"prioridad_vision\":\"0\",\"nombre_eix_comercial\":\"Barcelona - Poblenou\",\"nombre_tipo_comida\":\"Hamburgueser\\u00eda\"},{\"restaurante_id\":\"139\",\"nombre_restaurante\":\"La Burguesa (maquinista)\",\"latitud\":\"41.442754\",\"longitud\":\"2.20023\",\"direccion\":\"Carrer de Potos\\u00ed 2, Barcelona\",\"telefono\":\"933608893\",\"pagina_web\":\"https:\\\/\\\/www.laburguesa.es\\\/\",\"tipo_comida_outlist\":\"\",\"descripcion_oferta\":\"Hamburguesa Smokey (doble smash burger con cheddar, bacon ahumado, aros de cebolla y nuestra smokey mayo) acompa\\u00f1ado con patatas fritas caseras y refresco. \\u00a1Nuestro bestseller en versi\\u00f3n completa!\",\"precio_oferta\":\"16.00\",\"enlace_oferta\":\"\",\"imagen_oferta\":\"https:\\\/\\\/foodieblackweek.com\\\/barcelona\\\/wp-content\\\/uploads\\\/2025\\\/10\\\/Captura-de-pantalla-2025-10-02-102729.png\",\"eix_comercial_id\":\"6\",\"tipo_comida_id\":\"29\",\"rango_precios\":\"15-30\",\"tipo_establecimiento_id\":\"1\",\"prioridad_vision\":\"0\",\"nombre_eix_comercial\":\"Barcelona - Sant Andreu\",\"nombre_tipo_comida\":\"Hamburgueser\\u00eda\"},{\"restaurante_id\":\"137\",\"nombre_restaurante\":\"TAVERNA GAUDIR\",\"latitud\":\"41.451492\",\"longitud\":\"2.205692\",\"direccion\":\"Carrer del President Lluis Companys 3, Santa Coloma de Gramenet\",\"telefono\":\"932319216\",\"pagina_web\":\"http:\\\/\\\/tavernagaudir8.wordpress.com\",\"tipo_comida_outlist\":\"\",\"descripcion_oferta\":\"Men\\u00fa degustaci\\u00f3n con maridaje de 3 vinos.\",\"precio_oferta\":\"30.00\",\"enlace_oferta\":\"\",\"imagen_oferta\":\"https:\\\/\\\/foodieblackweek.com\\\/barcelona\\\/wp-content\\\/uploads\\\/2025\\\/10\\\/tavernaGaudir.png\",\"eix_comercial_id\":\"55\",\"tipo_comida_id\":\"23\",\"rango_precios\":\"15-30\",\"tipo_establecimiento_id\":\"1\",\"prioridad_vision\":\"0\",\"nombre_eix_comercial\":\"Santa Coloma de Gramenet\",\"nombre_tipo_comida\":\"Comida Mediterr\\u00e1nea\"},{\"restaurante_id\":\"136\",\"nombre_restaurante\":\"Collonut\",\"latitud\":\"41.306335\",\"longitud\":\"2.006499\",\"direccion\":\"Rambla de Maria Casas 82\",\"telefono\":\"930083079\",\"pagina_web\":\"http:\\\/\\\/www.collonut.com\\\/%20\",\"tipo_comida_outlist\":\"\",\"descripcion_oferta\":\"Ca\\u00f1a y torrada de sardina o panceta.\",\"precio_oferta\":\"5.00\",\"enlace_oferta\":\"\",\"imagen_oferta\":\"https:\\\/\\\/foodieblackweek.com\\\/barcelona\\\/wp-content\\\/uploads\\\/2025\\\/10\\\/Foodie-Black-Week-213x300.png\",\"eix_comercial_id\":\"37\",\"tipo_comida_id\":\"30\",\"rango_precios\":\"15-30\",\"tipo_establecimiento_id\":\"1\",\"prioridad_vision\":\"0\",\"nombre_eix_comercial\":\"Gav\\u00e0\",\"nombre_tipo_comida\":\"Tapas\"},{\"restaurante_id\":\"135\",\"nombre_restaurante\":\"Collonut\",\"latitud\":\"41.446903\",\"longitud\":\"2.241721\",\"direccion\":\"Carrer de Francesc Maci\\u00e0 41\",\"telefono\":\"930083079\",\"pagina_web\":\"http:\\\/\\\/www.collonut.com\\\/%20\",\"tipo_comida_outlist\":\"\",\"descripcion_oferta\":\"Ca\\u00f1a y torrada de sardina o panceta.\",\"precio_oferta\":\"5.00\",\"enlace_oferta\":\"\",\"imagen_oferta\":\"https:\\\/\\\/foodieblackweek.com\\\/barcelona\\\/wp-content\\\/uploads\\\/2025\\\/10\\\/Foodie-Black-Week-213x300.png\",\"eix_comercial_id\":\"25\",\"tipo_comida_id\":\"30\",\"rango_precios\":\"15-30\",\"tipo_establecimiento_id\":\"1\",\"prioridad_vision\":\"0\",\"nombre_eix_comercial\":\"Badalona\",\"nombre_tipo_comida\":\"Tapas\"},{\"restaurante_id\":\"134\",\"nombre_restaurante\":\"Collonut\",\"latitud\":\"41.432992\",\"longitud\":\"2.189394\",\"direccion\":\"Carrer Gran de Sant Andreu, 180\",\"telefono\":\"930083079\",\"pagina_web\":\"http:\\\/\\\/www.collonut.com\\\/%20\",\"tipo_comida_outlist\":\"\",\"descripcion_oferta\":\"Ca\\u00f1a y torrada de sardina o panceta.\",\"precio_oferta\":\"5.00\",\"enlace_oferta\":\"\",\"imagen_oferta\":\"https:\\\/\\\/foodieblackweek.com\\\/barcelona\\\/wp-content\\\/uploads\\\/2025\\\/10\\\/Foodie-Black-Week-213x300.png\",\"eix_comercial_id\":\"6\",\"tipo_comida_id\":\"30\",\"rango_precios\":\"15-30\",\"tipo_establecimiento_id\":\"1\",\"prioridad_vision\":\"0\",\"nombre_eix_comercial\":\"Barcelona - Sant Andreu\",\"nombre_tipo_comida\":\"Tapas\"},{\"restaurante_id\":\"133\",\"nombre_restaurante\":\"Collonut\",\"latitud\":\"41.393114\",\"longitud\":\"2.188555\",\"direccion\":\"Carrer de la Marina, 81\",\"telefono\":\"930083079\",\"pagina_web\":\"http:\\\/\\\/www.collonut.com\\\/%20\",\"tipo_comida_outlist\":\"\",\"descripcion_oferta\":\"Ca\\u00f1a y torrada de sardina o panceta.\",\"precio_oferta\":\"5.00\",\"enlace_oferta\":\"\",\"imagen_oferta\":\"https:\\\/\\\/foodieblackweek.com\\\/barcelona\\\/wp-content\\\/uploads\\\/2025\\\/10\\\/Foodie-Black-Week-213x300.png\",\"eix_comercial_id\":\"20\",\"tipo_comida_id\":\"30\",\"rango_precios\":\"15-30\",\"tipo_establecimiento_id\":\"1\",\"prioridad_vision\":\"0\",\"nombre_eix_comercial\":\"Barcelona - Sant Mart\\u00ed\",\"nombre_tipo_comida\":\"Tapas\"},{\"restaurante_id\":\"132\",\"nombre_restaurante\":\"Collonut\",\"latitud\":\"41.419694\",\"longitud\":\"2.183034\",\"direccion\":\"Carrer de Biscaia, 411\",\"telefono\":\"930083079\",\"pagina_web\":\"http:\\\/\\\/www.collonut.com\\\/%20\",\"tipo_comida_outlist\":\"\",\"descripcion_oferta\":\"Ca\\u00f1a y torrada de sardina o panceta.\",\"precio_oferta\":\"5.00\",\"enlace_oferta\":\"\",\"imagen_oferta\":\"https:\\\/\\\/foodieblackweek.com\\\/barcelona\\\/wp-content\\\/uploads\\\/2025\\\/10\\\/Foodie-Black-Week-213x300.png\",\"eix_comercial_id\":\"6\",\"tipo_comida_id\":\"30\",\"rango_precios\":\"15-30\",\"tipo_establecimiento_id\":\"1\",\"prioridad_vision\":\"0\",\"nombre_eix_comercial\":\"Barcelona - Sant Andreu\",\"nombre_tipo_comida\":\"Tapas\"},{\"restaurante_id\":\"129\",\"nombre_restaurante\":\"El Manolo\",\"latitud\":\"41.414859\",\"longitud\":\"2.194606\",\"direccion\":\"Carrer de Bac de Roda, Barcelona\",\"telefono\":\"646856919\",\"pagina_web\":\"http:\\\/\\\/elmanolo.bar\",\"tipo_comida_outlist\":\"\",\"descripcion_oferta\":\"2 St Germain Spritz de regalo unas bravas.\",\"precio_oferta\":\"0.00\",\"enlace_oferta\":\"\",\"imagen_oferta\":\"https:\\\/\\\/elmanolo.bar\\\/web\\\/wp-content\\\/uploads\\\/2021\\\/12\\\/fo_el_manolo_menu_x4.jpg\",\"eix_comercial_id\":\"20\",\"tipo_comida_id\":\"17\",\"rango_precios\":\"15-30\",\"tipo_establecimiento_id\":\"1\",\"prioridad_vision\":\"0\",\"nombre_eix_comercial\":\"Barcelona - Sant Mart\\u00ed\",\"nombre_tipo_comida\":\"Comida Espa\\u00f1ola\"},{\"restaurante_id\":\"127\",\"nombre_restaurante\":\"Dabutis gastro&bar\",\"latitud\":\"41.41644\",\"longitud\":\"2.174487\",\"direccion\":\"Calle Sant Quint\\u00ed, 134-136\",\"telefono\":\"935646237\",\"pagina_web\":\"http:\\\/\\\/Www.dabutis.es\",\"tipo_comida_outlist\":\"\",\"descripcion_oferta\":\"2x Martini Bianco Spritz con maridaje de Hummus estilo liban\\u00e9s + bravas Dabutis con salsa chipotle.\",\"precio_oferta\":\"18.00\",\"enlace_oferta\":\"\",\"imagen_oferta\":\"https:\\\/\\\/dabutis.es\\\/wp-content\\\/uploads\\\/2025\\\/02\\\/Dabutis-38-2048x1366.jpg\",\"eix_comercial_id\":\"2\",\"tipo_comida_id\":\"17\",\"rango_precios\":\"15-30\",\"tipo_establecimiento_id\":\"1\",\"prioridad_vision\":\"0\",\"nombre_eix_comercial\":\"Barcelona - Horta\",\"nombre_tipo_comida\":\"Comida Espa\\u00f1ola\"},{\"restaurante_id\":\"122\",\"nombre_restaurante\":\"Marta\\\\\\\\\\\\\\\\\\\\\\\\\\\\\\\\\\\\\\\\\\\\\\\\\\\\\\\\\\\\'s Lemon Pie\",\"latitud\":\"41.406127\",\"longitud\":\"2.138857\",\"direccion\":\"Carrer Balmes 387\",\"telefono\":\"692387067\",\"pagina_web\":\"https:\\\/\\\/www.martaslemonpie.com\\\/\",\"tipo_comida_outlist\":\"\",\"descripcion_oferta\":\"10% en las porciones de los pasteles de takeaway\",\"precio_oferta\":\"0.00\",\"enlace_oferta\":\"\",\"imagen_oferta\":\"https:\\\/\\\/www.martaslemonpie.com\\\/wp-content\\\/uploads\\\/2019\\\/07\\\/red_velvet_1.jpg\",\"eix_comercial_id\":\"19\",\"tipo_comida_id\":\"35\",\"rango_precios\":\"15-30\",\"tipo_establecimiento_id\":\"1\",\"prioridad_vision\":\"0\",\"nombre_eix_comercial\":\"Barcelona - Sant Gervasi\",\"nombre_tipo_comida\":\"Pasteler\\u00edas y dulces\"},{\"restaurante_id\":\"121\",\"nombre_restaurante\":\"Collonut\",\"latitud\":\"41.387978\",\"longitud\":\"2.141617\",\"direccion\":\"Carrer de Gelabert, 14\",\"telefono\":\"930083079\",\"pagina_web\":\"http:\\\/\\\/www.collonut.com\\\/%20\",\"tipo_comida_outlist\":\"\",\"descripcion_oferta\":\"Ca\\u00f1a y torrada de sardina o panceta.\",\"precio_oferta\":\"5.00\",\"enlace_oferta\":\"\",\"imagen_oferta\":\"https:\\\/\\\/foodieblackweek.com\\\/barcelona\\\/wp-content\\\/uploads\\\/2025\\\/10\\\/Foodie-Black-Week-213x300.png\",\"eix_comercial_id\":\"7\",\"tipo_comida_id\":\"30\",\"rango_precios\":\"15-30\",\"tipo_establecimiento_id\":\"1\",\"prioridad_vision\":\"0\",\"nombre_eix_comercial\":\"Barcelona - Les Corts\",\"nombre_tipo_comida\":\"Tapas\"},{\"restaurante_id\":\"120\",\"nombre_restaurante\":\"L\\\\\\\\\\\\\\\\\\\\\\\\\\\\\\\\\\\\\\\\\\\\\\\\\\\\\\\\\\\\'Olivera\",\"latitud\":\"41.405855\",\"longitud\":\"2.189309\",\"direccion\":\"Carrer dels Escultors Claper\\u00f3s 39, Barcelona\",\"telefono\":\"933981850\",\"pagina_web\":\"http:\\\/\\\/barolivera.com\",\"tipo_comida_outlist\":\"\",\"descripcion_oferta\":\"Lunes a Jueves: 2 ca\\u00f1as + raci\\u00f3n de bravas + pan con tomate (10\\u20ac, solo efectivo). Viernes a Domingo: 10% de descuento en nuestros bocadillos especiales.\",\"precio_oferta\":\"0.00\",\"enlace_oferta\":\"\",\"imagen_oferta\":\"https:\\\/\\\/barolivera.com\\\/wp-content\\\/uploads\\\/2023\\\/08\\\/MG_5871.jpg\",\"eix_comercial_id\":\"5\",\"tipo_comida_id\":\"17\",\"rango_precios\":\"15-30\",\"tipo_establecimiento_id\":\"1\",\"prioridad_vision\":\"0\",\"nombre_eix_comercial\":\"Barcelona - El Clot\",\"nombre_tipo_comida\":\"Comida Espa\\u00f1ola\"},{\"restaurante_id\":\"119\",\"nombre_restaurante\":\"La Bikini\",\"latitud\":\"41.376222\",\"longitud\":\"2.138591\",\"direccion\":\"Pla\\u00e7a d\\\\\\\\\\\\'Osca 8, Barcelona\",\"telefono\":\"696811183\",\"pagina_web\":\"https:\\\/\\\/www.instagram.com\\\/vermuteria_la_bikini\\\/?igsh=MXdmcjhqeWphdHN1OQ%3D%3D#\",\"tipo_comida_outlist\":\"\",\"descripcion_oferta\":\"Por la compra de 2 St.Germain y 1 bikini de jam\\u00f3n dulce y emmental gratis.\",\"precio_oferta\":\"16.00\",\"enlace_oferta\":\"\",\"imagen_oferta\":\"https:\\\/\\\/foodie.deostudio.com\\\/wp-content\\\/uploads\\\/2024\\\/05\\\/foodie-giny-transparente.gif\",\"eix_comercial_id\":\"1\",\"tipo_comida_id\":\"30\",\"rango_precios\":\"15-30\",\"tipo_establecimiento_id\":\"1\",\"prioridad_vision\":\"0\",\"nombre_eix_comercial\":\"Barcelona - Sants\",\"nombre_tipo_comida\":\"Tapas\"},{\"restaurante_id\":\"113\",\"nombre_restaurante\":\"La republica del taco\",\"latitud\":\"41.41292\",\"longitud\":\"2.17907\",\"direccion\":\"Carrer de Sant Quint\\u00ed, 30, Barcelona\",\"telefono\":\"931263299\",\"pagina_web\":\"http:\\\/\\\/Www.larepublicadeltaco.com\",\"tipo_comida_outlist\":\"\",\"descripcion_oferta\":\"Nachos individuales de la casa una orden de tacos a elegir.\",\"precio_oferta\":\"20.00\",\"enlace_oferta\":\"\",\"imagen_oferta\":\"https:\\\/\\\/foodie.deostudio.com\\\/wp-content\\\/uploads\\\/2024\\\/05\\\/foodie-giny-transparente.gif\",\"eix_comercial_id\":\"5\",\"tipo_comida_id\":\"4\",\"rango_precios\":\"15-30\",\"tipo_establecimiento_id\":\"1\",\"prioridad_vision\":\"0\",\"nombre_eix_comercial\":\"Barcelona - El Clot\",\"nombre_tipo_comida\":\"Comida Mexicana\"},{\"restaurante_id\":\"112\",\"nombre_restaurante\":\"Zafra Pizzeria Ristorante\",\"latitud\":\"41.39572\",\"longitud\":\"2.17038\",\"direccion\":\"Calle Girona, 84. bajos 2. 08009\",\"telefono\":\"670291750\",\"pagina_web\":\"http:\\\/\\\/zafrapizzeriaristorante.eatbu.com\",\"tipo_comida_outlist\":\"\",\"descripcion_oferta\":\"Consume 20,00 euros por persona, disfruta lo que mas te guste: una crujiente focaccia, la deliciosa lasa\\u00f1a, la pizza y te regalamos el mejor tiramis\\u00fa, suave y equilibrado hecho con la receta de la mamma.\",\"precio_oferta\":\"20.00\",\"enlace_oferta\":\"\",\"imagen_oferta\":\"https:\\\/\\\/cdn.website.dish.co\\\/media\\\/58\\\/c0\\\/9093574\\\/Zafra-Pizzeria-Ristorante-bea94089afbcd5a6488d4635-jpg.jpg\",\"eix_comercial_id\":\"3\",\"tipo_comida_id\":\"3\",\"rango_precios\":\"15-30\",\"tipo_establecimiento_id\":\"1\",\"prioridad_vision\":\"0\",\"nombre_eix_comercial\":\"Barcelona - Cor Eixample\",\"nombre_tipo_comida\":\"Comida Italiana\"},{\"restaurante_id\":\"111\",\"nombre_restaurante\":\"Natury\",\"latitud\":\"41.408488\",\"longitud\":\"2.188446\",\"direccion\":\"Carrer del Clot 69, Barcelona\",\"telefono\":\"693017269\",\"pagina_web\":\"http:\\\/\\\/Www.naturycakes.com\",\"tipo_comida_outlist\":\"\",\"descripcion_oferta\":\"Tostada de pan de semillas con tofu revuelto, r\\u00facula y cherrys + limonada casera+ cheesecake.\",\"precio_oferta\":\"15.70\",\"enlace_oferta\":\"\",\"imagen_oferta\":\"https:\\\/\\\/naturycakes.com\\\/wp-content\\\/uploads\\\/2025\\\/09\\\/upscalemedia-transformed-scaled-1.avif\",\"eix_comercial_id\":\"5\",\"tipo_comida_id\":\"31\",\"rango_precios\":\"15-30\",\"tipo_establecimiento_id\":\"1\",\"prioridad_vision\":\"0\",\"nombre_eix_comercial\":\"Barcelona - El Clot\",\"nombre_tipo_comida\":\"Brunch\"},{\"restaurante_id\":\"108\",\"nombre_restaurante\":\"Kynoto Sushi Bar\",\"latitud\":\"41.38155\",\"longitud\":\"2.179765\",\"direccion\":\"Carrer del Correu Vell 8, Barcelona\",\"telefono\":\"932682540\",\"pagina_web\":\"http:\\\/\\\/www.kynoto.com\",\"tipo_comida_outlist\":\"\",\"descripcion_oferta\":\"Men\\u00fa degustaci\\u00f3n para 2 personas. Entrante + principal + surtido sushi y sashimi + postre.\",\"precio_oferta\":\"25.00\",\"enlace_oferta\":\"\",\"imagen_oferta\":\"https:\\\/\\\/www.kynoto.com\\\/img-trans\\\/productos\\\/20374\\\/fotos\\\/1200-60e2e37421842-kynoto-sushi-bar.png\",\"eix_comercial_id\":\"23\",\"tipo_comida_id\":\"5\",\"rango_precios\":\"15-30\",\"tipo_establecimiento_id\":\"1\",\"prioridad_vision\":\"0\",\"nombre_eix_comercial\":\"Barcelona - Gotic\",\"nombre_tipo_comida\":\"Comida Japonesa\"},{\"restaurante_id\":\"105\",\"nombre_restaurante\":\"Tivoli 1940\",\"latitud\":\"41.398671\",\"longitud\":\"2.143342\",\"direccion\":\"Carrer de Muntaner 361, Barcelona\",\"telefono\":\"+34619277349\",\"pagina_web\":\"http:\\\/\\\/Tivoli1940barcelona.com\",\"tipo_comida_outlist\":\"\",\"descripcion_oferta\":\"Brioche de anchoa 00 con mantequilla.\",\"precio_oferta\":\"3.00\",\"enlace_oferta\":\"\",\"imagen_oferta\":\"https:\\\/\\\/foodie.deostudio.com\\\/wp-content\\\/uploads\\\/2024\\\/05\\\/foodie-giny-transparente.gif\",\"eix_comercial_id\":\"19\",\"tipo_comida_id\":\"23\",\"rango_precios\":\"30-60\",\"tipo_establecimiento_id\":\"1\",\"prioridad_vision\":\"0\",\"nombre_eix_comercial\":\"Barcelona - Sant Gervasi\",\"nombre_tipo_comida\":\"Comida Mediterr\\u00e1nea\"},{\"restaurante_id\":\"103\",\"nombre_restaurante\":\"IL PALATO\",\"latitud\":\"41.408989\",\"longitud\":\"2.188765\",\"direccion\":\"Carrer del Clot 100, Barcelona\",\"telefono\":\"665617235\",\"pagina_web\":\"https:\\\/\\\/ilpalatobcn.com\\\/\",\"tipo_comida_outlist\":\"\",\"descripcion_oferta\":\"APERITIVO PARA DOS PERSONAS! \\r\\nINCLUYE TABLA DE EMBUTIDOS Y QUESOS MAS DOS BEBIDAS A ELEGIR.\",\"precio_oferta\":\"20.00\",\"enlace_oferta\":\"\",\"imagen_oferta\":\"https:\\\/\\\/foodieblackweek.com\\\/barcelona\\\/wp-content\\\/uploads\\\/ImagenesClientes\\\/2025\\\/09\\\/LOGO-SIN-FONDO-BLANCO-2.png\",\"eix_comercial_id\":\"5\",\"tipo_comida_id\":\"3\",\"rango_precios\":\"15-30\",\"tipo_establecimiento_id\":\"1\",\"prioridad_vision\":\"0\",\"nombre_eix_comercial\":\"Barcelona - El Clot\",\"nombre_tipo_comida\":\"Comida Italiana\"},{\"restaurante_id\":\"102\",\"nombre_restaurante\":\"Sujor 2.0 cuina creativa\",\"latitud\":\"41.369233\",\"longitud\":\"2.075137\",\"direccion\":\"Carrer de John F. Kennedy, Sant Joan Desp\\u00ed\",\"telefono\":\"603849181\",\"pagina_web\":\"https:\\\/\\\/www.instagram.com\\\/sujorcuinacreativa\\\/?hl=es\",\"tipo_comida_outlist\":\"\",\"descripcion_oferta\":\"Men\\u00fa diario.\",\"precio_oferta\":\"13.90\",\"enlace_oferta\":\"http:\\\/\\\/Men\\u00fa%20finde%2020,90\",\"imagen_oferta\":\"https:\\\/\\\/foodie.deostudio.com\\\/wp-content\\\/uploads\\\/2024\\\/05\\\/foodie-giny-transparente.gif\",\"eix_comercial_id\":\"51\",\"tipo_comida_id\":\"23\",\"rango_precios\":\"15-30\",\"tipo_establecimiento_id\":\"1\",\"prioridad_vision\":\"0\",\"nombre_eix_comercial\":\"Sant Joan Desp\\u00ed\",\"nombre_tipo_comida\":\"Comida Mediterr\\u00e1nea\"},{\"restaurante_id\":\"100\",\"nombre_restaurante\":\"Celest\\u00fan - Cantina Mexicana\",\"latitud\":\"41.539834\",\"longitud\":\"2.447324\",\"direccion\":\"Carrer de Na Pau, Matar\\u00f3\",\"telefono\":\"930106617\",\"pagina_web\":\"https:\\\/\\\/www.instagram.com\\\/celestunmataro\\\/\",\"tipo_comida_outlist\":\"\",\"descripcion_oferta\":\"Menu Black Week \\r\\n\\r\\n- 1 Nachos Cantineros\\r\\n- 1 Taquiza degustaci\\u00f3n\\r\\n- 1 Quesabirrias (mejor taco con queso de Espa\\u00f1a 2023)\\r\\n- 2 bebidas (cerveza barril, agua o copa de vino).\",\"precio_oferta\":\"50.00\",\"enlace_oferta\":\"\",\"imagen_oferta\":\"https:\\\/\\\/foodieblackweek.com\\\/barcelona\\\/wp-content\\\/uploads\\\/ImagenesClientes\\\/2025\\\/09\\\/photoshoot_for_celestun__cantina_tropical_composition.jpg\",\"eix_comercial_id\":\"60\",\"tipo_comida_id\":\"4\",\"rango_precios\":\"15-30\",\"tipo_establecimiento_id\":\"1\",\"prioridad_vision\":\"0\",\"nombre_eix_comercial\":\"Maresme\",\"nombre_tipo_comida\":\"Comida Mexicana\"},{\"restaurante_id\":\"97\",\"nombre_restaurante\":\"LA TABARRA\",\"latitud\":\"41.424914\",\"longitud\":\"2.189838\",\"direccion\":\"C\\\/ Mossen Juliana, Pla\\u00e7a de Masadas, 45, 08027 Barcelona\",\"telefono\":\"639784467\",\"pagina_web\":\"http:\\\/\\\/laklaka.es\",\"tipo_comida_outlist\":\"\",\"descripcion_oferta\":\"Con la compra de DOS MARTINI BLANCO SPRITZ te regalamos unas bravas. Nuestras patatas son patatas baby asadas al horno, crujientes por fuera y tiernas por dentro, acompa\\u00f1adas de nuestra salsa chili-paprika ahumada con un toque de jalape\\u00f1o.\",\"precio_oferta\":\"11.00\",\"enlace_oferta\":\"\",\"imagen_oferta\":\"https:\\\/\\\/foodieblackweek.com\\\/barcelona\\\/wp-content\\\/uploads\\\/2025\\\/10\\\/la_tabarra_patatas_bravas_550x440-300x201.jpg\",\"eix_comercial_id\":\"6\",\"tipo_comida_id\":\"30\",\"rango_precios\":\"15-30\",\"tipo_establecimiento_id\":\"1\",\"prioridad_vision\":\"0\",\"nombre_eix_comercial\":\"Barcelona - Sant Andreu\",\"nombre_tipo_comida\":\"Tapas\"},{\"restaurante_id\":\"96\",\"nombre_restaurante\":\"LA KLAKA\",\"latitud\":\"41.424573\",\"longitud\":\"2.190123\",\"direccion\":\"Carrer de Coll 15, Barcelona\",\"telefono\":\"934816430\",\"pagina_web\":\"http:\\\/\\\/laklaka.es\",\"tipo_comida_outlist\":\"\",\"descripcion_oferta\":\"Per la compra de DOS MARTINI BIANCO SPRITZ, et regalem UNA RACI\\u00d3 DE BRAVES. Les nostres braves son de patata agria potxades en dos temps, amb salsa de tom\\u00e0quet fregit, pebrot vermell, ceba, xipotle, pebre vermell de la Vera, bitxo i allioli d\\\\'all confitat.\",\"precio_oferta\":\"11.00\",\"enlace_oferta\":\"\",\"imagen_oferta\":\"https:\\\/\\\/foodieblackweek.com\\\/barcelona\\\/wp-content\\\/uploads\\\/2025\\\/10\\\/PHOTO-2025-10-02-10-42-18.jpg\",\"eix_comercial_id\":\"6\",\"tipo_comida_id\":\"30\",\"rango_precios\":\"15-30\",\"tipo_establecimiento_id\":\"1\",\"prioridad_vision\":\"0\",\"nombre_eix_comercial\":\"Barcelona - Sant Andreu\",\"nombre_tipo_comida\":\"Tapas\"},{\"restaurante_id\":\"95\",\"nombre_restaurante\":\"Tariq\",\"latitud\":\"41.448035\",\"longitud\":\"2.240512\",\"direccion\":\"Carrer Baldomer Sol\\u00e0 3\",\"telefono\":\"682034862\",\"pagina_web\":\"http:\\\/\\\/www.tariqbadalona.es\",\"tipo_comida_outlist\":\"\",\"descripcion_oferta\":\"Descubre por 1 \\u20ac porqu\\u00e9 nuestras Indian Bravas y croquetas de Butter Chicken causan furor en Badalona. Solo las encontrar\\u00e1s en Tariq.\",\"precio_oferta\":\"1.00\",\"enlace_oferta\":\"\",\"imagen_oferta\":\"https:\\\/\\\/foodieblackweek.com\\\/barcelona\\\/wp-content\\\/uploads\\\/2025\\\/09\\\/tariq.jpg\",\"eix_comercial_id\":\"25\",\"tipo_comida_id\":\"6\",\"rango_precios\":\"30-60\",\"tipo_establecimiento_id\":\"1\",\"prioridad_vision\":\"0\",\"nombre_eix_comercial\":\"Badalona\",\"nombre_tipo_comida\":\"Comida India\"},{\"restaurante_id\":\"94\",\"nombre_restaurante\":\"Tragaldabas Restaurante\",\"latitud\":\"41.3855\",\"longitud\":\"2.15146\",\"direccion\":\"Calle Mallorca 96\",\"telefono\":\"607659404\",\"pagina_web\":\"http:\\\/\\\/www.tragaldabasrestaurante.com\",\"tipo_comida_outlist\":\"\",\"descripcion_oferta\":\"Nos gustar\\u00eda ofrecer el carpaccio de ventresca de at\\u00fan Bluefin con ponzu, pizarras, picadillo de cebolleta y tomate, yema curada y huevas de tobillo.\",\"precio_oferta\":\"26.00\",\"enlace_oferta\":\"\",\"imagen_oferta\":\"https:\\\/\\\/foodieblackweek.com\\\/barcelona\\\/wp-content\\\/uploads\\\/ImagenesClientes\\\/2025\\\/09\\\/Carpaccio-de-ventresca-de-atun.jpg\",\"eix_comercial_id\":\"3\",\"tipo_comida_id\":\"23\",\"rango_precios\":\"30-60\",\"tipo_establecimiento_id\":\"1\",\"prioridad_vision\":\"0\",\"nombre_eix_comercial\":\"Barcelona - Cor Eixample\",\"nombre_tipo_comida\":\"Comida Mediterr\\u00e1nea\"},{\"restaurante_id\":\"93\",\"nombre_restaurante\":\"ELSA Y FRED\",\"latitud\":\"41.389792\",\"longitud\":\"2.179785\",\"direccion\":\"Carrer del Rec Comtal 11, Barcelona\",\"telefono\":\"935016611\",\"pagina_web\":\"http:\\\/\\\/elsayfred.es\",\"tipo_comida_outlist\":\"\",\"descripcion_oferta\":\"Cocktail Paloma + Tapa.\",\"precio_oferta\":\"15.00\",\"enlace_oferta\":\"\",\"imagen_oferta\":\"https:\\\/\\\/www.elsayfred.es\\\/wp-content\\\/uploads\\\/2023\\\/07\\\/5.jpg\",\"eix_comercial_id\":\"24\",\"tipo_comida_id\":\"23\",\"rango_precios\":\"30-60\",\"tipo_establecimiento_id\":\"1\",\"prioridad_vision\":\"0\",\"nombre_eix_comercial\":\"Barcelona - Ciutat Vella\",\"nombre_tipo_comida\":\"Comida Mediterr\\u00e1nea\"},{\"restaurante_id\":\"92\",\"nombre_restaurante\":\"SOPHIE KAI\",\"latitud\":\"41.3897\",\"longitud\":\"2.17986\",\"direccion\":\"Rec Comtal, 12\",\"telefono\":\"938524050\",\"pagina_web\":\"http:\\\/\\\/sophie.barcelona\",\"tipo_comida_outlist\":\"\",\"descripcion_oferta\":\"Cocktail Paloma + Kimchi.\",\"precio_oferta\":\"15.00\",\"enlace_oferta\":\"\",\"imagen_oferta\":\"https:\\\/\\\/foodieblackweek.com\\\/barcelona\\\/wp-content\\\/uploads\\\/2025\\\/10\\\/sophieKai.png\",\"eix_comercial_id\":\"24\",\"tipo_comida_id\":\"5\",\"rango_precios\":\"30-60\",\"tipo_establecimiento_id\":\"1\",\"prioridad_vision\":\"0\",\"nombre_eix_comercial\":\"Barcelona - Ciutat Vella\",\"nombre_tipo_comida\":\"Comida Japonesa\"},{\"restaurante_id\":\"91\",\"nombre_restaurante\":\"PEPETA\",\"latitud\":\"41.40082\",\"longitud\":\"2.17215\",\"direccion\":\"N\\u00e1poles, 241\",\"telefono\":\"938804369\",\"pagina_web\":\"http:\\\/\\\/pepeta.barcelona\",\"tipo_comida_outlist\":\"\",\"descripcion_oferta\":\"Cocktail Paloma + Montadito.\",\"precio_oferta\":\"15.00\",\"enlace_oferta\":\"\",\"imagen_oferta\":\"https:\\\/\\\/www.pepeta.barcelona\\\/wp-content\\\/uploads\\\/2023\\\/09\\\/IMG_4396-1024x683.jpg\",\"eix_comercial_id\":\"17\",\"tipo_comida_id\":\"16\",\"rango_precios\":\"30-60\",\"tipo_establecimiento_id\":\"1\",\"prioridad_vision\":\"0\",\"nombre_eix_comercial\":\"Barcelona - Sagrada Fam\\u00edlia\",\"nombre_tipo_comida\":\"Comida Catalana\"},{\"restaurante_id\":\"90\",\"nombre_restaurante\":\"CASA LOLEA\",\"latitud\":\"41.388806\",\"longitud\":\"2.17719\",\"direccion\":\"Carrer de Sant Pere M\\u00e9s Alt 49, Barcelona\",\"telefono\":\"936241016\",\"pagina_web\":\"http:\\\/\\\/casalolea.com\",\"tipo_comida_outlist\":\"\",\"descripcion_oferta\":\"Cocktail Paloma + Montadito.\",\"precio_oferta\":\"15.00\",\"enlace_oferta\":\"\",\"imagen_oferta\":\"https:\\\/\\\/casalolea.com\\\/wp-content\\\/uploads\\\/2025\\\/08\\\/Casa-Lolea.jpg\",\"eix_comercial_id\":\"24\",\"tipo_comida_id\":\"16\",\"rango_precios\":\"30-60\",\"tipo_establecimiento_id\":\"1\",\"prioridad_vision\":\"0\",\"nombre_eix_comercial\":\"Barcelona - Ciutat Vella\",\"nombre_tipo_comida\":\"Comida Catalana\"},{\"restaurante_id\":\"89\",\"nombre_restaurante\":\"CAN FRAMIS\",\"latitud\":\"41.39126\",\"longitud\":\"2.17897\",\"direccion\":\"Carrer de Sancho d\\\\\\\\\\\\\\\\\\\\\\\\\\\\'Avila, Barcelona\",\"telefono\":\"931310393\",\"pagina_web\":\"http:\\\/\\\/canframis.com\",\"tipo_comida_outlist\":\"\",\"descripcion_oferta\":\"Cocktail Paloma + Montadito.\",\"precio_oferta\":\"15.00\",\"enlace_oferta\":\"\",\"imagen_oferta\":\"https:\\\/\\\/www.canframis.com\\\/wp-content\\\/uploads\\\/2023\\\/08\\\/3.png\",\"eix_comercial_id\":\"14\",\"tipo_comida_id\":\"16\",\"rango_precios\":\"30-60\",\"tipo_establecimiento_id\":\"1\",\"prioridad_vision\":\"0\",\"nombre_eix_comercial\":\"Barcelona - Nou Eixample\",\"nombre_tipo_comida\":\"Comida Catalana\"},{\"restaurante_id\":\"88\",\"nombre_restaurante\":\"CASA RAFOLS\",\"latitud\":\"41.391201\",\"longitud\":\"2.179262\",\"direccion\":\"Ronda de Sant Pere 74, Barcelona\",\"telefono\":\"936258200\",\"pagina_web\":\"http:\\\/\\\/casarafols.com\",\"tipo_comida_outlist\":\"\",\"descripcion_oferta\":\"Cocktail Paloma + Tapa.\",\"precio_oferta\":\"15.00\",\"enlace_oferta\":\"\",\"imagen_oferta\":\"https:\\\/\\\/foodieblackweek.com\\\/barcelona\\\/wp-content\\\/uploads\\\/2025\\\/10\\\/casaRafols.png\",\"eix_comercial_id\":\"14\",\"tipo_comida_id\":\"16\",\"rango_precios\":\"30-60\",\"tipo_establecimiento_id\":\"1\",\"prioridad_vision\":\"0\",\"nombre_eix_comercial\":\"Barcelona - Nou Eixample\",\"nombre_tipo_comida\":\"Comida Catalana\"},{\"restaurante_id\":\"87\",\"nombre_restaurante\":\"Ascent\",\"latitud\":\"41.3847\",\"longitud\":\"2.17466\",\"direccion\":\"Carrer dels Arcs, 10, Barcelona\",\"telefono\":\"933187066\",\"pagina_web\":\"https:\\\/\\\/www.ebocarestaurants.com\\\/restaurantes\\\/ascent\\\/\",\"tipo_comida_outlist\":\"\",\"descripcion_oferta\":\"Bravas Ascent + Vermut Martini.\",\"precio_oferta\":\"12.00\",\"enlace_oferta\":\"\",\"imagen_oferta\":\"https:\\\/\\\/foodieblackweek.com\\\/barcelona\\\/wp-content\\\/uploads\\\/ImagenesClientes\\\/2025\\\/09\\\/Ascent_Catalonia-90.jpg\",\"eix_comercial_id\":\"24\",\"tipo_comida_id\":\"16\",\"rango_precios\":\"15-30\",\"tipo_establecimiento_id\":\"1\",\"prioridad_vision\":\"0\",\"nombre_eix_comercial\":\"Barcelona - Ciutat Vella\",\"nombre_tipo_comida\":\"Comida Catalana\"},{\"restaurante_id\":\"84\",\"nombre_restaurante\":\"L\\u2019adresse\",\"latitud\":\"41.40896\",\"longitud\":\"2.21555\",\"direccion\":\"Carrer de Josep Pla 23\",\"telefono\":\"624128717\",\"pagina_web\":\"https:\\\/\\\/ladressebcn.com\\\/\",\"tipo_comida_outlist\":\"\",\"descripcion_oferta\":\"Un plato sushi 8u  Y 1 cocktail.\",\"precio_oferta\":\"20.00\",\"enlace_oferta\":\"\",\"imagen_oferta\":\"https:\\\/\\\/foodieblackweek.com\\\/barcelona\\\/wp-content\\\/uploads\\\/ImagenesClientes\\\/2025\\\/09\\\/IMG_3903.jpeg\",\"eix_comercial_id\":\"20\",\"tipo_comida_id\":\"33\",\"rango_precios\":\"15-30\",\"tipo_establecimiento_id\":\"1\",\"prioridad_vision\":\"0\",\"nombre_eix_comercial\":\"Barcelona - Sant Mart\\u00ed\",\"nombre_tipo_comida\":\"Fusi\\u00f3n\"},{\"restaurante_id\":\"83\",\"nombre_restaurante\":\"NEW YORK\",\"latitud\":\"41.42343\",\"longitud\":\"2.18187\",\"direccion\":\"Carrer de Garcilaso, 165, Sant Andreu, 08027 Barcelona\",\"telefono\":\"631195755\",\"pagina_web\":\"http:\\\/\\\/nexyorkbcn.com\",\"tipo_comida_outlist\":\"\",\"descripcion_oferta\":\"Disfruta de 2 Patr\\u00f3n Paloma con unas bravas de regalo\",\"precio_oferta\":\"0.00\",\"enlace_oferta\":\"\",\"imagen_oferta\":\"https:\\\/\\\/foodieblackweek.com\\\/barcelona\\\/wp-content\\\/uploads\\\/2025\\\/10\\\/newYorkBcn-150x150.png\",\"eix_comercial_id\":\"6\",\"tipo_comida_id\":\"17\",\"rango_precios\":\"15-30\",\"tipo_establecimiento_id\":\"1\",\"prioridad_vision\":\"0\",\"nombre_eix_comercial\":\"Barcelona - Sant Andreu\",\"nombre_tipo_comida\":\"Comida Espa\\u00f1ola\"},{\"restaurante_id\":\"82\",\"nombre_restaurante\":\"LA ESQUINICA\",\"latitud\":\"41.430494\",\"longitud\":\"2.171217\",\"direccion\":\"Passeig de Fabra i Puig 296, Barcelona\",\"telefono\":\"933582519\",\"pagina_web\":\"http:\\\/\\\/www.laesquinica.com\",\"tipo_comida_outlist\":\"\",\"descripcion_oferta\":\"Un vermut Martini (Rosso\\\/Bianco) y media raci\\u00f3n de bravas.\",\"precio_oferta\":\"5.00\",\"enlace_oferta\":\"\",\"imagen_oferta\":\"https:\\\/\\\/laesquinica.com\\\/wp-content\\\/uploads\\\/2015\\\/10\\\/brvas.jpg\",\"eix_comercial_id\":\"13\",\"tipo_comida_id\":\"30\",\"rango_precios\":\"15-30\",\"tipo_establecimiento_id\":\"1\",\"prioridad_vision\":\"0\",\"nombre_eix_comercial\":\"Barcelona - Nou Barris\",\"nombre_tipo_comida\":\"Tapas\"},{\"restaurante_id\":\"80\",\"nombre_restaurante\":\"V Modern Italian\",\"latitud\":\"41.47099\",\"longitud\":\"2.07798\",\"direccion\":\"Avinguda de Josep Anselm Clav\\u00e9, 2\",\"telefono\":\"626602385\",\"pagina_web\":\"http:\\\/\\\/www.v.restaurant\\\/santcugat\",\"tipo_comida_outlist\":\"\",\"descripcion_oferta\":\"Menu V: Pizza o pasta + antipasti + bebida + postre.\",\"precio_oferta\":\"14.90\",\"enlace_oferta\":\"https:\\\/\\\/www.instagram.com\\\/stories\\\/highlights\\\/17872723551070464\\\/\",\"imagen_oferta\":\"https:\\\/\\\/foodieblackweek.com\\\/barcelona\\\/wp-content\\\/uploads\\\/ImagenesClientes\\\/2025\\\/09\\\/AD-MENU-2025-V2.jpg\",\"eix_comercial_id\":\"49\",\"tipo_comida_id\":\"3\",\"rango_precios\":\"15-30\",\"tipo_establecimiento_id\":\"1\",\"prioridad_vision\":\"0\",\"nombre_eix_comercial\":\"Sant Cugat del Vall\\u00e8s\",\"nombre_tipo_comida\":\"Comida Italiana\"},{\"restaurante_id\":\"79\",\"nombre_restaurante\":\"Simult\\u00e1neo\",\"latitud\":\"0\",\"longitud\":\"0\",\"direccion\":\"Plaza Espa\\u00f1a, 6-8, 08014 Barcelona\",\"telefono\":\"934262600\",\"pagina_web\":\"http:\\\/\\\/www.simultaneoplaza.com\",\"tipo_comida_outlist\":\"\",\"descripcion_oferta\":\"BOTANITA + C\\u00d3CTEL: 12\\u20ac Homenaje a la gastronom\\u00eda mexicana. Elige una botanita de nuestro men\\u00fa especial Catrina y s\\u00famale una mezcalita o paloma a tu elecci\\u00f3n. Botanitas: tacos de cochinita pibil; quesadillas de pollo; burrito con queso Oaxaca (+3\\u20ac) o enchiladas de panceta con frijoles, queso y salsa\\u00a0de\\u00a0chile\\u00a0(+3\\u20ac).\",\"precio_oferta\":\"0.00\",\"enlace_oferta\":\"\",\"imagen_oferta\":\"https:\\\/\\\/foodieblackweek.com\\\/barcelona\\\/wp-content\\\/uploads\\\/2025\\\/09\\\/quesadilla.png\",\"eix_comercial_id\":\"4\",\"tipo_comida_id\":\"30\",\"rango_precios\":\"15-30\",\"tipo_establecimiento_id\":\"1\",\"prioridad_vision\":\"0\",\"nombre_eix_comercial\":\"Barcelona - Creu Coberta\",\"nombre_tipo_comida\":\"Tapas\"},{\"restaurante_id\":\"73\",\"nombre_restaurante\":\"Cervecer\\u00eda Conde Dr\\u00e1cula\",\"latitud\":\"41.441027\",\"longitud\":\"2.177271\",\"direccion\":\"Via J\\u00falia, Barcelona\",\"telefono\":\"933508289\",\"pagina_web\":\"http:\\\/\\\/www.cerveceriacondedracula.com\",\"tipo_comida_outlist\":\"\",\"descripcion_oferta\":\"Parrillada Pescado y Patr\\u00f3n Paloma Conde Dr\\u00e1cula Mediterraneo para 2 Personas.\",\"precio_oferta\":\"40.00\",\"enlace_oferta\":\"http:\\\/\\\/www.cerveceriacondedracula.com\",\"imagen_oferta\":\"https:\\\/\\\/foodieblackweek.com\\\/barcelona\\\/wp-content\\\/uploads\\\/ImagenesClientes\\\/2025\\\/09\\\/1000153713.jpg\",\"eix_comercial_id\":\"13\",\"tipo_comida_id\":\"23\",\"rango_precios\":\"15-30\",\"tipo_establecimiento_id\":\"1\",\"prioridad_vision\":\"0\",\"nombre_eix_comercial\":\"Barcelona - Nou Barris\",\"nombre_tipo_comida\":\"Comida Mediterr\\u00e1nea\"},{\"restaurante_id\":\"71\",\"nombre_restaurante\":\"Gran Viana\",\"latitud\":\"41.379855\",\"longitud\":\"2.176719\",\"direccion\":\"Carrer dels Escudellers 24, Barcelona\",\"telefono\":\"933485594\",\"pagina_web\":\"http:\\\/\\\/www.granvianabcn.com\",\"tipo_comida_outlist\":\"\",\"descripcion_oferta\":\"Men\\u00fa degustaci\\u00f3n completo por 39 \\u20ac e incluye pan, agua y caf\\u00e9. Comienza con un aperitivo de roll-on de mango, manzana y pepino con mostaza de miel y brotes de alfalfa. Como primeros platos para compartir, se ofrece jam\\u00f3n ib\\u00e9rico de bellota con pan con tomate, burrata con tomates cherry, guacamole y vinagreta de frutos secos, daditos de at\\u00fan marinados en soja con manzana y aguacate, y pulpo asado con gambas y ajada de piment\\u00f3n. En los segundos platos, se puede elegir entre meloso de ternera con alcachofa, pur\\u00e9 de boniato con canela y cebollitas confitadas; costilla de ternera Black Angus estilo barbacoa con parmentier de patatas y esp\\u00e1rragos trigueros a la parrilla (con suplemento de 5 euros); cochinillo crujiente con chutney de pera, pur\\u00e9 de patata, guisantes y cremoso de parmesano (suplemento de 5 euros); cordero a baja temperatura con tabul\\u00e9 y hummus; entrecot \\u201cCube Roll\\u201d de ternera argentina de 250 gramos con br\\u00f3coli, patatas y setas (suplemento de 5 euros); bacalao con salsa de naranja sanguina, manzana y chips de espinacas y yuca; paella del se\\u00f1oret; arroz cremoso \\u201cCarnaroli\\u201d con setas de temporada y foie; o linguine con pulpo, gambas, mejillones y calamarcitos con su tinta. En los postres se puede escoger entre tarta de queso al horno con crumble, coulis y helado de vainilla; tr\\u00edo de chocolates(a veces mejor que el sexo); torrija con helado de vainilla casero y salsa inglesa; o bicamis\\u00fa. El precio del men\\u00fa completo es de 39 euros e incluye pan, agua y caf\\u00e9.\",\"precio_oferta\":\"0.00\",\"enlace_oferta\":\"\",\"imagen_oferta\":\"https:\\\/\\\/www.granvianabcn.com\\\/wp-content\\\/uploads\\\/2025\\\/03\\\/Sin-titulo-1_0000_P8190002-2.jpg\",\"eix_comercial_id\":\"23\",\"tipo_comida_id\":\"17\",\"rango_precios\":\"30-60\",\"tipo_establecimiento_id\":\"1\",\"prioridad_vision\":\"0\",\"nombre_eix_comercial\":\"Barcelona - Gotic\",\"nombre_tipo_comida\":\"Comida Espa\\u00f1ola\"},{\"restaurante_id\":\"70\",\"nombre_restaurante\":\"Louro\",\"latitud\":\"41.3792\",\"longitud\":\"2.17482\",\"direccion\":\"Rambla del Caputxins 37, Principal\",\"telefono\":\"937308280\",\"pagina_web\":\"http:\\\/\\\/www.lourocgb.com\",\"tipo_comida_outlist\":\"\",\"descripcion_oferta\":\"20% de descuento en cuenta\",\"precio_oferta\":\"0.00\",\"enlace_oferta\":\"\",\"imagen_oferta\":\"https:\\\/\\\/www.lourocgb.com\\\/wp-content\\\/uploads\\\/2023\\\/12\\\/restaurante-gallego-barcelona-louro-3.jpeg\",\"eix_comercial_id\":\"24\",\"tipo_comida_id\":\"37\",\"rango_precios\":\"30-60\",\"tipo_establecimiento_id\":\"1\",\"prioridad_vision\":\"0\",\"nombre_eix_comercial\":\"Barcelona - Ciutat Vella\",\"nombre_tipo_comida\":\"Otras\"},{\"restaurante_id\":\"69\",\"nombre_restaurante\":\"Cera 23\",\"latitud\":\"41.378854\",\"longitud\":\"2.166243\",\"direccion\":\"Carrer de la Cera 23, Barcelona\",\"telefono\":\"934420808\",\"pagina_web\":\"http:\\\/\\\/www.cera23.com\",\"tipo_comida_outlist\":\"\",\"descripcion_oferta\":\"Ofrecemos 20% de descuento en cuenta\",\"precio_oferta\":\"0.00\",\"enlace_oferta\":\"\",\"imagen_oferta\":\"https:\\\/\\\/www.cera23.com\\\/wp-content\\\/uploads\\\/2023\\\/12\\\/restaurante-fusion-barcelona-cera-23-4.jpg\",\"eix_comercial_id\":\"24\",\"tipo_comida_id\":\"17\",\"rango_precios\":\"30-60\",\"tipo_establecimiento_id\":\"1\",\"prioridad_vision\":\"0\",\"nombre_eix_comercial\":\"Barcelona - Ciutat Vella\",\"nombre_tipo_comida\":\"Comida Espa\\u00f1ola\"},{\"restaurante_id\":\"66\",\"nombre_restaurante\":\"Arume\",\"latitud\":\"41.378915\",\"longitud\":\"2.165918\",\"direccion\":\"Carrer d\\\\\\\\\\\\\\\\\\\\\\\\\\\\'En Botella 13, Barcelona\",\"telefono\":\"933154872\",\"pagina_web\":\"http:\\\/\\\/www.arumerestaurant.com\",\"tipo_comida_outlist\":\"\",\"descripcion_oferta\":\"El men\\u00fa degustaci\\u00f3n por 29\\u20ac\\\/persona. Tostas de sardina ahumada con crema de queso de cebreiro y mermelada de tomate y albahaca. Vieiras con crema de ma\\u00edz, trufa, crujiente de pan y brisura de trufa negra. Canelones de berenjena asada, bechamel de San Sim\\u00f3n, arroz salvaje frito, pesto y ajada gallega. Paella de marisco \\u00f3 Paella de pato (a escoger). Postre: Bicamis\\u00fa. Incluye agua y pan.\",\"precio_oferta\":\"0.00\",\"enlace_oferta\":\"\",\"imagen_oferta\":\"https:\\\/\\\/foodieblackweek.com\\\/barcelona\\\/wp-content\\\/uploads\\\/ImagenesClientes\\\/2025\\\/09\\\/P2151180.jpg\",\"eix_comercial_id\":\"24\",\"tipo_comida_id\":\"17\",\"rango_precios\":\"30-60\",\"tipo_establecimiento_id\":\"1\",\"prioridad_vision\":\"0\",\"nombre_eix_comercial\":\"Barcelona - Ciutat Vella\",\"nombre_tipo_comida\":\"Comida Espa\\u00f1ola\"},{\"restaurante_id\":\"65\",\"nombre_restaurante\":\"Contempo Gastrobar\",\"latitud\":\"41.38636\",\"longitud\":\"2.16551\",\"direccion\":\"Dentro Hotel Catalonia, Carrer de Bergara, Pl. de Catalunya, 9, 08002 Barcelona\",\"telefono\":\"933015151\",\"pagina_web\":\"https:\\\/\\\/www.ebocarestaurants.com\\\/restaurantes\\\/contempo-gastrobar\\\/\",\"tipo_comida_outlist\":\"\",\"descripcion_oferta\":\"Canel\\u00f3n de Pollo de Pay\\u00e9s con Trufa y Copa de vino tinto Raimat Vol d'\\u00c0nima Ecol\\u00f3gico DOP Pened\\u00e8s \\u00c0nec Mut.\",\"precio_oferta\":\"15.00\",\"enlace_oferta\":\"\",\"imagen_oferta\":\"https:\\\/\\\/foodieblackweek.com\\\/barcelona\\\/wp-content\\\/uploads\\\/ImagenesClientes\\\/2025\\\/09\\\/Contempo_Mayo_2025-62.jpg\",\"eix_comercial_id\":\"14\",\"tipo_comida_id\":\"30\",\"rango_precios\":\"15-30\",\"tipo_establecimiento_id\":\"1\",\"prioridad_vision\":\"0\",\"nombre_eix_comercial\":\"Barcelona - Nou Eixample\",\"nombre_tipo_comida\":\"Tapas\"},{\"restaurante_id\":\"60\",\"nombre_restaurante\":\"La Canija\",\"latitud\":\"41.26649\",\"longitud\":\"1.97099\",\"direccion\":\"Pg. Mar\\u00edtim, 214, 08860 Castelldefels, Barcelona\",\"telefono\":\"930239756\",\"pagina_web\":\"http:\\\/\\\/www.lacanija.es\",\"tipo_comida_outlist\":\"\",\"descripcion_oferta\":\"Men\\u00fa Degustaci\\u00f3n Black Canija. Degustaci\\u00f3n para compartir de nuestras platos m\\u00e1s especiales y de nuevos inventos de nuestra cocina. Se incluir\\u00e1 un postre de locos tambi\\u00e9n para compartir. M\\u00ednimo para 2 personas. Una bebida por persona.\",\"precio_oferta\":\"35.00\",\"enlace_oferta\":\"\",\"imagen_oferta\":\"https:\\\/\\\/foodie.deostudio.com\\\/wp-content\\\/uploads\\\/2024\\\/05\\\/foodie-giny-transparente.gif\",\"eix_comercial_id\":\"30\",\"tipo_comida_id\":\"17\",\"rango_precios\":\"30-60\",\"tipo_establecimiento_id\":\"1\",\"prioridad_vision\":\"0\",\"nombre_eix_comercial\":\"Castelldefels\",\"nombre_tipo_comida\":\"Comida Espa\\u00f1ola\"},{\"restaurante_id\":\"59\",\"nombre_restaurante\":\"La tasca punk\",\"latitud\":\"41.451021\",\"longitud\":\"2.225769\",\"direccion\":\"Avinguda de Lloreda 33, Badalona\",\"telefono\":\"933976917\",\"pagina_web\":\"http:\\\/\\\/latascapunk.com\",\"tipo_comida_outlist\":\"\",\"descripcion_oferta\":\"Gyozas de osobuco estofado al vino tinto con su salsa especial  + copa de cerveza o vino.\",\"precio_oferta\":\"8.50\",\"enlace_oferta\":\"\",\"imagen_oferta\":\"https:\\\/\\\/foodieblackweek.com\\\/barcelona\\\/wp-content\\\/uploads\\\/ImagenesClientes\\\/2025\\\/09\\\/IMG_5775.jpeg\",\"eix_comercial_id\":\"25\",\"tipo_comida_id\":\"37\",\"rango_precios\":\"15-30\",\"tipo_establecimiento_id\":\"1\",\"prioridad_vision\":\"0\",\"nombre_eix_comercial\":\"Badalona\",\"nombre_tipo_comida\":\"Otras\"},{\"restaurante_id\":\"3\",\"nombre_restaurante\":\"BPM BAR EIXAMPLE\",\"latitud\":\"41.38437\",\"longitud\":\"2.153939\",\"direccion\":\"Calle de Arag\\u00f3n, 127, Eixample, 08015 Barcelona\",\"telefono\":\"650323165\",\"pagina_web\":\"http:\\\/\\\/bpmbar.es\",\"tipo_comida_outlist\":\"\",\"descripcion_oferta\":\"ST GERMAIN SPRITZ 9\\u20ac. BOMBAY SAPHIRE & TONIC 9\\u20ac. PATRON PALOMA 14\\u20ac. ESPRESSO GREY GOOSE 14\\u20ac.\",\"precio_oferta\":\"0.00\",\"enlace_oferta\":\"\",\"imagen_oferta\":\"https:\\\/\\\/foodie.deostudio.com\\\/wp-content\\\/uploads\\\/2024\\\/05\\\/foodie-giny-transparente.gif\",\"eix_comercial_id\":\"14\",\"tipo_comida_id\":\"17\",\"rango_precios\":\"15-30\",\"tipo_establecimiento_id\":\"1\",\"prioridad_vision\":\"0\",\"nombre_eix_comercial\":\"Barcelona - Nou Eixample\",\"nombre_tipo_comida\":\"Comida Espa\\u00f1ola\"},{\"restaurante_id\":\"109\",\"nombre_restaurante\":\"Bar Mono\",\"latitud\":\"41.38246\",\"longitud\":\"2.174359\",\"direccion\":\"Pla\\u00e7a de Sant Josep Oriol, 4, Barcelona\",\"telefono\":\"689963437\",\"pagina_web\":\"http:\\\/\\\/www.barmono.es\",\"tipo_comida_outlist\":\"\",\"descripcion_oferta\":null,\"precio_oferta\":null,\"enlace_oferta\":null,\"imagen_oferta\":null,\"eix_comercial_id\":\"23\",\"tipo_comida_id\":\"16\",\"rango_precios\":\"30-60\",\"tipo_establecimiento_id\":\"1\",\"prioridad_vision\":\"0\",\"nombre_eix_comercial\":\"Barcelona - Gotic\",\"nombre_tipo_comida\":\"Comida Catalana\"},{\"restaurante_id\":\"101\",\"nombre_restaurante\":\"Neo bistro\",\"latitud\":\"41.392613\",\"longitud\":\"2.15356\",\"direccion\":\"Carrer d\\\\\\\\\\\\'Aribau 151, Barcelona\",\"telefono\":\"+34722265138\",\"pagina_web\":\"https:\\\/\\\/www.neobistro.es\\\/es\",\"tipo_comida_outlist\":\"\",\"descripcion_oferta\":null,\"precio_oferta\":null,\"enlace_oferta\":null,\"imagen_oferta\":null,\"eix_comercial_id\":\"3\",\"tipo_comida_id\":\"23\",\"rango_precios\":\"30-60\",\"tipo_establecimiento_id\":\"1\",\"prioridad_vision\":\"0\",\"nombre_eix_comercial\":\"Barcelona - Cor Eixample\",\"nombre_tipo_comida\":\"Comida Mediterr\\u00e1nea\"}];\n\n\/\/ Mostrar todos los resultados en consola al cargar el mapa\nconsole.log(\"Todos los resultados del mapa:\", properties);\n\nasync function initMap() {\n    \/\/ Importar clases de la API de Google Maps\n    const {\n        Map\n    } = await google.maps.importLibrary(\"maps\");\n    const {\n        AdvancedMarkerElement\n    } = await google.maps.importLibrary(\"marker\");\n\n    \/\/ Centro inicial (Madrid, por ejemplo)\n    const center = {\n        lat: 41.3874,\n        lng: 2.1686\n    };\n\n    \/\/ Crear mapa\n    map = new Map(document.getElementById('map'), {\n        zoom: 11,\n        mapId: \"63c2e3b5f83810ef\",\n        center: center,\n        streetViewControl: false,\n        mapTypeControl: false,\n        clickableIcons: false\n    });\n\n    \/\/ Al hacer clic en el mapa, cierra el overlay (si existe)\n    map.addListener('click', () => {\n        if (currentOverlay) {\n            currentOverlay.setMap(null);\n            currentOverlay = null;\n        }\n        \/\/ map.setZoom(14);\n    });\n\n    \/\/ Cargar y mostrar todos los restaurantes\n    actualizarMapa(properties);\n}\n\ndocument.getElementById('barrio').addEventListener('change', FiltroListener);\ndocument.getElementById('tipo_comida').addEventListener('change', FiltroListener);\ndocument.getElementById('rango_precio').addEventListener('change', FiltroListener);\n\n\/\/ [NUEVO] Variables\/elementos para autocompletado\nconst autocompleteResults = document.getElementById('autocomplete-results');\ndocument.getElementById('buscador').addEventListener('input', onBuscarInput);\n\n\/**\n * Genera las sugerencias de autocompletado en base al input (nombre del restaurante).\n *\/\nfunction onBuscarInput(e) {\n    const valor = e.target.value.toLowerCase();\n\n    \/\/ Limpia el contenedor de sugerencias cada vez\n    autocompleteResults.innerHTML = '';\n    autocompleteResults.style.display = 'none';\n\n    \/\/ Si no hay texto, no mostramos nada y llamamos a filtrar\n    if (!valor) {\n        aplicarFiltros();\n        return;\n    }\n    aplicarFiltros();\n\n    \/\/ Tomamos de tu array \"properties\" solo el nombre_restaurante\n    \/\/ y buscamos coincidencias con lo que escribe el usuario\n    const coincidencias = properties\n        .map(r => r.nombre_restaurante) \/\/ sacamos solo el nombre\n        .filter(nombre => nombre.toLowerCase().includes(valor));\n\n    \/\/ Quitamos duplicados\n    const unicos = [...new Set(coincidencias)];\n\n    \/\/ con esto de aqui abajo creamos un boton para eliminar el texto que se selecciona en el input\n    const closeBtn = document.createElement('button');\n    closeBtn.type = 'button';\n    closeBtn.className = 'close';\n    closeBtn.innerHTML = '<span aria-hidden=\"true\">&times;<\/span>';\n    closeBtn.addEventListener('click', () => {\n        document.getElementById('buscador').value = '';\n        aplicarFiltros();\n        closeBtn.parentNode.removeChild(closeBtn);\n    });\n\n    \/\/ Agregamos el evento de input al input de b\u00fasqueda\n    document.getElementById('buscador').addEventListener('input', () => {\n        \/\/ console.log('Evento input disparado');\n        if (document.getElementById('buscador').value.length > 0) {\n            if (!document.getElementById('buscador').parentNode.querySelector('.close')) {\n                document.getElementById('buscador').parentNode.appendChild(closeBtn);\n            }\n        } else {\n            closeBtn.parentNode.removeChild(closeBtn);\n        }\n    });\n\n    \/\/ Si hay coincidencias, las mostramos\n    if (unicos.length > 0) {\n        autocompleteResults.style.display = 'block';\n\n        \/\/ Mostramos m\u00e1ximo 10 sugerencias\n        unicos.slice(0, 10).forEach(nombre => {\n            const item = document.createElement('div');\n            item.textContent = nombre;\n            item.classList.add('autocomplete-item');\n\n            \/\/ Al hacer clic en una sugerencia:\n            item.addEventListener('click', () => {\n                \/\/ Rellenamos el input\n                document.getElementById('buscador').value = nombre;\n                \/\/ Ocultamos sugerencias\n                autocompleteResults.innerHTML = '';\n                autocompleteResults.style.display = 'none';\n                \/\/ Filtramos con ese nombre\n                aplicarFiltros();\n                if (!document.getElementById('buscador').parentNode.querySelector('.close')) {\n                    document.getElementById('buscador').parentNode.appendChild(closeBtn);\n                }\n            });\n            autocompleteResults.appendChild(item);\n        });\n    }\n}\n<\/script>\n\n\n\n<script src=\"https:\/\/cdn.jsdelivr.net\/npm\/bootstrap@5.3.3\/dist\/js\/bootstrap.bundle.min.js\"><\/script>\n\nNombre del restaurante completoTIPO DE COMIDA\u20ac\u20ac\u20ac\u20acDirecci\u00f3n completa del restaurante, 08008, Barcelona93 450 93 23P\u00e1gina webDos tapas y dos ca\u00f1as por 7\u20acHOTELESOCIO\u00bfEres restaurador?La semana de la restauraci\u00f3n, hoteles y ocio, con m\u00e1s ofertas, promociones y regalos jam\u00e1s vivida en Barcelona, \u00bfte lo vas a perder?Participar es totalmente GRATIS.<\/p>\n","protected":false},"author":1,"featured_media":0,"parent":0,"menu_order":0,"comment_status":"closed","ping_status":"closed","template":"","meta":{"_et_pb_use_builder":"on","_et_pb_old_content":"","_et_gb_content_width":"","slim_seo":{"title":"Restaurantes - FOODIE BLACK WEEK - BARCELONA","description":"Nombre del restaurante completo TIPO DE COMIDA \u20ac\u20ac\u20ac\u20ac Direcci\u00f3n completa del restaurante, 08008, Barcelona 93 450 93 23 P\u00e1gina web Dos tapas y dos ca\u00f1as por 7\u20ac HO"},"footnotes":""},"class_list":["post-945","page","type-page","status-publish","hentry"],"_links":{"self":[{"href":"https:\/\/foodieblackweek.com\/barcelona\/wp-json\/wp\/v2\/pages\/945","targetHints":{"allow":["GET"]}}],"collection":[{"href":"https:\/\/foodieblackweek.com\/barcelona\/wp-json\/wp\/v2\/pages"}],"about":[{"href":"https:\/\/foodieblackweek.com\/barcelona\/wp-json\/wp\/v2\/types\/page"}],"author":[{"embeddable":true,"href":"https:\/\/foodieblackweek.com\/barcelona\/wp-json\/wp\/v2\/users\/1"}],"replies":[{"embeddable":true,"href":"https:\/\/foodieblackweek.com\/barcelona\/wp-json\/wp\/v2\/comments?post=945"}],"version-history":[{"count":77,"href":"https:\/\/foodieblackweek.com\/barcelona\/wp-json\/wp\/v2\/pages\/945\/revisions"}],"predecessor-version":[{"id":2866,"href":"https:\/\/foodieblackweek.com\/barcelona\/wp-json\/wp\/v2\/pages\/945\/revisions\/2866"}],"wp:attachment":[{"href":"https:\/\/foodieblackweek.com\/barcelona\/wp-json\/wp\/v2\/media?parent=945"}],"curies":[{"name":"wp","href":"https:\/\/api.w.org\/{rel}","templated":true}]}}