{"id":828,"date":"2024-06-27T12:53:42","date_gmt":"2024-06-27T10:53:42","guid":{"rendered":"https:\/\/foodie.deostudio.com\/?page_id=828"},"modified":"2025-09-04T09:44:45","modified_gmt":"2025-09-04T07:44:45","slug":"correo-verificado","status":"publish","type":"page","link":"https:\/\/foodieblackweek.com\/barcelona\/correo-verificado\/","title":{"rendered":"Correo verificado"},"content":{"rendered":"<p>[et_pb_section fb_built=\u00bb1&#8243; _builder_version=\u00bb4.25.1&#8243; _module_preset=\u00bbdefault\u00bb background_color=\u00bbRGBA(255,255,255,0)\u00bb background_enable_image=\u00bboff\u00bb background_video_mp4=\u00bbhttps:\/\/foodie.deostudio.com\/wp-content\/uploads\/2024\/06\/hoteles-foodie-black-week.mp4&#8243; custom_margin=\u00bb0px||-1%||false|false\u00bb custom_padding=\u00bb0px||0px||false|false\u00bb da_disable_devices=\u00bboff|off|off\u00bb global_colors_info=\u00bb{}\u00bb da_is_popup=\u00bboff\u00bb da_exit_intent=\u00bboff\u00bb da_has_close=\u00bbon\u00bb da_alt_close=\u00bboff\u00bb da_dark_close=\u00bboff\u00bb da_not_modal=\u00bbon\u00bb da_is_singular=\u00bboff\u00bb da_with_loader=\u00bboff\u00bb da_has_shadow=\u00bbon\u00bb][et_pb_row column_structure=\u00bb2_5,3_5&#8243; _builder_version=\u00bb4.25.1&#8243; _module_preset=\u00bbdefault\u00bb width=\u00bb55%\u00bb custom_margin_tablet=\u00bb\u00bb custom_margin_phone=\u00bb|||0px|false|false\u00bb custom_margin_last_edited=\u00bbon|desktop\u00bb custom_padding=\u00bb|||0px|false|false\u00bb link_option_url=\u00bb\/foodie-black-week\u00bb global_colors_info=\u00bb{}\u00bb][et_pb_column type=\u00bb2_5&#8243; _builder_version=\u00bb4.25.1&#8243; _module_preset=\u00bbdefault\u00bb custom_padding_tablet=\u00bb\u00bb custom_padding_phone=\u00bb|||15%|false|false\u00bb custom_padding_last_edited=\u00bbon|phone\u00bb global_colors_info=\u00bb{}\u00bb][et_pb_image src=\u00bbhttps:\/\/foodie.deostudio.com\/wp-content\/uploads\/2024\/06\/foodie-black-week-24-white-gif.gif\u00bb alt=\u00bbfoodie-black-week-24-white-gif\u00bb title_text=\u00bbfoodie-black-week-24-white-gif\u00bb _builder_version=\u00bb4.25.1&#8243; _module_preset=\u00bbdefault\u00bb width=\u00bb50%\u00bb custom_margin=\u00bb0px||||false|false\u00bb custom_padding=\u00bb0px||||false|false\u00bb global_colors_info=\u00bb{}\u00bb][\/et_pb_image][\/et_pb_column][et_pb_column type=\u00bb3_5&#8243; _builder_version=\u00bb4.25.1&#8243; _module_preset=\u00bbdefault\u00bb global_colors_info=\u00bb{}\u00bb][\/et_pb_column][\/et_pb_row][\/et_pb_section][et_pb_section fb_built=\u00bb1&#8243; _builder_version=\u00bb4.25.1&#8243; _module_preset=\u00bbdefault\u00bb background_color=\u00bb#FF0099&#8243; custom_margin=\u00bb-22px||0px||false|false\u00bb custom_padding=\u00bb0px||0px||false|false\u00bb da_disable_devices=\u00bboff|off|off\u00bb global_colors_info=\u00bb{}\u00bb da_is_popup=\u00bboff\u00bb da_exit_intent=\u00bboff\u00bb da_has_close=\u00bbon\u00bb da_alt_close=\u00bboff\u00bb da_dark_close=\u00bboff\u00bb da_not_modal=\u00bbon\u00bb da_is_singular=\u00bboff\u00bb da_with_loader=\u00bboff\u00bb da_has_shadow=\u00bbon\u00bb][et_pb_row _builder_version=\u00bb4.25.1&#8243; _module_preset=\u00bbdefault\u00bb width=\u00bb100%\u00bb max_width=\u00bb90%\u00bb custom_margin=\u00bb1%||1%||false|false\u00bb custom_padding=\u00bb0px||0px||false|false\u00bb global_colors_info=\u00bb{}\u00bb][et_pb_column type=\u00bb4_4&#8243; _builder_version=\u00bb4.25.1&#8243; _module_preset=\u00bbdefault\u00bb global_colors_info=\u00bb{}\u00bb][et_pb_slider show_arrows=\u00bboff\u00bb show_pagination=\u00bboff\u00bb _builder_version=\u00bb4.25.1&#8243; _module_preset=\u00bbdefault\u00bb header_font=\u00bb&#8211;et_global_heading_font|300|||||||\u00bb header_text_color=\u00bb#FFFFFF\u00bb header_font_size=\u00bb53px\u00bb custom_margin=\u00bb||0px||false|false\u00bb custom_margin_tablet=\u00bb0px||0px||false|false\u00bb custom_margin_phone=\u00bb1%||0px||false|false\u00bb custom_margin_last_edited=\u00bbon|phone\u00bb custom_padding=\u00bb1%||1%||false|false\u00bb auto=\u00bbon\u00bb auto_speed=\u00bb4000&#8243; header_font_size_tablet=\u00bb53px\u00bb header_font_size_phone=\u00bb23px\u00bb header_font_size_last_edited=\u00bbon|phone\u00bb border_color_all=\u00bbRGBA(255,255,255,0)\u00bb global_colors_info=\u00bb{}\u00bb][et_pb_slide heading=\u00bbCorreo verificado con \u00e9xito\u00bb _builder_version=\u00bb4.25.1&#8243; _module_preset=\u00bbdefault\u00bb header_font=\u00bbagenda-light|300|||||||\u00bb header_font_size=\u00bb41px\u00bb body_font=\u00bb|300|||||||\u00bb global_colors_info=\u00bb{}\u00bb sticky_transition=\u00bbon\u00bb][\/et_pb_slide][\/et_pb_slider][\/et_pb_column][\/et_pb_row][\/et_pb_section][et_pb_section fb_built=\u00bb1&#8243; _builder_version=\u00bb4.25.1&#8243; _module_preset=\u00bbdefault\u00bb background_color=\u00bbRGBA(224,216,201,0.47)\u00bb custom_margin=\u00bb-1%||||false|false\u00bb custom_padding=\u00bb0px||54px||false|false\u00bb da_disable_devices=\u00bboff|off|off\u00bb global_colors_info=\u00bb{}\u00bb background__hover_enabled=\u00bbon|desktop\u00bb da_is_popup=\u00bboff\u00bb da_exit_intent=\u00bboff\u00bb da_has_close=\u00bbon\u00bb da_alt_close=\u00bboff\u00bb da_dark_close=\u00bboff\u00bb da_not_modal=\u00bbon\u00bb da_is_singular=\u00bboff\u00bb da_with_loader=\u00bboff\u00bb da_has_shadow=\u00bbon\u00bb][et_pb_row _builder_version=\u00bb4.25.1&#8243; _module_preset=\u00bbdefault\u00bb global_colors_info=\u00bb{}\u00bb][et_pb_column type=\u00bb4_4&#8243; _builder_version=\u00bb4.25.1&#8243; _module_preset=\u00bbdefault\u00bb global_colors_info=\u00bb{}\u00bb][et_pb_text _builder_version=\u00bb4.25.1&#8243; _module_preset=\u00bbdefault\u00bb text_font=\u00bbagendablack||||||||\u00bb text_text_color=\u00bb#FF0099&#8243; text_font_size=\u00bb66px\u00bb text_line_height=\u00bb1.4em\u00bb text_orientation=\u00bbcenter\u00bb custom_margin=\u00bb||0.9%||false|false\u00bb text_font_size_tablet=\u00bb66px\u00bb text_font_size_phone=\u00bb50px\u00bb text_font_size_last_edited=\u00bbon|phone\u00bb text_line_height_tablet=\u00bb1.4em\u00bb text_line_height_phone=\u00bb1.2em\u00bb text_line_height_last_edited=\u00bbon|phone\u00bb global_colors_info=\u00bb{}\u00bb]<\/p>\n<p>\u00a1Felicidades!<\/p>\n<p>[\/et_pb_text][et_pb_text _builder_version=\u00bb4.25.1&#8243; _module_preset=\u00bbdefault\u00bb text_font=\u00bbagenda-light||||||||\u00bb text_font_size=\u00bb21px\u00bb text_line_height=\u00bb1.5em\u00bb global_colors_info=\u00bb{}\u00bb]<\/p>\n<p style=\"text-align: center;\">Has completado tu registro con \u00e9xito y te has inscrito al evento. <\/p>\n<p>[\/et_pb_text][et_pb_text _builder_version=\u00bb4.25.1&#8243; _module_preset=\u00bbdefault\u00bb text_font=\u00bbagenda-light||||||||\u00bb text_font_size=\u00bb21px\u00bb text_line_height=\u00bb1.5em\u00bb global_colors_info=\u00bb{}\u00bb]<\/p>\n<p style=\"text-align: center;\">Recibir\u00e1s un correo cuando tu oferta est\u00e9 subida a la web.<\/p>\n<p>[\/et_pb_text][et_pb_text _builder_version=\u00bb4.25.1&#8243; _module_preset=\u00bbdefault\u00bb text_orientation=\u00bbcenter\u00bb global_colors_info=\u00bb{}\u00bb]<\/p>\n<h1>\u00a1Bienvenid@ y nos vemos pronto!<\/h1>\n<p>[\/et_pb_text][\/et_pb_column][\/et_pb_row][\/et_pb_section][et_pb_section fb_built=\u00bb1&#8243; admin_label=\u00bbSection\u00bb _builder_version=\u00bb4.25.1&#8243; _module_preset=\u00bbdefault\u00bb da_disable_devices=\u00bboff|off|off\u00bb global_module=\u00bb907&#8243; saved_tabs=\u00bball\u00bb global_colors_info=\u00bb{}\u00bb da_is_popup=\u00bboff\u00bb da_exit_intent=\u00bboff\u00bb da_has_close=\u00bbon\u00bb da_alt_close=\u00bboff\u00bb da_dark_close=\u00bboff\u00bb da_not_modal=\u00bbon\u00bb da_is_singular=\u00bboff\u00bb da_with_loader=\u00bboff\u00bb da_has_shadow=\u00bbon\u00bb][et_pb_row disabled_on=\u00bboff|off|off\u00bb _builder_version=\u00bb4.27.4&#8243; _module_preset=\u00bbdefault\u00bb global_colors_info=\u00bb{}\u00bb][et_pb_column type=\u00bb4_4&#8243; _builder_version=\u00bb4.25.1&#8243; _module_preset=\u00bbdefault\u00bb global_colors_info=\u00bb{}\u00bb][et_pb_text _builder_version=\u00bb4.27.4&#8243; _module_preset=\u00bbdefault\u00bb text_font=\u00bbagenda-bold||||||||\u00bb text_text_color=\u00bb#000000&#8243; text_font_size=\u00bb37px\u00bb text_line_height=\u00bb1.4em\u00bb text_orientation=\u00bbcenter\u00bb custom_margin=\u00bb||0.9%||false|false\u00bb text_font_size_tablet=\u00bb66px\u00bb text_font_size_phone=\u00bb50px\u00bb text_font_size_last_edited=\u00bbon|phone\u00bb text_line_height_tablet=\u00bb1.4em\u00bb text_line_height_phone=\u00bb1.2em\u00bb text_line_height_last_edited=\u00bbon|phone\u00bb global_colors_info=\u00bb{}\u00bb]<\/p>\n<p>Patrocinadores<\/p>\n<p>[\/et_pb_text][ba_logo_carousel autoplay_speed=\u00bb1700ms\u00bb slide_spacing=\u00bb49px\u00bb nav_height=\u00bb96px\u00bb nav_width=\u00bb43px\u00bb nav_icon_size=\u00bb28px\u00bb nav_color=\u00bb#FF0099&#8243; nav_bg=\u00bbRGBA(255,255,255,0)\u00bb icon_left=\u00bb&#xf104;||fa||900&#8243; icon_right=\u00bb&#xf105;||fa||900&#8243; pagi_radius=\u00bbon|8px|8px|8px|8px\u00bb disabled_on=\u00bbon|off|off\u00bb _builder_version=\u00bb4.27.4&#8243; _module_preset=\u00bbdefault\u00bb global_colors_info=\u00bb{}\u00bb][ba_logo_carousel_child logo=\u00bbhttps:\/\/foodieblackweek.com\/barcelona\/wp-content\/uploads\/2025\/09\/foodieblackweek-barcelona-patrocinador-makro.jpg\u00bb brand_name=\u00bbMAKRO foodie black week barcelona\u00bb is_link=\u00bbon\u00bb link_url=\u00bbhttps:\/\/www.makro.es\/\u00bb link_options=\u00bbon|off\u00bb _builder_version=\u00bb4.27.4&#8243; width=\u00bb100%\u00bb width_tablet=\u00bb\u00bb width_phone=\u00bb\u00bb width_last_edited=\u00bbon|phone\u00bb min_height_tablet=\u00bb\u00bb min_height_phone=\u00bb\u00bb min_height_last_edited=\u00bbon|phone\u00bb global_colors_info=\u00bb{}\u00bb][\/ba_logo_carousel_child][ba_logo_carousel_child logo=\u00bbhttps:\/\/foodieblackweek.com\/barcelona\/wp-content\/uploads\/2025\/09\/ALTA-EXPRESION-DE-LOS-PEDROCHES-foodieblackweek-barcelona-patrocinador.jpg\u00bb brand_name=\u00bbEXPRESION PEDROCHES foodie black week barcelona\u00bb is_link=\u00bbon\u00bb link_url=\u00bbhttps:\/\/www.ibericoscovap.com\/es\/marcas\/alta-expresion-de-los-pedroches\/\u00bb link_options=\u00bbon|off\u00bb _builder_version=\u00bb4.27.4&#8243; width=\u00bb100%\u00bb width_tablet=\u00bb\u00bb width_phone=\u00bb\u00bb width_last_edited=\u00bbon|phone\u00bb min_height_tablet=\u00bb\u00bb min_height_phone=\u00bb\u00bb min_height_last_edited=\u00bbon|phone\u00bb global_colors_info=\u00bb{}\u00bb][\/ba_logo_carousel_child][ba_logo_carousel_child logo=\u00bbhttps:\/\/foodieblackweek.com\/barcelona\/wp-content\/uploads\/2025\/09\/DO-PENEDES-foodieblackweek-barcelona-patrocinador.jpg\u00bb brand_name=\u00bbPENEDES foodie black week barcelona\u00bb is_link=\u00bbon\u00bb link_url=\u00bbhttps:\/\/dopenedes.cat\/es\/\u00bb link_options=\u00bbon|off\u00bb _builder_version=\u00bb4.27.4&#8243; width=\u00bb100%\u00bb width_tablet=\u00bb\u00bb width_phone=\u00bb\u00bb width_last_edited=\u00bbon|phone\u00bb min_height_tablet=\u00bb\u00bb min_height_phone=\u00bb\u00bb min_height_last_edited=\u00bbon|phone\u00bb global_colors_info=\u00bb{}\u00bb][\/ba_logo_carousel_child][ba_logo_carousel_child logo=\u00bbhttps:\/\/foodieblackweek.com\/barcelona\/wp-content\/uploads\/2025\/09\/TEQUILA-PATRON-foodieblackweek-barcelona-patrocinador.jpg\u00bb brand_name=\u00bbPATRON TEQUILA foodie black week barcelona\u00bb is_link=\u00bbon\u00bb link_url=\u00bbhttps:\/\/www.patrontequila.com\/global-es\/\u00bb link_options=\u00bbon|off\u00bb _builder_version=\u00bb4.27.4&#8243; width=\u00bb100%\u00bb width_tablet=\u00bb\u00bb width_phone=\u00bb\u00bb width_last_edited=\u00bbon|phone\u00bb min_height_tablet=\u00bb\u00bb min_height_phone=\u00bb\u00bb min_height_last_edited=\u00bbon|phone\u00bb global_colors_info=\u00bb{}\u00bb][\/ba_logo_carousel_child][ba_logo_carousel_child logo=\u00bbhttps:\/\/foodieblackweek.com\/barcelona\/wp-content\/uploads\/2025\/09\/MARTINI-foodieblackweek-barcelona-patrocinador.jpg\u00bb brand_name=\u00bbMARTINI foodie black week barcelona\u00bb is_link=\u00bbon\u00bb link_url=\u00bbhttps:\/\/www.martini.com\/es\/es\/\u00bb link_options=\u00bbon|off\u00bb _builder_version=\u00bb4.27.4&#8243; width=\u00bb100%\u00bb width_tablet=\u00bb\u00bb width_phone=\u00bb\u00bb width_last_edited=\u00bbon|phone\u00bb min_height_tablet=\u00bb\u00bb min_height_phone=\u00bb\u00bb min_height_last_edited=\u00bbon|phone\u00bb global_colors_info=\u00bb{}\u00bb][\/ba_logo_carousel_child][ba_logo_carousel_child logo=\u00bbhttps:\/\/foodieblackweek.com\/barcelona\/wp-content\/uploads\/2025\/09\/ST-GERMAIN-foodieblackweek-barcelona-patrocinador.jpg\u00bb brand_name=\u00bbGERMAIN foodie black week barcelona\u00bb is_link=\u00bbon\u00bb link_url=\u00bbhttps:\/\/www.stgermainliqueur.com\/\u00bb link_options=\u00bbon|off\u00bb _builder_version=\u00bb4.27.4&#8243; width=\u00bb100%\u00bb width_tablet=\u00bb\u00bb width_phone=\u00bb\u00bb width_last_edited=\u00bbon|phone\u00bb min_height_tablet=\u00bb\u00bb min_height_phone=\u00bb\u00bb min_height_last_edited=\u00bbon|phone\u00bb global_colors_info=\u00bb{}\u00bb][\/ba_logo_carousel_child][ba_logo_carousel_child logo=\u00bbhttps:\/\/foodieblackweek.com\/barcelona\/wp-content\/uploads\/2025\/09\/SQUARE-foodieblackweek-barcelona-patrocinador.jpg\u00bb brand_name=\u00bbSQUARE foodie black week barcelona\u00bb is_link=\u00bbon\u00bb link_url=\u00bbhttps:\/\/squareup.com\/es\/es\u00bb link_options=\u00bbon|off\u00bb _builder_version=\u00bb4.27.4&#8243; width=\u00bb100%\u00bb width_tablet=\u00bb\u00bb width_phone=\u00bb\u00bb width_last_edited=\u00bbon|phone\u00bb min_height_tablet=\u00bb\u00bb min_height_phone=\u00bb\u00bb min_height_last_edited=\u00bbon|phone\u00bb global_colors_info=\u00bb{}\u00bb][\/ba_logo_carousel_child][ba_logo_carousel_child logo=\u00bbhttps:\/\/foodieblackweek.com\/barcelona\/wp-content\/uploads\/2025\/09\/SPECIALS-foodieblackweek-barcelona-patrocinador.jpg\u00bb brand_name=\u00bbSPECIALS foodie black week barcelona\u00bb is_link=\u00bbon\u00bb link_url=\u00bbhttps:\/\/www.specials.es\/\u00bb link_options=\u00bbon|off\u00bb _builder_version=\u00bb4.27.4&#8243; width=\u00bb100%\u00bb width_tablet=\u00bb\u00bb width_phone=\u00bb\u00bb width_last_edited=\u00bbon|phone\u00bb min_height_tablet=\u00bb\u00bb min_height_phone=\u00bb\u00bb min_height_last_edited=\u00bbon|phone\u00bb global_colors_info=\u00bb{}\u00bb][\/ba_logo_carousel_child][ba_logo_carousel_child logo=\u00bbhttps:\/\/foodieblackweek.com\/barcelona\/wp-content\/uploads\/2025\/09\/CINCO-DE-MAYO-foodieblackweek-barcelona-patrocinador.jpg\u00bb brand_name=\u00bbCINCO DE MAYO foodie black week barcelona\u00bb is_link=\u00bbon\u00bb link_url=\u00bbhttps:\/\/5mayo.mx\/\u00bb link_options=\u00bbon|off\u00bb _builder_version=\u00bb4.27.4&#8243; width=\u00bb100%\u00bb width_tablet=\u00bb\u00bb width_phone=\u00bb\u00bb width_last_edited=\u00bbon|phone\u00bb min_height_tablet=\u00bb\u00bb min_height_phone=\u00bb\u00bb min_height_last_edited=\u00bbon|phone\u00bb global_colors_info=\u00bb{}\u00bb][\/ba_logo_carousel_child][\/ba_logo_carousel][ba_logo_carousel autoplay_speed=\u00bb1700ms\u00bb slide_count=\u00bb1&#8243; slide_spacing=\u00bb49px\u00bb nav_height=\u00bb96px\u00bb nav_width=\u00bb43px\u00bb nav_icon_size=\u00bb28px\u00bb nav_color=\u00bb#FF0099&#8243; nav_bg=\u00bbRGBA(255,255,255,0)\u00bb icon_left=\u00bb&#xf104;||fa||900&#8243; icon_right=\u00bb&#xf105;||fa||900&#8243; pagi_radius=\u00bbon|8px|8px|8px|8px\u00bb disabled_on=\u00bboff|on|on\u00bb _builder_version=\u00bb4.27.4&#8243; _module_preset=\u00bbdefault\u00bb global_colors_info=\u00bb{}\u00bb][ba_logo_carousel_child logo=\u00bbhttps:\/\/foodieblackweek.com\/barcelona\/wp-content\/uploads\/2025\/09\/foodieblackweek-barcelona-patrocinador-makro.jpg\u00bb brand_name=\u00bbMAKRO foodie black week barcelona\u00bb is_link=\u00bbon\u00bb link_url=\u00bbhttps:\/\/www.makro.es\/\u00bb link_options=\u00bbon|off\u00bb _builder_version=\u00bb4.27.4&#8243; width=\u00bb100%\u00bb width_tablet=\u00bb\u00bb width_phone=\u00bb\u00bb width_last_edited=\u00bbon|phone\u00bb min_height_tablet=\u00bb\u00bb min_height_phone=\u00bb\u00bb min_height_last_edited=\u00bbon|phone\u00bb global_colors_info=\u00bb{}\u00bb][\/ba_logo_carousel_child][ba_logo_carousel_child logo=\u00bbhttps:\/\/foodieblackweek.com\/barcelona\/wp-content\/uploads\/2025\/09\/ALTA-EXPRESION-DE-LOS-PEDROCHES-foodieblackweek-barcelona-patrocinador.jpg\u00bb brand_name=\u00bbEXPRESION PEDROCHES foodie black week barcelona\u00bb is_link=\u00bbon\u00bb link_url=\u00bbhttps:\/\/www.ibericoscovap.com\/es\/marcas\/alta-expresion-de-los-pedroches\/\u00bb link_options=\u00bbon|off\u00bb _builder_version=\u00bb4.27.4&#8243; width=\u00bb100%\u00bb width_tablet=\u00bb\u00bb width_phone=\u00bb\u00bb width_last_edited=\u00bbon|phone\u00bb min_height_tablet=\u00bb\u00bb min_height_phone=\u00bb\u00bb min_height_last_edited=\u00bbon|phone\u00bb global_colors_info=\u00bb{}\u00bb][\/ba_logo_carousel_child][ba_logo_carousel_child logo=\u00bbhttps:\/\/foodieblackweek.com\/barcelona\/wp-content\/uploads\/2025\/09\/DO-PENEDES-foodieblackweek-barcelona-patrocinador.jpg\u00bb brand_name=\u00bbPENEDES foodie black week barcelona\u00bb is_link=\u00bbon\u00bb link_url=\u00bbhttps:\/\/dopenedes.cat\/es\/\u00bb link_options=\u00bbon|off\u00bb _builder_version=\u00bb4.27.4&#8243; width=\u00bb100%\u00bb width_tablet=\u00bb\u00bb width_phone=\u00bb\u00bb width_last_edited=\u00bbon|phone\u00bb min_height_tablet=\u00bb\u00bb min_height_phone=\u00bb\u00bb min_height_last_edited=\u00bbon|phone\u00bb global_colors_info=\u00bb{}\u00bb][\/ba_logo_carousel_child][ba_logo_carousel_child logo=\u00bbhttps:\/\/foodieblackweek.com\/barcelona\/wp-content\/uploads\/2025\/09\/TEQUILA-PATRON-foodieblackweek-barcelona-patrocinador.jpg\u00bb brand_name=\u00bbPATRON TEQUILA foodie black week barcelona\u00bb is_link=\u00bbon\u00bb link_url=\u00bbhttps:\/\/www.patrontequila.com\/global-es\/\u00bb link_options=\u00bbon|off\u00bb _builder_version=\u00bb4.27.4&#8243; width=\u00bb100%\u00bb width_tablet=\u00bb\u00bb width_phone=\u00bb\u00bb width_last_edited=\u00bbon|phone\u00bb min_height_tablet=\u00bb\u00bb min_height_phone=\u00bb\u00bb min_height_last_edited=\u00bbon|phone\u00bb global_colors_info=\u00bb{}\u00bb][\/ba_logo_carousel_child][ba_logo_carousel_child logo=\u00bbhttps:\/\/foodieblackweek.com\/barcelona\/wp-content\/uploads\/2025\/09\/MARTINI-foodieblackweek-barcelona-patrocinador.jpg\u00bb brand_name=\u00bbMARTINI foodie black week barcelona\u00bb is_link=\u00bbon\u00bb link_url=\u00bbhttps:\/\/www.martini.com\/es\/es\/\u00bb link_options=\u00bbon|off\u00bb _builder_version=\u00bb4.27.4&#8243; width=\u00bb100%\u00bb width_tablet=\u00bb\u00bb width_phone=\u00bb\u00bb width_last_edited=\u00bbon|phone\u00bb min_height_tablet=\u00bb\u00bb min_height_phone=\u00bb\u00bb min_height_last_edited=\u00bbon|phone\u00bb global_colors_info=\u00bb{}\u00bb][\/ba_logo_carousel_child][ba_logo_carousel_child logo=\u00bbhttps:\/\/foodieblackweek.com\/barcelona\/wp-content\/uploads\/2025\/09\/ST-GERMAIN-foodieblackweek-barcelona-patrocinador.jpg\u00bb brand_name=\u00bbGERMAIN foodie black week barcelona\u00bb is_link=\u00bbon\u00bb link_url=\u00bbhttps:\/\/www.stgermainliqueur.com\/\u00bb link_options=\u00bbon|off\u00bb _builder_version=\u00bb4.27.4&#8243; width=\u00bb100%\u00bb width_tablet=\u00bb\u00bb width_phone=\u00bb\u00bb width_last_edited=\u00bbon|phone\u00bb min_height_tablet=\u00bb\u00bb min_height_phone=\u00bb\u00bb min_height_last_edited=\u00bbon|phone\u00bb global_colors_info=\u00bb{}\u00bb][\/ba_logo_carousel_child][ba_logo_carousel_child logo=\u00bbhttps:\/\/foodieblackweek.com\/barcelona\/wp-content\/uploads\/2025\/09\/SQUARE-foodieblackweek-barcelona-patrocinador.jpg\u00bb brand_name=\u00bbSQUARE foodie black week barcelona\u00bb is_link=\u00bbon\u00bb link_url=\u00bbhttps:\/\/squareup.com\/es\/es\u00bb link_options=\u00bbon|off\u00bb _builder_version=\u00bb4.27.4&#8243; width=\u00bb100%\u00bb width_tablet=\u00bb\u00bb width_phone=\u00bb\u00bb width_last_edited=\u00bbon|phone\u00bb min_height_tablet=\u00bb\u00bb min_height_phone=\u00bb\u00bb min_height_last_edited=\u00bbon|phone\u00bb global_colors_info=\u00bb{}\u00bb][\/ba_logo_carousel_child][ba_logo_carousel_child logo=\u00bbhttps:\/\/foodieblackweek.com\/barcelona\/wp-content\/uploads\/2025\/09\/SPECIALS-foodieblackweek-barcelona-patrocinador.jpg\u00bb brand_name=\u00bbSPECIALS foodie black week barcelona\u00bb is_link=\u00bbon\u00bb link_url=\u00bbhttps:\/\/www.specials.es\/\u00bb link_options=\u00bbon|off\u00bb _builder_version=\u00bb4.27.4&#8243; width=\u00bb100%\u00bb width_tablet=\u00bb\u00bb width_phone=\u00bb\u00bb width_last_edited=\u00bbon|phone\u00bb min_height_tablet=\u00bb\u00bb min_height_phone=\u00bb\u00bb min_height_last_edited=\u00bbon|phone\u00bb global_colors_info=\u00bb{}\u00bb][\/ba_logo_carousel_child][ba_logo_carousel_child logo=\u00bbhttps:\/\/foodieblackweek.com\/barcelona\/wp-content\/uploads\/2025\/09\/CINCO-DE-MAYO-foodieblackweek-barcelona-patrocinador.jpg\u00bb brand_name=\u00bbCINCO DE MAYO PUEBLA foodie black week barcelona\u00bb is_link=\u00bbon\u00bb link_url=\u00bbhttps:\/\/5mayo.mx\/\u00bb link_options=\u00bbon|off\u00bb _builder_version=\u00bb4.27.4&#8243; width=\u00bb100%\u00bb width_tablet=\u00bb\u00bb width_phone=\u00bb\u00bb width_last_edited=\u00bbon|phone\u00bb min_height_tablet=\u00bb\u00bb min_height_phone=\u00bb\u00bb min_height_last_edited=\u00bbon|phone\u00bb global_colors_info=\u00bb{}\u00bb][\/ba_logo_carousel_child][\/ba_logo_carousel][\/et_pb_column][\/et_pb_row][et_pb_row column_structure=\u00bb1_3,1_3,1_3&#8243; _builder_version=\u00bb4.25.1&#8243; _module_preset=\u00bbdefault\u00bb global_colors_info=\u00bb{}\u00bb][et_pb_column type=\u00bb1_3&#8243; _builder_version=\u00bb4.25.1&#8243; _module_preset=\u00bbdefault\u00bb global_colors_info=\u00bb{}\u00bb][et_pb_text _builder_version=\u00bb4.27.4&#8243; _module_preset=\u00bbdefault\u00bb text_font=\u00bbagenda-bold||||||||\u00bb text_text_color=\u00bb#000000&#8243; text_font_size=\u00bb30px\u00bb text_line_height=\u00bb1.3em\u00bb text_orientation=\u00bbcenter\u00bb custom_margin=\u00bb||0%||false|false\u00bb text_font_size_tablet=\u00bb50px\u00bb text_font_size_phone=\u00bb35px\u00bb text_font_size_last_edited=\u00bbon|phone\u00bb text_orientation_tablet=\u00bbcenter\u00bb text_orientation_phone=\u00bbcenter\u00bb text_orientation_last_edited=\u00bbon|phone\u00bb global_colors_info=\u00bb{}\u00bb]<\/p>\n<p>Coche oficial<\/p>\n<p>[\/et_pb_text][et_pb_image src=\u00bbhttps:\/\/foodieblackweek.com\/barcelona\/wp-content\/uploads\/2025\/08\/foodieblackweek-barcelona-coche-oficial-MG.jpg\u00bb alt=\u00bbfoodie culture media partner foodie black week\u00bb title_text=\u00bbfoodieblackweek-barcelona-coche-oficial-MG\u00bb url=\u00bbhttps:\/\/www.mgmotor.eu\/es-ES\u00bb url_new_window=\u00bbon\u00bb align=\u00bbcenter\u00bb _builder_version=\u00bb4.27.4&#8243; _module_preset=\u00bbdefault\u00bb width=\u00bb64%\u00bb width_tablet=\u00bb40%\u00bb width_phone=\u00bb70%\u00bb width_last_edited=\u00bbon|phone\u00bb custom_margin=\u00bb10%||||false|false\u00bb global_colors_info=\u00bb{}\u00bb][\/et_pb_image][\/et_pb_column][et_pb_column type=\u00bb1_3&#8243; _builder_version=\u00bb4.25.1&#8243; _module_preset=\u00bbdefault\u00bb global_colors_info=\u00bb{}\u00bb][et_pb_text _builder_version=\u00bb4.27.4&#8243; _module_preset=\u00bbdefault\u00bb text_font=\u00bbagenda-bold||||||||\u00bb text_text_color=\u00bb#000000&#8243; text_font_size=\u00bb30px\u00bb text_line_height=\u00bb1.3em\u00bb text_orientation=\u00bbcenter\u00bb custom_margin=\u00bb||0%||false|false\u00bb text_font_size_tablet=\u00bb50px\u00bb text_font_size_phone=\u00bb35px\u00bb text_font_size_last_edited=\u00bbon|phone\u00bb text_orientation_tablet=\u00bbcenter\u00bb text_orientation_phone=\u00bbcenter\u00bb text_orientation_last_edited=\u00bbon|phone\u00bb global_colors_info=\u00bb{}\u00bb]<\/p>\n<p>Hotel oficial<\/p>\n<p>[\/et_pb_text][et_pb_image src=\u00bbhttps:\/\/foodieblackweek.com\/barcelona\/wp-content\/uploads\/2025\/08\/foodieblackweek-barcelona-hotel-oficial-sls.jpg\u00bb alt=\u00bbfoodie culture media partner foodie black week\u00bb title_text=\u00bbfoodieblackweek-barcelona-hotel-oficial-sls\u00bb url=\u00bbhttps:\/\/slshotels.com\/barcelona\/?utm_source=google&#038;utm_medium=organic&#038;utm_campaign=gmb-website&#038;utm_content=website_button\u00bb url_new_window=\u00bbon\u00bb align=\u00bbcenter\u00bb _builder_version=\u00bb4.27.4&#8243; _module_preset=\u00bbdefault\u00bb width=\u00bb64%\u00bb width_tablet=\u00bb40%\u00bb width_phone=\u00bb70%\u00bb width_last_edited=\u00bbon|phone\u00bb custom_margin=\u00bb10%||||false|false\u00bb global_colors_info=\u00bb{}\u00bb][\/et_pb_image][\/et_pb_column][et_pb_column type=\u00bb1_3&#8243; _builder_version=\u00bb4.25.1&#8243; _module_preset=\u00bbdefault\u00bb global_colors_info=\u00bb{}\u00bb][et_pb_text _builder_version=\u00bb4.27.4&#8243; _module_preset=\u00bbdefault\u00bb text_font=\u00bbagenda-bold||||||||\u00bb text_text_color=\u00bb#000000&#8243; text_font_size=\u00bb30px\u00bb text_line_height=\u00bb1.3em\u00bb text_orientation=\u00bbcenter\u00bb custom_margin=\u00bb||0%||false|false\u00bb text_font_size_tablet=\u00bb50px\u00bb text_font_size_phone=\u00bb35px\u00bb text_font_size_last_edited=\u00bbon|phone\u00bb text_orientation_tablet=\u00bbcenter\u00bb text_orientation_phone=\u00bbcenter\u00bb text_orientation_last_edited=\u00bbon|phone\u00bb global_colors_info=\u00bb{}\u00bb]<\/p>\n<p>Media Partner<\/p>\n<p>[\/et_pb_text][et_pb_image src=\u00bbhttps:\/\/foodieblackweek.com\/barcelona\/wp-content\/uploads\/2025\/08\/foodieblackweek-barcelona-media-partner-barcelona-secreta.jpg\u00bb alt=\u00bbfoodie culture media partner foodie black week\u00bb title_text=\u00bbfoodieblackweek-barcelona-media-partner-barcelona-secreta\u00bb url=\u00bbhttps:\/\/barcelonasecreta.com\/\u00bb url_new_window=\u00bbon\u00bb align=\u00bbcenter\u00bb _builder_version=\u00bb4.27.4&#8243; _module_preset=\u00bbdefault\u00bb width=\u00bb64%\u00bb width_tablet=\u00bb40%\u00bb width_phone=\u00bb70%\u00bb width_last_edited=\u00bbon|phone\u00bb custom_margin=\u00bb10%||||false|false\u00bb global_colors_info=\u00bb{}\u00bb][\/et_pb_image][\/et_pb_column][\/et_pb_row][et_pb_row disabled_on=\u00bboff|off|off\u00bb _builder_version=\u00bb4.27.4&#8243; _module_preset=\u00bbdefault\u00bb custom_padding=\u00bb|0%||0px|false|false\u00bb global_colors_info=\u00bb{}\u00bb][et_pb_column type=\u00bb4_4&#8243; _builder_version=\u00bb4.25.1&#8243; _module_preset=\u00bbdefault\u00bb global_colors_info=\u00bb{}\u00bb][et_pb_text _builder_version=\u00bb4.25.1&#8243; _module_preset=\u00bbdefault\u00bb text_font=\u00bbagenda-bold||||||||\u00bb text_text_color=\u00bb#000000&#8243; text_font_size=\u00bb37px\u00bb text_line_height=\u00bb1.4em\u00bb text_orientation=\u00bbcenter\u00bb custom_margin=\u00bb||0.9%||false|false\u00bb text_font_size_tablet=\u00bb66px\u00bb text_font_size_phone=\u00bb50px\u00bb text_font_size_last_edited=\u00bbon|phone\u00bb text_line_height_tablet=\u00bb1.4em\u00bb text_line_height_phone=\u00bb1.2em\u00bb text_line_height_last_edited=\u00bbon|phone\u00bb global_colors_info=\u00bb{}\u00bb]<\/p>\n<p>Colaboran<\/p>\n<p>[\/et_pb_text][ba_logo_carousel autoplay_speed=\u00bb1600ms\u00bb slide_count=\u00bb4&#8243; slide_spacing=\u00bb49px\u00bb nav_height=\u00bb96px\u00bb nav_width=\u00bb12px\u00bb nav_icon_size=\u00bb28px\u00bb nav_color=\u00bb#FF0099&#8243; nav_bg=\u00bbRGBA(255,255,255,0)\u00bb icon_left=\u00bb&#xf104;||fa||900&#8243; icon_right=\u00bb&#xf105;||fa||900&#8243; pagi_radius=\u00bbon|8px|8px|8px|8px\u00bb disabled_on=\u00bbon|off|off\u00bb _builder_version=\u00bb4.27.4&#8243; _module_preset=\u00bbdefault\u00bb hover_enabled=\u00bb0&#8243; global_colors_info=\u00bb{}\u00bb sticky_enabled=\u00bb0&#8243;][ba_logo_carousel_child logo=\u00bbhttps:\/\/foodieblackweek.com\/barcelona\/wp-content\/uploads\/2025\/09\/foodieblackweek-barcelona-colaborador-chef-works.jpg\u00bb brand_name=\u00bbCHEF WORKS foodie black week barcelona\u00bb is_link=\u00bbon\u00bb link_options=\u00bbon|off\u00bb _builder_version=\u00bb4.27.4&#8243; width_tablet=\u00bb\u00bb width_phone=\u00bb\u00bb width_last_edited=\u00bbon|phone\u00bb min_height_tablet=\u00bb\u00bb min_height_phone=\u00bb\u00bb min_height_last_edited=\u00bbon|phone\u00bb global_colors_info=\u00bb{}\u00bb][\/ba_logo_carousel_child][ba_logo_carousel_child logo=\u00bbhttps:\/\/foodieblackweek.com\/barcelona\/wp-content\/uploads\/2025\/09\/foodieblackweek-barcelona-colaborador-the-butcher-society.jpg\u00bb brand_name=\u00bbTHE BUTHCER SOCIETY foodie black week barcelona\u00bb is_link=\u00bbon\u00bb link_options=\u00bbon|off\u00bb _builder_version=\u00bb4.27.4&#8243; width_tablet=\u00bb\u00bb width_phone=\u00bb\u00bb width_last_edited=\u00bbon|phone\u00bb min_height_tablet=\u00bb\u00bb min_height_phone=\u00bb\u00bb min_height_last_edited=\u00bbon|phone\u00bb global_colors_info=\u00bb{}\u00bb][\/ba_logo_carousel_child][ba_logo_carousel_child logo=\u00bbhttps:\/\/foodieblackweek.com\/barcelona\/wp-content\/uploads\/2025\/09\/foodieblackweek-barcelona-colaborador-sutton.jpg\u00bb brand_name=\u00bbSUTTON GROUP foodie black week barcelona\u00bb is_link=\u00bbon\u00bb link_url=\u00bbhttps:\/\/www.suttonbarcelona.com\/\u00bb link_options=\u00bbon|on\u00bb _builder_version=\u00bb4.27.4&#8243; width_tablet=\u00bb\u00bb width_phone=\u00bb\u00bb width_last_edited=\u00bbon|phone\u00bb max_width=\u00bb93%\u00bb module_alignment=\u00bbcenter\u00bb min_height_tablet=\u00bb\u00bb min_height_phone=\u00bb\u00bb min_height_last_edited=\u00bbon|phone\u00bb global_colors_info=\u00bb{}\u00bb][\/ba_logo_carousel_child][ba_logo_carousel_child logo=\u00bbhttps:\/\/foodieblackweek.com\/barcelona\/wp-content\/uploads\/2025\/09\/CANDELIGHT-colaborador-foodie-black-week-2025.jpg\u00bb brand_name=\u00bbCANDELIGHT foodie black week barcelona\u00bb is_link=\u00bbon\u00bb link_url=\u00bbhttps:\/\/candlelightexperience.com\/es\/\u00bb link_options=\u00bbon|on\u00bb _builder_version=\u00bb4.27.4&#8243; width_tablet=\u00bb\u00bb width_phone=\u00bb\u00bb width_last_edited=\u00bbon|phone\u00bb max_width=\u00bb93%\u00bb module_alignment=\u00bbcenter\u00bb min_height_tablet=\u00bb\u00bb min_height_phone=\u00bb\u00bb min_height_last_edited=\u00bbon|phone\u00bb hover_enabled=\u00bb0&#8243; global_colors_info=\u00bb{}\u00bb sticky_enabled=\u00bb0&#8243; alt=\u00bbCandelight colaborador foodie black week 2025&#8243; title_text=\u00bbCANDELIGHT-colaborador-foodie-black-week-2025&#8243;][\/ba_logo_carousel_child][\/ba_logo_carousel][ba_logo_carousel autoplay_speed=\u00bb1600ms\u00bb slide_count=\u00bb2&#8243; slide_spacing=\u00bb6px\u00bb nav_height=\u00bb96px\u00bb nav_width=\u00bb12px\u00bb nav_icon_size=\u00bb28px\u00bb nav_color=\u00bb#FF0099&#8243; nav_bg=\u00bbRGBA(255,255,255,0)\u00bb icon_left=\u00bb&#xf104;||fa||900&#8243; icon_right=\u00bb&#xf105;||fa||900&#8243; pagi_radius=\u00bbon|8px|8px|8px|8px\u00bb disabled_on=\u00bboff|on|on\u00bb _builder_version=\u00bb4.27.4&#8243; _module_preset=\u00bbdefault\u00bb hover_enabled=\u00bb0&#8243; global_colors_info=\u00bb{}\u00bb sticky_enabled=\u00bb0&#8243;][ba_logo_carousel_child logo=\u00bbhttps:\/\/foodieblackweek.com\/barcelona\/wp-content\/uploads\/2025\/09\/foodieblackweek-barcelona-colaborador-chef-works.jpg\u00bb brand_name=\u00bbCHEF WORKS foodie black week barcelona\u00bb is_link=\u00bbon\u00bb link_options=\u00bbon|off\u00bb _builder_version=\u00bb4.27.4&#8243; width_tablet=\u00bb\u00bb width_phone=\u00bb\u00bb width_last_edited=\u00bbon|phone\u00bb min_height_tablet=\u00bb\u00bb min_height_phone=\u00bb\u00bb min_height_last_edited=\u00bbon|phone\u00bb global_colors_info=\u00bb{}\u00bb][\/ba_logo_carousel_child][ba_logo_carousel_child logo=\u00bbhttps:\/\/foodieblackweek.com\/barcelona\/wp-content\/uploads\/2025\/09\/foodieblackweek-barcelona-colaborador-the-butcher-society.jpg\u00bb brand_name=\u00bbTHE BUTHCER SOCIETY foodie black week barcelona\u00bb is_link=\u00bbon\u00bb link_options=\u00bbon|off\u00bb _builder_version=\u00bb4.27.4&#8243; width_tablet=\u00bb\u00bb width_phone=\u00bb\u00bb width_last_edited=\u00bbon|phone\u00bb min_height_tablet=\u00bb\u00bb min_height_phone=\u00bb\u00bb min_height_last_edited=\u00bbon|phone\u00bb global_colors_info=\u00bb{}\u00bb][\/ba_logo_carousel_child][ba_logo_carousel_child logo=\u00bbhttps:\/\/foodieblackweek.com\/barcelona\/wp-content\/uploads\/2025\/09\/foodieblackweek-barcelona-colaborador-sutton.jpg\u00bb brand_name=\u00bbSUTTON GROUP foodie black week barcelona\u00bb is_link=\u00bbon\u00bb link_url=\u00bbhttps:\/\/www.suttonbarcelona.com\/\u00bb link_options=\u00bbon|on\u00bb _builder_version=\u00bb4.27.4&#8243; width_tablet=\u00bb\u00bb width_phone=\u00bb\u00bb width_last_edited=\u00bbon|phone\u00bb max_width=\u00bb93%\u00bb module_alignment=\u00bbcenter\u00bb min_height_tablet=\u00bb\u00bb min_height_phone=\u00bb\u00bb min_height_last_edited=\u00bbon|phone\u00bb global_colors_info=\u00bb{}\u00bb][\/ba_logo_carousel_child][ba_logo_carousel_child logo=\u00bbhttps:\/\/foodieblackweek.com\/barcelona\/wp-content\/uploads\/2025\/09\/CANDELIGHT-colaborador-foodie-black-week-2025.jpg\u00bb brand_name=\u00bbCANDELIGHT foodie black week barcelona\u00bb is_link=\u00bbon\u00bb link_url=\u00bbhttps:\/\/candlelightexperience.com\/es\/\u00bb link_options=\u00bbon|on\u00bb _builder_version=\u00bb4.27.4&#8243; width_tablet=\u00bb\u00bb width_phone=\u00bb\u00bb width_last_edited=\u00bbon|phone\u00bb max_width=\u00bb93%\u00bb module_alignment=\u00bbcenter\u00bb min_height_tablet=\u00bb\u00bb min_height_phone=\u00bb\u00bb min_height_last_edited=\u00bbon|phone\u00bb hover_enabled=\u00bb0&#8243; global_colors_info=\u00bb{}\u00bb alt=\u00bbCandelight colaborador foodie black week 2025&#8243; title_text=\u00bbCANDELIGHT-colaborador-foodie-black-week-2025&#8243; sticky_enabled=\u00bb0&#8243;][\/ba_logo_carousel_child][\/ba_logo_carousel][\/et_pb_column][\/et_pb_row][\/et_pb_section][et_pb_section fb_built=\u00bb1&#8243; _builder_version=\u00bb4.25.1&#8243; _module_preset=\u00bbdefault\u00bb background_color=\u00bb#E0D8C9&#8243; da_disable_devices=\u00bboff|off|off\u00bb global_module=\u00bb85&#8243; saved_tabs=\u00bball\u00bb global_colors_info=\u00bb{}\u00bb da_is_popup=\u00bboff\u00bb da_exit_intent=\u00bboff\u00bb da_has_close=\u00bbon\u00bb da_alt_close=\u00bboff\u00bb da_dark_close=\u00bboff\u00bb da_not_modal=\u00bbon\u00bb da_is_singular=\u00bboff\u00bb da_with_loader=\u00bboff\u00bb da_has_shadow=\u00bbon\u00bb][et_pb_row disabled_on=\u00bbon|off|off\u00bb _builder_version=\u00bb4.27.4&#8243; _module_preset=\u00bbdefault\u00bb max_width=\u00bb99%\u00bb module_alignment=\u00bbcenter\u00bb custom_margin=\u00bb|0%||0%|false|false\u00bb custom_padding=\u00bb|0%||0%|false|false\u00bb global_colors_info=\u00bb{}\u00bb][et_pb_column type=\u00bb4_4&#8243; _builder_version=\u00bb4.25.1&#8243; _module_preset=\u00bbdefault\u00bb global_colors_info=\u00bb{}\u00bb][et_pb_image src=\u00bbhttps:\/\/foodieblackweek.com\/barcelona\/wp-content\/uploads\/2025\/08\/foodieblackweek-barcelona-apoyos-institucionales-scaled.png\u00bb alt=\u00bbajuntament-de-barcelona foodie black week\u00bb title_text=\u00bbfoodieblackweek-barcelona-apoyos-institucionales\u00bb _builder_version=\u00bb4.27.4&#8243; _module_preset=\u00bbdefault\u00bb width=\u00bb100%\u00bb width_tablet=\u00bb\u00bb width_phone=\u00bb85%\u00bb width_last_edited=\u00bbon|phone\u00bb module_alignment=\u00bbcenter\u00bb custom_margin=\u00bb0px|0px|0px|0px|false|false\u00bb custom_margin_tablet=\u00bb\u00bb custom_margin_phone=\u00bb\u00bb custom_margin_last_edited=\u00bbon|desktop\u00bb custom_padding=\u00bb0%|0px|0px|0px|false|false\u00bb global_colors_info=\u00bb{}\u00bb][\/et_pb_image][\/et_pb_column][\/et_pb_row][et_pb_row disabled_on=\u00bboff|on|on\u00bb _builder_version=\u00bb4.27.4&#8243; _module_preset=\u00bbdefault\u00bb width=\u00bb100%\u00bb max_width=\u00bb99%\u00bb module_alignment=\u00bbcenter\u00bb custom_margin=\u00bb|0%||0%|false|false\u00bb custom_padding=\u00bb|0%||0%|false|false\u00bb global_colors_info=\u00bb{}\u00bb][et_pb_column type=\u00bb4_4&#8243; _builder_version=\u00bb4.25.1&#8243; _module_preset=\u00bbdefault\u00bb global_colors_info=\u00bb{}\u00bb][et_pb_image src=\u00bbhttps:\/\/foodieblackweek.com\/barcelona\/wp-content\/uploads\/2025\/08\/m1foodieblackweek-barcelona-apoyos-institucionales.png\u00bb alt=\u00bbajuntament-de-barcelona foodie black week\u00bb title_text=\u00bbm1foodieblackweek-barcelona-apoyos-institucionales\u00bb _builder_version=\u00bb4.27.4&#8243; _module_preset=\u00bbdefault\u00bb width=\u00bb100%\u00bb width_tablet=\u00bb\u00bb width_phone=\u00bb95%\u00bb width_last_edited=\u00bbon|phone\u00bb module_alignment=\u00bbcenter\u00bb min_height=\u00bb44px\u00bb custom_margin=\u00bb0px|0px|0px|0px|false|false\u00bb custom_margin_tablet=\u00bb\u00bb custom_margin_phone=\u00bb\u00bb custom_margin_last_edited=\u00bbon|desktop\u00bb custom_padding=\u00bb0%|0px|0px|0px|false|false\u00bb global_colors_info=\u00bb{}\u00bb][\/et_pb_image][et_pb_image src=\u00bbhttps:\/\/foodieblackweek.com\/barcelona\/wp-content\/uploads\/2025\/08\/m2-foodieblackweek-barcelona-apoyos-institucionales.png\u00bb alt=\u00bbajuntament-de-barcelona foodie black week\u00bb title_text=\u00bbm2-foodieblackweek-barcelona-apoyos-institucionales\u00bb _builder_version=\u00bb4.27.4&#8243; _module_preset=\u00bbdefault\u00bb width=\u00bb100%\u00bb width_tablet=\u00bb\u00bb width_phone=\u00bb95%\u00bb width_last_edited=\u00bbon|phone\u00bb module_alignment=\u00bbcenter\u00bb min_height=\u00bb44px\u00bb custom_margin=\u00bb0px|0px|0px|0px|false|false\u00bb custom_margin_tablet=\u00bb\u00bb custom_margin_phone=\u00bb\u00bb custom_margin_last_edited=\u00bbon|desktop\u00bb custom_padding=\u00bb3%|0px|0px|0px|false|false\u00bb global_colors_info=\u00bb{}\u00bb][\/et_pb_image][\/et_pb_column][\/et_pb_row][\/et_pb_section]<\/p>\n","protected":false},"excerpt":{"rendered":"<p>\u00a1Felicidades!Has completado tu registro con \u00e9xito y te has inscrito al evento. Recibir\u00e1s un correo cuando tu oferta est\u00e9 subida a la web.\u00a1Bienvenid@ y nos vemos pronto!Patrocinadores<div class=\"et_pb_module ba_logo_carousel ba_logo_carousel_0\">\n\t\t\t\t\n\t\t\t\t\n\t\t\t\t\n\t\t\t\t\n\t\t\t\t\n\t\t\t\t\n\t\t\t\t<div class=\"et_pb_module_inner\">\n\t\t\t\t\t<div class = \"dtq-carousel dtq-logo-carousel dtq-carousel-frontend zoom_in\" data-settings=\"{&quot;responsive&quot;:[{&quot;breakpoint&quot;:980},{&quot;breakpoint&quot;:767}],&quot;cssEase&quot;:&quot;ease-in-out&quot;,&quot;swipe&quot;:true,&quot;variableWidth&quot;:false,&quot;dots&quot;:false,&quot;arrows&quot;:true,&quot;infinite&quot;:true,&quot;autoplay&quot;:true,&quot;autoplaySpeed&quot;:1700,&quot;speed&quot;:700,&quot;slidesToShow&quot;:3,&quot;slidesToScroll&quot;:1,&quot;centerPadding&quot;:&quot;70px&quot;,&quot;centerMode&quot;:false,&quot;vertical&quot;:false,&quot;prevArrow&quot;:&quot;&lt;button type=\\&quot;button\\&quot; data-icon=\\&quot;&amp;#xf104;\\&quot; class=\\&quot;slick-arrow slick-prev\\&quot;&gt;Prev&lt;\\\/button&gt;&quot;,&quot;nextArrow&quot;:&quot;&lt;button type=\\&quot;button\\&quot; data-icon=\\&quot;&amp;#xf105;\\&quot; class=\\&quot;slick-arrow slick-next\\&quot;&gt;Prev&lt;\\\/button&gt;&quot;}\" >\n                \n            <\/div>\n\t\t\t\t<\/div>\n\t\t\t<\/div><div class=\"ba_logo_carousel_child ba_logo_carousel_child_0\">\n\t\t\t\t\n\t\t\t\t\n\t\t\t\t\n\t\t\t\t\n\t\t\t\t\n\t\t\t\t\n\t\t\t\t<div class=\"et_pb_module_inner\">\n\t\t\t\t\t<div class=\"dtq-carousel-item dtq-logo-carousel-item dtq-swapped-img-selector\">\n\t\t\t    \n\t\t\t\t\n            <div class=\"dtq-lightbox-ctrl\"><img decoding=\"async\" class=\"dtq-swapped-img\" data-mfp-src=\"\u00bbhttps:\/\/foodieblackweek.com\/barcelona\/wp-content\/uploads\/2025\/09\/foodieblackweek-barcelona-patrocinador-makro.jpg\u00bb\" src=\"\u00bbhttps:\/\/foodieblackweek.com\/barcelona\/wp-content\/uploads\/2025\/09\/foodieblackweek-barcelona-patrocinador-makro.jpg\u00bb\" alt=\"\u00bbMAKRO\"  \/><\/div>\n\t\t\t<\/div>\n\t\t\t\t<\/div>\n\t\t\t<\/div><\/p>\n","protected":false},"author":1,"featured_media":0,"parent":0,"menu_order":0,"comment_status":"closed","ping_status":"closed","template":"","meta":{"_et_pb_use_builder":"on","_et_pb_old_content":"","_et_gb_content_width":"","slim_seo":{"title":"Correo verificado - FOODIE BLACK WEEK - BARCELONA","description":"\u00a1Felicidades! Has completado tu registro con \u00e9xito y te has inscrito al evento. Recibir\u00e1s un correo cuando tu oferta est\u00e9 subida a la web. \u00a1Bienvenid@ y nos vem"},"footnotes":""},"class_list":["post-828","page","type-page","status-publish","hentry"],"_links":{"self":[{"href":"https:\/\/foodieblackweek.com\/barcelona\/wp-json\/wp\/v2\/pages\/828","targetHints":{"allow":["GET"]}}],"collection":[{"href":"https:\/\/foodieblackweek.com\/barcelona\/wp-json\/wp\/v2\/pages"}],"about":[{"href":"https:\/\/foodieblackweek.com\/barcelona\/wp-json\/wp\/v2\/types\/page"}],"author":[{"embeddable":true,"href":"https:\/\/foodieblackweek.com\/barcelona\/wp-json\/wp\/v2\/users\/1"}],"replies":[{"embeddable":true,"href":"https:\/\/foodieblackweek.com\/barcelona\/wp-json\/wp\/v2\/comments?post=828"}],"version-history":[{"count":15,"href":"https:\/\/foodieblackweek.com\/barcelona\/wp-json\/wp\/v2\/pages\/828\/revisions"}],"predecessor-version":[{"id":2845,"href":"https:\/\/foodieblackweek.com\/barcelona\/wp-json\/wp\/v2\/pages\/828\/revisions\/2845"}],"wp:attachment":[{"href":"https:\/\/foodieblackweek.com\/barcelona\/wp-json\/wp\/v2\/media?parent=828"}],"curies":[{"name":"wp","href":"https:\/\/api.w.org\/{rel}","templated":true}]}}